{"id":3263,"date":"2023-04-21T18:33:18","date_gmt":"2023-04-21T16:33:18","guid":{"rendered":"https:\/\/fiic.lat\/?page_id=3263"},"modified":"2024-01-25T20:48:51","modified_gmt":"2024-01-25T19:48:51","slug":"biblioteca-virtual","status":"publish","type":"page","link":"https:\/\/fiic.lat\/en\/biblioteca-virtual\/","title":{"rendered":"Biblioteca Virtual"},"content":{"rendered":"<p class=\"has-text-align-center has-palette-color-1-background-color has-background has-large-font-size\">                                                <strong>Biblioteca Virtual<\/strong><\/p>\n\n\n\n<div class=\"qubely-block-accordion  qubely-block-fde8f2\" data-item-toggle=\"true\">\n<div class=\"wp-block-qubely-accordion-item qubely-block-f3d70b\"><div itemscope itemprop=\"mainEntity\" itemtype=\"https:\/\/schema.org\/Question\" class=\"qubely-accordion-item qubely-type-fill qubely-accordion-active\"><div class=\"qubely-accordion-panel qubely-icon-position-right\"><span class=\"qubely-accordion-panel-handler\" role=\"button\"><span itemprop=\"name\" class=\"qubely-accordion-panel-handler-label\">Argentina<\/span><span class=\"qubely-accordion-icon fa fa-plus\"><\/span><\/span><\/div><div itemscope itemprop=\"acceptedAnswer\" itemtype=\"https:\/\/schema.org\/Answer\" class=\"qubely-accordion-body\" style=\"display:block\"><div itemprop=\"text\">\n<figure class=\"wp-block-table has-medium-font-size\"><table><tbody><tr><td class=\"has-text-align-left\" data-align=\"left\"><strong>REPORTES <\/strong><\/td><td><strong>FECHA   <\/strong>      <\/td><\/tr><tr><td class=\"has-text-align-left\" data-align=\"left\"><a href=\"http:\/\/fiic.la\/biblioteca\/ARGENTINA_Reporte%20FIIC%20Ago-15.pdf\" data-type=\"URL\" data-id=\"http:\/\/fiic.la\/biblioteca\/ARGENTINA_Reporte%20FIIC%20Ago-15.pdf\" target=\"_blank\" rel=\"noopener\">Reporte Macroecon\u00f3mico Agosto 2015 <\/a><\/td><td>31\/08\/2015<\/td><\/tr><tr><td class=\"has-text-align-left\" data-align=\"left\"><a href=\"http:\/\/fiic.la\/biblioteca\/ARGENTINA_Reporte%20FIIC-Junio-15.pdf\" target=\"_blank\" rel=\"noopener\">Reporte Macroecon\u00f3mico Junio 2015<\/a> <\/td><td>30\/06\/2015<\/td><\/tr><tr><td class=\"has-text-align-left\" data-align=\"left\"><a href=\"http:\/\/fiic.la\/biblioteca\/ARGENTINA_Reporte%20FIIC_Mar-15.pdf\" target=\"_blank\" rel=\"noopener\">Reporte Macroecon\u00f3mico Marzo 2015 <\/a><\/td><td>31\/03\/2015<\/td><\/tr><tr><td class=\"has-text-align-left\" data-align=\"left\"><a href=\"http:\/\/fiic.la\/biblioteca\/ARGENTINA_Reporte%20Difusi_Nov-14%20FIIC.pdf\" target=\"_blank\" rel=\"noopener\">Reporte Macroecon\u00f3mico Noviembre 2014<\/a><\/td><td>30\/11\/2014<\/td><\/tr><tr><td class=\"has-text-align-left\" data-align=\"left\"><a href=\"http:\/\/fiic.la\/biblioteca\/ARGENTINA_Reporte%20Dif%20FIIC%20Junio%2014.pdf\" target=\"_blank\" rel=\"noopener\">Reporte Macroecon\u00f3mico Junio 2014<\/a><\/td><td>30\/06\/2014<\/td><\/tr><tr><td class=\"has-text-align-left\" data-align=\"left\"><a href=\"http:\/\/fiic.la\/biblioteca\/ARGENTINA_Reporte%20Difusion%20May-14.pdf\" target=\"_blank\" rel=\"noopener\">Reporte Macroecon\u00f3mico Mayo 2014<\/a><\/td><td>31\/05\/2014<\/td><\/tr><tr><td class=\"has-text-align-left\" data-align=\"left\"><a href=\"http:\/\/fiic.la\/biblioteca\/ARGENTINA_Reporte%20Difusion%20Mar14.pdf\" target=\"_blank\" rel=\"noopener\">Reporte Macroecon\u00f3mico Marzo 2014<\/a><\/td><td>31\/03\/2014<\/td><\/tr><tr><td class=\"has-text-align-left\" data-align=\"left\"><a href=\"http:\/\/fiic.la\/biblioteca\/ARGENTINA_Reporte%20difusion%20Diciembre%202013.pdf\" target=\"_blank\" rel=\"noopener\">Reporte Macroecon\u00f3mico Diciembre  2013<\/a><\/td><td>31\/12\/2013<\/td><\/tr><tr><td class=\"has-text-align-left\" data-align=\"left\"><a href=\"http:\/\/fiic.la\/biblioteca\/ARGENTINA_Reporte%20Difusion%20Noviembre%202013.pdf\" target=\"_blank\" rel=\"noopener\">Reporte Macroecon\u00f3mico Noviembre 2013<\/a><\/td><td>30\/11\/2013<\/td><\/tr><tr><td class=\"has-text-align-left\" data-align=\"left\"><a href=\"http:\/\/fiic.la\/biblioteca\/ARGENTINA_Reporte%20Difusion%20septiembre2013.pdf\" target=\"_blank\" rel=\"noopener\">Reporte Macroecon\u00f3mico Septiembre 2013<\/a><\/td><td>30\/09\/2013<\/td><\/tr><tr><td class=\"has-text-align-left\" data-align=\"left\"><a href=\"http:\/\/fiic.la\/biblioteca\/ARGENTINA_Reporte_difusion_julio_2013.pdf\" target=\"_blank\" rel=\"noopener\">Reporte Macroecon\u00f3mico Julio 2013<\/a><\/td><td>30\/07\/2013<\/td><\/tr><tr><td class=\"has-text-align-left\" data-align=\"left\"><a href=\"http:\/\/fiic.la\/biblioteca\/ARGENTINA_Reporte%20difusion%20ABRIL_2013.pdf\" target=\"_blank\" rel=\"noopener\">Reporte Macroecon\u00f3mico Abril 2013<\/a><\/td><td>30\/04\/2013<\/td><\/tr><tr><td class=\"has-text-align-left\" data-align=\"left\"><a href=\"http:\/\/fiic.la\/biblioteca\/ARGENTINA_Reporte%20difusion%20Marzo_2013.pdf\" target=\"_blank\" rel=\"noopener\">Reporte Macroecon\u00f3mico Marzo 2013<\/a><\/td><td>15\/03\/2013<\/td><\/tr><tr><td class=\"has-text-align-left\" data-align=\"left\"><a href=\"http:\/\/fiic.la\/biblioteca\/ARGENTINA_Reporte_difusion_Enero_2013.pdf\" target=\"_blank\" rel=\"noopener\">Reporte Macroecon\u00f3mico Enero 2013<\/a><\/td><td>16\/01\/2013<\/td><\/tr><tr><td class=\"has-text-align-left\" data-align=\"left\"><a href=\"http:\/\/fiic.la\/biblioteca\/Reporte_Difusi%C3%B3n_%20Junio_12.pdf\" target=\"_blank\" rel=\"noopener\">Reporte Macroecon\u00f3mico Junio 2012<\/a><\/td><td>30\/06\/2012<\/td><\/tr><tr><td class=\"has-text-align-left\" data-align=\"left\"><a href=\"http:\/\/fiic.la\/biblioteca\/Reporte_Difusi%C3%B3n_%20Mayo_12.pdf\" target=\"_blank\" rel=\"noopener\">Reporte Macroecon\u00f3mico Mayo 2012<\/a><\/td><td>30\/05\/2012<\/td><\/tr><tr><td class=\"has-text-align-left\" data-align=\"left\"><a href=\"http:\/\/www.camarco.org.ar\/DL_Publicaciones\/MAPA%20DE%20LA%20CONSTRUCCI%C3%93N%202.1.3.pdf\" target=\"_blank\" rel=\"noopener\">Mapa de la Construcci\u00f3n (versi\u00f3n 2.1.3)<\/a><\/td><td>05\/07\/2012<\/td><\/tr><tr><td class=\"has-text-align-left\" data-align=\"left\"><a href=\"http:\/\/fiic.la\/biblioteca\/ARGENTINA_REPORTE%20difusion%20Diciembre-11.pdf\" target=\"_blank\" rel=\"noopener\">Reporte Macroecon\u00f3mico Diciembre 2011<\/a><\/td><td>31\/12\/2011<\/td><\/tr><tr><td class=\"has-text-align-left\" data-align=\"left\"><a href=\"http:\/\/fiic.la\/biblioteca\/ARGENTINA_REPORTE_difusion_Agosto_11.pdf\" target=\"_blank\" rel=\"noopener\">Reporte Macroecon\u00f3mico Agosto 2011<\/a><\/td><td>31\/08\/2011<\/td><\/tr><tr><td class=\"has-text-align-left\" data-align=\"left\"><a href=\"http:\/\/fiic.la\/biblioteca\/REPORTE_difusion_fijo_Jun_11.pdf\" target=\"_blank\" rel=\"noopener\">Reporte Macroecon\u00f3mico Junio 2011<\/a><\/td><td>30\/04\/2011<\/td><\/tr><tr><td class=\"has-text-align-left\" data-align=\"left\"><a href=\"http:\/\/fiic.la\/biblioteca\/REPORTE_difusion_fijo_Dic_10.pdf\" target=\"_blank\" rel=\"noopener\">Reporte Macroecon\u00f3mico Abril 2011<\/a><\/td><td>30\/04\/2011<\/td><\/tr><tr><td class=\"has-text-align-left\" data-align=\"left\"><a href=\"http:\/\/fiic.la\/biblioteca\/REPORTE_difusion_fijo_Feb_11.pdf\" target=\"_blank\" rel=\"noopener\">Reporte Macroecon\u00f3mico Febrero 2011<\/a><\/td><td>28\/02\/2011<\/td><\/tr><tr><td class=\"has-text-align-left\" data-align=\"left\"><a href=\"http:\/\/fiic.la\/biblioteca\/REPORTE_difusion_fijo_Dic_10.pdf\" target=\"_blank\" rel=\"noopener\">Reporte Macroecon\u00f3mico Diciembre 2010<\/a><\/td><td>31\/12\/2010<\/td><\/tr><tr><td class=\"has-text-align-left\" data-align=\"left\"><a href=\"http:\/\/fiic.la\/biblioteca\/REPORTE_difusion_fijo_Agosto_10.pdf\" target=\"_blank\" rel=\"noopener\">Reporte Macroecon\u00f3mico agosto 2010<\/a><\/td><td>31\/08\/2010<\/td><\/tr><tr><td class=\"has-text-align-left\" data-align=\"left\"><a href=\"http:\/\/fiic.la\/biblioteca\/ARGENTINA_REPORTE_difusion_fijo_Junio_10.xls\" target=\"_blank\" rel=\"noopener\">Reporte Macroecon\u00f3mico junio 2010<\/a><\/td><td>30\/06\/2010<\/td><\/tr><tr><td class=\"has-text-align-left\" data-align=\"left\"><a href=\"http:\/\/fiic.la\/biblioteca\/REPORTE_difusion_fijo_Abril_2010.xls\" target=\"_blank\" rel=\"noreferrer noopener\">Reporte Macroecon\u00f3mico abril 2010<\/a><\/td><td>30\/04\/2010<\/td><\/tr><tr><td class=\"has-text-align-left\" data-align=\"left\"><a href=\"http:\/\/fiic.la\/documentos\/REPORTE%20difusion%20fijo%20_%20Feb%202010.xls\" target=\"_blank\" rel=\"noreferrer noopener\">Reporte Macroecon\u00f3mico febrero 2010<\/a><\/td><td>28\/02\/2010<\/td><\/tr><tr><td class=\"has-text-align-left\" data-align=\"left\"><a href=\"http:\/\/fiic.la\/biblioteca\/REPORTE_Octubre_fijo.xls\" target=\"_blank\" rel=\"noreferrer noopener\">Reporte Macroecon\u00f3mico octubre 2009<\/a><\/td><td>31\/10\/2009<\/td><\/tr><tr><td class=\"has-text-align-left\" data-align=\"left\"><a href=\"http:\/\/fiic.la\/biblioteca\/ARGENTINA_REPORTE_Junio_2009.xls\" target=\"_blank\" rel=\"noreferrer noopener\">Reporte Macroecon\u00f3mico Junio 2009<\/a><\/td><td>07\/07\/2009<\/td><\/tr><tr><td class=\"has-text-align-left\" data-align=\"left\"><a href=\"http:\/\/fiic.la\/biblioteca\/ARGENTINAS_REPORTE_FEBRERO09.xls\" target=\"_blank\" rel=\"noreferrer noopener\">Reporte Macroecon\u00f3mico febrero 2009<\/a><\/td><td>28\/02\/2009<\/td><\/tr><tr><td class=\"has-text-align-left\" data-align=\"left\"><a href=\"http:\/\/fiic.la\/biblioteca\/ARGENTINA_REPORTE%20DICIEMBRE.xls\" target=\"_blank\" rel=\"noreferrer noopener\">Reporte Macroecon\u00f3mico diciembre 2008<\/a><\/td><td>31\/12\/2008<\/td><\/tr><tr><td class=\"has-text-align-left\" data-align=\"left\"><a href=\"http:\/\/fiic.la\/biblioteca\/Argentina_REPORTE_octubre08.xls\" target=\"_blank\" rel=\"noreferrer noopener\">Reporte Macroecon\u00f3mico octubre 2008<\/a><\/td><td>31\/10\/2008<\/td><\/tr><tr><td class=\"has-text-align-left\" data-align=\"left\"><a href=\"http:\/\/fiic.la\/biblioteca\/ARGENTINA_REPORTE%20Ago-08%20(valor).xls\" target=\"_blank\" rel=\"noreferrer noopener\">Reporte Macroecon\u00f3mico al 31 de agosto 2008<\/a><\/td><td>30\/08\/2008<\/td><\/tr><tr><td class=\"has-text-align-left\" data-align=\"left\"><a href=\"http:\/\/fiic.la\/biblioteca\/REPORTE%20difusion_ARG_junio2008.xls\" target=\"_blank\" rel=\"noreferrer noopener\">Reporte Macroecon\u00f3mico al 30 de junio 2008<\/a><\/td><td>30\/06\/2008<\/td><\/tr><tr><td class=\"has-text-align-left\" data-align=\"left\"><a href=\"http:\/\/fiic.la\/biblioteca\/REPORTE%20difusion_ARGENTINA.xls\" target=\"_blank\" rel=\"noreferrer noopener\">Reporte Macroecon\u00f3mico<\/a><\/td><td>30\/04\/2008<\/td><\/tr><tr><td class=\"has-text-align-left\" data-align=\"left\"><a href=\"http:\/\/fiic.la\/biblioteca\/fiic%20consejo%20bolivia%20densidad%20infraestructura%20y%20crecimiento.pdf\" target=\"_blank\" rel=\"noreferrer noopener\">La Densidad de Infraestructura y Crecimiento<\/a><\/td><td>11\/04\/2008<\/td><\/tr><tr><td class=\"has-text-align-left\" data-align=\"left\"><a href=\"http:\/\/fiic.la\/biblioteca\/eco%20distritos%20y%20eficiencia%20energetica%20congreso%20fiec%20dublin%202008.doc\" target=\"_blank\" rel=\"noreferrer noopener\">Eco- Distritos y Eficiencia Energ\u00e9tica<\/a><\/td><td>18\/06\/2008<\/td><\/tr><\/tbody><\/table><\/figure>\n<\/div><\/div><\/div><\/div>\n\n\n\n<div class=\"wp-block-qubely-accordion-item qubely-block-465bdd\"><div itemscope itemprop=\"mainEntity\" itemtype=\"https:\/\/schema.org\/Question\" class=\"qubely-accordion-item qubely-type-fill false\"><div class=\"qubely-accordion-panel qubely-icon-position-right\"><span class=\"qubely-accordion-panel-handler\" role=\"button\"><span itemprop=\"name\" class=\"qubely-accordion-panel-handler-label\">Guatemala<\/span><span class=\"qubely-accordion-icon fa fa-plus\"><\/span><\/span><\/div><div itemscope itemprop=\"acceptedAnswer\" itemtype=\"https:\/\/schema.org\/Answer\" class=\"qubely-accordion-body\"><div itemprop=\"text\">\n<figure class=\"wp-block-table has-medium-font-size\"><table><tbody><tr><td><strong>Reportes<\/strong><\/td><td>Fecha<\/td><\/tr><tr><td><a href=\"http:\/\/fiic.la\/LEYES%20DE%20ASOCIACION%20PUBLICO%20PRIVADA\/Ley_Alianzas_Desarrollo_Infraestructura_Economica_Guatemala.pdf\" target=\"_blank\" rel=\"noopener\">Ley de Alianzas para el Desarrollo de Infraestructura Econ\u00f3mica<\/a><\/td><td>29\/01\/2013<\/td><\/tr><tr><td><a href=\"http:\/\/fiic.la\/LEYES%20DE%20ASOCIACION%20PUBLICO%20PRIVADA\/REGLAMENTO_ley_Alianzas_Desarrollo_Infraestructura_Economica_Guatemala.pdf\" target=\"_blank\" rel=\"noopener\">Reglamento de la Ley de Alianzas para el Desarrollo de Infraestructura Econ\u00f3mica<\/a><\/td><td>29\/01\/2012<\/td><\/tr><tr><td><a href=\"http:\/\/fiic.la\/biblioteca\/REGLAMENTO%20LEY%20ANILLO%20METROPOLITANO_GUATEMALA.doc\" target=\"_blank\" rel=\"noreferrer noopener\">Reglamento Ley Anillo Metropolitano<\/a><\/td><td>29\/03\/2008<\/td><\/tr><tr><td><a href=\"http:\/\/fiic.la\/biblioteca\/Reglamento%20de%20Covial_Guatemala.doc\" target=\"_blank\" rel=\"noreferrer noopener\">Reglamento de Covial<\/a><\/td><td>29\/03\/2008<\/td><\/tr><tr><td><a href=\"http:\/\/fiic.la\/biblioteca\/Ley%20de%20los%20Consejos%20de%20Desarrollo%20Urbano%20y%20Rural_Guatemala.pdf\" target=\"_blank\" rel=\"noreferrer noopener\">Ley de los Consejos de Desarrollo Urbano y Rural<\/a><\/td><td>29\/03\/2008<\/td><\/tr><tr><td><a href=\"http:\/\/fiic.la\/biblioteca\/Ley%20de%20Contrataciones%20del%20Estado_Guatemala.pdf\" target=\"_blank\" rel=\"noreferrer noopener\">Ley de Contrataciones del Estado<\/a><\/td><td>29\/03\/2008<\/td><\/tr><tr><td><a href=\"http:\/\/fiic.la\/biblioteca\/Reglamento%20de%20la%20Ley%20de%20Contrataciones%20del%20Estado_Guatemala.pdf\" target=\"_blank\" rel=\"noreferrer noopener\">Reglamento de la Ley de Contrataciones del Estado<\/a><\/td><td>29\/03\/2008<\/td><\/tr><tr><td><a href=\"http:\/\/fiic.la\/biblioteca\/LEY%20DE%20ONGs%20PARA%20EL%20DESARROLLO_GUATEMALA.pdf\" target=\"_blank\" rel=\"noreferrer noopener\">Ley de ONG&#8217;s para el Desarrollo<\/a><\/td><td>29\/03\/2008<\/td><\/tr><tr><td><a href=\"http:\/\/fiic.la\/biblioteca\/ley%20de%20desarrollo%20social_guatemala.pdf\" target=\"_blank\" rel=\"noreferrer noopener\">Ley de Desarrollo Social<\/a><\/td><td>29\/03\/2008<\/td><\/tr><tr><td><a href=\"http:\/\/fiic.la\/biblioteca\/d089-2005_guatemala.pdf\" target=\"_blank\" rel=\"noreferrer noopener\">Decreto N\u00fam. 089-2005<\/a><\/td><td>29\/03\/2008<\/td><\/tr><\/tbody><\/table><\/figure>\n<\/div><\/div><\/div><\/div>\n\n\n\n<div class=\"wp-block-qubely-accordion-item qubely-block-fc6364\"><div itemscope itemprop=\"mainEntity\" itemtype=\"https:\/\/schema.org\/Question\" class=\"qubely-accordion-item qubely-type-fill false\"><div class=\"qubely-accordion-panel qubely-icon-position-right\"><span class=\"qubely-accordion-panel-handler\" role=\"button\"><span itemprop=\"name\" class=\"qubely-accordion-panel-handler-label\">M\u00e9xico<\/span><span class=\"qubely-accordion-icon fa fa-plus\"><\/span><\/span><\/div><div itemscope itemprop=\"acceptedAnswer\" itemtype=\"https:\/\/schema.org\/Answer\" class=\"qubely-accordion-body\"><div itemprop=\"text\">\n<figure class=\"wp-block-table has-medium-font-size\"><table><tbody><tr><td><strong>Reportes<\/strong><\/td><td><strong>Fecha<\/strong><\/td><\/tr><tr><td><a href=\"http:\/\/fiic.la\/biblioteca\/Reglamento%20de%20APPs%20051112_Mexico.pdf\" target=\"_blank\" rel=\"noopener\">Reglamento de la Ley Asociaciones P\u00fablico Privadas<\/a><\/td><td>05\/11\/2012<\/td><\/tr><tr><td><a href=\"http:\/\/fiic.la\/biblioteca\/Ley%20Asociaciones%20Publico%20Privadas%20LAPP_MEX.pdf\" target=\"_blank\" rel=\"noopener\">Ley de Asociaciones P\u00fablico Privadas<\/a><\/td><td>11\/07\/2012<\/td><\/tr><tr><td><a href=\"http:\/\/fiic.la\/biblioteca\/revista%20transparencia%202008-anual%20version%20final.pdf\" target=\"_blank\" rel=\"noopener\">Secretaria Comunicaciones y Transportes -SCT &#8220;Revista Transparencia 2008 Anual version final&#8221;<\/a><\/td><td>30\/06\/2009<\/td><\/tr><tr><td><a href=\"http:\/\/fiic.la\/biblioteca\/ley%20de%20obra%20publica%20federal_mexico.pdf\" target=\"_blank\" rel=\"noopener\">Ley de Obras P\u00fablica Federal<\/a><\/td><td>19\/06\/2009<\/td><\/tr><tr><td><a href=\"http:\/\/fiic.la\/biblioteca\/reg_lopsrm110107_mexico.pdf\" target=\"_blank\" rel=\"noopener\">Reglamento de la Ley de Obras P\u00fablicas y Servicios relacionadas con las mismas<\/a><\/td><td>19\/06\/2009<\/td><\/tr><tr><td><a href=\"http:\/\/fiic.la\/biblioteca\/ref%20lopsrm%20280509_mexico.pdf\" target=\"_blank\" rel=\"noopener\">Decreto &#8211; Ley de Obras P\u00fablica Federal<\/a><\/td><td>19\/06\/2009<\/td><\/tr><tr><td><a href=\"http:\/\/fiic.la\/biblioteca\/folleto_transparencia_09_punta_colonet_palm.pdf\" target=\"_blank\" rel=\"noopener\">SCT &#8220;Transparencia Punta Colonet 09&#8221;<\/a><\/td><td>09\/03\/2009<\/td><\/tr><tr><td><a href=\"http:\/\/fiic.la\/biblioteca\/respuesta%20cmic_%20camara%20costarricense%20de%20la%20construccion.pdf\" target=\"_blank\" rel=\"noopener\">Programa Nacional de Infraestructura: Curva de Aprendizaje<\/a><\/td><td>04\/02\/2009<\/td><\/tr><tr><td><a href=\"http:\/\/fiic.la\/biblioteca\/transparencia%202008%20version%20final.pdf\" target=\"_blank\" rel=\"noopener\">Transparencia 2008 &#8220;Programa de Transparencia y Rendici\u00f3n de Cuentas&#8221;<\/a><\/td><td>31\/12\/2008<\/td><\/tr><tr><td><a href=\"http:\/\/www.cmic.org\/cmic\/economiaestadistica\/PROGRAMA_NACIONAL_INFRA\/\" target=\"_blank\" rel=\"noopener\">Programa Nacional de Infraestructura<\/a><\/td><td>2007-2012<\/td><\/tr><tr><td><a href=\"http:\/\/www.fiic.org.mx\/Evol_de_la_Economia.htm\" target=\"_blank\" rel=\"noopener\">Evoluci\u00f3n de la Econom\u00eda FIIC<\/a><\/td><td>08\/08\/2008<\/td><\/tr><tr><td><a href=\"http:\/\/www.cmic.org\/cmic\/economiaestadistica\/sic2006\/\" target=\"_blank\" rel=\"noopener\">Situaci\u00f3n de la Industria de la Construcci\u00f3n Mexicana<\/a><\/td><td>15\/09\/2006<\/td><\/tr><tr><td><a href=\"http:\/\/www.cmic.org\/cmic\/ingenieriacostos\/salarios\/salminimo.cfm\" target=\"_blank\" rel=\"noopener\">Salarios M\u00ednimos Oficiales de Referencia 2008<\/a><\/td><td>01\/01\/2008<\/td><\/tr><\/tbody><\/table><\/figure>\n<\/div><\/div><\/div><\/div>\n\n\n\n<div class=\"wp-block-qubely-accordion-item qubely-block-deb76e\"><div itemscope itemprop=\"mainEntity\" itemtype=\"https:\/\/schema.org\/Question\" class=\"qubely-accordion-item qubely-type-fill false\"><div class=\"qubely-accordion-panel qubely-icon-position-right\"><span class=\"qubely-accordion-panel-handler\" role=\"button\"><span itemprop=\"name\" class=\"qubely-accordion-panel-handler-label\">Venezuela<\/span><span class=\"qubely-accordion-icon fa fa-plus\"><\/span><\/span><\/div><div itemscope itemprop=\"acceptedAnswer\" itemtype=\"https:\/\/schema.org\/Answer\" class=\"qubely-accordion-body\"><div itemprop=\"text\">\n<figure class=\"wp-block-table\"><table><tbody><tr><td>Reportes<\/td><td>Fecha<\/td><\/tr><tr><td><a href=\"http:\/\/fiic.la\/biblioteca\/fiic_precios_2007.xls\" target=\"_blank\" rel=\"noreferrer noopener\">Precios de Insumos del sector construcci\u00f3n<\/a><\/td><td>03\/10\/2008<\/td><\/tr><tr><td><a href=\"http:\/\/fiic.la\/biblioteca\/tabulador_salarios_ind_const_venezuela.xls\" target=\"_blank\" rel=\"noreferrer noopener\">Tabulador de Salarios en la Industria de la Construcci\u00f3n<\/a><\/td><td>15\/04\/2008<\/td><\/tr><\/tbody><\/table><\/figure>\n<\/div><\/div><\/div><\/div>\n\n\n\n<div class=\"wp-block-qubely-accordion-item qubely-block-7a9007\"><div itemscope itemprop=\"mainEntity\" itemtype=\"https:\/\/schema.org\/Question\" class=\"qubely-accordion-item qubely-type-fill false\"><div class=\"qubely-accordion-panel qubely-icon-position-right\"><span class=\"qubely-accordion-panel-handler\" role=\"button\"><span itemprop=\"name\" class=\"qubely-accordion-panel-handler-label\">Legislaciones Sobre La Vivienda En Am\u00e9rica Latina<\/span><span class=\"qubely-accordion-icon fa fa-plus\"><\/span><\/span><\/div><div itemscope itemprop=\"acceptedAnswer\" itemtype=\"https:\/\/schema.org\/Answer\" class=\"qubely-accordion-body\"><div itemprop=\"text\">\n<figure class=\"wp-block-table has-medium-font-size\"><table><tbody><tr><td>Reportes<\/td><td>Fecha<\/td><\/tr><tr><td><a href=\"http:\/\/publications.iadb.org\/handle\/11319\/6730?scope=123456789\/1&amp;thumbnail=false&amp;order=desc&amp;rpp=5&amp;sort_by=score&amp;page=0&amp;query=arriendo&amp;group_by=none&amp;etal=0\" target=\"_blank\" rel=\"noopener\">Libro de Vivienda en Alquiler<\/a><\/td><td><\/td><\/tr><tr><td><strong>Chile<\/strong><\/td><td><\/td><\/tr><tr><td><a href=\"http:\/\/fiic.la\/biblioteca\/legislaciones_vivienda\/Resumen%20de%20normas%20legales%20sector%20vivienda%20Chile1.doc\" target=\"_blank\" rel=\"noreferrer noopener\">Chile: Normatividad de Vivienda y Urbanismo<\/a><\/td><td><\/td><\/tr><tr><td><strong>Colombia<\/strong><\/td><td><\/td><\/tr><tr><td><a href=\"http:\/\/fiic.la\/biblioteca\/legislaciones_vivienda\/Colombia%20normatividad%20vivienda.doc\" target=\"_blank\" rel=\"noreferrer noopener\">Legislacion Vivienda. + 30 Leyes y decretos y links correspondientes<\/a><\/td><td><\/td><\/tr><tr><td><strong>Costa Rica<\/strong><\/td><td><\/td><\/tr><tr><td><a href=\"http:\/\/fiic.la\/biblioteca\/legislaciones_vivienda\/ley%20del%20sistema%20financiero%20para%20la%20vivienda..htm\" target=\"_blank\" rel=\"noreferrer noopener\">Legislaciones_Vivienda\/Ley del Sistema Financiero para la Vivienda_CRICA<\/a><\/td><td>13\/11\/1986<\/td><\/tr><tr><td><a href=\"http:\/\/fiic.la\/biblioteca\/legislaciones_vivienda\/normas%20bono%20familiar_crica.htm\" target=\"_blank\" rel=\"noreferrer noopener\">Legislaciones_Vivienda\/Normas Bono familiar_CRICA.htm<\/a><\/td><td>05\/02\/2004<\/td><\/tr><tr><td><a href=\"http:\/\/fiic.la\/biblioteca\/legislaciones_vivienda\/regl.%20de%20red%20vivienda_rica.htm\" target=\"_blank\" rel=\"noreferrer noopener\">Legislaciones_Vivienda\/Regl. de Red Vivienda_RICA.htm<\/a><\/td><td>13\/07\/2005<\/td><\/tr><tr><td><a href=\"http:\/\/fiic.la\/biblioteca\/legislaciones_vivienda\/regla.%20organizacion%20sist%20nac.%20viv_crica.htm\" target=\"_blank\" rel=\"noreferrer noopener\">Legislaciones_Vivienda\/Regla. organizaci\u00f3n sist nac. viv_CRICA.htm<\/a><\/td><td>08\/01\/1997<\/td><\/tr><tr><td><a href=\"http:\/\/fiic.la\/biblioteca\/legislaciones_vivienda\/reglam%20bono%20adultos%20mayores_crica.htm\" target=\"_blank\" rel=\"noreferrer noopener\">Legislaciones_Vivienda\/Reglam bono adultos mayores_CRICA.htm<\/a><\/td><td>28\/06\/2000<\/td><\/tr><tr><td><strong>Guatemala<\/strong><\/td><td><\/td><\/tr><tr><td><a href=\"http:\/\/fiic.la\/biblioteca\/legislaciones_vivienda\/acuerdo%20gubernativo%20286-98_guatemala.doc\" target=\"_blank\" rel=\"noreferrer noopener\">Legislaciones_Vivienda\/ACUERDO GUBERNATIVO 286-98_GUATEMALA.doc<\/a><\/td><td>22\/05\/2004<\/td><\/tr><tr><td><a href=\"http:\/\/fiic.la\/biblioteca\/legislaciones_vivienda\/reglamento%20fha_guatemala.pdf\" target=\"_blank\" rel=\"noreferrer noopener\">Legislaciones_Vivienda\/Reglamento FHA_GUATEMALA.pdf<\/a><\/td><td>08\/08\/2006<\/td><\/tr><tr><td><a href=\"http:\/\/fiic.la\/biblioteca\/legislaciones_vivienda\/leyfha_guatemala.pdf\" target=\"_blank\" rel=\"noreferrer noopener\">Legislaciones_Vivienda\/Leyfha_GUATEMALA.pdf<\/a><\/td><td>08\/08\/2008<\/td><\/tr><tr><td><strong>M\u00e9xico<\/strong><\/td><td><\/td><\/tr><tr><td><a href=\"http:\/\/fiic.la\/biblioteca\/legislaciones_vivienda\/estatuto_conavi_mexico.pdf\" target=\"_blank\" rel=\"noreferrer noopener\">Legislaciones_Vivienda\/Estatuto_Conavi_Mexico.pdf<\/a><\/td><td>31\/08\/2006<\/td><\/tr><tr><td><a href=\"http:\/\/fiic.la\/biblioteca\/legislaciones_vivienda\/ley%20fovissste_mexico.pdf\" target=\"_blank\" rel=\"noreferrer noopener\">Legislaciones_Vivienda\/LEY FOVISSSTE_Mexico.pdf<\/a><\/td><td>08\/08\/2008<\/td><\/tr><tr><td><a href=\"http:\/\/fiic.la\/biblioteca\/legislaciones_vivienda\/ley%20infonavit_mexico.pdf\" target=\"_blank\" rel=\"noreferrer noopener\">Legislaciones_Vivienda\/ley INFONAVIT_Mexico.pdf<\/a><\/td><td>01\/06\/2005<\/td><\/tr><tr><td><a href=\"http:\/\/fiic.la\/biblioteca\/legislaciones_vivienda\/ley%20shf_mexico.pdf\" target=\"_blank\" rel=\"noreferrer noopener\">Legislaciones_Vivienda\/LEY SHF_Mexico.pdf<\/a><\/td><td>11\/08\/2008<\/td><\/tr><tr><td><a href=\"http:\/\/fiic.la\/biblioteca\/legislaciones_vivienda\/leydevivienda_mexico.pdf\" target=\"_blank\" rel=\"noreferrer noopener\">Legislaciones_Vivienda\/LeydeVivienda_Mexico.pdf<\/a><\/td><td>27\/06\/2006<\/td><\/tr><tr><td><a href=\"http:\/\/fiic.la\/biblioteca\/legislaciones_vivienda\/070824_conavi_cambios%20reglas%20programa%20subsidios_mexico.doc\" target=\"_blank\" rel=\"noreferrer noopener\">Legislaciones_Vivienda\/070824_CONAVI_CAMBIOS REGLAS PROGRAMA SUBSIDIOS_Mexico.doc<\/a><\/td><td>05\/08\/2208<\/td><\/tr><tr><td><a href=\"http:\/\/fiic.la\/biblioteca\/legislaciones_vivienda\/vivienda%20junio%202008%20ni_mexico.ppt\" target=\"_blank\" rel=\"noreferrer noopener\">Legislaciones_Vivienda\/vivienda junio 2008 ni_Mexico.ppt<\/a><\/td><td>02\/06\/2008<\/td><\/tr><tr><td><a href=\"http:\/\/fiic.la\/biblioteca\/legislaciones_vivienda\/reglas_otorgamiento_credito%20infonavit_mexico.pdf\" target=\"_blank\" rel=\"noreferrer noopener\">Legislaciones_Vivienda\/reglas_otorgamiento_credito INFONAVIT_Mexico.pdf<\/a><\/td><td>05\/08\/2008<\/td><\/tr><tr><td><strong>Nicaragua<\/strong><\/td><td><\/td><\/tr><tr><td><a href=\"http:\/\/fiic.la\/biblioteca\/legislaciones_vivienda\/ley%20creadora%20del%20fosovi_nicaragua.htm\" target=\"_blank\" rel=\"noreferrer noopener\">Legislaciones_Vivienda\/LEY CREADORA DEL FOSOVI_NICARAGUA.htm<\/a><\/td><td>02\/05\/2002<\/td><\/tr><tr><td><a href=\"http:\/\/fiic.la\/biblioteca\/legislaciones_vivienda\/ley%20organica%20del%20instituto%20de%20la%20vivienda%20urbana%20y%20rural%20(invur)_nicaragua.htm\" target=\"_blank\" rel=\"noreferrer noopener\">Legislaciones_Vivienda\/LEY ORG\u00c1NICA DEL INSTITUTO DE LA VIVIENDA URBANA Y RURAL (INVUR)_NICARAGUA.htm<\/a><\/td><td>02\/05\/2002<\/td><\/tr><tr><td><strong>Paraguay<\/strong><\/td><td><\/td><\/tr><tr><td><a href=\"http:\/\/fiic.la\/biblioteca\/legislaciones_vivienda\/CertifiSuelo.pdf\" target=\"_blank\" rel=\"noreferrer noopener\">Informe de capacidad Portante: Suelo y Percolaci\u00f3n.<\/a><\/td><td><\/td><\/tr><tr><td><a href=\"http:\/\/fiic.la\/biblioteca\/legislaciones_vivienda\/FormHabi16.pdf\" target=\"_blank\" rel=\"noreferrer noopener\">Formulario de Evaluaci\u00f3n T\u00e9cnica Habitacional.<\/a><\/td><td><\/td><\/tr><tr><td><a href=\"http:\/\/fiic.la\/biblioteca\/legislaciones_vivienda\/Ley3306_2007.pdf\" target=\"_blank\" rel=\"noreferrer noopener\">Ley N\u00ba 3306 Que establece un r\u00e9gimen de arnaceles especiales en el pago de tasas judiciales, honorarios y pago de servicios.<\/a><\/td><td><\/td><\/tr><tr><td><a href=\"http:\/\/fiic.la\/biblioteca\/legislaciones_vivienda\/Ley_N_3637_09.pdf\" target=\"_blank\" rel=\"noreferrer noopener\">Ley N\u00ba 3637 Que crea el Fondo Nacional de la Vivienda Social.<\/a><\/td><td><\/td><\/tr><tr><td><a href=\"http:\/\/fiic.la\/biblioteca\/legislaciones_vivienda\/ModPlandeComp.pdf\" target=\"_blank\" rel=\"noreferrer noopener\">Modelo de Planilla de C\u00f3mputo M\u00e9trico y Presupuesto.<\/a><\/td><td><\/td><\/tr><tr><td><a href=\"http:\/\/fiic.la\/biblioteca\/legislaciones_vivienda\/Politicas%20de%20Aplicacion.pdf\" target=\"_blank\" rel=\"noreferrer noopener\">Pol\u00edticas de Aplicaci\u00f3n del Fondo Nacional de la Vivienda.<\/a><\/td><td><\/td><\/tr><tr><td><a href=\"http:\/\/fiic.la\/biblioteca\/legislaciones_vivienda\/Reglamento%20de%20Programas%20Habitacionales.pdf\" target=\"_blank\" rel=\"noreferrer noopener\">Reglamento de Programas Habitacionales<\/a><\/td><td><\/td><\/tr><tr><td><a href=\"http:\/\/fiic.la\/biblioteca\/legislaciones_vivienda\/Reglamento_Gral.pdf\" target=\"_blank\" rel=\"noreferrer noopener\">Reglamento General<\/a><\/td><td><\/td><\/tr><tr><td><a href=\"http:\/\/fiic.la\/biblioteca\/legislaciones_vivienda\/ReglamEvaluacion%20de%20Post..pdf\" target=\"_blank\" rel=\"noreferrer noopener\">Reglamento para Evaluaci\u00f3n Social de Postulantes<\/a><\/td><td><\/td><\/tr><tr><td><a href=\"http:\/\/fiic.la\/biblioteca\/legislaciones_vivienda\/SoldeEvadeTerryProy.pdf\" target=\"_blank\" rel=\"noreferrer noopener\">Modelo de Solicitud de Precalificaci\u00f3n y Calificaci\u00f3n Final.<\/a><\/td><td><\/td><\/tr><tr><td><strong>Peru<\/strong><\/td><td><\/td><\/tr><tr><td><a href=\"http:\/\/fiic.la\/biblioteca\/legislaciones_vivienda\/Resumen_Peru.doc\" target=\"_blank\" rel=\"noreferrer noopener\">Peru: Normatividad de Vivienda y Urbanismo<\/a><\/td><td><\/td><\/tr><tr><td><strong>El Salvador<\/strong><\/td><td><\/td><\/tr><tr><td><a href=\"http:\/\/fiic.la\/biblioteca\/legislaciones_vivienda\/ley%20de%20urbanismo%20y%20construccion1_salvador.doc\" target=\"_blank\" rel=\"noreferrer noopener\">Legislaciones_Vivienda\/LEY DE URBANISMO Y CONSTRUCCION1_SALVADOR.doc<\/a><\/td><td>13\/02\/1991<\/td><\/tr><tr><td><a href=\"http:\/\/fiic.la\/biblioteca\/legislaciones_vivienda\/ley%20del%20fondo%20nacional%20de%20vivienda%20popular_salvador.doc\" target=\"_blank\" rel=\"noreferrer noopener\">Legislaciones_Vivienda\/LEY DEL FONDO NACIONAL DE VIVIENDA POPULAR_SALVADOR.doc<\/a><\/td><td>06\/08\/1992<\/td><\/tr><tr><td><a href=\"http:\/\/fiic.la\/biblioteca\/legislaciones_vivienda\/ley%20del%20fondo%20social%20para%20la%20vivienda_salvador.doc\" target=\"_blank\" rel=\"noreferrer noopener\">Legislaciones_Vivienda\/LEY DEL FONDO SOCIAL PARA LA VIVIENDA_SALVADOR.doc<\/a><\/td><td>30\/06\/1994<\/td><\/tr><tr><td><a href=\"http:\/\/fiic.la\/biblioteca\/legislaciones_vivienda\/reglamento_calificacion_proyectos_interes_social_ilp_salvador.doc\" target=\"_blank\" rel=\"noreferrer noopener\">Legislaciones_Vivienda\/Reglamento_calificacion proyectos_interes_social_ILP_Salvador.doc<\/a><\/td><td>03\/06\/1992<\/td><\/tr><tr><td><a href=\"http:\/\/fiic.la\/biblioteca\/legislaciones_vivienda\/decreto_creacion_consejo_nacional_vivienda_salvador.doc\" target=\"_blank\" rel=\"noreferrer noopener\">Legislaciones_Vivienda\/DECRETO_CREACION_ CONSEJO_NACIONAL_VIVIENDA_SALVADOR.doc<\/a><\/td><td><\/td><\/tr><tr><td><a href=\"http:\/\/fiic.la\/biblioteca\/legislaciones_vivienda\/ley%20de%20desarrollo%20y%20ordenamiento%20territorial%20del%20amss%20y%20de_salvador.doc\" target=\"_blank\" rel=\"noreferrer noopener\">Legislaciones_Vivienda\/LEY DE DESARROLLO Y ORDENAMIENTO TERRITORIAL DEL AMSS Y DE_SALVADOR.doc<\/a><\/td><td><\/td><\/tr><tr><td><strong>Uruguay<\/strong><\/td><td><\/td><\/tr><tr><td><a href=\"http:\/\/fiic.la\/biblioteca\/legislaciones_vivienda\/TOLVI.doc\" target=\"_blank\" rel=\"noopener\">Leyes de Vivienda<\/a><\/td><td><\/td><\/tr><tr><td><strong>Venezuela<\/strong><\/td><td><\/td><\/tr><tr><td><a href=\"http:\/\/fiic.la\/biblioteca\/legislaciones_vivienda\/instructivo_alianza_casa_media_v2_para_go_def_venezuela.pdf\" target=\"_blank\" rel=\"noreferrer noopener\">Legislaciones_Vivienda\/Instructivo_Alianza_Casa Media_V2_para_GO_def_VENEZUELA.pdf<\/a><\/td><td><\/td><\/tr><tr><td><a href=\"http:\/\/fiic.la\/biblioteca\/legislaciones_vivienda\/ley%20especial%20proteccion%20deudor%20hipotecarios_venezuela.pdf\" target=\"_blank\" rel=\"noreferrer noopener\">Legislaciones_Vivienda.pdf<\/a><\/td><td><\/td><\/tr><tr><td><a href=\"http:\/\/fiic.la\/biblioteca\/legislaciones_vivienda\/ley%20regimen%20prestacional_venezuela.pdf\" target=\"_blank\" rel=\"noreferrer noopener\">Legislaciones_Vivienda_VENEZUELA.pdf<\/a><\/td><td><\/td><\/tr><\/tbody><\/table><\/figure>\n<\/div><\/div><\/div><\/div>\n\n\n\n<div class=\"wp-block-qubely-accordion-item qubely-block-67012e\"><div itemscope itemprop=\"mainEntity\" itemtype=\"https:\/\/schema.org\/Question\" class=\"qubely-accordion-item qubely-type-fill false\"><div class=\"qubely-accordion-panel qubely-icon-position-right\"><span class=\"qubely-accordion-panel-handler\" role=\"button\"><span itemprop=\"name\" class=\"qubely-accordion-panel-handler-label\">Precios Del Acero En Am\u00e9rica Latina<br><\/span><span class=\"qubely-accordion-icon fa fa-plus\"><\/span><\/span><\/div><div itemscope itemprop=\"acceptedAnswer\" itemtype=\"https:\/\/schema.org\/Answer\" class=\"qubely-accordion-body\"><div itemprop=\"text\">\n<figure class=\"wp-block-table has-medium-font-size\"><table><tbody><tr><td>Reportes<\/td><td>Fecha<\/td><\/tr><tr><td><a href=\"http:\/\/fiic.la\/biblioteca\/precio_acero_argentina.xls\" target=\"_blank\" rel=\"noreferrer noopener\">Precio del Acero<\/a><\/td><td>26\/05\/2008<\/td><\/tr><tr><td><strong>Chile<\/strong><\/td><td><\/td><\/tr><tr><td><a href=\"http:\/\/fiic.la\/biblioteca\/precios%20acero%20construccion_chile.xls\" target=\"_blank\" rel=\"noreferrer noopener\">Precios Acero Construcci\u00f3n_chile.xls<\/a><\/td><td>14\/08\/2008<\/td><\/tr><tr><td><a href=\"http:\/\/fiic.la\/biblioteca\/chile_ces%20n%2002-2008%20actualizacion%20minuta%20evolucion%20reciente%20de%20las%20barras%20de%20acero%20(2).pdf\" target=\"_blank\" rel=\"noreferrer noopener\">CHILE_CES N 02-2008 Actualizaci\u00f3n Minuta Evoluci\u00f3n reciente de las Barras de Acero (2).pdf<\/a><\/td><td>14\/08\/2008<\/td><\/tr><tr><td><a href=\"http:\/\/fiic.la\/biblioteca\/chile_presentacion%20gerdau%20aza_acero.ppt\" target=\"_blank\" rel=\"noreferrer noopener\">CHILE_Presentaci\u00f3n Gerdau AZA_ACERO.ppt<\/a><\/td><td>14\/08\/2008<\/td><\/tr><tr><td><a href=\"http:\/\/fiic.la\/biblioteca\/presentacion%20cap_acero_chile.pdf\" target=\"_blank\" rel=\"noreferrer noopener\">Presentaci\u00f3n Cap_ACERO_CHILE.pdf<\/a><\/td><td>14\/08\/2008<\/td><\/tr><tr><td><strong>R. Dominincana<\/strong><\/td><td><\/td><\/tr><tr><td><a href=\"http:\/\/fiic.la\/biblioteca\/dominicana_variacion%20porcentual%20cemento%20y%20hormigon.pdf\" target=\"_blank\" rel=\"noreferrer noopener\">DOMINICANA_VARIACION PORCENTUAL CEMENTO Y HORMIGON.pdf<\/a><\/td><td>11\/08\/2008<\/td><\/tr><tr><td><a href=\"http:\/\/fiic.la\/biblioteca\/dominicana_variacion%20porcentual%20costo%20acero%20version03.pdf\" target=\"_blank\" rel=\"noreferrer noopener\">DOMINICANA_VARIACION PORCENTUAL COSTO ACERO version03.pdf<\/a><\/td><td>11\/08\/2008<\/td><\/tr><tr><td><a href=\"http:\/\/fiic.la\/biblioteca\/dominicana_variacion%20porcentual%20costo%20vivienda%20alza%20materiales%20sept%2007.%20junio%2008%20version%2003.pdf\" target=\"_blank\" rel=\"noreferrer noopener\">DOMINICANA_VARIACION PORCENTUAL COSTO VIVIENDA ALZA MATERIALES SEPT 07. JUNIO 08 version 03.pdf<\/a><\/td><td>11\/08\/2008<\/td><\/tr><tr><td><a href=\"http:\/\/fiic.la\/biblioteca\/dominicana_variacion%20porcentual%20costo%20vivienda%20periodo%201998-mayo%202008-03.pdf\" target=\"_blank\" rel=\"noreferrer noopener\">DOMINICANA_VARIACION PORCENTUAL COSTO VIVIENDA PERIODO 1998-MAYO 2008-03.pdf<\/a><\/td><td>11\/08\/2008<\/td><\/tr><tr><td><strong>Ecuador<\/strong><\/td><td><\/td><\/tr><tr><td><a href=\"http:\/\/fiic.la\/biblioteca\/ecuador_historico%20hierro%20evolucion.julio%202008.xls\" target=\"_blank\" rel=\"noreferrer noopener\">ECUADOR_HISTORICO HIERRO EVOLUCION.JULIO 2008.xls<\/a><\/td><td>14\/08\/2008<\/td><\/tr><tr><td><strong>Guatemala<\/strong><\/td><td><\/td><\/tr><tr><td><a href=\"http:\/\/fiic.la\/biblioteca\/precio_acero_guatemala.doc\" target=\"_blank\" rel=\"noreferrer noopener\">Precio del Acero<\/a><\/td><td>15\/05\/2008<\/td><\/tr><tr><td><strong>M\u00e9xico<\/strong><\/td><td><\/td><\/tr><tr><td><a href=\"http:\/\/fiic.la\/biblioteca\/precios%20materiales%20construccion%20cmic.pdf\" target=\"_blank\" rel=\"noreferrer noopener\">Evoluci\u00f3n de los Precios de&nbsp;Materiales para la Construcci\u00f3n<\/a><\/td><td>08\/08\/2008<\/td><\/tr><tr><td><strong>Paraguay<\/strong><\/td><td><\/td><\/tr><tr><td><a href=\"http:\/\/fiic.la\/biblioteca\/precios_acero_paraguay.txt\" target=\"_blank\" rel=\"noreferrer noopener\">Precios del Acero<\/a><\/td><td>16\/05\/2008<\/td><\/tr><tr><td><strong>Per\u00fa<\/strong><\/td><td><\/td><\/tr><tr><td><a href=\"http:\/\/fiic.la\/biblioteca\/tabla_estadistica_2008.xls\" target=\"_blank\" rel=\"noreferrer noopener\">TABLA_ESTADISTICA_2008.xls<\/a><\/td><td>11\/08\/2008<\/td><\/tr><tr><td><a href=\"http:\/\/fiic.la\/biblioteca\/proyectos.xls\" target=\"_blank\" rel=\"noreferrer noopener\">Proyectos.xls<\/a><\/td><td>11\/08\/2008<\/td><\/tr><tr><td><strong>Salvador<\/strong><\/td><td><\/td><\/tr><tr><td><a href=\"http:\/\/fiic.la\/biblioteca\/precio_acero_salvador.ppt\" target=\"_blank\" rel=\"noreferrer noopener\">Precio del Acero<\/a><\/td><td>14\/05\/2008<\/td><\/tr><tr><td><strong>Uruguay<\/strong><\/td><td><\/td><\/tr><tr><td><a href=\"http:\/\/fiic.la\/biblioteca\/precio_acero_uruguay.doc\" target=\"_blank\" rel=\"noreferrer noopener\">Precio del Acero<\/a><\/td><td><\/td><\/tr><\/tbody><\/table><\/figure>\n<\/div><\/div><\/div><\/div>\n\n\n\n<div class=\"wp-block-qubely-accordion-item qubely-block-37ff81\"><div itemscope itemprop=\"mainEntity\" itemtype=\"https:\/\/schema.org\/Question\" class=\"qubely-accordion-item qubely-type-fill false\"><div class=\"qubely-accordion-panel qubely-icon-position-right\"><span class=\"qubely-accordion-panel-handler\" role=\"button\"><span itemprop=\"name\" class=\"qubely-accordion-panel-handler-label\">Precios Del Cemento En Am\u00e9rica Latina<\/span><span class=\"qubely-accordion-icon fa fa-plus\"><\/span><\/span><\/div><div itemscope itemprop=\"acceptedAnswer\" itemtype=\"https:\/\/schema.org\/Answer\" class=\"qubely-accordion-body\"><div itemprop=\"text\">\n<figure class=\"wp-block-table has-medium-font-size\"><table><tbody><tr><td>Reportes<\/td><td>Fecha<\/td><\/tr><tr><td><strong>Argentina<\/strong><\/td><td><\/td><\/tr><tr><td><a href=\"http:\/\/fiic.la\/biblioteca\/precio_cemento\/precio_cemento_argentina.xls\" target=\"_blank\" rel=\"noreferrer noopener\">PRECIO_CEMENTO\/PRECIO_CEMENTO_ARGENTINA.xls<\/a><\/td><td>2006<\/td><\/tr><tr><td><strong>Bolivia<\/strong><\/td><td><\/td><\/tr><tr><td><a href=\"http:\/\/www.ibch.com\/\" target=\"_blank\" rel=\"noreferrer noopener\">PRECIO CEMENTO BOLIVIA<\/a><\/td><td>Jul.&nbsp; Ago.2008<\/td><\/tr><tr><td><a href=\"http:\/\/fiic.la\/biblioteca\/precio_cemento\/cemento_historico_bolivia.doc\" target=\"_blank\" rel=\"noreferrer noopener\">PRECIO_CEMENTO\/Cemento_Historico_Bolivia.doc<\/a><\/td><td>2005-2008<\/td><\/tr><tr><td><strong>Colombia<\/strong><\/td><td><\/td><\/tr><tr><td><a href=\"http:\/\/fiic.la\/biblioteca\/cci_boletin%20estadistico%20octubre%202008.pdf\" target=\"_blank\" rel=\"noreferrer noopener\">PRECIO CEMENTO<\/a><\/td><td>OCT. 2008<\/td><\/tr><tr><td><strong>Costa Rica<\/strong><\/td><td><\/td><\/tr><tr><td><a href=\"http:\/\/fiic.la\/biblioteca\/precio_cemento\/cemento%20granel_costa_rica.xls\" target=\"_blank\" rel=\"noreferrer noopener\">PRECIO_CEMENTO\/Cemento Granel_Costa_Rica.xls<\/a><\/td><td>2007<\/td><\/tr><tr><td><strong>Chile<\/strong><\/td><td><\/td><\/tr><tr><td><a href=\"http:\/\/fiic.la\/biblioteca\/precio_cemento\/precio%20del%20cemento_chile_2008.xls\" target=\"_blank\" rel=\"noreferrer noopener\">PRECIO_CEMENTO\/Precio del cemento_Chile_2008.xls<\/a><\/td><td>1997-2008<\/td><\/tr><tr><td><a href=\"http:\/\/fiic.la\/biblioteca\/precio_cemento\/precio_cemento_chile.doc\" target=\"_blank\" rel=\"noreferrer noopener\">PRECIO_CEMENTO\/Precio_cemento_Chile.doc<\/a><\/td><td>&nbsp;2001-2007<\/td><\/tr><tr><td><strong>Dominicana<\/strong><\/td><td><\/td><\/tr><tr><td><a href=\"http:\/\/fiic.la\/biblioteca\/precio_cemento\/dominicana_variacion%20porcentual%20cemento%20y%20hormigon.pdf\" target=\"_blank\" rel=\"noreferrer noopener\">PRECIO_CEMENTO\/DOMINICANA_VARIACION PORCENTUAL CEMENTO Y HORMIGON.pdf<\/a><\/td><td>2007-2008<\/td><\/tr><tr><td><strong>Honduras<\/strong><\/td><td><\/td><\/tr><tr><td><a href=\"http:\/\/fiic.la\/biblioteca\/precio_cemento\/precios%20cemento_honduras.xls\" target=\"_blank\" rel=\"noreferrer noopener\">PRECIO_CEMENTO\/Precios cemento_HONDURAS.xls<\/a><\/td><td>2002-2007<\/td><\/tr><tr><td><strong>Nicaragua<\/strong><\/td><td><\/td><\/tr><tr><td><a href=\"http:\/\/fiic.la\/biblioteca\/precio_cemento\/precio%20del%20cemento%20nicaragua.xls\" target=\"_blank\" rel=\"noreferrer noopener\">PRECIO_CEMENTO\/PRECIO DEL CEMENTO NICARAGUA.xls<\/a><\/td><td>2001-2007<\/td><\/tr><tr><td><strong>Panam\u00e1<\/strong><\/td><td><\/td><\/tr><tr><td><a href=\"http:\/\/fiic.la\/biblioteca\/precio_cemento\/precio_cemento_panama.doc\" target=\"_blank\" rel=\"noreferrer noopener\">PRECIO_CEMENTO\/PRECIO_CEMENTO_PANAMA.doc<\/a><\/td><td>2007<\/td><\/tr><tr><td><strong>Paraguay<\/strong><\/td><td><\/td><\/tr><tr><td><a href=\"http:\/\/fiic.la\/biblioteca\/precio_cemento\/inf-fiic-cemento%202001%20al%202008_paraguay.xls\" target=\"_blank\" rel=\"noreferrer noopener\">PRECIO_CEMENTO\/INF-FIIC-CEMENTO 2001 al 2008_paraguay.xls<\/a><\/td><td>2002-2008<\/td><\/tr><tr><td><strong>Per\u00fa<\/strong><\/td><td><\/td><\/tr><tr><td><a href=\"http:\/\/fiic.la\/biblioteca\/precio_cemento\/precio_cemento_peru.xls\" target=\"_blank\" rel=\"noreferrer noopener\">PRECIO_CEMENTO\/precio_Cemento_PERU.xls<\/a><\/td><td>2000-2007<\/td><\/tr><tr><td><strong>Salvador<\/strong><\/td><td><\/td><\/tr><tr><td><a href=\"http:\/\/fiic.la\/biblioteca\/precio_cemento\/precio_cemento_salvador.doc\" target=\"_blank\" rel=\"noreferrer noopener\">PRECIO_CEMENTO\/Precio_cemento_Salvador.doc<\/a><\/td><td>2007<\/td><\/tr><tr><td><strong>Uruguay<\/strong><\/td><td><\/td><\/tr><tr><td><a href=\"http:\/\/fiic.la\/biblioteca\/precio_cemento\/precio_cemento_uruguay.xls\" target=\"_blank\" rel=\"noreferrer noopener\">PRECIO_CEMENTO\/PRECIO_cemento_URUGUAY.xls<\/a><\/td><td>2006-2008<\/td><\/tr><tr><td><a href=\"http:\/\/fiic.la\/biblioteca\/precio_cemento\/precio_cemento_uruguay.doc\" target=\"_blank\" rel=\"noreferrer noopener\">PRECIO_CEMENTO\/PRECIO_CEMENTO_URUGUAY.doc<\/a><\/td><td>2007<\/td><\/tr><tr><td><strong>Venezuela<\/strong><\/td><td><\/td><\/tr><tr><td><a href=\"http:\/\/fiic.la\/biblioteca\/precio_cemento\/fiic%20-%20precios%202007_venezuela.xls\" target=\"_blank\" rel=\"noreferrer noopener\">PRECIO_CEMENTO\/FIIC &#8211; PRECIOS 2007_VENEZUELA.xls<\/a><\/td><td>2007<\/td><\/tr><\/tbody><\/table><\/figure>\n<\/div><\/div><\/div><\/div>\n\n\n\n<div class=\"wp-block-qubely-accordion-item qubely-block-03d185\"><div itemscope itemprop=\"mainEntity\" itemtype=\"https:\/\/schema.org\/Question\" class=\"qubely-accordion-item qubely-type-fill false\"><div class=\"qubely-accordion-panel qubely-icon-position-right\"><span class=\"qubely-accordion-panel-handler\" role=\"button\"><span itemprop=\"name\" class=\"qubely-accordion-panel-handler-label\">Leyes De Asociaci\u00f3n P\u00fablico-Privada<\/span><span class=\"qubely-accordion-icon fa fa-plus\"><\/span><\/span><\/div><div itemscope itemprop=\"acceptedAnswer\" itemtype=\"https:\/\/schema.org\/Answer\" class=\"qubely-accordion-body\"><div itemprop=\"text\">\n<ul>\n<li><a href=\"http:\/\/fiic.la\/LEYES%20DE%20ASOCIACION%20PUBLICO%20PRIVADA\/FIIC_Reglamento_del_Decreto_Legislativo_N_1012_(actualizado_al_08_1_2012)_PERU.pdf\" target=\"_blank\" rel=\"noreferrer noopener\">Per\u00fa &#8211; Reglamento del Decreto Legislativo N1012 (actualizado 08-01-2012)<\/a> <\/li>\n\n\n\n<li><a href=\"http:\/\/fiic.la\/LEYES%20DE%20ASOCIACION%20PUBLICO%20PRIVADA\/FIIC_DECRETOSUPREMO_146-2010EF_PERU.pdf\" target=\"_blank\" rel=\"noreferrer noopener\">Per\u00fa &#8211; Decreto Supremo 146 &#8211; 2010 EF<\/a><\/li>\n\n\n\n<li><a href=\"http:\/\/fiic.la\/LEYES%20DE%20ASOCIACION%20PUBLICO%20PRIVADA\/FIIC_DECRETOSUPREMO_060-96PCM_PERU.pdf\" target=\"_blank\" rel=\"noreferrer noopener\">Per\u00fa &#8211; Decreto Supremo 060-96 PCM<\/a><\/li>\n\n\n\n<li><a href=\"http:\/\/fiic.la\/LEYES%20DE%20ASOCIACION%20PUBLICO%20PRIVADA\/FIIC_Decreto_Supremo_N_226_2012_EF_PERU.pdf\" target=\"_blank\" rel=\"noreferrer noopener\">Per\u00fa &#8211; Decreto Supremo N\u00b0 226 &#8211; 2012 EF<\/a><\/li>\n\n\n\n<li><a href=\"http:\/\/fiic.la\/LEYES%20DE%20ASOCIACION%20PUBLICO%20PRIVADA\/FIIC%20PPP%20Mexico%20PUBLICPRIVATEPARTNERSHIPSACTtranslation.pdf\" target=\"_blank\" rel=\"noreferrer noopener\">M\u00e9xico &#8211; Ley de Asociaciones P\u00fablico Privadas (Ingl\u00e9s)<\/a><\/li>\n\n\n\n<li><a href=\"http:\/\/fiic.la\/LEYES%20DE%20ASOCIACION%20PUBLICO%20PRIVADA\/Ley%20de%20Alianzas%20Publico%20Privadas%20Ecuador%202015.pdf\" target=\"_blank\" rel=\"noreferrer noopener\">Ecuador &#8211; Ley de Alianzas P\u00fablico Privadas (publicada oficialmente 18 dic. 2015)<\/a><\/li>\n\n\n\n<li><a href=\"http:\/\/fiic.la\/LEYES%20DE%20ASOCIACION%20PUBLICO%20PRIVADA\/Ley_Alianzas_Desarrollo_Infraestructura_Economica_Guatemala.pdf\" target=\"_blank\" rel=\"noreferrer noopener\">Guatemala &#8211; Ley de Alianzas para el Desarrollo de Infraestructura Econ\u00f3mica<\/a><\/li>\n\n\n\n<li><a href=\"http:\/\/fiic.la\/LEYES%20DE%20ASOCIACION%20PUBLICO%20PRIVADA\/Reglamento%20Proyectos%20de%20Iniciativa%20Privada%20COSTARICA.pdf\" target=\"_blank\" rel=\"noreferrer noopener\">Costa Rica &#8211; Reglamento Proyectos de Iniciativa Privada de Concesi\u00f3n de Obra P\u00fablica o de Concesi\u00f3n de Obra P\u00fablica con Servicio P\u00fablico (Espa\u00f1ol)<\/a><\/li>\n\n\n\n<li><a href=\"http:\/\/fiic.la\/LEYES%20DE%20ASOCIACION%20PUBLICO%20PRIVADA\/FIIC%20PPP%20Brasil%20041230_Lei_11079_eng.pdf\" target=\"_blank\" rel=\"noreferrer noopener\">Brasil &#8211; Ley de Asoci\u00f3n P\u00fablico Privada (Ingl\u00e9s<\/a>)<\/li>\n\n\n\n<li><a href=\"http:\/\/fiic.la\/LEYES%20DE%20ASOCIACION%20PUBLICO%20PRIVADA\/FIIC%20PPP%20Chile%20New%20Law%20and%20Regulations%20english.pdf\" target=\"_blank\" rel=\"noreferrer noopener\">Chile&nbsp;&#8211; Ley y Reglamento Concesi\u00f3n de Obras P\u00fablicas (Ingl\u00e9s)<\/a><\/li>\n\n\n\n<li><a href=\"http:\/\/fiic.la\/LEYES%20DE%20ASOCIACION%20PUBLICO%20PRIVADA\/FIIC%20PPP%20Argentina%20REGIMEN%20NACIONAL%20DE%20ASOCIACION%20PUBLICO%20bilingue.pdf\" target=\"_blank\" rel=\"noreferrer noopener\">Argentina- R\u00e9gimen Nacional de Asociaci\u00f3n P\u00fablico Privada versi\u00f3n espa\u00f1ol &#8211; ingl\u00e9s<\/a><\/li>\n\n\n\n<li><a href=\"http:\/\/fiic.la\/LEYES%20DE%20ASOCIACION%20PUBLICO%20PRIVADA\/FIIC%20PPP%20Argentina%20REGIMEN%20NACIONAL%20DE%20INICIATIVA%20PRIVADA%20bilingue.pdf\" target=\"_blank\" rel=\"noreferrer noopener\">Argentina-R\u00e9gimen Nacional de Iniciativa Privada(Espa\u00f1ol &#8211; Ingl\u00e9s)<\/a><\/li>\n\n\n\n<li><a href=\"http:\/\/fiic.la\/LEYES%20DE%20ASOCIACION%20PUBLICO%20PRIVADA\/FIIC%20PPP%20Colombia%20Ley.pdf\" target=\"_blank\" rel=\"noreferrer noopener\">Colombia &#8211; R\u00e9gimen Jur\u00eddico de Asociaciones P\u00fablico Privada (Ingl\u00e9s)<\/a><\/li>\n\n\n\n<li><a href=\"http:\/\/fiic.la\/LEYES%20DE%20ASOCIACION%20PUBLICO%20PRIVADA\/Ley%20General%20de%20Concesion%20de%20Obras%20Publicas%20COSTA%20RICA.pdf\" target=\"_blank\" rel=\"noreferrer noopener\">Costa Rica &#8211; Ley General de Concesi\u00f3n de Obras P\u00fablicas con Servicios P\u00fablicos (Espa\u00f1ol)<\/a><\/li>\n\n\n\n<li><a href=\"http:\/\/fiic.la\/LEYES%20DE%20ASOCIACION%20PUBLICO%20PRIVADA\/REGLAMENTO_ley_Alianzas_Desarrollo_Infraestructura_Economica_Guatemala.pdf\" target=\"_blank\" rel=\"noreferrer noopener\">Guatemala &#8211; Reglamento de la Ley de Alianzas para el Desarrollo de Infraestructura Econ\u00f3mica<\/a><\/li>\n\n\n\n<li><a href=\"http:\/\/fiic.la\/biblioteca\/Ley%20Asociaciones%20Publico%20Privadas%20LAPP_MEX.pdf\" target=\"_blank\" rel=\"noreferrer noopener\">M\u00e9xico &#8211; Ley de Asociaciones P\u00fablico Privadas (Espa\u00f1ol)<\/a><\/li>\n\n\n\n<li><a href=\"http:\/\/fiic.la\/biblioteca\/Reglamento%20de%20APPs%20051112_Mexico.pdf\" target=\"_blank\" rel=\"noreferrer noopener\">M\u00e9xico &#8211; Reglamento de la Ley de Asociaciones P\u00fablico Privadas (Espa\u00f1ol)<\/a><\/li>\n\n\n\n<li><a href=\"http:\/\/fiic.la\/LEYES%20DE%20ASOCIACION%20PUBLICO%20PRIVADA\/FIIC%20PPP%20Mexico%20PUBLICPRIVATEPARTNERSHIPSguidelinestranslation.pdf\" target=\"_blank\" rel=\"noreferrer noopener\">M\u00e9xico &#8211; Reglamento de la Ley de Asociaciones P\u00fablico &nbsp;Privadas (Ingl\u00e9s)<\/a><\/li>\n\n\n\n<li><a href=\"http:\/\/fiic.la\/LEYES%20DE%20ASOCIACION%20PUBLICO%20PRIVADA\/FIIC_Acuerdo_Proinversion_278012009_PERU.pdf\" target=\"_blank\" rel=\"noreferrer noopener\">Per\u00fa &#8211; Acuerdo Proinversi\u00f3n<\/a><\/li>\n\n\n\n<li><a href=\"http:\/\/fiic.la\/LEYES%20DE%20ASOCIACION%20PUBLICO%20PRIVADA\/FIIC_DECRETOSUPREMO_059-96PCM_PERU.pdf\" target=\"_blank\" rel=\"noreferrer noopener\">Per\u00fa &#8211; Decreto Supremo 059 &#8211; 96 PCM<\/a><\/li>\n\n\n\n<li><a href=\"http:\/\/fiic.la\/LEYES%20DE%20ASOCIACION%20PUBLICO%20PRIVADA\/FIIC_DECRETOSUPREMO_144-2009EF_PERU.pdf\" target=\"_blank\" rel=\"noreferrer noopener\">Per\u00fa &#8211; Decreto Supremo 144-2009 EF<\/a><\/li>\n\n\n\n<li><a href=\"http:\/\/fiic.la\/LEYES%20DE%20ASOCIACION%20PUBLICO%20PRIVADA\/FIIC_DLeg_1016_PERU.pdf\" target=\"_blank\" rel=\"noreferrer noopener\">Per\u00fa &#8211; Decreto Legislativo 1016<\/a><\/li>\n\n\n\n<li><a href=\"http:\/\/fiic.la\/LEYES%20DE%20ASOCIACION%20PUBLICO%20PRIVADA\/FIIC%20PPP%20Uruguay%20Ley%20aprobadoporplenario%20bilingue.pdf\" target=\"_blank\" rel=\"noreferrer noopener\">Uruguay &#8211; R\u00e9gimen de Contratos de Participaci\u00f3n P\u00fablico &#8211; Privada (Espa\u00f1ol &#8211; Ingl\u00e9s)<\/a><\/li>\n<\/ul>\n<\/div><\/div><\/div><\/div>\n\n\n\n<div class=\"wp-block-qubely-accordion-item qubely-block-302308\"><div itemscope itemprop=\"mainEntity\" itemtype=\"https:\/\/schema.org\/Question\" class=\"qubely-accordion-item qubely-type-fill false\"><div class=\"qubely-accordion-panel qubely-icon-position-right\"><span class=\"qubely-accordion-panel-handler\" role=\"button\"><span itemprop=\"name\" class=\"qubely-accordion-panel-handler-label\">Vivienda<\/span><span class=\"qubely-accordion-icon fa fa-plus\"><\/span><\/span><\/div><div itemscope itemprop=\"acceptedAnswer\" itemtype=\"https:\/\/schema.org\/Answer\" class=\"qubely-accordion-body\"><div itemprop=\"text\">\n<ul>\n<li><a href=\"http:\/\/fiic.la\/Documentos\/Busco_casa_en_arriendo.pdf\" target=\"_blank\" rel=\"noreferrer noopener\">Busco casa en arriendo: Promover el alquiler tiene sentido<\/a><\/li>\n<\/ul>\n<\/div><\/div><\/div><\/div>\n\n\n\n<div class=\"wp-block-qubely-accordion-item qubely-block-52b479\"><div itemscope itemprop=\"mainEntity\" itemtype=\"https:\/\/schema.org\/Question\" class=\"qubely-accordion-item qubely-type-fill false\"><div class=\"qubely-accordion-panel qubely-icon-position-right\"><span class=\"qubely-accordion-panel-handler\" role=\"button\"><span itemprop=\"name\" class=\"qubely-accordion-panel-handler-label\">Chile<\/span><span class=\"qubely-accordion-icon fa fa-plus\"><\/span><\/span><\/div><div itemscope itemprop=\"acceptedAnswer\" itemtype=\"https:\/\/schema.org\/Answer\" class=\"qubely-accordion-body\"><div itemprop=\"text\">\n<figure class=\"wp-block-table\"><table><tbody><tr><td>Reportes<\/td><td>Fecha<\/td><\/tr><tr><td>Infraestructura Cr\u00edtica para el Desarrollo Estimaciones 2014-2018 y 2014-2023<\/td><td>20-10-15<\/td><\/tr><tr><td>&#8220;Decreto Supremo 900&#8221; Ley de Concesiones de Obras P\u00fablicas<\/td><td>19-06-09<\/td><\/tr><tr><td>&#8220;Decreto Supremo 75 &#8221; Reglamento para contratos de Obras P\u00fablicas<\/td><td>19-06-09<\/td><\/tr><\/tbody><\/table><\/figure>\n<\/div><\/div><\/div><\/div>\n\n\n\n<div class=\"wp-block-qubely-accordion-item qubely-block-4177b6\"><div itemscope itemprop=\"mainEntity\" itemtype=\"https:\/\/schema.org\/Question\" class=\"qubely-accordion-item qubely-type-fill false\"><div class=\"qubely-accordion-panel qubely-icon-position-right\"><span class=\"qubely-accordion-panel-handler\" role=\"button\"><span itemprop=\"name\" class=\"qubely-accordion-panel-handler-label\">CONSTRUIR 2034 \u2013 Consensos sobre pol\u00edticas de infraestructura. <\/span><span class=\"qubely-accordion-icon fa fa-plus\"><\/span><\/span><\/div><div itemscope itemprop=\"acceptedAnswer\" itemtype=\"https:\/\/schema.org\/Answer\" class=\"qubely-accordion-body\"><div itemprop=\"text\">\n<p><a href=\"https:\/\/biblioteca.camarco.org.ar\/libro\/construir-2034-consensos-sobre-politicas-de-infraestructura\/\" target=\"_blank\" rel=\"noopener\">CONSTRUIR 2034 \u2013 Consensos sobre pol\u00edticas de infraestructura (camarco.org.ar)<\/a> <\/p>\n\n\n\n<p>Estudios complementarios al libro Construir 2034 (Consensos sobre pol\u00edticas de Infraestructuras)<\/p>\n\n\n\n<ul>\n<li>Macroeconom\u00eda: <a href=\"https:\/\/www.camarco.org.ar\/wp-content\/uploads\/2023\/07\/01-Macroeconomia.pdf\" target=\"_blank\" rel=\"noopener\">https:\/\/www.camarco.org.ar\/wp-content\/uploads\/2023\/07\/01-Macroeconomia.pdf<\/a><\/li>\n<\/ul>\n\n\n\n<ul>\n<li>Vivienda: <a href=\"https:\/\/www.camarco.org.ar\/wp-content\/uploads\/2023\/07\/02-Inversion-Viviendas.pdf\" target=\"_blank\" rel=\"noopener\">https:\/\/www.camarco.org.ar\/wp-content\/uploads\/2023\/07\/02-Inversion-Viviendas.pdf<\/a><\/li>\n<\/ul>\n\n\n\n<ul>\n<li>Salud: <a href=\"https:\/\/www.camarco.org.ar\/wp-content\/uploads\/2023\/07\/03-Salud.pdf\" target=\"_blank\" rel=\"noopener\">https:\/\/www.camarco.org.ar\/wp-content\/uploads\/2023\/07\/03-Salud.pdf<\/a><\/li>\n<\/ul>\n\n\n\n<ul>\n<li>Educaci\u00f3n: <a href=\"https:\/\/www.camarco.org.ar\/wp-content\/uploads\/2023\/07\/04-Infraestructura-Escolar.pdf\" target=\"_blank\" rel=\"noopener\">https:\/\/www.camarco.org.ar\/wp-content\/uploads\/2023\/07\/04-Infraestructura-Escolar.pdf<\/a><\/li>\n<\/ul>\n\n\n\n<ul>\n<li>Agua y saneamiento: <a href=\"https:\/\/www.camarco.org.ar\/wp-content\/uploads\/2023\/07\/05-Agua-y-Saneamiento.pdf\" target=\"_blank\" rel=\"noopener\">https:\/\/www.camarco.org.ar\/wp-content\/uploads\/2023\/07\/05-Agua-y-Saneamiento.pdf<\/a> <\/li>\n<\/ul>\n\n\n\n<ul>\n<li>Mitigaci\u00f3n: http<a href=\"https:\/\/www.camarco.org.ar\/wp-content\/uploads\/2023\/07\/06-Mitigacion.pdf\" target=\"_blank\" rel=\"noopener\">s:\/\/www.camarco.org.ar\/wp-content\/uploads\/2023\/07\/06-Mitigacion.pdf<\/a><\/li>\n<\/ul>\n\n\n\n<ul>\n<li>Residuos S\u00f3lidos Urbanos: <a href=\"https:\/\/www.camarco.org.ar\/wp-content\/uploads\/2023\/07\/07-RSU.pdf\" target=\"_blank\" rel=\"noopener\">https:\/\/www.camarco.org.ar\/wp-content\/uploads\/2023\/07\/07-RSU.pdf<\/a><\/li>\n<\/ul>\n\n\n\n<ul>\n<li>Desarrollo Urbano ambiental: https:\/\/www.camarco.org.ar\/wp-content\/uploads\/2023\/07\/08-Desarrollo-Urbano-Ambiental.pdf<\/li>\n<\/ul>\n\n\n\n<ul>\n<li>Desarrollo Urbano: <a href=\"https:\/\/www.camarco.org.ar\/wp-content\/uploads\/2023\/07\/09-Desarrollo-Urbano.pdf\" target=\"_blank\" rel=\"noopener\">https:\/\/www.camarco.org.ar\/wp-content\/uploads\/2023\/07\/09-Desarrollo-Urbano.pdf<\/a> <\/li>\n<\/ul>\n\n\n\n<ul>\n<li>Sector Vial: <a href=\"https:\/\/www.camarco.org.ar\/wp-content\/uploads\/2023\/07\/09-Desarrollo-Urbano.pdf\" target=\"_blank\" rel=\"noopener\">https:\/\/www.camarco.org.ar\/wp-content\/uploads\/2023\/07\/09-Desarrollo-Urbano.pdf<\/a> <\/li>\n<\/ul>\n\n\n\n<ul>\n<li>Caminos rurales: ht<a href=\"https:\/\/www.camarco.org.ar\/wp-content\/uploads\/2023\/07\/11-Caminos-Rurales.pdf\" target=\"_blank\" rel=\"noopener\">tps:\/\/www.camarco.org.ar\/wp-content\/uploads\/2023\/07\/11-Caminos-Rurales.pdf<\/a><\/li>\n<\/ul>\n\n\n\n<ul>\n<li>Puertos: <a href=\"https:\/\/www.camarco.org.ar\/wp-content\/uploads\/2023\/07\/12-Puertos.pdf\" target=\"_blank\" rel=\"noopener\">https:\/\/www.camarco.org.ar\/wp-content\/uploads\/2023\/07\/12-Puertos.pdf<\/a><\/li>\n<\/ul>\n\n\n\n<ul>\n<li>Ferrocarril y subterr\u00e1neos: https:\/\/www<a href=\"https:\/\/www.camarco.org.ar\/wp-content\/uploads\/2023\/07\/13-FFCC.pdf\" target=\"_blank\" rel=\"noopener\">.camarco.org.ar\/wp-content\/uploads\/2023\/07\/13-FFCC.pdf<\/a><\/li>\n<\/ul>\n\n\n\n<ul>\n<li>Log\u00edstica: <a href=\"https:\/\/www.camarco.org.ar\/wp-content\/uploads\/2023\/07\/14-Logistica.pdf\" target=\"_blank\" rel=\"noopener\">https:\/\/www.camarco.org.ar\/wp-content\/uploads\/2023\/07\/14-Logistica.pdf<\/a><\/li>\n<\/ul>\n\n\n\n<ul>\n<li>Sistema el\u00e9ctrico: <a href=\"https:\/\/www.camarco.org.ar\/wp-content\/uploads\/2023\/07\/15-Sistema-Electrico.pdf\" target=\"_blank\" rel=\"noopener\">https:\/\/www.camarco.org.ar\/wp-content\/uploads\/2023\/07\/15-Sistema-Electrico.pdf<\/a><\/li>\n<\/ul>\n\n\n\n<ul>\n<li>Nuclear: <a href=\"https:\/\/www.camarco.org.ar\/wp-content\/uploads\/2023\/07\/16-Nuclear.pdf\" target=\"_blank\" rel=\"noopener\">https:\/\/www.camarco.org.ar\/wp-content\/uploads\/2023\/07\/16-Nuclear.pdf<\/a><\/li>\n<\/ul>\n\n\n\n<ul>\n<li>Gas: <a href=\"https:\/\/www.camarco.org.ar\/wp-content\/uploads\/2023\/07\/17-Gas.pdf\" target=\"_blank\" rel=\"noopener\">https:\/\/www.camarco.org.ar\/wp-content\/uploads\/2023\/07\/17-Gas.pdf<\/a><\/li>\n<\/ul>\n\n\n\n<ul>\n<li>Transici\u00f3n energ\u00e9tica: <a href=\"https:\/\/www.camarco.org.ar\/wp-content\/uploads\/2023\/07\/18-Transicion-Energetica.pdf\" target=\"_blank\" rel=\"noopener\">https:\/\/www.camarco.org.ar\/wp-content\/uploads\/2023\/07\/18-Transicion-Energetica.pdf<\/a><\/li>\n<\/ul>\n\n\n\n<ul>\n<li>Miner\u00eda: <a href=\"https:\/\/www.camarco.org.ar\/wp-content\/uploads\/2023\/07\/19-Mineria.pdf\" target=\"_blank\" rel=\"noopener\">https:\/\/www.camarco.org.ar\/wp-content\/uploads\/2023\/07\/19-Mineria.pdf<\/a><\/li>\n<\/ul>\n\n\n\n<ul>\n<li>Innovaci\u00f3n: <a href=\"https:\/\/www.camarco.org.ar\/wp-content\/uploads\/2023\/07\/20-Innovacion.pdf\" target=\"_blank\" rel=\"noopener\">https:\/\/www.camarco.org.ar\/wp-content\/uploads\/2023\/07\/20-Innovacion.pdf<\/a><\/li>\n<\/ul>\n\n\n\n<ul>\n<li>Tic: <a href=\"https:\/\/www.camarco.org.ar\/wp-content\/uploads\/2023\/07\/21-TIC.pdf\" target=\"_blank\" rel=\"noopener\">https:\/\/www.camarco.org.ar\/wp-content\/uploads\/2023\/07\/21-TIC.pdf<\/a><\/li>\n<\/ul>\n\n\n\n<ul>\n<li>Infraestructura rural: <a href=\"https:\/\/www.camarco.org.ar\/wp-content\/uploads\/2023\/07\/22-Infraestructura-Rural.pdf\" target=\"_blank\" rel=\"noopener\">https:\/\/www.camarco.org.ar\/wp-content\/uploads\/2023\/07\/22-Infraestructura-Rural.pdf<\/a><\/li>\n<\/ul>\n\n\n\n<ul>\n<li>Financiamiento: <a href=\"https:\/\/www.camarco.org.ar\/wp-content\/uploads\/2023\/07\/23-Financiamiento.pdf\" target=\"_blank\" rel=\"noopener\">https:\/\/www.camarco.org.ar\/wp-content\/uploads\/2023\/07\/23-Financiamiento.pdf<\/a><\/li>\n<\/ul>\n\n\n\n<ul>\n<li>COE: <a href=\"https:\/\/www.camarco.org.ar\/wp-content\/uploads\/2023\/07\/24-Coe.pdf\" target=\"_blank\" rel=\"noopener\">https:\/\/www.camarco.org.ar\/wp-content\/uploads\/2023\/07\/24-Coe.pdf<\/a><\/li>\n<\/ul>\n<\/div><\/div><\/div><\/div>\n<\/div>","protected":false},"excerpt":{"rendered":"<p>Biblioteca Virtual<\/p>","protected":false},"author":6,"featured_media":0,"parent":0,"menu_order":0,"comment_status":"closed","ping_status":"closed","template":"","meta":{"qubely_global_settings":"","qubely_interactions":""},"blocksy_meta":"","_links":{"self":[{"href":"https:\/\/fiic.lat\/en\/wp-json\/wp\/v2\/pages\/3263"}],"collection":[{"href":"https:\/\/fiic.lat\/en\/wp-json\/wp\/v2\/pages"}],"about":[{"href":"https:\/\/fiic.lat\/en\/wp-json\/wp\/v2\/types\/page"}],"author":[{"embeddable":true,"href":"https:\/\/fiic.lat\/en\/wp-json\/wp\/v2\/users\/6"}],"replies":[{"embeddable":true,"href":"https:\/\/fiic.lat\/en\/wp-json\/wp\/v2\/comments?post=3263"}],"version-history":[{"count":14,"href":"https:\/\/fiic.lat\/en\/wp-json\/wp\/v2\/pages\/3263\/revisions"}],"predecessor-version":[{"id":3940,"href":"https:\/\/fiic.lat\/en\/wp-json\/wp\/v2\/pages\/3263\/revisions\/3940"}],"wp:attachment":[{"href":"https:\/\/fiic.lat\/en\/wp-json\/wp\/v2\/media?parent=3263"}],"curies":[{"name":"wp","href":"https:\/\/api.w.org\/{rel}","templated":true}]}}