{"id":3261,"date":"2023-04-21T18:32:51","date_gmt":"2023-04-21T16:32:51","guid":{"rendered":"https:\/\/fiic.lat\/?page_id=3261"},"modified":"2025-09-22T17:34:48","modified_gmt":"2025-09-22T15:34:48","slug":"memorias","status":"publish","type":"page","link":"https:\/\/fiic.lat\/en\/memorias\/","title":{"rendered":"Memorias"},"content":{"rendered":"<p class=\"has-text-align-center has-palette-color-1-background-color has-background has-large-font-size\"><strong>Memorias <\/strong><\/p>\n\n\n\n<div class=\"wp-block-group is-layout-constrained\">\n<div class=\"wp-block-group is-layout-constrained\">\n<div class=\"qubely-block-accordion  qubely-block-b00035\" data-item-toggle=\"true\">\n<div class=\"wp-block-qubely-accordion-item qubely-block-c8ca9a\"><div class=\"qubely-accordion-item qubely-type-fill qubely-accordion-active\"><div class=\"qubely-accordion-panel qubely-icon-position-right\"><span class=\"qubely-accordion-panel-handler\" role=\"button\"><span class=\"qubely-accordion-panel-handler-label\">92\u00b0 CONSEJO DIRECTIVO FIIC Y ASAMBLEA EXTRAORINARIA- R\u00edo de Janeiro, Brasil, 25- 26 septiembre 2025.<\/span><span class=\"qubely-accordion-icon fa fa-plus\"><\/span><\/span><\/div><div class=\"qubely-accordion-body\" style=\"display:block\"><div itemprop=\"text\">\n<p><a href=\"https:\/\/cmicorg-my.sharepoint.com\/:f:\/g\/personal\/f_interamericana_fiic_lat\/EqW6awXEgONPlASQP8btC00BTrsddONYZw76J6hG2T3FTg?e=WEmQKg\" target=\"_blank\" rel=\"noopener\">https:\/\/cmicorg-my.sharepoint.com\/:f:\/g\/personal\/f_interamericana_fiic_lat\/EqW6awXEgONPlASQP8btC00BTrsddONYZw76J6hG2T3FTg?e=WEmQKg<\/a><\/p>\n<\/div><\/div><\/div><\/div>\n<\/div>\n<\/div>\n<\/div>\n\n\n\n<div class=\"qubely-block-accordion  qubely-block-4453a9\" data-item-toggle=\"true\">\n<div class=\"wp-block-qubely-accordion-item qubely-block-9f305e\"><div class=\"qubely-accordion-item qubely-type-fill qubely-accordion-active\"><div class=\"qubely-accordion-panel qubely-icon-position-right\"><span class=\"qubely-accordion-panel-handler\" role=\"button\"><span class=\"qubely-accordion-panel-handler-label\">91\u00b0REUNI\u00d3N CONSEJO DIRECTIVO Y ASAMBLEA GENERAL EN SESI\u00d3N ORDINARIA &#8211; TEGUCIGALPA, HONDURAS.<\/span><span class=\"qubely-accordion-icon fa fa-plus\"><\/span><\/span><\/div><div class=\"qubely-accordion-body\" style=\"display:block\"><div itemprop=\"text\">\n<p><a href=\"https:\/\/cmicorg-my.sharepoint.com\/:f:\/g\/personal\/f_interamericana_fiic_lat\/EinA5amfvZ9OnjWCHN4E770BObtLLd3l7q_Yh_vzBdyJ3Q?e=RnHM3M\" target=\"_blank\" rel=\"noopener\">https:\/\/cmicorg-my.sharepoint.com\/:f:\/g\/personal\/f_interamericana_fiic_lat\/EinA5amfvZ9OnjWCHN4E770BObtLLd3l7q_Yh_vzBdyJ3Q?e=RnHM3M<\/a><\/p>\n<\/div><\/div><\/div><\/div>\n<\/div>\n\n\n\n<div class=\"qubely-block-accordion  qubely-block-4b79f4\" data-item-toggle=\"true\">\n<div class=\"wp-block-qubely-accordion-item qubely-block-b6aa3d\"><div class=\"qubely-accordion-item qubely-type-fill qubely-accordion-active\"><div class=\"qubely-accordion-panel qubely-icon-position-right\"><span class=\"qubely-accordion-panel-handler\" role=\"button\"><span class=\"qubely-accordion-panel-handler-label\">90\u00b0REUNI\u00d3N CONSEJO DIRECTIVO &#8211; Santo Domingo, Rep\u00fablica Dominicana. <\/span><span class=\"qubely-accordion-icon fa fa-plus\"><\/span><\/span><\/div><div class=\"qubely-accordion-body\" style=\"display:block\"><div itemprop=\"text\">\n<p><a href=\"https:\/\/cmicorg-my.sharepoint.com\/:f:\/g\/personal\/f_interamericana_fiic_lat\/Eh1nlvD-mm1FvzzZps0sYsQBm17-HzDEN2vW5D5sQctbPg?e=TIdVlY\" target=\"_blank\" rel=\"noopener\">https:\/\/cmicorg-my.sharepoint.com\/:f:\/g\/personal\/f_interamericana_fiic_lat\/Eh1nlvD-mm1FvzzZps0sYsQBm17-HzDEN2vW5D5sQctbPg?e=TIdVlY<\/a><\/p>\n<\/div><\/div><\/div><\/div>\n<\/div>\n\n\n\n<div class=\"qubely-block-accordion  qubely-block-3759e0\" data-item-toggle=\"true\">\n<div class=\"wp-block-qubely-accordion-item qubely-block-406296\"><div class=\"qubely-accordion-item qubely-type-fill qubely-accordion-active\"><div class=\"qubely-accordion-panel qubely-icon-position-right\"><span class=\"qubely-accordion-panel-handler\" role=\"button\"><span class=\"qubely-accordion-panel-handler-label\">89\u00b0 REUNI\u00d3N CONSEJO DIRECTIVO Y ASAMBLEA GENERAL &#8211; Buenos Aires, Argentina.<\/span><span class=\"qubely-accordion-icon fa fa-plus\"><\/span><\/span><\/div><div class=\"qubely-accordion-body\" style=\"display:block\"><div itemprop=\"text\">\n<p><a href=\"https:\/\/cmicorg-my.sharepoint.com\/:f:\/g\/personal\/f_interamericana_fiic_lat\/EjWNo_dy6y1Lp-eI3x0KyJcBoaG-SO-_T6a3DNdYsTA8iw?e=R7DHVT\" target=\"_blank\" rel=\"noopener\">https:\/\/cmicorg-my.sharepoint.com\/:f:\/g\/personal\/f_interamericana_fiic_lat\/EjWNo_dy6y1Lp-eI3x0KyJcBoaG-SO-_T6a3DNdYsTA8iw?e=R7DHVT<\/a><\/p>\n\n\n\n<p>&#8220;\u00c1lbum de Fotos&#8221; Mujeres FIIC<\/p>\n\n\n\n<div class=\"wp-block-file\"><a id=\"wp-block-file--media-443e9ecd-7323-4580-88c3-d30132f9e09e\" href=\"https:\/\/fiic.lat\/wp-content\/uploads\/2024\/07\/Copia-de-Album-De-Fotos-89\u00b0-Reunion-del-Consejo-Directivo-y-Asamblea.pdf.pdf\">Copia-de-Album-De-Fotos-89\u00b0-Reunion-del-Consejo-Directivo-y-Asamblea.pdf<\/a><\/div>\n\n\n\n<p>&#8220;\u00c1lbum de Fotos&#8221; Reuni\u00f3n del Consejo Directivo<\/p>\n\n\n\n<div class=\"wp-block-file\"><a id=\"wp-block-file--media-9437a53b-b9d6-49ee-bbf0-f0ea922781b2\" href=\"https:\/\/fiic.lat\/wp-content\/uploads\/2024\/07\/Album-De-Fotos-89\u00b0-Reunion-del-Consejo-Directivo-y-Asamblea.pdf_compressed_compressed.pdf\">Album-De-Fotos-89\u00b0-Reunion-del-Consejo-Directivo-y-Asamblea.pdf_compressed_compressed<\/a><\/div>\n<\/div><\/div><\/div><\/div>\n<\/div>\n\n\n\n<div class=\"qubely-block-accordion  qubely-block-ef4321\" data-item-toggle=\"true\">\n<div class=\"wp-block-qubely-accordion-item qubely-block-d47501\"><div class=\"qubely-accordion-item qubely-type-fill false\"><div class=\"qubely-accordion-panel qubely-icon-position-right\"><span class=\"qubely-accordion-panel-handler\" role=\"button\"><span class=\"qubely-accordion-panel-handler-label\">88\u00b0 REUNI\u00d3N CONSEJO DIRECTIVO Y ASAMBLEA GENERAL &#8211; Rio de Janeiro, Brasil.<\/span><span class=\"qubely-accordion-icon fa fa-plus\"><\/span><\/span><\/div><div class=\"qubely-accordion-body\"><div itemprop=\"text\">\n<p class=\"has-text-align-center\"><strong>Reuni\u00f3n Comisiones <\/strong><\/p>\n\n\n\n<ul>\n<li> ANTICORRUPCION<\/li>\n<\/ul>\n\n\n\n<div class=\"wp-block-file\"><a id=\"wp-block-file--media-095915c6-9617-40fd-8f6b-058f07e40a67\" href=\"https:\/\/fiic.lat\/wp-content\/uploads\/2023\/09\/FICC.2023-1.pptx\">FICC.2023-1<\/a><a href=\"https:\/\/fiic.lat\/wp-content\/uploads\/2023\/09\/FICC.2023-1.pptx\" class=\"wp-block-file__button wp-element-button\" aria-describedby=\"wp-block-file--media-095915c6-9617-40fd-8f6b-058f07e40a67\" download>Descarga<\/a><\/div>\n\n\n\n<ul>\n<li>CONSTRUCCION SOSTENIBLE<\/li>\n<\/ul>\n\n\n\n<div class=\"wp-block-file\"><a id=\"wp-block-file--media-bc619e7c-6da3-416b-8eff-11a0703010f4\" href=\"https:\/\/fiic.lat\/wp-content\/uploads\/2023\/09\/Tendencias-Sostenibilidad-para-Transformar-el-Sector-FIIC.pdf\">Tendencias-Sostenibilidad-para-Transformar-el-Sector-FIIC<\/a><a href=\"https:\/\/fiic.lat\/wp-content\/uploads\/2023\/09\/Tendencias-Sostenibilidad-para-Transformar-el-Sector-FIIC.pdf\" class=\"wp-block-file__button wp-element-button\" aria-describedby=\"wp-block-file--media-bc619e7c-6da3-416b-8eff-11a0703010f4\" download>Descarga<\/a><\/div>\n\n\n\n<ul>\n<li>DESARROLLO URBANO Y VIVIENDA<\/li>\n<\/ul>\n\n\n\n<div class=\"wp-block-file\"><a id=\"wp-block-file--media-69273839-412a-4efc-950c-0e8339831262\" href=\"https:\/\/fiic.lat\/wp-content\/uploads\/2023\/09\/Asamblea-FIIC-Camacol-sept2023.pptx\">Asamblea-FIIC-Camacol-sept2023<\/a><a href=\"https:\/\/fiic.lat\/wp-content\/uploads\/2023\/09\/Asamblea-FIIC-Camacol-sept2023.pptx\" class=\"wp-block-file__button wp-element-button\" aria-describedby=\"wp-block-file--media-69273839-412a-4efc-950c-0e8339831262\" download>Descarga<\/a><\/div>\n\n\n\n<ul>\n<li>DIRECTORES-GERENTES<\/li>\n<\/ul>\n\n\n\n<div class=\"wp-block-file\"><a id=\"wp-block-file--media-7d6ec316-26df-4f9f-98bc-25776b8dcf8b\" href=\"https:\/\/fiic.lat\/wp-content\/uploads\/2023\/09\/Informe-Comision-Directores-y-Gerentes-FIIC-Rio-de-Janeiro-Brasil-1.pptx\">Informe-Comision-Directores-y-Gerentes-FIIC-Rio-de-Janeiro-Brasil-1<\/a><a href=\"https:\/\/fiic.lat\/wp-content\/uploads\/2023\/09\/Informe-Comision-Directores-y-Gerentes-FIIC-Rio-de-Janeiro-Brasil-1.pptx\" class=\"wp-block-file__button wp-element-button\" aria-describedby=\"wp-block-file--media-7d6ec316-26df-4f9f-98bc-25776b8dcf8b\" download>Descarga<\/a><\/div>\n\n\n\n<ul>\n<li>ESTUDIO COMPARATIVO DE PRECIOS<\/li>\n<\/ul>\n\n\n\n<div class=\"wp-block-file\"><a id=\"wp-block-file--media-189673d4-cd82-4349-9f25-37808a0877c4\" href=\"https:\/\/fiic.lat\/wp-content\/uploads\/2023\/09\/Informe-de-Labores-Proyecto-Estudio-Comparativo-de-Precios-agosto-2023.docx\">Informe-de-Labores-Proyecto-Estudio-Comparativo-de-Precios-agosto-2023<\/a><a href=\"https:\/\/fiic.lat\/wp-content\/uploads\/2023\/09\/Informe-de-Labores-Proyecto-Estudio-Comparativo-de-Precios-agosto-2023.docx\" class=\"wp-block-file__button wp-element-button\" aria-describedby=\"wp-block-file--media-189673d4-cd82-4349-9f25-37808a0877c4\" download>Descarga<\/a><\/div>\n\n\n\n<div class=\"wp-block-file\"><a id=\"wp-block-file--media-b8bc39c2-bab8-4129-9995-b4521e4929f0\" href=\"https:\/\/fiic.lat\/wp-content\/uploads\/2023\/09\/Estudio-comparativo-de-precios-Agosto-2023-Completa-para-distribuir.pdf\">Estudio-comparativo-de-precios-Agosto-2023-Completa-para-distribuir<\/a><a href=\"https:\/\/fiic.lat\/wp-content\/uploads\/2023\/09\/Estudio-comparativo-de-precios-Agosto-2023-Completa-para-distribuir.pdf\" class=\"wp-block-file__button wp-element-button\" aria-describedby=\"wp-block-file--media-b8bc39c2-bab8-4129-9995-b4521e4929f0\" download>Descarga<\/a><\/div>\n\n\n\n<ul>\n<li>EVOLUCION DE LA ECONOMIA<\/li>\n<\/ul>\n\n\n\n<div class=\"wp-block-file\"><a id=\"wp-block-file--media-58b9102a-3fe6-4513-b0fc-338fb63c18bb\" href=\"https:\/\/fiic.lat\/wp-content\/uploads\/2023\/09\/Presentacion-FIIC-2022-2023-19-09-2023.pptx\">Presentacion-FIIC-2022-2023-19-09-2023<\/a><a href=\"https:\/\/fiic.lat\/wp-content\/uploads\/2023\/09\/Presentacion-FIIC-2022-2023-19-09-2023.pptx\" class=\"wp-block-file__button wp-element-button\" aria-describedby=\"wp-block-file--media-58b9102a-3fe6-4513-b0fc-338fb63c18bb\" download>Descarga<\/a><\/div>\n\n\n\n<div class=\"wp-block-file\"><a id=\"wp-block-file--media-fd2a5a4e-3ccd-406f-9eb1-aa52f1a03ece\" href=\"https:\/\/fiic.lat\/wp-content\/uploads\/2023\/10\/Evolucion_de_los_paises_miembros_de_la_FIIC_version_18_09_2023.pdf\">Evolucion_de_los_paises_miembros_de_la_FIIC_version_18_09_2023<\/a><a href=\"https:\/\/fiic.lat\/wp-content\/uploads\/2023\/10\/Evolucion_de_los_paises_miembros_de_la_FIIC_version_18_09_2023.pdf\" class=\"wp-block-file__button wp-element-button\" aria-describedby=\"wp-block-file--media-fd2a5a4e-3ccd-406f-9eb1-aa52f1a03ece\" download>Descarga<\/a><\/div>\n\n\n\n<ul>\n<li>INCLUSION DE LA MUJER<\/li>\n<\/ul>\n\n\n\n<div class=\"wp-block-file\"><a id=\"wp-block-file--media-d6e6483b-bc48-4313-9099-2a710b924840\" href=\"https:\/\/fiic.lat\/wp-content\/uploads\/2023\/09\/FIIC-Plan-de-Trabajo_Empresarias-de-la-Construccion-2023.pdf\">FIIC-Plan-de-Trabajo_Empresarias-de-la-Construccion-2023<\/a><a href=\"https:\/\/fiic.lat\/wp-content\/uploads\/2023\/09\/FIIC-Plan-de-Trabajo_Empresarias-de-la-Construccion-2023.pdf\" class=\"wp-block-file__button wp-element-button\" aria-describedby=\"wp-block-file--media-d6e6483b-bc48-4313-9099-2a710b924840\" download>Descarga<\/a><\/div>\n\n\n\n<div class=\"wp-block-file\"><a id=\"wp-block-file--media-1705083c-16d2-460f-8d01-d803f90d201a\" href=\"https:\/\/fiic.lat\/wp-content\/uploads\/2023\/09\/Informe_septiembre-2023.pdf\">Informe_septiembre-2023<\/a><a href=\"https:\/\/fiic.lat\/wp-content\/uploads\/2023\/09\/Informe_septiembre-2023.pdf\" class=\"wp-block-file__button wp-element-button\" aria-describedby=\"wp-block-file--media-1705083c-16d2-460f-8d01-d803f90d201a\" download>Descarga<\/a><\/div>\n\n\n\n<div class=\"wp-block-file\"><a id=\"wp-block-file--media-54c1d0ca-f6eb-40e6-8587-e5b86e244281\" href=\"https:\/\/fiic.lat\/wp-content\/uploads\/2023\/09\/Presentacion-FIIC-2023S.pdf\">Presentacion-FIIC-2023S<\/a><a href=\"https:\/\/fiic.lat\/wp-content\/uploads\/2023\/09\/Presentacion-FIIC-2023S.pdf\" class=\"wp-block-file__button wp-element-button\" aria-describedby=\"wp-block-file--media-54c1d0ca-f6eb-40e6-8587-e5b86e244281\" download>Descarga<\/a><\/div>\n\n\n\n<ul>\n<li>INCONET<\/li>\n<\/ul>\n\n\n\n<div class=\"wp-block-file\"><a id=\"wp-block-file--media-efc110b6-ee86-4a9d-9fa1-5fa5b1eea316\" href=\"https:\/\/fiic.lat\/wp-content\/uploads\/2023\/09\/INCONET-Acuerdo-1-Licenciamiento.pdf\">INCONET-Acuerdo-1-Licenciamiento<\/a><a href=\"https:\/\/fiic.lat\/wp-content\/uploads\/2023\/09\/INCONET-Acuerdo-1-Licenciamiento.pdf\" class=\"wp-block-file__button wp-element-button\" aria-describedby=\"wp-block-file--media-efc110b6-ee86-4a9d-9fa1-5fa5b1eea316\" download>Descarga<\/a><\/div>\n\n\n\n<div class=\"wp-block-file\"><a id=\"wp-block-file--media-317083f9-3b9a-4162-9aa7-070d4c13d85d\" href=\"https:\/\/fiic.lat\/wp-content\/uploads\/2023\/09\/INCONET-Acuerdo-2-Protocolo-BIM.pdf\">INCONET-Acuerdo-2-Protocolo-BIM<\/a><a href=\"https:\/\/fiic.lat\/wp-content\/uploads\/2023\/09\/INCONET-Acuerdo-2-Protocolo-BIM.pdf\" class=\"wp-block-file__button wp-element-button\" aria-describedby=\"wp-block-file--media-317083f9-3b9a-4162-9aa7-070d4c13d85d\" download>Descarga<\/a><\/div>\n\n\n\n<div class=\"wp-block-file\"><a id=\"wp-block-file--media-deb25f78-3d4a-44fb-ab7e-cb45997d55e1\" href=\"https:\/\/fiic.lat\/wp-content\/uploads\/2023\/09\/INCONET-Acuerdo-3-Informe-IA-y-Robotica.pdf\">INCONET-Acuerdo-3-Informe-IA-y-Robotica<\/a><a href=\"https:\/\/fiic.lat\/wp-content\/uploads\/2023\/09\/INCONET-Acuerdo-3-Informe-IA-y-Robotica.pdf\" class=\"wp-block-file__button wp-element-button\" aria-describedby=\"wp-block-file--media-deb25f78-3d4a-44fb-ab7e-cb45997d55e1\" download>Descarga<\/a><\/div>\n\n\n\n<div class=\"wp-block-file\"><a id=\"wp-block-file--media-9317f64e-9165-40d4-a560-cbe361f791f1\" href=\"https:\/\/fiic.lat\/wp-content\/uploads\/2023\/09\/INCONET-Informe-Rio-de-Janeiro-2023.pdf\">INCONET-Informe-Rio-de-Janeiro-2023<\/a><a href=\"https:\/\/fiic.lat\/wp-content\/uploads\/2023\/09\/INCONET-Informe-Rio-de-Janeiro-2023.pdf\" class=\"wp-block-file__button wp-element-button\" aria-describedby=\"wp-block-file--media-9317f64e-9165-40d4-a560-cbe361f791f1\" download>Descarga<\/a><\/div>\n\n\n\n<ul>\n<li>INFRAESTRUCTURA<\/li>\n<\/ul>\n\n\n\n<div class=\"wp-block-file\"><a id=\"wp-block-file--media-34d97ed5-54d2-41b6-853f-79dfa92a687d\" href=\"https:\/\/fiic.lat\/wp-content\/uploads\/2023\/09\/FIIC-Informe-COMISION-INFRAESTRUCTURA-setiembre-2023.docx\">FIIC-Informe-COMISION-INFRAESTRUCTURA-setiembre-2023<\/a><a href=\"https:\/\/fiic.lat\/wp-content\/uploads\/2023\/09\/FIIC-Informe-COMISION-INFRAESTRUCTURA-setiembre-2023.docx\" class=\"wp-block-file__button wp-element-button\" aria-describedby=\"wp-block-file--media-34d97ed5-54d2-41b6-853f-79dfa92a687d\" download>Descarga<\/a><\/div>\n\n\n\n<ul>\n<li>Aon<\/li>\n<\/ul>\n\n\n\n<div class=\"wp-block-file\"><a id=\"wp-block-file--media-01d847e1-949e-49da-9359-809693bf9523\" href=\"https:\/\/fiic.lat\/wp-content\/uploads\/2023\/09\/Aon_Presentacion-FIIC_20-septiembre-20230.pdf\">Aon_Presentacion-FIIC_20-septiembre-20230<\/a><a href=\"https:\/\/fiic.lat\/wp-content\/uploads\/2023\/09\/Aon_Presentacion-FIIC_20-septiembre-20230.pdf\" class=\"wp-block-file__button wp-element-button\" aria-describedby=\"wp-block-file--media-01d847e1-949e-49da-9359-809693bf9523\" download>Descarga<\/a><\/div>\n\n\n\n<ul>\n<li>INFORME CICA<\/li>\n<\/ul>\n\n\n\n<div class=\"wp-block-file\"><a id=\"wp-block-file--media-1aa076eb-dcb9-4c11-bdf2-87745428352a\" href=\"https:\/\/fiic.lat\/wp-content\/uploads\/2023\/09\/INFORME-CICA.pdf\">INFORME-CICA<\/a><a href=\"https:\/\/fiic.lat\/wp-content\/uploads\/2023\/09\/INFORME-CICA.pdf\" class=\"wp-block-file__button wp-element-button\" aria-describedby=\"wp-block-file--media-1aa076eb-dcb9-4c11-bdf2-87745428352a\" download>Descarga<\/a><\/div>\n\n\n\n<ul>\n<li>Informe Secretario General FIIC<\/li>\n<\/ul>\n\n\n\n<div class=\"wp-block-file\"><a id=\"wp-block-file--media-ffbf5d39-d8f8-45e6-bfc7-c6092ce30276\" href=\"https:\/\/fiic.lat\/wp-content\/uploads\/2023\/09\/Informe-Secretario-General-FIIC.docx\">Informe-Secretario-General-FIIC<\/a><a href=\"https:\/\/fiic.lat\/wp-content\/uploads\/2023\/09\/Informe-Secretario-General-FIIC.docx\" class=\"wp-block-file__button wp-element-button\" aria-describedby=\"wp-block-file--media-ffbf5d39-d8f8-45e6-bfc7-c6092ce30276\" download>Descarga<\/a><\/div>\n\n\n\n<div class=\"wp-block-file\"><a id=\"wp-block-file--media-1bb4b1e5-f775-484c-a263-3a1b3a9ed072\" href=\"https:\/\/fiic.lat\/wp-content\/uploads\/2023\/09\/presentacion-ERL-1.pdf\">presentacion-ERL-1<\/a><a href=\"https:\/\/fiic.lat\/wp-content\/uploads\/2023\/09\/presentacion-ERL-1.pdf\" class=\"wp-block-file__button wp-element-button\" aria-describedby=\"wp-block-file--media-1bb4b1e5-f775-484c-a263-3a1b3a9ed072\" download>Descarga<\/a><\/div>\n\n\n\n<ul>\n<li>Informe presidente FIIC<\/li>\n<\/ul>\n\n\n\n<div class=\"wp-block-file\"><a id=\"wp-block-file--media-98a30d0f-9059-48b2-a4e9-a523dacc5baf\" href=\"https:\/\/fiic.lat\/wp-content\/uploads\/2023\/09\/Informe-Pdte-FIIC.docx\">Informe-Pdte-FIIC<\/a><a href=\"https:\/\/fiic.lat\/wp-content\/uploads\/2023\/09\/Informe-Pdte-FIIC.docx\" class=\"wp-block-file__button wp-element-button\" aria-describedby=\"wp-block-file--media-98a30d0f-9059-48b2-a4e9-a523dacc5baf\" download>Descarga<\/a><\/div>\n\n\n\n<p><a href=\"https:\/\/cmicorg-my.sharepoint.com\/:b:\/g\/personal\/noticias_fiic_lat\/EVsQhGtVXExNuPafFcWgot4BA2lI1aJcjbBTOGSb-0ahhA?e=PkDfkI\" target=\"_blank\" rel=\"noopener\">https:\/\/cmicorg-my.sharepoint.com\/:b:\/g\/personal\/noticias_fiic_lat\/EVsQhGtVXExNuPafFcWgot4BA2lI1aJcjbBTOGSb-0ahhA?e=PkDfkI<\/a><\/p>\n<\/div><\/div><\/div><\/div>\n<\/div>\n\n\n\n<div class=\"qubely-block-accordion  qubely-block-9b55d0\" data-item-toggle=\"true\">\n<div class=\"wp-block-qubely-accordion-item qubely-block-87bb2b\"><div class=\"qubely-accordion-item qubely-type-fill qubely-accordion-active\"><div class=\"qubely-accordion-panel qubely-icon-position-right\"><span class=\"qubely-accordion-panel-handler\" role=\"button\"><span class=\"qubely-accordion-panel-handler-label\">87\u00b0 Reuni\u00f3n Del Consejo Directivo &#8211; Asunci\u00f3n Paraguay <\/span><span class=\"qubely-accordion-icon fa fa-plus\"><\/span><\/span><\/div><div class=\"qubely-accordion-body\" style=\"display:block\"><div itemprop=\"text\">\n<p class=\"has-text-align-center\"><strong>Reuni\u00f3n Comisiones <\/strong><\/p>\n\n\n\n<ul>\n<li><a href=\"file:\/\/\/C:\/Users\/usuario\/Desktop\/Informe Comisi\u00f3n Directores y Gerentes FIIC - Asuncion Paraguay.pdf\">Directores \/ Gerentes Generales<\/a><\/li>\n<\/ul>\n\n\n\n<div class=\"wp-block-file\"><a id=\"wp-block-file--media-bb91f691-dea0-46ef-93ce-a6f71f9a0dd4\" href=\"https:\/\/fiic.lat\/wp-content\/uploads\/2023\/05\/Informe-Comision-Directores-y-Gerentes-FIIC-Asuncion-Paraguay.pdf\">Informe-Comision-Directores-y-Gerentes-FIIC-Asuncion-Paraguay<\/a><a href=\"https:\/\/fiic.lat\/wp-content\/uploads\/2023\/05\/Informe-Comision-Directores-y-Gerentes-FIIC-Asuncion-Paraguay.pdf\" class=\"wp-block-file__button wp-element-button\" aria-describedby=\"wp-block-file--media-bb91f691-dea0-46ef-93ce-a6f71f9a0dd4\" download>Descarga<\/a><\/div>\n\n\n\n<ul>\n<li><a href=\"file:\/\/\/C:\/Users\/usuario\/Desktop\/Asamblea FIIC - Camacol mayo2023.pdf\">Desarrollo Urbano y Vivienda<\/a><\/li>\n<\/ul>\n\n\n\n<div class=\"wp-block-file\"><a id=\"wp-block-file--media-9d012755-e590-429a-af71-2a319f8512d1\" href=\"https:\/\/fiic.lat\/wp-content\/uploads\/2023\/05\/Asamblea-FIIC-Camacol-mayo2023-comprimido.pdf\">Asamblea-FIIC-Camacol-mayo2023-comprimido<\/a><a href=\"https:\/\/fiic.lat\/wp-content\/uploads\/2023\/05\/Asamblea-FIIC-Camacol-mayo2023-comprimido.pdf\" class=\"wp-block-file__button wp-element-button\" aria-describedby=\"wp-block-file--media-9d012755-e590-429a-af71-2a319f8512d1\" download>Descarga<\/a><\/div>\n\n\n\n<ul>\n<li><a href=\"file:\/\/\/C:\/Users\/usuario\/Desktop\/Informe Comisi\u00f3n Directores y Gerentes FIIC - Asuncion Paraguay.pdf\" data-type=\"URL\" data-id=\"file:\/\/\/C:\/Users\/usuario\/Desktop\/Informe%20Comisi%C3%B3n%20Directores%20y%20Gerentes%20FIIC%20-%20Asuncion%20Paraguay.pdf\">GET Estudio Comparativo de Precios<\/a>  <\/li>\n<\/ul>\n\n\n\n<div class=\"wp-block-file\"><a id=\"wp-block-file--media-fccb8839-ade6-4dc4-ac81-65b8bbc87817\" href=\"https:\/\/fiic.lat\/wp-content\/uploads\/2023\/05\/Estudio-comparativo-de-precios-Febrero-2023-FIIC-Completa-para-distribuir.pdf\">Estudio-comparativo-de-precios-Febrero-2023-FIIC-Completa-para-distribuir<\/a><a href=\"https:\/\/fiic.lat\/wp-content\/uploads\/2023\/05\/Estudio-comparativo-de-precios-Febrero-2023-FIIC-Completa-para-distribuir.pdf\" class=\"wp-block-file__button wp-element-button\" aria-describedby=\"wp-block-file--media-fccb8839-ade6-4dc4-ac81-65b8bbc87817\" download>Descarga<\/a><\/div>\n\n\n\n<ul>\n<li><a href=\"file:\/\/\/C:\/Users\/usuario\/Desktop\/INCONET\/INCONET Informe Paraguay.pdf\">INCONET <\/a><\/li>\n<\/ul>\n\n\n\n<div class=\"wp-block-file\"><a id=\"wp-block-file--media-f16d2d6f-6bca-41f0-9b96-456af2617c11\" href=\"https:\/\/fiic.lat\/wp-content\/uploads\/2023\/05\/INCONET-Informe-Paraguay-comprimido.pdf\">INCONET-Informe-Paraguay-comprimido<\/a><a href=\"https:\/\/fiic.lat\/wp-content\/uploads\/2023\/05\/INCONET-Informe-Paraguay-comprimido.pdf\" class=\"wp-block-file__button wp-element-button\" aria-describedby=\"wp-block-file--media-f16d2d6f-6bca-41f0-9b96-456af2617c11\" download>Descarga<\/a><\/div>\n\n\n\n<ul>\n<li><a href=\"file:\/\/\/C:\/Users\/usuario\/Desktop\/FIIC Informe  COMISION INFRAESTRUCTURA mayo 2023.pdf\">Infraestructura<\/a> <\/li>\n<\/ul>\n\n\n\n<div class=\"wp-block-file\"><a id=\"wp-block-file--media-04c91bb3-6604-445e-a573-e15cd1de5d70\" href=\"https:\/\/fiic.lat\/wp-content\/uploads\/2023\/05\/FIIC-Informe-COMISION-INFRAESTRUCTURA-mayo-2023-comprimido.pdf\">FIIC-Informe-COMISION-INFRAESTRUCTURA-mayo-2023-comprimido<\/a><a href=\"https:\/\/fiic.lat\/wp-content\/uploads\/2023\/05\/FIIC-Informe-COMISION-INFRAESTRUCTURA-mayo-2023-comprimido.pdf\" class=\"wp-block-file__button wp-element-button\" aria-describedby=\"wp-block-file--media-04c91bb3-6604-445e-a573-e15cd1de5d70\" download>Descargar<\/a><\/div>\n\n\n\n<ul>\n<li><a href=\"file:\/\/\/C:\/Users\/usuario\/Desktop\/FIIC Com Infra CRONOGRAMA mayo 2023 Tablero Control.pdf\">Infraestructura Parte II<\/a><\/li>\n<\/ul>\n\n\n\n<div class=\"wp-block-file\"><a id=\"wp-block-file--media-eb8852d2-6ba6-4e2a-91b0-22e41560f739\" href=\"https:\/\/fiic.lat\/wp-content\/uploads\/2023\/05\/FIIC-Com-Infra-CRONOGRAMA-mayo-2023-Tablero-Control.pdf\">FIIC-Com-Infra-CRONOGRAMA-mayo-2023-Tablero-Control<\/a><a href=\"https:\/\/fiic.lat\/wp-content\/uploads\/2023\/05\/FIIC-Com-Infra-CRONOGRAMA-mayo-2023-Tablero-Control.pdf\" class=\"wp-block-file__button wp-element-button\" aria-describedby=\"wp-block-file--media-eb8852d2-6ba6-4e2a-91b0-22e41560f739\" download>Descarga<\/a><\/div>\n\n\n\n<ul>\n<li>LATAM CAR FACILITY &#8220;AON REINSURANCE SOLUTIONS UNDERWRITING MANAGERS LATAM&#8221;<\/li>\n<\/ul>\n\n\n\n<div class=\"wp-block-file\"><a id=\"wp-block-file--media-11094b8a-8463-4aeb-b202-7413f8f7a40b\" href=\"https:\/\/fiic.lat\/wp-content\/uploads\/2023\/05\/Presentacion2.pdf\">Presentacion2<\/a><a href=\"https:\/\/fiic.lat\/wp-content\/uploads\/2023\/05\/Presentacion2.pdf\" class=\"wp-block-file__button wp-element-button\" aria-describedby=\"wp-block-file--media-11094b8a-8463-4aeb-b202-7413f8f7a40b\" download>Descarga<\/a><\/div>\n\n\n\n<ul>\n<li>Informe del coordinador de IFIs.<\/li>\n<\/ul>\n\n\n\n<div class=\"wp-block-file\"><a id=\"wp-block-file--media-ea67f47a-bb83-49da-8506-56a9abdadb9c\" href=\"https:\/\/fiic.lat\/wp-content\/uploads\/2023\/05\/INFORME-DEL-COORDINADOR-DE-IFIs.pdf\">INFORME-DEL-COORDINADOR-DE-IFIs<\/a><a href=\"https:\/\/fiic.lat\/wp-content\/uploads\/2023\/05\/INFORME-DEL-COORDINADOR-DE-IFIs.pdf\" class=\"wp-block-file__button wp-element-button\" aria-describedby=\"wp-block-file--media-ea67f47a-bb83-49da-8506-56a9abdadb9c\" download>Descarga<\/a><\/div>\n\n\n\n<ul>\n<li>Secretario General <\/li>\n<\/ul>\n\n\n\n<div class=\"wp-block-file\"><a id=\"wp-block-file--media-2a60e1cf-1f63-410c-8e44-60a56c9b0498\" href=\"https:\/\/fiic.lat\/wp-content\/uploads\/2023\/05\/PRESENTACION-SECRETARIO-GENERAL-1.pdf\">PRESENTACION-SECRETARIO-GENERAL-1<\/a><a href=\"https:\/\/fiic.lat\/wp-content\/uploads\/2023\/05\/PRESENTACION-SECRETARIO-GENERAL-1.pdf\" class=\"wp-block-file__button wp-element-button\" aria-describedby=\"wp-block-file--media-2a60e1cf-1f63-410c-8e44-60a56c9b0498\" download>Descarga<\/a><\/div>\n\n\n\n<ul>\n<li>Comit\u00e9 Ejecutivo<\/li>\n<\/ul>\n\n\n\n<div class=\"wp-block-file\"><a id=\"wp-block-file--media-0e2f28fd-ef17-467f-9a14-e3a8f64d09f8\" href=\"https:\/\/fiic.lat\/wp-content\/uploads\/2023\/05\/presentacion-Comite-Ejecutivo.pdf\">presentacion-Comite-Ejecutivo<\/a><a href=\"https:\/\/fiic.lat\/wp-content\/uploads\/2023\/05\/presentacion-Comite-Ejecutivo.pdf\" class=\"wp-block-file__button wp-element-button\" aria-describedby=\"wp-block-file--media-0e2f28fd-ef17-467f-9a14-e3a8f64d09f8\" download>Descarga<\/a><\/div>\n\n\n\n<ul>\n<li>DE VISITA A PARAGUAY COMO VICEPRESIDENTE DE CICA NICOL\u00c1S MARISCAL TORROELLA <\/li>\n<\/ul>\n\n\n\n<div class=\"wp-block-file\"><a id=\"wp-block-file--media-d17864b4-429b-447b-ad53-bc6663f4e911\" href=\"https:\/\/fiic.lat\/wp-content\/uploads\/2023\/06\/CICA-PAR-ESP.pdf\">CICA-PAR-ESP<\/a><a href=\"https:\/\/fiic.lat\/wp-content\/uploads\/2023\/06\/CICA-PAR-ESP.pdf\" class=\"wp-block-file__button wp-element-button\" aria-describedby=\"wp-block-file--media-d17864b4-429b-447b-ad53-bc6663f4e911\" download>Descarga<\/a><\/div>\n<\/div><\/div><\/div><\/div>\n<\/div>\n\n\n\n<div class=\"qubely-block-accordion  qubely-block-90b9bc\" data-item-toggle=\"true\">\n<div class=\"wp-block-qubely-accordion-item qubely-block-56c174\"><div itemscope itemprop=\"mainEntity\" itemtype=\"https:\/\/schema.org\/Question\" class=\"qubely-accordion-item qubely-type-fill qubely-accordion-active\"><div class=\"qubely-accordion-panel qubely-icon-position-right\"><span class=\"qubely-accordion-panel-handler\" role=\"button\"><span itemprop=\"name\" class=\"qubely-accordion-panel-handler-label\">86\u00b0 Reuni\u00f3n De Consejo Directivo Y Asamblea General En Sesi\u00f3n Ordinaria<\/span><span class=\"qubely-accordion-icon fa fa-plus\"><\/span><\/span><\/div><div itemscope itemprop=\"acceptedAnswer\" itemtype=\"https:\/\/schema.org\/Answer\" class=\"qubely-accordion-body\" style=\"display:block\"><div itemprop=\"text\">\n<p class=\"has-text-align-center\"><strong>Reuni\u00f3n Comisiones &#8211; Viernes 14 de octubre 2022<\/strong><\/p>\n\n\n\n<p class=\"has-text-align-center\">                                                                                         <a href=\"http:\/\/fiic.la\/Documentos\/86%C2%B0%20Reuni%C3%B3n%20de%20Consejo%20Directivo%20y%20Asamblea%20-%20Manta,%20Ecuador%20octubre%202022\/ACUERDOS%20COMISIONES.pdf\" target=\"_blank\" rel=\"noreferrer noopener\"><strong>Acuerdos Comisiones<\/strong><\/a><\/p>\n\n\n\n<ul>\n<li>Anticorrupci\u00f3n<\/li>\n<\/ul>\n\n\n\n<ul>\n<li> Infraestructura<\/li>\n<\/ul>\n\n\n\n<ul>\n<li> Construcci\u00f3n Sustentable<\/li>\n<\/ul>\n\n\n\n<ul>\n<li>Desarrollo Urbano y Vivienda\/GET Estudio Comparativo de Precios<\/li>\n<\/ul>\n\n\n\n<ul>\n<li>Directores \/Gerentes Generales<\/li>\n<\/ul>\n\n\n\n<ul>\n<li>INCONET \/ GET&#8217;s: Transformaci\u00f3n Digital y Productividad; Innovaci\u00f3n Abierta; Formaci\u00f3n Profesional y Capacitaci\u00f3n.<\/li>\n<\/ul>\n\n\n\n<p class=\"has-text-align-center\"><strong>Reuni\u00f3n Consejo Directivo y Asamblea General en Sesi\u00f3n Ordinaria<\/strong> &#8211; <strong>S\u00e1bado&nbsp;15 de octubre<\/strong> 2022 <\/p>\n\n\n\n<ul>\n<li>Informe Comit\u00e9 Ejecutivo<\/li>\n<\/ul>\n\n\n\n<p><\/p>\n\n\n\n<ul>\n<li><a href=\"http:\/\/fiic.la\/Documentos\/86%C2%B0%20Reuni%C3%B3n%20de%20Consejo%20Directivo%20y%20Asamblea%20-%20Manta,%20Ecuador%20octubre%202022\/video1687727924.mp4\" target=\"_blank\" rel=\"noreferrer noopener\">Informe CICA<\/a> <\/li>\n<\/ul>\n\n\n\n<p><\/p>\n\n\n\n<ul>\n<li><a href=\"http:\/\/fiic.la\/Documentos\/86%C2%B0%20Reuni%C3%B3n%20de%20Consejo%20Directivo%20y%20Asamblea%20-%20Manta,%20Ecuador%20octubre%202022\/Evolucion%20de%20la%20Economia%20-Resumen%20Ejecutivo%20-%20FIIC%202021%20-%202022%2014-10-22_1.pdf\" target=\"_blank\" rel=\"noreferrer noopener\">Evoluci\u00f3n de la Econom\u00eda en los pa\u00edses miembros de FIIC<\/a> <\/li>\n<\/ul>\n\n\n\n<p><\/p>\n<\/div><\/div><\/div><\/div>\n\n\n\n<div class=\"wp-block-qubely-accordion-item qubely-block-02c469\"><div itemscope itemprop=\"mainEntity\" itemtype=\"https:\/\/schema.org\/Question\" class=\"qubely-accordion-item qubely-type-fill false\"><div class=\"qubely-accordion-panel qubely-icon-position-right\"><span class=\"qubely-accordion-panel-handler\" role=\"button\"><span itemprop=\"name\" class=\"qubely-accordion-panel-handler-label\">Inclusi\u00f3n De La Mujer En El Sector De La Construcci\u00f3n<\/span><span class=\"qubely-accordion-icon fa fa-plus\"><\/span><\/span><\/div><div itemscope itemprop=\"acceptedAnswer\" itemtype=\"https:\/\/schema.org\/Answer\" class=\"qubely-accordion-body\"><div itemprop=\"text\">\n<p class=\"has-text-align-center\"><strong>Reuni\u00f3n &#8211;&nbsp;mi\u00e9rcoles 29 de&nbsp;junio 2022<\/strong><\/p>\n\n\n\n<ul>\n<li><a href=\"http:\/\/fiic.la\/Documentos\/Inclusion%20de%20la%20Mujer%20en%20el%20sector%20de%20la%20Construccion\/Chile%20Presentacion%20CM%20-%20FIIC%20-%2029.06.pdf\" target=\"_blank\" rel=\"noreferrer noopener\">Mujeres en el Gremio de la Construcci\u00f3n &#8211; Ing. Nathalie Dubois, Pdta. Nacional Comisi\u00f3n de Mujeres<\/a><\/li>\n<\/ul>\n\n\n\n<figure class=\"wp-block-embed is-type-video is-provider-youtube wp-block-embed-youtube\"><div class=\"wp-block-embed__wrapper\">\n<iframe loading=\"lazy\" title=\"Comisi\u00f3n de Mujeres 2021\" width=\"1200\" height=\"675\" src=\"https:\/\/www.youtube.com\/embed\/dwcfE9O5pWA?feature=oembed\" frameborder=\"0\" allow=\"accelerometer; autoplay; clipboard-write; encrypted-media; gyroscope; picture-in-picture; web-share\" referrerpolicy=\"strict-origin-when-cross-origin\" allowfullscreen><\/iframe>\n<\/div><\/figure>\n\n\n\n<ul>\n<li><a href=\"https:\/\/www.fiic.la\/Documentos\/Inclusion%20de%20la%20Mujer%20en%20el%20sector%20de%20la%20Construccion\/Colombia%20ppt_construimosalapar%20VF_170522.pdf\" target=\"_blank\" rel=\"noreferrer noopener\">Construimos a la Par &#8211; Dra. Sandra Forero, Pdta. C\u00e1mara Colombiana de la Construcci\u00f3n<\/a><\/li>\n<\/ul>\n\n\n\n<p><\/p>\n\n\n\n<ul>\n<li><a href=\"https:\/\/www.fiic.la\/Documentos\/Inclusion%20de%20la%20Mujer%20en%20el%20sector%20de%20la%20Construccion\/Mexico%20Presentacio%CC%81n%20FIIC%202022.pdf\" target=\"_blank\" rel=\"noreferrer noopener\">Empresarias de la Construcci\u00f3n, Mtra. Anakaren G\u00f3mez Zuart, Vicepresidenta Nac. de Desarrollo Empresarial y Empresarias de la Construcci\u00f3n<\/a><\/li>\n<\/ul>\n<\/div><\/div><\/div><\/div>\n\n\n\n<div class=\"wp-block-qubely-accordion-item qubely-block-4c8d89\"><div itemscope itemprop=\"mainEntity\" itemtype=\"https:\/\/schema.org\/Question\" class=\"qubely-accordion-item qubely-type-fill false\"><div class=\"qubely-accordion-panel qubely-icon-position-right\"><span class=\"qubely-accordion-panel-handler\" role=\"button\"><span itemprop=\"name\" class=\"qubely-accordion-panel-handler-label\">85\u00b0 Reuni\u00f3n De Consejo Directivo &#8211; Guadalajara, Jalisco &#8211; M\u00e9xico<\/span><span class=\"qubely-accordion-icon fa fa-plus\"><\/span><\/span><\/div><div itemscope itemprop=\"acceptedAnswer\" itemtype=\"https:\/\/schema.org\/Answer\" class=\"qubely-accordion-body\"><div itemprop=\"text\">\n<p class=\"has-text-align-center\"><strong>Reuni\u00f3n Plenaria de Comisiones&nbsp;&nbsp;&#8211;&nbsp;Jueves 28 de&nbsp;abril 2022<\/strong><\/p>\n\n\n\n<ul>\n<li><a href=\"https:\/\/www.fiic.la\/Documentos\/85%20Consejo%20Directivo%2030%20ABRIL%20GUADALAJARA%20JALISCO\/INCONET%20Plan%20de%20Accion.pdf\" target=\"_blank\" rel=\"noreferrer noopener\">INCONET<\/a><\/li>\n<\/ul>\n\n\n\n<p><\/p>\n\n\n\n<ul>\n<li><a href=\"https:\/\/www.fiic.la\/Documentos\/85%20Consejo%20Directivo%2030%20ABRIL%20GUADALAJARA%20JALISCO\/FIIC%20Informe%20%20COMISION%20INFRAESTRUCTURA%20abril%202022.pdf\" target=\"_blank\" rel=\"noreferrer noopener\">Infraestructura<\/a><\/li>\n<\/ul>\n\n\n\n<p><\/p>\n\n\n\n<ul>\n<li><a href=\"https:\/\/www.fiic.la\/Documentos\/85%20Consejo%20Directivo%2030%20ABRIL%20GUADALAJARA%20JALISCO\/Informe%20de%20CCS%20-%20%20Reunion%20FIIC%2028.04.22.pdf\" target=\"_blank\" rel=\"noreferrer noopener\">Construcci\u00f3n Sustentable<\/a>&nbsp;&#8211;&nbsp;<a href=\"https:\/\/www.fiic.la\/Documentos\/85%20Consejo%20Directivo%2030%20ABRIL%20GUADALAJARA%20JALISCO\/PPT%202022%20RSE%20FIIC%20PLGDD.pdf\" target=\"_blank\" rel=\"noreferrer noopener\">RSE CMIC<\/a><\/li>\n<\/ul>\n\n\n\n<p><\/p>\n\n\n\n<ul>\n<li><a href=\"https:\/\/www.fiic.la\/Documentos\/85%20Consejo%20Directivo%2030%20ABRIL%20GUADALAJARA%20JALISCO\/Comision%20de%20vivienda%20FIIC%20V.F..pdf\" target=\"_blank\" rel=\"noreferrer noopener\">Desarrollo Urbano y Vivienda<\/a>&nbsp;&#8211;<a href=\"https:\/\/www.fiic.la\/Documentos\/85%20Consejo%20Directivo%2030%20ABRIL%20GUADALAJARA%20JALISCO\/Estudio%20comparativo%20de%20precios%20Febrero%202022%20-%20Completa%20-%20PDF.pdf\" target=\"_blank\" rel=\"noreferrer noopener\">&nbsp;GET ECP C\u00e1mara Costarricense de la Construcci\u00f3n<\/a><\/li>\n<\/ul>\n\n\n\n<p><\/p>\n\n\n\n<ul>\n<li><a href=\"https:\/\/www.fiic.la\/Documentos\/85%20Consejo%20Directivo%2030%20ABRIL%20GUADALAJARA%20JALISCO\/CORRUPCION%20EN%20LA%20CONSTRUCCION%2001.pdf\" target=\"_blank\" rel=\"noreferrer noopener\">Anticorrupci\u00f3n<\/a><\/li>\n<\/ul>\n\n\n\n<p><\/p>\n\n\n\n<ul>\n<li><a href=\"https:\/\/www.fiic.la\/Documentos\/85%20Consejo%20Directivo%2030%20ABRIL%20GUADALAJARA%20JALISCO\/Informe%20Comision%20Directores%20y%20Gerentes%20FIIC%20-%20Guadalajara%20Final.pdf\" target=\"_blank\" rel=\"noreferrer noopener\">Directores \/ Gerentes Generales<\/a><\/li>\n<\/ul>\n\n\n\n<p><\/p>\n\n\n\n<ul>\n<li><a href=\"https:\/\/www.fiic.la\/Documentos\/85%20Consejo%20Directivo%2030%20ABRIL%20GUADALAJARA%20JALISCO\/mesa_genero_fiic.pdf\" target=\"_blank\" rel=\"noreferrer noopener\">Mesa de G\u00e9nero<\/a><\/li>\n<\/ul>\n\n\n\n<p><\/p>\n\n\n\n<ul>\n<li><a href=\"https:\/\/www.fiic.la\/Documentos\/85%20Consejo%20Directivo%2030%20ABRIL%20GUADALAJARA%20JALISCO\/ULTIMO2022%200420%20COMPROMISO%20PRO%20%20FIIC%20V6.pdf\" target=\"_blank\" rel=\"noreferrer noopener\">Compromiso Pro &#8211; C\u00e1mara Chilena de la Construcci\u00f3n<\/a>    <\/li>\n<\/ul>\n\n\n\n<p><\/p>\n\n\n\n<p class=\"has-text-align-center\"><strong>Reuni\u00f3n de Consejo Directivo FIIC &#8211; Vierntes&nbsp;30 de abril<\/strong><\/p>\n\n\n\n<ul>\n<li><a href=\"https:\/\/www.fiic.la\/Documentos\/85%20Consejo%20Directivo%2030%20ABRIL%20GUADALAJARA%20JALISCO\/1.%20presentacion%20informe%20Comite%20Ejecutivo%20definitiva.pdf\" target=\"_blank\" rel=\"noreferrer noopener\">Informe Comit\u00e9 Ejecutivo<\/a><\/li>\n<\/ul>\n\n\n\n<p><\/p>\n\n\n\n<ul>\n<li><a href=\"https:\/\/www.fiic.la\/Documentos\/85%20Consejo%20Directivo%2030%20ABRIL%20GUADALAJARA%20JALISCO\/1%20IVAN%202022-04-26%20Presentacion%20IFIS.pdf\" target=\"_blank\" rel=\"noreferrer noopener\">Informe Coordinador IFI&#8217;s<\/a><\/li>\n<\/ul>\n\n\n\n<p><\/p>\n\n\n\n<ul>\n<li><a href=\"https:\/\/www.fiic.la\/Documentos\/85%20Consejo%20Directivo%2030%20ABRIL%20GUADALAJARA%20JALISCO\/2%20IRVIN%20Activity%20Report%20for%20FIIC%20GA%20April%202022%20-%20Espanol.pdf\" target=\"_blank\" rel=\"noreferrer noopener\">Informe CICA<\/a><\/li>\n<\/ul>\n\n\n\n<p><\/p>\n<\/div><\/div><\/div><\/div>\n\n\n\n<div class=\"wp-block-qubely-accordion-item qubely-block-0e717a\"><div itemscope itemprop=\"mainEntity\" itemtype=\"https:\/\/schema.org\/Question\" class=\"qubely-accordion-item qubely-type-fill false\"><div class=\"qubely-accordion-panel qubely-icon-position-right\"><span class=\"qubely-accordion-panel-handler\" role=\"button\"><span itemprop=\"name\" class=\"qubely-accordion-panel-handler-label\">LXXXIV Reuni\u00f3n De Consejo Directivo Y Asamblea General &#8211; 3 Y 4 De Noviembre 2021 &#8211; Virtual <\/span><span class=\"qubely-accordion-icon fa fa-plus\"><\/span><\/span><\/div><div itemscope itemprop=\"acceptedAnswer\" itemtype=\"https:\/\/schema.org\/Answer\" class=\"qubely-accordion-body\"><div itemprop=\"text\">\n<p class=\"has-text-align-center\"><strong>Semana de Comisiones &#8211;&nbsp;Martes&nbsp;26 de&nbsp;octubre 2021<\/strong><\/p>\n\n\n\n<ul>\n<li><a href=\"https:\/\/www.fiic.la\/Documentos\/LXXXIV%20Reuni%C3%B3n%20de%20Consejo%20Directivo%20y%20Asamblea%20General%20Nov.2021\/CCS%20-%20Reporte%20Final%20Octubre%2026%20Oct.pdf\" target=\"_blank\" rel=\"noreferrer noopener\">Construcci\u00f3n Sustentable<\/a><\/li>\n<\/ul>\n\n\n\n<p><\/p>\n\n\n\n<ul>\n<li><a href=\"https:\/\/www.fiic.la\/Documentos\/LXXXIV%20Reuni%C3%B3n%20de%20Consejo%20Directivo%20y%20Asamblea%20General%20Nov.2021\/Informe%20Comision%20Directores%20y%20Gerentes%20FIIC%20-%20Octubre%2021.pdf\" target=\"_blank\" rel=\"noreferrer noopener\">Directores \/ Gerentes Generales<\/a><\/li>\n<\/ul>\n\n\n\n<p><\/p>\n\n\n\n<ul>\n<li><a href=\"https:\/\/www.fiic.la\/Documentos\/LXXXIV%20Reuni%C3%B3n%20de%20Consejo%20Directivo%20y%20Asamblea%20General%20Nov.2021\/Matriz%202021-FINAL%202.0.pdf\" target=\"_blank\" rel=\"noreferrer noopener\">Matriz del estado de la Pre-Ingenier\u00eda de los Proyectos de Infraestructura de Transporte&nbsp;<\/a><\/li>\n<\/ul>\n\n\n\n<p><\/p>\n\n\n\n<ul>\n<li><strong>Mi\u00e9rcoles&nbsp;27<\/strong><\/li>\n<\/ul>\n\n\n\n<p><\/p>\n\n\n\n<ul>\n<li>INCONET:&nbsp;<a href=\"https:\/\/www.fiic.la\/Documentos\/LXXXIV%20Reuni%C3%B3n%20de%20Consejo%20Directivo%20y%20Asamblea%20General%20Nov.2021\/20211027%20Presentacion%20Red%20Gob%202021_INCONET.pdf\" target=\"_blank\" rel=\"noreferrer noopener\">BIM-LATAM<\/a>&nbsp;\/&nbsp;<a href=\"https:\/\/www.fiic.la\/Documentos\/LXXXIV%20Reuni%C3%B3n%20de%20Consejo%20Directivo%20y%20Asamblea%20General%20Nov.2021\/Innovacion%20FIIC_%20OCT2021_Luis%20Bass%20(1).pdf\" target=\"_blank\" rel=\"noreferrer noopener\">Innovaci\u00f3n<\/a> <\/li>\n<\/ul>\n\n\n\n<p><\/p>\n\n\n\n<ul>\n<li><a href=\"https:\/\/www.fiic.la\/Documentos\/LXXXIV%20Reuni%C3%B3n%20de%20Consejo%20Directivo%20y%20Asamblea%20General%20Nov.2021\/FIIC%20Comision%20Infraestructura%20Presentacion%20octubre%202021.pdf\" target=\"_blank\" rel=\"noreferrer noopener\">Infraestructura<\/a><\/li>\n<\/ul>\n\n\n\n<p><strong>Jueves 28<\/strong><\/p>\n\n\n\n<ul>\n<li>Desarrollo Urbano y Vivienda \/&nbsp;<a href=\"https:\/\/www.fiic.la\/Documentos\/LXXXIV%20Reuni%C3%B3n%20de%20Consejo%20Directivo%20y%20Asamblea%20General%20Nov.2021\/Estudio%20comparativo%20de%20precios%20Agosto%202021%20-%20FIIC%20-%20Comision.pdf\" target=\"_blank\" rel=\"noreferrer noopener\">GET Estudio Comparativo de Precios<\/a><\/li>\n<\/ul>\n\n\n\n<p><\/p>\n\n\n\n<ul>\n<li><a href=\"https:\/\/www.fiic.la\/Documentos\/LXXXIV%20Reuni%C3%B3n%20de%20Consejo%20Directivo%20y%20Asamblea%20General%20Nov.2021\/presentacion%20GAL%2028%20OCT.2021.pdf\" target=\"_blank\" rel=\"noreferrer noopener\">Anticorrupci\u00f3n<\/a><\/li>\n<\/ul>\n\n\n\n<p><\/p>\n\n\n\n<ul>\n<li><a href=\"https:\/\/www.fiic.la\/Documentos\/LXXXIV%20Reuni%C3%B3n%20de%20Consejo%20Directivo%20y%20Asamblea%20General%20Nov.2021\/2021-10-28%20Presentacion%20IFIS%20v2.pdf\" target=\"_blank\" rel=\"noreferrer noopener\">IFI&#8217;s<\/a><\/li>\n<\/ul>\n\n\n\n<p><\/p>\n\n\n\n<ul>\n<li><a href=\"https:\/\/www.fiic.la\/Documentos\/LXXXIV%20Reuni%C3%B3n%20de%20Consejo%20Directivo%20y%20Asamblea%20General%20Nov.2021\/PPT%20FIIC%202021%20Presidente.pdf\" target=\"_blank\" rel=\"noreferrer noopener\">Seguridad y Salud<\/a><\/li>\n<\/ul>\n\n\n\n<p><\/p>\n\n\n\n<p class=\"has-text-align-center\"><strong>Reuni\u00f3n de Consejo Directivo FIIC &#8211; Mi\u00e9rcoles&nbsp;3 de noviembre<\/strong> <\/p>\n\n\n\n<ul>\n<li><a href=\"https:\/\/www.fiic.la\/Documentos\/LXXXIV%20Reuni%C3%B3n%20de%20Consejo%20Directivo%20y%20Asamblea%20General%20Nov.2021\/CICA%20Activity%20Report%20for%20FIIC.pdf\" target=\"_blank\" rel=\"noreferrer noopener\">Informe CICA<\/a><\/li>\n<\/ul>\n\n\n\n<p><\/p>\n\n\n\n<ul>\n<li><a href=\"https:\/\/www.fiic.la\/Documentos\/LXXXIV%20Reuni%C3%B3n%20de%20Consejo%20Directivo%20y%20Asamblea%20General%20Nov.2021\/Resumen%20Ejecutivo%20Evoluci%C3%B3n%20de%20la%20Econom%C3%ADa%20en%20los%20pa%C3%ADses%20miembros%20FIIC%202020-2021.pdf\" target=\"_blank\" rel=\"noreferrer noopener\">Informe Evoluci\u00f3n de la Econom\u00eda en los pa\u00edses miembros de FIIC<\/a><\/li>\n<\/ul>\n\n\n\n<p><\/p>\n\n\n\n<p class=\"has-text-align-center\"><strong> Segunda Sesi\u00f3n Asamblea General en sesi\u00f3n ordinaria &#8211; jueves 4 noviembre<\/strong><\/p>\n\n\n\n<ul>\n<li><a href=\"https:\/\/www.fiic.la\/Documentos\/LXXXIV%20Reuni%C3%B3n%20de%20Consejo%20Directivo%20y%20Asamblea%20General%20Nov.2021\/Comite%20ejecutivo.pdf\" target=\"_blank\" rel=\"noreferrer noopener\">Informe Comit\u00e9 Ejecutivo<\/a><\/li>\n<\/ul>\n\n\n\n<p><\/p>\n\n\n\n<ul>\n<li>Planificaci\u00f3n Estrat\u00e9gica<\/li>\n<\/ul>\n<\/div><\/div><\/div><\/div>\n\n\n\n<div class=\"wp-block-qubely-accordion-item qubely-block-790189\"><div itemscope itemprop=\"mainEntity\" itemtype=\"https:\/\/schema.org\/Question\" class=\"qubely-accordion-item qubely-type-fill false\"><div class=\"qubely-accordion-panel qubely-icon-position-right\"><span class=\"qubely-accordion-panel-handler\" role=\"button\"><span itemprop=\"name\" class=\"qubely-accordion-panel-handler-label\">Reuni\u00f3n Virtual Comit\u00e9 Ejecutivo Con Pdtes., Consejo Consultivo,Consejeros, Directores\/Gtes &#8211; 28 De Mayo 2021 <\/span><span class=\"qubely-accordion-icon fa fa-plus\"><\/span><\/span><\/div><div itemscope itemprop=\"acceptedAnswer\" itemtype=\"https:\/\/schema.org\/Answer\" class=\"qubely-accordion-body\"><div itemprop=\"text\">\n<ul>\n<li><a href=\"https:\/\/www.fiic.la\/Documentos\/Reuni%C3%B3n%20de%20presidentes%2028%20mayo%202021\/PPT-PRESENTACION%20A%20FIIC%20MAYO%202021%20ALEXWAGEMANN.pdf\" target=\"_blank\" rel=\"noreferrer noopener\">Presentaci\u00f3n Alex Wagemann<\/a><\/li>\n<\/ul>\n<\/div><\/div><\/div><\/div>\n\n\n\n<div class=\"wp-block-qubely-accordion-item qubely-block-7dc9a8\"><div itemscope itemprop=\"mainEntity\" itemtype=\"https:\/\/schema.org\/Question\" class=\"qubely-accordion-item qubely-type-fill false\"><div class=\"qubely-accordion-panel qubely-icon-position-right\"><span class=\"qubely-accordion-panel-handler\" role=\"button\"><span itemprop=\"name\" class=\"qubely-accordion-panel-handler-label\">LXXXIII Reuni\u00f3n De Consejo Directivo FIIC &#8211; 20 De Abril 2021 &#8211; Virtual<\/span><span class=\"qubely-accordion-icon fa fa-plus\"><\/span><\/span><\/div><div itemscope itemprop=\"acceptedAnswer\" itemtype=\"https:\/\/schema.org\/Answer\" class=\"qubely-accordion-body\"><div itemprop=\"text\">\n<p class=\"has-text-align-center\"><strong>Semana de Comisiones &#8211; Lunes 12 de&nbsp;abril 2021<\/strong><\/p>\n\n\n\n<ul>\n<li><a href=\"https:\/\/www.fiic.la\/Documentos\/LXXXIII%20CONSEJO%20DIRECTIVO%20VIRTUAL%20ABRIL%202021\/Informe%20CONSTRUCION-SOSTENIBLE%20-%20FIIC%20Abril%202021.pdf\" target=\"_blank\" rel=\"noreferrer noopener\">Construcci\u00f3n Sustentable<\/a>&nbsp;\/&nbsp;<a href=\"https:\/\/www.fiic.la\/Documentos\/LXXXIII%20CONSEJO%20DIRECTIVO%20VIRTUAL%20ABRIL%202021\/Presentacion%20Comision%20Construccion%20Sostenible%20FIIC%20-%20Abril%202021.pdf\" target=\"_blank\" rel=\"noreferrer noopener\">GET Responsabilidad Social Empresarial (RSE)<\/a><\/li>\n<\/ul>\n\n\n\n<p><\/p>\n\n\n\n<ul>\n<li><a href=\"https:\/\/www.fiic.la\/Documentos\/LXXXIII%20CONSEJO%20DIRECTIVO%20VIRTUAL%20ABRIL%202021\/Comision%20de%20Directores%20y%20Grentes%20Informe%20FIIC%20Abril%2021.pdf\" target=\"_blank\" rel=\"noreferrer noopener\">Directores \/ Gerentes Generales<\/a><\/li>\n<\/ul>\n\n\n\n<p><\/p>\n\n\n\n<ul>\n<li><a href=\"https:\/\/www.fiic.la\/Documentos\/LXXXIII%20CONSEJO%20DIRECTIVO%20VIRTUAL%20ABRIL%202021\/FIIC%20Steering%20Committee%20-%20Seguridad%20y%20Salud.pdf\" target=\"_blank\" rel=\"noreferrer noopener\">Seguridad y Salud<\/a><\/li>\n<\/ul>\n\n\n\n<p><strong>Martes 13<\/strong><\/p>\n\n\n\n<ul>\n<li><a href=\"https:\/\/www.fiic.la\/Documentos\/LXXXIII%20CONSEJO%20DIRECTIVO%20VIRTUAL%20ABRIL%202021\/Presentacion%20IFIS%20abril%202021.pdf\" target=\"_blank\" rel=\"noreferrer noopener\">IFI&#8217;s<\/a><\/li>\n<\/ul>\n\n\n\n<p><\/p>\n\n\n\n<ul>\n<li>Anticorrupci\u00f3n \/<a href=\"https:\/\/www.fiic.la\/Documentos\/LXXXIII%20CONSEJO%20DIRECTIVO%20VIRTUAL%20ABRIL%202021\/PRESENTACION%20ING.%20MARISCAL.pdf\" target=\"_blank\" rel=\"noreferrer noopener\">Ing. Nicolas Mariscal Torroella<\/a>&nbsp;\/&nbsp;<a href=\"https:\/\/www.fiic.la\/Documentos\/LXXXIII%20CONSEJO%20DIRECTIVO%20VIRTUAL%20ABRIL%202021\/Presentacion%20Comite%20Anticorrupcion%20FIIC%20-%20CAF.pdf\" target=\"_blank\" rel=\"noreferrer noopener\">Dra. Adriana Romero<\/a>&nbsp;\/&nbsp;<a href=\"https:\/\/www.fiic.la\/Documentos\/LXXXIII%20CONSEJO%20DIRECTIVO%20VIRTUAL%20ABRIL%202021\/PRESENTACION%20ABRIL%2012%202021%20RHernandez.pdf\" target=\"_blank\" rel=\"noreferrer noopener\">Mtro. Roberto Hern\u00e1ndez<\/a><\/li>\n<\/ul>\n\n\n\n<p><\/p>\n\n\n\n<p><strong>Mi\u00e9rcoles 14<\/strong><\/p>\n\n\n\n<ul>\n<li><a href=\"https:\/\/www.fiic.la\/Documentos\/LXXXIII%20CONSEJO%20DIRECTIVO%20VIRTUAL%20ABRIL%202021\/INCONET%2014.04.21.pdf\" target=\"_blank\" rel=\"noreferrer noopener\">INCONET:&nbsp;BIM &#8211; Latam \/ Lean Construction \/ Innovaci\u00f3n<\/a><\/li>\n<\/ul>\n\n\n\n<p><\/p>\n\n\n\n<ul>\n<li><a href=\"https:\/\/www.fiic.la\/Documentos\/LXXXIII%20CONSEJO%20DIRECTIVO%20VIRTUAL%20ABRIL%202021\/FIIC%20Comision%20Infraestrcutura%20Presentaci%C3%B3n%20abril%202021.pdf\" target=\"_blank\" rel=\"noreferrer noopener\">Infraestructura<\/a>&nbsp;&#8211;&nbsp;<a href=\"https:\/\/www.fiic.la\/Documentos\/LXXXIII%20CONSEJO%20DIRECTIVO%20VIRTUAL%20ABRIL%202021\/FIIC%20Comision%20Infraestrcutura%20Precios%20Comparados%20Febrero%202021%20.pdf\" target=\"_blank\" rel=\"noreferrer noopener\">Infraestructura Precios<\/a><\/li>\n<\/ul>\n\n\n\n<p><\/p>\n\n\n\n<p><strong>Jueves 15<\/strong><\/p>\n\n\n\n<ul>\n<li><a href=\"https:\/\/www.fiic.la\/Documentos\/LXXXIII%20CONSEJO%20DIRECTIVO%20VIRTUAL%20ABRIL%202021\/Estudio%20Comparativo%20de%20Precios%20Febrero%202021%20FIIC.pdf\" target=\"_blank\" rel=\"noreferrer noopener\">Desarrollo Urbano y Vivienda \/ GET Estudio Comparativo de Precios<\/a><\/li>\n<\/ul>\n\n\n\n<p><\/p>\n\n\n\n<ul>\n<li><a href=\"https:\/\/www.fiic.la\/Documentos\/LXXXIII%20CONSEJO%20DIRECTIVO%20VIRTUAL%20ABRIL%202021\/Output%20primer%20taller%20FIIC%20V3%20(002).pdf\" target=\"_blank\" rel=\"noreferrer noopener\">Planificaci\u00f3n Estrat\u00e9gica<\/a><\/li>\n<\/ul>\n\n\n\n<p><\/p>\n\n\n\n<ul>\n<li><a href=\"https:\/\/youtube.com\/playlist?list=PLshsxaa2AROZhGkkoXknwBbryNjzpoTEG\" target=\"_blank\" rel=\"noreferrer noopener\">Reproducci\u00f3n en Youtube de las jornadas de comisiones FIIC 12-15 abril 2021<\/a><\/li>\n<\/ul>\n\n\n\n<p class=\"has-text-align-center\"><strong>Reuni\u00f3n de Consejo Directivo FIIC &#8211; Martes 20 de abril<\/strong><\/p>\n\n\n\n<ul>\n<li><a href=\"https:\/\/www.fiic.la\/Documentos\/LXXXIII%20CONSEJO%20DIRECTIVO%20VIRTUAL%20ABRIL%202021\/Presentacion%20Comite%20Ejecutivo.pdf\" target=\"_blank\" rel=\"noreferrer noopener\">Informe Comit\u00e9 Ejecutivo<\/a><\/li>\n<\/ul>\n\n\n\n<p><\/p>\n\n\n\n<ul>\n<li><a href=\"https:\/\/www.fiic.la\/Documentos\/LXXXIII%20CONSEJO%20DIRECTIVO%20VIRTUAL%20ABRIL%202021\/Activity%20Report%20for%20FIIC%20GA%20April%202021%20-%20ES_CICA.pdf\" target=\"_blank\" rel=\"noreferrer noopener\">Informe CICA<\/a><\/li>\n<\/ul>\n\n\n\n<p><\/p>\n\n\n\n<ul>\n<li><a href=\"https:\/\/www.fiic.la\/Documentos\/LXXXIII%20CONSEJO%20DIRECTIVO%20VIRTUAL%20ABRIL%202021\/presentacion%20FIIC-CABOCO.pdf\" target=\"_blank\" rel=\"noreferrer noopener\">Presentaci\u00f3n CABOCO &#8211; LXXXIV Consejo Directivo<\/a><\/li>\n<\/ul>\n\n\n\n<p><\/p>\n\n\n\n<ul>\n<li><a href=\"https:\/\/www.fiic.la\/Documentos\/LXXXIII%20CONSEJO%20DIRECTIVO%20VIRTUAL%20ABRIL%202021\/Memoria%20fotografica_Consejo.pdf\" target=\"_blank\" rel=\"noreferrer noopener\">Memoria Fotogr\u00e1fica<\/a><\/li>\n<\/ul>\n\n\n\n<p class=\"has-text-align-center\"><strong> Taller Damas FIIC<\/strong><\/p>\n\n\n\n<ul>\n<li><a href=\"https:\/\/www.fiic.la\/Documentos\/LXXXIII%20CONSEJO%20DIRECTIVO%20VIRTUAL%20ABRIL%202021\/Memoria%20fotografica%20Damas.pdf\" target=\"_blank\" rel=\"noreferrer noopener\">Memoria Fotogr\u00e1fica<\/a><\/li>\n<\/ul>\n<\/div><\/div><\/div><\/div>\n\n\n\n<div class=\"wp-block-qubely-accordion-item qubely-block-e546d8\"><div itemscope itemprop=\"mainEntity\" itemtype=\"https:\/\/schema.org\/Question\" class=\"qubely-accordion-item qubely-type-fill false\"><div class=\"qubely-accordion-panel qubely-icon-position-right\"><span class=\"qubely-accordion-panel-handler\" role=\"button\"><span itemprop=\"name\" class=\"qubely-accordion-panel-handler-label\">LXXXII Reuni\u00f3n De Consejo Directivo FIIC &#8211; 10 De Noviembre 2020 &#8211; Virtual<\/span><span class=\"qubely-accordion-icon fa fa-plus\"><\/span><\/span><\/div><div itemscope itemprop=\"acceptedAnswer\" itemtype=\"https:\/\/schema.org\/Answer\" class=\"qubely-accordion-body\"><div itemprop=\"text\">\n<h3 class=\"wp-block-heading has-text-align-center\" style=\"font-size:16px\"><strong>Semana de Comisiones &#8211; Lunes 2 de&nbsp;noviembre 2020<\/strong><\/h3>\n\n\n\n<ul>\n<li><a href=\"https:\/\/www.fiic.la\/Documentos\/LXXXII%20CONSEJO%20Y%20ASAMBLEA%20VIRTUAL%20%20NOV.%202020\/FIIC%20Comision%20Infraestrcutura%20Presentaci%C3%B3n%20nov%202020.pdf\" target=\"_blank\" rel=\"noreferrer noopener\">Infraestructura<\/a><\/li>\n<\/ul>\n\n\n\n<p><\/p>\n\n\n\n<ul>\n<li><a href=\"https:\/\/www.fiic.la\/Documentos\/LXXXII%20CONSEJO%20Y%20ASAMBLEA%20VIRTUAL%20%20NOV.%202020\/Presentacion%20Comision%20Construccion%20Sustentable%20FIIC%20-%20Noviembre%202020.pdf\" target=\"_blank\" rel=\"noreferrer noopener\">Construcci\u00f3n Sustentable<\/a><\/li>\n<\/ul>\n\n\n\n<p><\/p>\n\n\n\n<ul>\n<li><a href=\"https:\/\/www.fiic.la\/Documentos\/LXXXII%20CONSEJO%20Y%20ASAMBLEA%20VIRTUAL%20%20NOV.%202020\/Informe%20Comisi%C3%B3n%20Directores%20y%20Gerentes%20FIIC%20-%20Noviembre%2020.pdf\" target=\"_blank\" rel=\"noreferrer noopener\">Directores \/ Gerentes Generales<\/a><\/li>\n<\/ul>\n\n\n\n<p><strong>Martes 3<\/strong><\/p>\n\n\n\n<ul>\n<li><a href=\"https:\/\/www.fiic.la\/Documentos\/LXXXII%20CONSEJO%20Y%20ASAMBLEA%20VIRTUAL%20%20NOV.%202020\/Informe%20FIIC%20-%20Determinantes%20del%20precio%20de%20la%20vivienda%20-%20Sandra%20Forero%20Ram%C3%ADrez.pdf\" target=\"_blank\" rel=\"noreferrer noopener\">Desarrollo Urbano y Vivienda \/ Estudio Comparativo de Precios<\/a>&nbsp;<\/li>\n<\/ul>\n\n\n\n<p><\/p>\n\n\n\n<ul>\n<li><a href=\"https:\/\/www.fiic.la\/Documentos\/LXXXII%20CONSEJO%20Y%20ASAMBLEA%20VIRTUAL%20%20NOV.%202020\/Estudio%20Comparativo%20de%20Precios%20Septiembre%202020%20FIIC%2003-11-20_CCC.pdf\" target=\"_blank\" rel=\"noreferrer noopener\">Estudio Comparativo de Precios C\u00e1mara Costarricense de la Construcci\u00f3n<\/a><\/li>\n<\/ul>\n\n\n\n<p><\/p>\n\n\n\n<ul>\n<li><a href=\"https:\/\/www.fiic.la\/Documentos\/LXXXII%20CONSEJO%20Y%20ASAMBLEA%20VIRTUAL%20%20NOV.%202020\/presentacion%20GAL%203%20nov.2020.pdf\" target=\"_blank\" rel=\"noreferrer noopener\">Comisi\u00f3n Anticorrupci\u00f3n<\/a><\/li>\n<\/ul>\n\n\n\n<p><strong>Mi\u00e9rcoles 4<\/strong><\/p>\n\n\n\n<ul>\n<li>INCONET:&nbsp;<a href=\"https:\/\/www.fiic.la\/Documentos\/LXXXII%20CONSEJO%20Y%20ASAMBLEA%20VIRTUAL%20%20NOV.%202020\/Informe%20GET%20BIM%20Octubre%202020.pdf\" target=\"_blank\" rel=\"noreferrer noopener\">BIM &#8211; Latam<\/a>&nbsp;\/&nbsp;<a href=\"https:\/\/www.fiic.la\/Documentos\/LXXXII%20CONSEJO%20Y%20ASAMBLEA%20VIRTUAL%20%20NOV.%202020\/Presentacion%20GET%20LEAN%20-%20Nov%202020%20-%202.pdf\" target=\"_blank\" rel=\"noreferrer noopener\">Lean Construction<\/a>&nbsp;\/&nbsp;<a href=\"https:\/\/www.fiic.la\/Documentos\/LXXXII%20CONSEJO%20Y%20ASAMBLEA%20VIRTUAL%20%20NOV.%202020\/Innovacion%20Luis%20Bass.pdf\" target=\"_blank\" rel=\"noreferrer noopener\">Innovaci\u00f3n<\/a><\/li>\n<\/ul>\n\n\n\n<p><\/p>\n\n\n\n<ul>\n<li><a href=\"https:\/\/www.fiic.la\/Documentos\/LXXXII%20CONSEJO%20Y%20ASAMBLEA%20VIRTUAL%20%20NOV.%202020\/Presentaci%C3%B3n%20Protocolo%20CChC-FIIC.pdf\" target=\"_blank\" rel=\"noreferrer noopener\">Seguridad y Salud<\/a><\/li>\n<\/ul>\n\n\n\n<p><strong>Jueves 5<\/strong><\/p>\n\n\n\n<ul>\n<li><a href=\"https:\/\/www.fiic.la\/Documentos\/LXXXII%20CONSEJO%20Y%20ASAMBLEA%20VIRTUAL%20%20NOV.%202020\/2020-11-05%20Presentacio%CC%81n%20IFIS.pdf\" target=\"_blank\" rel=\"noreferrer noopener\">IFI&#8217;s<\/a><\/li>\n<\/ul>\n\n\n\n<p class=\"has-text-align-center\"><strong>Reuni\u00f3n de Consejo Directivo FIIC &#8211; Martes 10 de&nbsp;noviembre<\/strong><\/p>\n\n\n\n<ul>\n<li><a href=\"https:\/\/www.fiic.la\/Documentos\/LXXXII%20CONSEJO%20Y%20ASAMBLEA%20VIRTUAL%20%20NOV.%202020\/CICA%20Activity%20Report_FIIC_November%2010.pdf\" target=\"_blank\" rel=\"noreferrer noopener\">Informe CICA<\/a><\/li>\n<\/ul>\n\n\n\n<p><\/p>\n\n\n\n<ul>\n<li><a href=\"https:\/\/www.fiic.la\/Documentos\/LXXXII%20CONSEJO%20Y%20ASAMBLEA%20VIRTUAL%20%20NOV.%202020\/60%20Aniversario%20FIIC-%20RPlatt.pdf\" target=\"_blank\" rel=\"noreferrer noopener\">Informe&nbsp;60&nbsp; Aniversario FIIC<\/a><\/li>\n<\/ul>\n\n\n\n<p class=\"has-text-align-center\"><strong>Asamblea General Sesi\u00f3n Ordinaria FIIC &#8211; Mi\u00e9rcoles 11 de&nbsp;noviembre<\/strong><\/p>\n\n\n\n<ul>\n<li><a href=\"https:\/\/www.fiic.la\/Documentos\/LXXXII%20CONSEJO%20Y%20ASAMBLEA%20VIRTUAL%20%20NOV.%202020\/Comite%20Ejecutivo%202020.pdf\" target=\"_blank\" rel=\"noreferrer noopener\">Informe&nbsp;Comit\u00e9 Ejecutivo<\/a><\/li>\n<\/ul>\n\n\n\n<p class=\"has-text-align-center\"><strong>Talleres CAF Asamblea General Sesi\u00f3n Ordinaria FIIC &#8211;&nbsp;Jueves&nbsp;12 de&nbsp;noviembre<\/strong><\/p>\n\n\n\n<ul>\n<li><a href=\"https:\/\/www.fiic.la\/Documentos\/LXXXII%20CONSEJO%20Y%20ASAMBLEA%20VIRTUAL%20%20NOV.%202020\/ConferenciaFIIC%202020DEF_Pinheiro.pdf\" target=\"_blank\" rel=\"noreferrer noopener\">APP&#8217;s &#8211; Presentaci\u00f3n Antonio Pinheiro &#8220;Recueperaci\u00f3n Econ\u00f3mica y APP en Am\u00e9rica Latina<\/a><\/li>\n<\/ul>\n\n\n\n<p><\/p>\n\n\n\n<ul>\n<li><a href=\"https:\/\/www.fiic.la\/Documentos\/LXXXII%20CONSEJO%20Y%20ASAMBLEA%20VIRTUAL%20%20NOV.%202020\/2020_1112_PPT%20Conclusiones%20CAF.pdf\" target=\"_blank\" rel=\"noreferrer noopener\">Instituto Anticorrupci\u00f3n<\/a><\/li>\n<\/ul>\n\n\n\n<p><\/p>\n\n\n\n<p>Memoria Fotogr\u00e1fica<\/p>\n\n\n\n<p class=\"has-text-align-center\"><strong> Conferencia Damas FIIC<\/strong><\/p>\n\n\n\n<ul>\n<li>Memoria Fotogr\u00e1fica<\/li>\n<\/ul>\n<\/div><\/div><\/div><\/div>\n\n\n\n<div class=\"wp-block-qubely-accordion-item qubely-block-29fc50\"><div itemscope itemprop=\"mainEntity\" itemtype=\"https:\/\/schema.org\/Question\" class=\"qubely-accordion-item qubely-type-fill false\"><div class=\"qubely-accordion-panel qubely-icon-position-right\"><span class=\"qubely-accordion-panel-handler\" role=\"button\"><span itemprop=\"name\" class=\"qubely-accordion-panel-handler-label\">LXXXI Reuni\u00f3n De Consejo Directivo FIIC &#8211; 1 De Octubre 2019 &#8211; Santiago De Chile<\/span><span class=\"qubely-accordion-icon fa fa-plus\"><\/span><\/span><\/div><div itemscope itemprop=\"acceptedAnswer\" itemtype=\"https:\/\/schema.org\/Answer\" class=\"qubely-accordion-body\"><div itemprop=\"text\">\n<h3 class=\"wp-block-heading has-text-align-center\" style=\"font-size:16px\"><strong>Reuni\u00f3n Plenaria de Comisiones &#8211; Lunes 30 de&nbsp;septiembre 2019<\/strong><\/h3>\n\n\n\n<ul>\n<li><a href=\"https:\/\/www.fiic.la\/Documentos\/LXXXI%20CONSEJO%20DIRECTIVO%20CHILE%20%20OCT%202019\/INFORME%20INCONET%20CHILE%202019%20V3.pdf\" target=\"_blank\" rel=\"noopener\">INCONET<\/a><\/li>\n<\/ul>\n\n\n\n<p><\/p>\n\n\n\n<ul>\n<li><a href=\"https:\/\/www.fiic.la\/Documentos\/LXXXI%20CONSEJO%20DIRECTIVO%20CHILE%20%20OCT%202019\/FIIC%20Inversion%20y%20Desarrollo%20Presentacion%2027-9-19%20FLago.pdf\" target=\"_blank\" rel=\"noreferrer noopener\">Infraestructura<\/a>&nbsp;\/&nbsp;<a href=\"https:\/\/www.fiic.la\/Documentos\/LXXXI%20CONSEJO%20DIRECTIVO%20CHILE%20%20OCT%202019\/Comision%20de%20Infraestructura%20-%20Presentacion%20Eduardo%20Lechuga.pdf\" target=\"_blank\" rel=\"noreferrer noopener\">Presentaci\u00f3n Eduardo Lechuga<\/a>&nbsp;\/&nbsp;<a href=\"https:\/\/www.fiic.la\/Documentos\/LXXXI%20CONSEJO%20DIRECTIVO%20CHILE%20%20OCT%202019\/Matriz%20de%20Infraestructura%20de%20Transportes%20FIIC%20Camara%20Costa%20Rica.pdf\" target=\"_blank\" rel=\"noreferrer noopener\">Matriz de Infraestructura de transportes<\/a><\/li>\n<\/ul>\n\n\n\n<p><\/p>\n\n\n\n<ul>\n<li><a href=\"https:\/\/www.fiic.la\/Documentos\/LXXXI%20CONSEJO%20DIRECTIVO%20CHILE%20%20OCT%202019\/FIIC%20-%20Comision%20de%20Construccion%20Sustentable%20-%20Avance%20-%2030.09.2019%20capeco.pdf\" target=\"_blank\" rel=\"noreferrer noopener\">Construcci\u00f3n Sustentable<\/a>&nbsp;<\/li>\n<\/ul>\n\n\n\n<p><\/p>\n\n\n\n<ul>\n<li><a href=\"https:\/\/www.fiic.la\/Documentos\/LXXXI%20CONSEJO%20DIRECTIVO%20CHILE%20%20OCT%202019\/3.%20Presentacion%20Premio%20RSE2%20LConstans.pdf\" target=\"_blank\" rel=\"noreferrer noopener\">Responsabilidad Social Empresarial (RSE &#8211; FIIC)<\/a><\/li>\n<\/ul>\n\n\n\n<p><\/p>\n\n\n\n<ul>\n<li><a href=\"https:\/\/www.fiic.la\/Documentos\/LXXXI%20CONSEJO%20DIRECTIVO%20CHILE%20%20OCT%202019\/4.%20FIIC%20PPT%20V3%2013_03_2019-convertido.pdf\" target=\"_blank\" rel=\"noreferrer noopener\">Desarrollo Urbano y Vivienda<\/a>&nbsp;\/&nbsp;<a href=\"https:\/\/www.fiic.la\/Documentos\/LXXXI%20CONSEJO%20DIRECTIVO%20CHILE%20%20OCT%202019\/Estudio%20Comparativo%20de%20Precios%20Agosto%202019%20FIIC%20RESUMEN.pdf\" target=\"_blank\" rel=\"noreferrer noopener\">Estudio Comparativo de Precios<\/a><\/li>\n<\/ul>\n\n\n\n<p><\/p>\n\n\n\n<ul>\n<li><a href=\"https:\/\/www.fiic.la\/Documentos\/LXXXI%20CONSEJO%20DIRECTIVO%20CHILE%20%20OCT%202019\/Presentacion%20anticorrupcion-%20FINAL.pdf\" target=\"_blank\" rel=\"noreferrer noopener\">Comisi\u00f3n Anticorrupci\u00f3n<\/a>&nbsp;\/&nbsp;<a href=\"https:\/\/www.fiic.la\/Documentos\/LXXXI%20CONSEJO%20DIRECTIVO%20CHILE%20%20OCT%202019\/Integridad%20-%20Presentacion%20FIIC%20Chile_CCavedo.pdf\" target=\"_blank\" rel=\"noreferrer noopener\">Integridad<\/a><\/li>\n<\/ul>\n\n\n\n<p><\/p>\n\n\n\n<ul>\n<li><a href=\"https:\/\/www.fiic.la\/Documentos\/LXXXI%20CONSEJO%20DIRECTIVO%20CHILE%20%20OCT%202019\/Presentacion%20IFIS%20-FINAL.pdf\" target=\"_blank\" rel=\"noreferrer noopener\">IFI&#8217;s<\/a><\/li>\n<\/ul>\n\n\n\n<p><\/p>\n\n\n\n<ul>\n<li><a href=\"https:\/\/www.fiic.la\/Documentos\/LXXXI%20CONSEJO%20DIRECTIVO%20CHILE%20%20OCT%202019\/Informe%20Comision%20Directores%20y%20Gerentes%20FIIC%20-%20Santiago%202019%202.0.pdf\" target=\"_blank\" rel=\"noreferrer noopener\">Comisi\u00f3n Directores \/ Gerentes<\/a><\/li>\n<\/ul>\n\n\n\n<p><\/p>\n\n\n\n<ul>\n<li><a href=\"https:\/\/www.fiic.la\/Documentos\/LXXXI%20CONSEJO%20DIRECTIVO%20CHILE%20%20OCT%202019\/Matriz%20de%20Infraestructura%20de%20Transportes%20FIIC-Esteban%20Acon.pdf\" target=\"_blank\" rel=\"noreferrer noopener\">Matriz de Infraestructura de Transportes<\/a><\/li>\n<\/ul>\n\n\n\n<p class=\"has-text-align-center\"><strong>Reuni\u00f3n de Consejo Directivo FIIC &#8211; Martes 1 de&nbsp;octubre<\/strong><\/p>\n\n\n\n<ul>\n<li><a href=\"https:\/\/www.fiic.la\/Documentos\/LXXXI%20CONSEJO%20DIRECTIVO%20CHILE%20%20OCT%202019\/INFORME%20COMITE%20EJECUTIVO%20%20ABRIL-OCTUBRE%202019.pdf\" target=\"_blank\" rel=\"noreferrer noopener\">Informe Comit\u00e9 Ejecutivo<\/a><\/li>\n<\/ul>\n\n\n\n<p><\/p>\n\n\n\n<ul>\n<li><a href=\"https:\/\/www.fiic.la\/Documentos\/LXXXI%20CONSEJO%20DIRECTIVO%20CHILE%20%20OCT%202019\/Presentacion%20CICA-FINAL-martes.pdf\" target=\"_blank\" rel=\"noreferrer noopener\">Informe CICA<\/a><\/li>\n<\/ul>\n\n\n\n<p><\/p>\n\n\n\n<ul>\n<li><a href=\"https:\/\/www.fiic.la\/Documentos\/LXXXI%20CONSEJO%20DIRECTIVO%20CHILE%20%20OCT%202019\/Evolucion%20Economica%20Paises%20FIIC%202018-2019_Version%20Ejecutiva.pdf\" target=\"_blank\" rel=\"noreferrer noopener\">Evoluci\u00f3n Econ\u00f3mica en los pa\u00edses miembros FIIC&nbsp;<\/a><\/li>\n<\/ul>\n\n\n\n<p><\/p>\n\n\n\n<ul>\n<li><a href=\"https:\/\/www.fiic.la\/Documentos\/LXXXI%20CONSEJO%20DIRECTIVO%20CHILE%20%20OCT%202019\/4.%20Presentacion%20plan%20de%20trabajo%20anticorrupcion-martes.pdf\" target=\"_blank\" rel=\"noreferrer noopener\">Plan de trabajo anticorrupci\u00f3n&nbsp;<\/a><\/li>\n<\/ul>\n\n\n\n<p><\/p>\n\n\n\n<ul>\n<li><a href=\"https:\/\/www.fiic.la\/Documentos\/LXXXI%20CONSEJO%20DIRECTIVO%20CHILE%20%20OCT%202019\/8.%20OEA%20Permisos%20FIIC%20Chile.pdf\" target=\"_blank\" rel=\"noreferrer noopener\">OEA Permisos de Construcci\u00f3n<\/a><\/li>\n<\/ul>\n\n\n\n<p><\/p>\n\n\n\n<ul>\n<li><a href=\"https:\/\/www.fiic.la\/Documentos\/LXXXI%20CONSEJO%20DIRECTIVO%20CHILE%20%20OCT%202019\/Jorge%20Mas%20COP25%20%20Duoc%20V4.pdf\" target=\"_blank\" rel=\"noreferrer noopener\">Presentaci\u00f3n Ing. Jorge Mas &#8211; COP25<\/a><\/li>\n<\/ul>\n\n\n\n<p><\/p>\n\n\n\n<ul>\n<li><a href=\"https:\/\/photos.app.goo.gl\/4P23tTfpvmN1qByU6\" target=\"_blank\" rel=\"noreferrer noopener\">Memoria Fotogr\u00e1fica<\/a><\/li>\n<\/ul>\n\n\n\n<p class=\"has-text-align-center\"><strong>Conferencia Damas FIIC<\/strong><\/p>\n\n\n\n<ul>\n<li><a href=\"https:\/\/photos.app.goo.gl\/Ca9pYVZD1CG2c7xK7\" target=\"_blank\" rel=\"noreferrer noopener\">Memoria Fotogr\u00e1fica<\/a><\/li>\n<\/ul>\n\n\n\n<p><\/p>\n\n\n\n<ul>\n<li><a href=\"https:\/\/www.fiic.la\/Documentos\/LXXXI%20CONSEJO%20DIRECTIVO%20CHILE%20%20OCT%202019\/Smart%20Market%20Report%20Latam.pdf\" target=\"_blank\" rel=\"noreferrer noopener\">Smart Market Report Latam<\/a><\/li>\n<\/ul>\n\n\n\n<p><\/p>\n\n\n\n<ul>\n<li><a href=\"https:\/\/www.fiic.la\/Documentos\/LXXXI%20CONSEJO%20DIRECTIVO%20CHILE%20%20OCT%202019\/Smart%20Market%20Report%20Latam%20PT.pdf\" target=\"_blank\" rel=\"noreferrer noopener\">Smart Market Report Latam<\/a>&nbsp;(portugu\u00e9s) <\/li>\n<\/ul>\n<\/div><\/div><\/div><\/div>\n\n\n\n<div class=\"wp-block-qubely-accordion-item qubely-block-9aace0\"><div itemscope itemprop=\"mainEntity\" itemtype=\"https:\/\/schema.org\/Question\" class=\"qubely-accordion-item qubely-type-fill false\"><div class=\"qubely-accordion-panel qubely-icon-position-right\"><span class=\"qubely-accordion-panel-handler\" role=\"button\"><span itemprop=\"name\" class=\"qubely-accordion-panel-handler-label\">LXXX Reuni\u00f3n De Consejo Directivo FIIC &#8211; 9 De Abril 2019 &#8211; Montevideo, Uruguay<\/span><span class=\"qubely-accordion-icon fa fa-plus\"><\/span><\/span><\/div><div itemscope itemprop=\"acceptedAnswer\" itemtype=\"https:\/\/schema.org\/Answer\" class=\"qubely-accordion-body\"><div itemprop=\"text\">\n<h3 class=\"wp-block-heading has-text-align-center\" style=\"font-size:16px\"><strong>Reuni\u00f3n Plenaria de Comisiones &#8211; 8 de&nbsp;abril 2019<\/strong><\/h3>\n\n\n\n<ul>\n<li><a href=\"https:\/\/www.fiic.la\/Documentos\/LXXX%20Reunion%20Consejo%20Directivo%20-%20abril%20%202019%20Montevideo,%20Uruguay\/1.%20INFORME%20INCONET%20URUGUAY%20ABRIL19%20V3.pdf\" target=\"_blank\" rel=\"noreferrer noopener\">INCONET &#8211; GET<\/a><\/li>\n<\/ul>\n\n\n\n<p><\/p>\n\n\n\n<ul>\n<li><a href=\"https:\/\/www.fiic.la\/Documentos\/LXXX%20Reunion%20Consejo%20Directivo%20-%20abril%20%202019%20Montevideo,%20Uruguay\/Informe%20de%20Gestion%20FIIC%20Uruguay%20Abril%2019-SORREGO.pdf\" target=\"_blank\" rel=\"noreferrer noopener\">Informe de Gesti\u00f3n BIM<\/a><\/li>\n<\/ul>\n\n\n\n<p><\/p>\n\n\n\n<ul>\n<li><a href=\"https:\/\/www.fiic.la\/Documentos\/LXXX%20Reunion%20Consejo%20Directivo%20-%20abril%20%202019%20Montevideo,%20Uruguay\/Presentacion%20BIMET%20Inconet%20Uruguay.pdf\" target=\"_blank\" rel=\"noreferrer noopener\">INCONET &#8211; BIMET<\/a><\/li>\n<\/ul>\n\n\n\n<p><\/p>\n\n\n\n<ul>\n<li><a href=\"https:\/\/www.fiic.la\/Documentos\/LXXX%20Reunion%20Consejo%20Directivo%20-%20abril%20%202019%20Montevideo,%20Uruguay\/1.1.%20Presentacion_IA%202-LAGO.pdf\" target=\"_blank\" rel=\"noreferrer noopener\">INCONET&nbsp;Innovaci\u00f3n<\/a><\/li>\n<\/ul>\n\n\n\n<p><\/p>\n\n\n\n<ul>\n<li><a href=\"https:\/\/www.fiic.la\/Documentos\/LXXX%20Reunion%20Consejo%20Directivo%20-%20abril%20%202019%20Montevideo,%20Uruguay\/2.%20Lago%20Costo%20comparado%20ruta%20FIIC%202019.pdf\" target=\"_blank\" rel=\"noreferrer noopener\">Infraestructura<\/a><\/li>\n<\/ul>\n\n\n\n<p><\/p>\n\n\n\n<ul>\n<li><a href=\"https:\/\/www.fiic.la\/Documentos\/LXXX%20Reunion%20Consejo%20Directivo%20-%20abril%20%202019%20Montevideo,%20Uruguay\/FIIC%20-%20Comision%20de%20Construccion%20Sustentable%20-%20Avance%20-%2008.04.2019.pdf\" target=\"_blank\" rel=\"noreferrer noopener\">Construcci\u00f3n Sustentable<\/a><\/li>\n<\/ul>\n\n\n\n<p><\/p>\n\n\n\n<ul>\n<li><a href=\"https:\/\/www.fiic.la\/Documentos\/LXXX%20Reunion%20Consejo%20Directivo%20-%20abril%20%202019%20Montevideo,%20Uruguay\/RSE%20-%20LCONSTANS.pdf\" target=\"_blank\" rel=\"noreferrer noopener\">Responsabilidad Social Empresarial (RSE &#8211; FIIC)<\/a><\/li>\n<\/ul>\n\n\n\n<p><\/p>\n\n\n\n<ul>\n<li><a href=\"https:\/\/www.fiic.la\/Documentos\/LXXX%20Reunion%20Consejo%20Directivo%20-%20abril%20%202019%20Montevideo,%20Uruguay\/3.%20Presentaci%C3%B3n%20FIIC%20agenda%20comisi%C3%B3n%20abril%2027_03_2019.pdf\" target=\"_blank\" rel=\"noreferrer noopener\">Desarrollo Urbano y Vivienda<\/a>&nbsp;\/&nbsp;<a href=\"https:\/\/www.fiic.la\/Documentos\/LXXX%20Reunion%20Consejo%20Directivo%20-%20abril%20%202019%20Montevideo,%20Uruguay\/3.1.%20con_dir_fiic_abril_2019_montevideo_autoregulaci%C3%B3n.pdf\" target=\"_blank\" rel=\"noreferrer noopener\">Autoregulaci\u00f3n<\/a>&nbsp;\/&nbsp;<a href=\"https:\/\/www.fiic.la\/Documentos\/LXXX%20Reunion%20Consejo%20Directivo%20-%20abril%20%202019%20Montevideo,%20Uruguay\/3.1.1.Estudio%20Comparativo%20de%20Precios%20Febrero%202019%20FIIC.pdf\" target=\"_blank\" rel=\"noreferrer noopener\">GET ECP<\/a><\/li>\n<\/ul>\n\n\n\n<p><\/p>\n\n\n\n<ul>\n<li><a href=\"https:\/\/www.fiic.la\/Documentos\/LXXX%20Reunion%20Consejo%20Directivo%20-%20abril%20%202019%20Montevideo,%20Uruguay\/4.%20Informe%20Comision%20Anticorrupcion%20FInal.pdf\" target=\"_blank\" rel=\"noreferrer noopener\">Comisi\u00f3n Anticorrupci\u00f3n<\/a><\/li>\n<\/ul>\n\n\n\n<p><\/p>\n\n\n\n<ul>\n<li><a href=\"https:\/\/www.fiic.la\/Documentos\/LXXX%20Reunion%20Consejo%20Directivo%20-%20abril%20%202019%20Montevideo,%20Uruguay\/5.%20Informe%20Comision%20Directores%20y%20Gerentes%20FIIC%20-%20Montevideo%202019%20S-D_1.pdf\" target=\"_blank\" rel=\"noreferrer noopener\">Comisi\u00f3n Directores \/ Gerentes<\/a><\/li>\n<\/ul>\n\n\n\n<p><\/p>\n\n\n\n<ul>\n<li><a href=\"https:\/\/www.fiic.la\/Documentos\/LXXX%20Reunion%20Consejo%20Directivo%20-%20abril%20%202019%20Montevideo,%20Uruguay\/6.%20Propuesta%20Planificacion%20Estrategica%20FIIC%20%20-%20CPA%20FERRERE.pdf\" target=\"_blank\" rel=\"noreferrer noopener\">Sesi\u00f3n de Planeaci\u00f3n Estrat\u00e9gica<\/a><\/li>\n<\/ul>\n\n\n\n<p class=\"has-text-align-center\"><strong>Reuni\u00f3n de Consejo Directivo FIIC &#8211; Martes 9 de&nbsp;abril<\/strong><\/p>\n\n\n\n<ul>\n<li><a href=\"https:\/\/www.fiic.la\/Documentos\/LXXX%20Reunion%20Consejo%20Directivo%20-%20abril%20%202019%20Montevideo,%20Uruguay\/Informe%20CE%20presentacion.pdf\" target=\"_blank\" rel=\"noreferrer noopener\">Informe Comit\u00e9 Ejecutivo<\/a><\/li>\n<\/ul>\n\n\n\n<p><\/p>\n\n\n\n<ul>\n<li><a href=\"https:\/\/www.fiic.la\/Documentos\/LXXX%20Reunion%20Consejo%20Directivo%20-%20abril%20%202019%20Montevideo,%20Uruguay\/PPT%20Jorge%20Mas%20-%20CICA%20Montevideo.pdf\" target=\"_blank\" rel=\"noreferrer noopener\">Informe CICA<\/a><\/li>\n<\/ul>\n\n\n\n<p><\/p>\n\n\n\n<ul>\n<li><a href=\"https:\/\/photos.app.goo.gl\/jBGhnu7p6MrEANGx5\" target=\"_blank\" rel=\"noreferrer noopener\">Memoria Fotogr\u00e1fica<\/a><\/li>\n<\/ul>\n\n\n\n<p class=\"has-text-align-center\"><strong>Conferencia Damas FIIC<\/strong><\/p>\n\n\n\n<ul>\n<li><a href=\"https:\/\/photos.app.goo.gl\/M6sQjLPRqw15ZkWt5\" target=\"_blank\" rel=\"noreferrer noopener\">Memoria Fotogr\u00e1fica<\/a><\/li>\n<\/ul>\n<\/div><\/div><\/div><\/div>\n\n\n\n<div class=\"wp-block-qubely-accordion-item qubely-block-1d33cc\"><div itemscope itemprop=\"mainEntity\" itemtype=\"https:\/\/schema.org\/Question\" class=\"qubely-accordion-item qubely-type-fill false\"><div class=\"qubely-accordion-panel qubely-icon-position-right\"><span class=\"qubely-accordion-panel-handler\" role=\"button\"><span itemprop=\"name\" class=\"qubely-accordion-panel-handler-label\">LXXIX Reuni\u00f3n De Consejo Directivo FIIC &#8211; 9 De Octubre 2018 &#8211; Lima, Per\u00fa<\/span><span class=\"qubely-accordion-icon fa fa-plus\"><\/span><\/span><\/div><div itemscope itemprop=\"acceptedAnswer\" itemtype=\"https:\/\/schema.org\/Answer\" class=\"qubely-accordion-body\"><div itemprop=\"text\">\n<h3 class=\"wp-block-heading has-text-align-center\" style=\"font-size:16px\"><strong>Reuni\u00f3n Plenaria de Comisiones &#8211; 8 de&nbsp;octubre 2018<\/strong><\/h3>\n\n\n\n<ul>\n<li><a href=\"https:\/\/www.fiic.la\/Documentos\/LXXIX%20Reunion%20de%20Consejo%20Directivo%20FIIC%209%20octubre%202018%20-%20Peru\/LXXIX%20REUNION%20CONSEJO%20DIR-Final%20D-3%20JSandoval.pdf\" target=\"_blank\" rel=\"noreferrer noopener\">INCONET &#8211; GET<\/a>&#8211;&nbsp;<a href=\"https:\/\/www.fiic.la\/Documentos\/LXXIX%20Reunion%20de%20Consejo%20Directivo%20FIIC%209%20octubre%202018%20-%20Peru\/2.%20INCONET%20Lima%20GET%20BIM.pptx\" target=\"_blank\" rel=\"noreferrer noopener\">BIM\/LATAM&nbsp;<\/a><\/li>\n<\/ul>\n\n\n\n<p><\/p>\n\n\n\n<ul>\n<li><a href=\"https:\/\/www.fiic.la\/Documentos\/LXXIX%20Reunion%20de%20Consejo%20Directivo%20FIIC%209%20octubre%202018%20-%20Peru\/4.1%20Inconet%20Seguridad.pdf\" target=\"_blank\" rel=\"noreferrer noopener\">INCONET Construir Seguridad&nbsp;<\/a><\/li>\n<\/ul>\n\n\n\n<p><\/p>\n\n\n\n<ul>\n<li><a href=\"https:\/\/www.fiic.la\/Documentos\/LXXIX%20Reunion%20de%20Consejo%20Directivo%20FIIC%209%20octubre%202018%20-%20Peru\/Com%20Infraestructura%20Agenda%20Reunion%207-10-18.pdf\" target=\"_blank\" rel=\"noreferrer noopener\">Infraestructura<\/a><\/li>\n<\/ul>\n\n\n\n<p><\/p>\n\n\n\n<ul>\n<li><a href=\"https:\/\/www.fiic.la\/Documentos\/LXXIX%20Reunion%20de%20Consejo%20Directivo%20FIIC%209%20octubre%202018%20-%20Peru\/FIIC%20-%20Comision%20de%20Construccion%20Sustentable%20-%20Plan%20de%20Trabajo%20-%2008.10.2018.pdf\" target=\"_blank\" rel=\"noreferrer noopener\">Construcci\u00f3n Sustentable<\/a>&nbsp;&#8211;&nbsp;&nbsp;<a href=\"https:\/\/www.fiic.la\/Documentos\/LXXIX%20Reunion%20de%20Consejo%20Directivo%20FIIC%209%20octubre%202018%20-%20Peru\/FIIC%20-%20Comision%20de%20Construccion%20Sustentable%20-%20Reflexiones%20sobre%20CS%20-%2008.10.2018.pdf\" target=\"_blank\" rel=\"noreferrer noopener\">Construcci\u00f3n Sustentable Reflexiones<\/a>&nbsp;&#8211;&nbsp;<a href=\"https:\/\/www.fiic.la\/Documentos\/LXXIX%20Reunion%20de%20Consejo%20Directivo%20FIIC%209%20octubre%202018%20-%20Peru\/Presentacion%20RSE.pdf\" target=\"_blank\" rel=\"noreferrer noopener\">GET RSE<\/a>&nbsp;<a href=\"https:\/\/www.fiic.la\/Documentos\/LXXIX%20Reunion%20de%20Consejo%20Directivo%20FIIC%209%20octubre%202018%20-%20Peru\/Presentacion%20FIIC%20Seguridad%20Social%20%20%202018.pdf\" target=\"_blank\" rel=\"noreferrer noopener\">Seguridad Social<\/a><\/li>\n<\/ul>\n\n\n\n<p><\/p>\n\n\n\n<ul>\n<li><a href=\"https:\/\/www.fiic.la\/Documentos\/LXXIX%20Reunion%20de%20Consejo%20Directivo%20FIIC%209%20octubre%202018%20-%20Peru\/FIIC%20-%20Comisi%C3%B3n%20de%20Vivienda%20-%20Octubre%202018.pdf\" target=\"_blank\" rel=\"noreferrer noopener\">Desarrollo Urbano y Vivienda<\/a>&nbsp;\/&nbsp;<a href=\"https:\/\/www.fiic.la\/Documentos\/LXXIX%20Reunion%20de%20Consejo%20Directivo%20FIIC%209%20octubre%202018%20-%20Peru\/Estudio%20Comparativo%20de%20Precios%20Agosto%202018%20-%20FIIC%20octubre%202018%20resumen.pdf\" target=\"_blank\" rel=\"noreferrer noopener\">GET ECP<\/a><\/li>\n<\/ul>\n\n\n\n<p><\/p>\n\n\n\n<ul>\n<li><a href=\"https:\/\/www.fiic.la\/Documentos\/LXXIX%20Reunion%20de%20Consejo%20Directivo%20FIIC%209%20octubre%202018%20-%20Peru\/FIIC%20Informe%20Comision%20Anticorrupcion%20-%20Octubre%202018.pdf\" target=\"_blank\" rel=\"noreferrer noopener\">Comisi\u00f3n Anticorrupci\u00f3n<\/a><\/li>\n<\/ul>\n\n\n\n<p><\/p>\n\n\n\n<ul>\n<li><a href=\"https:\/\/www.fiic.la\/Documentos\/LXXIX%20Reunion%20de%20Consejo%20Directivo%20FIIC%209%20octubre%202018%20-%20Peru\/11.1%20Hacia%20una%20nueva%20cultura%20de%20integridad%20Empresarial%20RHernandez.pdf\" target=\"_blank\" rel=\"noreferrer noopener\">Hacia una nueva cultura de integridad empresarial &#8220;multijurisdiccional&#8221; para las empresas del sector construcci\u00f3n<\/a><\/li>\n<\/ul>\n\n\n\n<p><\/p>\n\n\n\n<ul>\n<li><a href=\"https:\/\/www.fiic.la\/Documentos\/LXXIX%20Reunion%20de%20Consejo%20Directivo%20FIIC%209%20octubre%202018%20-%20Peru\/Informe%20Comisi%C3%B3n%20Directores%20y%20Gerentes%20FIIC%20-%20LIMA%20Recuperado.pdf\" target=\"_blank\" rel=\"noreferrer noopener\">Comisi\u00f3n Directores \/ Gerentes<\/a><\/li>\n<\/ul>\n\n\n\n<p><\/p>\n\n\n\n<ul>\n<li><a href=\"https:\/\/www.fiic.la\/Documentos\/LXXIX%20Reunion%20de%20Consejo%20Directivo%20FIIC%209%20octubre%202018%20-%20Peru\/6_FIIC%20-%20PROBLEMATICA%20CABOCO.pdf\" target=\"_blank\" rel=\"noreferrer noopener\">Problem\u00e1tica sectorial falta de una ley de contrataciones CABOCO<\/a><\/li>\n<\/ul>\n\n\n\n<p><\/p>\n\n\n\n<ul>\n<li><a href=\"https:\/\/www.fiic.la\/Documentos\/LXXIX%20Reunion%20de%20Consejo%20Directivo%20FIIC%209%20octubre%202018%20-%20Peru\/FIIC%20FINAL%207.10.18-guatemala.pdf\" target=\"_blank\" rel=\"noreferrer noopener\">\u00c9tica Empresarial y competitividad &#8211; CGC<\/a><\/li>\n<\/ul>\n\n\n\n<p><\/p>\n\n\n\n<ul>\n<li><a href=\"https:\/\/www.fiic.la\/Documentos\/LXXIX%20Reunion%20de%20Consejo%20Directivo%20FIIC%209%20octubre%202018%20-%20Peru\/Presentacion%20FIIC%20Proyecto%20CAMARCO%20Innovacion%20Abierta%20102018.pdf\" target=\"_blank\" rel=\"noreferrer noopener\">Programa de Innovaci\u00f3n Abierta 2018 &#8211; CAC<\/a><\/li>\n<\/ul>\n\n\n\n<p><\/p>\n\n\n\n<ul>\n<li><a href=\"https:\/\/www.fiic.la\/Documentos\/LXXIX%20Reunion%20de%20Consejo%20Directivo%20FIIC%209%20octubre%202018%20-%20Peru\/Presentacion%20CDT%202018%20-%20Tendencias%20en%20la%20Construccion%20v2.pdf\" target=\"_blank\" rel=\"noreferrer noopener\">Mega tendencias en la construcci\u00f3n &#8211; CDT<\/a><\/li>\n<\/ul>\n\n\n\n<p><\/p>\n\n\n\n<ul>\n<li><a href=\"https:\/\/www.fiic.la\/Documentos\/LXXIX%20Reunion%20de%20Consejo%20Directivo%20FIIC%209%20octubre%202018%20-%20Peru\/4.%20PRESENTACION%20PERU2018%20Wetlands.pdf\" target=\"_blank\" rel=\"noreferrer noopener\">Wetlands &#8211; Saneamiento de los R\u00edos<\/a><\/li>\n<\/ul>\n\n\n\n<p><\/p>\n\n\n\n<ul>\n<li><a href=\"https:\/\/www.fiic.la\/Documentos\/LXXIX%20Reunion%20de%20Consejo%20Directivo%20FIIC%209%20octubre%202018%20-%20Peru\/1.30%20%20%20Virtus%20-%20Documento%20de%20Apoyo%20v8.pdf\" target=\"_blank\" rel=\"noreferrer noopener\">Sesi\u00f3n de Planeaci\u00f3n Estrat\u00e9gica<\/a><\/li>\n<\/ul>\n\n\n\n<p class=\"has-text-align-center\"><strong>Reuni\u00f3n de Consejo Directivo FIIC &#8211; Martes 9 de octubre<\/strong><\/p>\n\n\n\n<ul>\n<li><a href=\"https:\/\/www.fiic.la\/Documentos\/LXXIX%20Reunion%20de%20Consejo%20Directivo%20FIIC%209%20octubre%202018%20-%20Peru\/Informe%20CE,%20RCD%20LXXIX%20Lima,%20Peru.pdf\" target=\"_blank\" rel=\"noreferrer noopener\">Informe Comit\u00e9 Ejecutivo<\/a><\/li>\n<\/ul>\n\n\n\n<p><\/p>\n\n\n\n<ul>\n<li><a href=\"https:\/\/www.fiic.la\/Documentos\/LXXIX%20Reunion%20de%20Consejo%20Directivo%20FIIC%209%20octubre%202018%20-%20Peru\/Presentacion%20Jorge%20MAS%20-%20CICA.pdf\" target=\"_blank\" rel=\"noreferrer noopener\">Informe CICA<\/a><\/li>\n<\/ul>\n\n\n\n<p><\/p>\n\n\n\n<ul>\n<li><a href=\"https:\/\/www.fiic.la\/Documentos\/LXXIX%20Reunion%20de%20Consejo%20Directivo%20FIIC%209%20octubre%202018%20-%20Peru\/La%20Evolucion%20Economica%20de%20los%20Paises%20Miembros%20de%20la%20FIIC%202017-2018_Presentacion%20Ejecutiva_Definitiva%2025_09_2018_1.pdf\" target=\"_blank\" rel=\"noreferrer noopener\">Evoluci\u00f3n de la Econom\u00eda de los pa\u00edses miembros FIIC<\/a>&nbsp;<\/li>\n<\/ul>\n\n\n\n<p><\/p>\n\n\n\n<ul>\n<li><a href=\"https:\/\/www.fiic.la\/Documentos\/LXXIX%20Reunion%20de%20Consejo%20Directivo%20FIIC%209%20octubre%202018%20-%20Peru\/Evolucion%20Economica%20de%20los%20Paises%20Miembros%20de%20la%20FIIC%202017-2018%20completo.pdf\" target=\"_blank\" rel=\"noreferrer noopener\">Evoluci\u00f3n de la Economia de los pa\u00edses miembros FIIC (versi\u00f3n completa)<\/a><\/li>\n<\/ul>\n\n\n\n<p><\/p>\n\n\n\n<ul>\n<li><a href=\"https:\/\/www.fiic.la\/Documentos\/LXXIX%20Reunion%20de%20Consejo%20Directivo%20FIIC%209%20octubre%202018%20-%20Peru\/FIIC_%202018_Patricio%20Donoso.pdf\" target=\"_blank\" rel=\"noreferrer noopener\">C\u00e1mara Chilena de la Construcci\u00f3n &#8211; Ing. Patricio Donoso<\/a><\/li>\n<\/ul>\n\n\n\n<p><\/p>\n\n\n\n<ul>\n<li><a href=\"https:\/\/www.fiic.la\/Documentos\/LXXIX%20Reunion%20de%20Consejo%20Directivo%20FIIC%209%20octubre%202018%20-%20Peru\/002%20CCU%20-%20Por%20qu%C3%A9%20invertir%20en%20Uruguay.mp4\" target=\"_blank\" rel=\"noreferrer noopener\">LXXX Reuni\u00f3n de Consejo Directivo &#8211; CCU<\/a><\/li>\n<\/ul>\n\n\n\n<p><\/p>\n\n\n\n<ul>\n<li><a href=\"https:\/\/www.fiic.la\/Documentos\/LXXIX%20Reunion%20de%20Consejo%20Directivo%20FIIC%209%20octubre%202018%20-%20Peru\/Virtus%20-%20Resumen%20sesio%CC%81n%20planificacio%CC%81n%20estrate%CC%81gica%20v2.pdf\" target=\"_blank\" rel=\"noreferrer noopener\">Resumen Sesi\u00f3n Planeaci\u00f3n Estrategica<\/a><\/li>\n<\/ul>\n\n\n\n<p class=\"has-text-align-center\"><strong>Conferencia Damas FIIC<\/strong><\/p>\n\n\n\n<ul>\n<li><a href=\"https:\/\/www.fiic.la\/Documentos\/LXXIX%20Reunion%20de%20Consejo%20Directivo%20FIIC%209%20octubre%202018%20-%20Peru\/EY%20How%20do%20family%20businesses%20create%20lasting%20success.pdf\" target=\"_blank\" rel=\"noreferrer noopener\">Ey How do family businesses lasting succes<\/a><\/li>\n<\/ul>\n\n\n\n<p><\/p>\n\n\n\n<ul>\n<li><a href=\"https:\/\/www.fiic.la\/Documentos\/LXXIX%20Reunion%20de%20Consejo%20Directivo%20FIIC%209%20octubre%202018%20-%20Peru\/LXXIX%20Reuni%C3%B3n%20de%20Consejo%20Directivo%20FIIC_EY%20Empresas%20Familiares.pdf\" target=\"_blank\" rel=\"noreferrer noopener\">Empresas Familiares Desaf\u00edos&nbsp; y claves de \u00e9xito<\/a><\/li>\n<\/ul>\n\n\n\n<ul>\n<li><a href=\"https:\/\/photos.app.goo.gl\/Pit3He8EAU4YuzGw8\" target=\"_blank\" rel=\"noreferrer noopener\">Memoria Fotogr\u00e1fica<\/a><\/li>\n<\/ul>\n<\/div><\/div><\/div><\/div>\n\n\n\n<div class=\"wp-block-qubely-accordion-item qubely-block-ea5445\"><div itemscope itemprop=\"mainEntity\" itemtype=\"https:\/\/schema.org\/Question\" class=\"qubely-accordion-item qubely-type-fill false\"><div class=\"qubely-accordion-panel qubely-icon-position-right\"><span class=\"qubely-accordion-panel-handler\" role=\"button\"><span itemprop=\"name\" class=\"qubely-accordion-panel-handler-label\">LXXVIII Reuni\u00f3n De Consejo Directivo FIIC &#8211; 29 De Mayo 2018 &#8211; Tegucigalpa, Honduras<\/span><span class=\"qubely-accordion-icon fa fa-plus\"><\/span><\/span><\/div><div itemscope itemprop=\"acceptedAnswer\" itemtype=\"https:\/\/schema.org\/Answer\" class=\"qubely-accordion-body\"><div itemprop=\"text\">\n<h3 class=\"wp-block-heading has-text-align-center\" style=\"font-size:16px\"><strong>Reuni\u00f3n Plenaria de Comisiones &#8211; 28 de&nbsp;Mayo 2018<\/strong><\/h3>\n\n\n\n<ul>\n<li><a href=\"https:\/\/www.fiic.la\/Documentos\/LXXVIII\/Presentacion%20Anticorrupcion%20FIIC%20-%20FINAL%20(18%20MAYO).pdf\" target=\"_blank\" rel=\"noreferrer noopener\">Comisi\u00f3n Anticorrupci\u00f3n<\/a><\/li>\n<\/ul>\n\n\n\n<p><\/p>\n\n\n\n<ul>\n<li><a href=\"https:\/\/www.fiic.la\/Documentos\/LXXVIII\/Esquema%20CDG%20FIIC.pdf\" target=\"_blank\" rel=\"noreferrer noopener\">Comisi\u00f3n Directores \/ Gerentes<\/a><\/li>\n<\/ul>\n\n\n\n<p><\/p>\n\n\n\n<ul>\n<li><a href=\"https:\/\/www.fiic.la\/Documentos\/LXXVIII\/Informe%20Productividad%20Riesgos%20Sectoriales%20CAMACOL.pdf\" target=\"_blank\" rel=\"noreferrer noopener\">Comisi\u00f3n Desarrollo Urbano y Vivienda<\/a>&nbsp;\/&nbsp;<a href=\"https:\/\/www.fiic.la\/Documentos\/LXXVIII\/Estudio%20Comparativo%20de%20Precios%20Febrero%202018%20-%20Cumbre%20FIIC%20mayo%2018.pdf\" target=\"_blank\" rel=\"noreferrer noopener\">Grupo de Trabajo<\/a><\/li>\n<\/ul>\n\n\n\n<p><\/p>\n\n\n\n<ul>\n<li><a href=\"https:\/\/www.fiic.la\/Documentos\/LXXVIII\/Agenda%20Reunion%20Presencial%20Tegucigalpa.pdf\" target=\"_blank\" rel=\"noreferrer noopener\">Comisi\u00f3n Infraestructura<\/a><\/li>\n<\/ul>\n\n\n\n<p><\/p>\n\n\n\n<ul>\n<li><a href=\"https:\/\/www.fiic.la\/Documentos\/LXXVIII\/PRESENTACION%20FIIC%20INCONET%20HONDURAS%202018%20B-1-J.SANDOVAL.pdf\" target=\"_blank\" rel=\"noreferrer noopener\">INCONET&nbsp;<\/a>\/&nbsp;<a href=\"https:\/\/www.fiic.la\/Documentos\/LXXVIII\/MISION%20TECNOLOGICA%20FEB2018.pdf\" target=\"_blank\" rel=\"noreferrer noopener\">Misi\u00f3n Tecnol\u00f3gica<\/a><\/li>\n<\/ul>\n\n\n\n<p class=\"has-text-align-center\"><strong>Reuni\u00f3n de Consejo Directivo FIIC &#8211; Martes 29<\/strong><\/p>\n\n\n\n<ul>\n<li><a href=\"https:\/\/www.fiic.la\/Documentos\/LXXVIII\/Presentacion%20Comite%20Ejecutivo.exe\" target=\"_blank\" rel=\"noreferrer noopener\">Informe Comit\u00e9 Ejecutivo<\/a><\/li>\n<\/ul>\n\n\n\n<p><\/p>\n\n\n\n<ul>\n<li><a href=\"https:\/\/www.fiic.la\/Documentos\/LXXVIII\/Presentacion%20CICA%20-%20FIIC%20Honduras.%20Mayo%202018.pdf\" target=\"_blank\" rel=\"noreferrer noopener\">Informe CICA<\/a><\/li>\n<\/ul>\n\n\n\n<p><\/p>\n\n\n\n<ul>\n<li><a href=\"https:\/\/www.fiic.la\/Documentos\/LXXVIII\/FIIC%20Informe%20Comision%20Infraestructura%20Tegucigalpa%20mayo%202018.pdf\" target=\"_blank\" rel=\"noreferrer noopener\">Informe Com. Infraestructura<\/a><\/li>\n<\/ul>\n\n\n\n<p><\/p>\n\n\n\n<ul>\n<li><a href=\"https:\/\/www.fiic.la\/Documentos\/LXXVIII\/Vivienda%20FIIC%202018.pdf\" target=\"_blank\" rel=\"noreferrer noopener\">Presentaci\u00f3n C\u00e1mara Hondure\u00f1a de la Industria de la Construcci\u00f3n<\/a><\/li>\n<\/ul>\n\n\n\n<p><\/p>\n\n\n\n<ul>\n<li><a href=\"https:\/\/www.fiic.la\/Documentos\/LXXVIII\/MARTES%20LAN%20DE%20ACCIONES.pdf\" target=\"_blank\" rel=\"noreferrer noopener\">Presentaci\u00f3n C\u00e1mara Chilena de la Construcci\u00f3n<\/a><\/li>\n<\/ul>\n\n\n\n<p><\/p>\n\n\n\n<ul>\n<li><a href=\"https:\/\/www.fiic.la\/Documentos\/LXXVIII\/MARTES%20Presentacion%20Como%20influir%20en%20desarrollo%20de%20infraestructura.pdf\" target=\"_blank\" rel=\"noreferrer noopener\">C\u00f3mo influir en desarrollo de infraestructura<\/a>&nbsp;<\/li>\n<\/ul>\n\n\n\n<p><\/p>\n\n\n\n<ul>\n<li><a href=\"https:\/\/www.fiic.la\/Documentos\/LXXVIII\/Los%20desafios%20de%20la%20construccion%20en%20el%20Peru.pdf\" target=\"_blank\" rel=\"noreferrer noopener\">Presentaci\u00f3n C\u00e1mara Peruana de la Construcci\u00f3n<\/a><\/li>\n<\/ul>\n\n\n\n<p><\/p>\n\n\n\n<ul>\n<li><a href=\"https:\/\/www.fiic.la\/Documentos\/LXXVIII\/Presentacion%20SAM%20FIIC.pdf\" target=\"_blank\" rel=\"noreferrer noopener\">Presentaci\u00f3n SAM&nbsp; &#8211; FIIC<\/a><\/li>\n<\/ul>\n\n\n\n<p><\/p>\n\n\n\n<ul>\n<li><a href=\"https:\/\/www.fiic.la\/Documentos\/LXXVIII\/BIM%20MEXICHEM%20LATAM.pdf\" target=\"_blank\" rel=\"noreferrer noopener\">Implementaci\u00f3n BIM LATAM<\/a><\/li>\n<\/ul>\n\n\n\n<p><\/p>\n\n\n\n<ul>\n<li><a href=\"https:\/\/www.fiic.la\/Documentos\/LXXVIII\/Presentacion%20de%20Proyectos%20APP%20numero.pdf\" target=\"_blank\" rel=\"noreferrer noopener\">Principales proyectos APP a realizarse en los pr\u00f3ximos a\u00f1os<\/a><\/li>\n<\/ul>\n\n\n\n<p><\/p>\n\n\n\n<ul>\n<li><a href=\"https:\/\/www.fiic.la\/Documentos\/LXXVIII\/5%20Estrategia%20VF%20numero.pdf\" target=\"_blank\" rel=\"noreferrer noopener\">Estrategia para el impulso de los APP<\/a><\/li>\n<\/ul>\n\n\n\n<ul>\n<li><a href=\"https:\/\/photos.app.goo.gl\/bh91cFpq6J4t8Dhc9\" target=\"_blank\" rel=\"noreferrer noopener\">Memoria Fotogr\u00e1fica<\/a><\/li>\n<\/ul>\n\n\n\n<p class=\"has-text-align-center\"><strong>Conferencia Damas FIIC<\/strong><\/p>\n\n\n\n<ul>\n<li><a href=\"https:\/\/www.fiic.la\/Documentos\/LXXVIII\/Presentaci%C3%B3n%20Nicole%20%20CCCh%20con%20video%20Honduras%20final.pptx\" target=\"_blank\" rel=\"noreferrer noopener\">Participaci\u00f3n de las Mujeres: Visi\u00f3n Internacional y desaf\u00edos futuros<\/a><\/li>\n<\/ul>\n\n\n\n<p><\/p>\n\n\n\n<ul>\n<li><a href=\"https:\/\/photos.app.goo.gl\/NSa4JsjepALHr2Vq5\" target=\"_blank\" rel=\"noreferrer noopener\">Memoria Fotogr\u00e1fica<\/a><\/li>\n<\/ul>\n<\/div><\/div><\/div><\/div>\n\n\n\n<div class=\"wp-block-qubely-accordion-item qubely-block-6626b4\"><div itemscope itemprop=\"mainEntity\" itemtype=\"https:\/\/schema.org\/Question\" class=\"qubely-accordion-item qubely-type-fill false\"><div class=\"qubely-accordion-panel qubely-icon-position-right\"><span class=\"qubely-accordion-panel-handler\" role=\"button\"><span itemprop=\"name\" class=\"qubely-accordion-panel-handler-label\">LXXVII Reuni\u00f3n De Consejo Directivo &#8211; 03 De Octubre 2017 \u2013 Buenos Aires, Argentina<\/span><span class=\"qubely-accordion-icon fa fa-plus\"><\/span><\/span><\/div><div itemscope itemprop=\"acceptedAnswer\" itemtype=\"https:\/\/schema.org\/Answer\" class=\"qubely-accordion-body\"><div itemprop=\"text\">\n<p class=\"has-text-align-center\"><strong>Reuni\u00f3n Plenaria de Comisiones<\/strong><\/p>\n\n\n\n<ul>\n<li><a href=\"https:\/\/ballast.lunarbreeze.com:2083\/cpsess9469717939\/frontend\/paper_lantern\/filemanager\/showfile.html?file=Actividad+e+institucionalidad+Sectorial+-+FIIC_V3.pdf&amp;fileop=&amp;dir=%2Fhome%2Ffiic00%2Fpublic_html%2FDocumentos%2F+LXXVII+Reuni%C3%B3n+de+Consejo+Directivo+FIIC+-+3+de+octubre+2017+-+Buenos+Aires%2C+Argentina+&amp;dirop=&amp;charset=&amp;file_charset=&amp;baseurl=&amp;basedir=\" target=\"_blank\" rel=\"noopener\">Comisi\u00f3n Desarrollo Urbano y Vivienda (ir\u00eda ligado con el archivo que se llama&nbsp;<\/a><\/li>\n<\/ul>\n\n\n\n<p><\/p>\n\n\n\n<ul>\n<li><a href=\"https:\/\/ballast.lunarbreeze.com:2083\/cpsess9469717939\/frontend\/paper_lantern\/filemanager\/showfile.html?file=Comision+Premio+RSE-BBAA+%281%29.pptx&amp;fileop=&amp;dir=%2Fhome%2Ffiic00%2Fpublic_html%2FDocumentos%2F+LXXVII+Reuni%C3%B3n+de+Consejo+Directivo+FIIC+-+3+de+octubre+2017+-+Buenos+Aires%2C+Argentina+&amp;dirop=&amp;charset=&amp;file_charset=&amp;baseurl=&amp;basedir=\" target=\"_blank\" rel=\"noopener\">Comisi\u00f3n Responsabilidad Social Empresarial&nbsp;<\/a><\/li>\n<\/ul>\n\n\n\n<p><\/p>\n\n\n\n<ul>\n<li><a href=\"https:\/\/ballast.lunarbreeze.com:2083\/cpsess9469717939\/frontend\/paper_lantern\/filemanager\/showfile.html?file=Presentacion+CSostenible+JMartins+2oct.pdf&amp;fileop=&amp;dir=%2Fhome%2Ffiic00%2Fpublic_html%2FDocumentos%2F+LXXVII+Reuni%C3%B3n+de+Consejo+Directivo+FIIC+-+3+de+octubre+2017+-+Buenos+Aires%2C+Argentina+&amp;dirop=&amp;charset=&amp;file_charset=&amp;baseurl=&amp;basedir=\" target=\"_blank\" rel=\"noopener\">Comisi\u00f3n Construcci\u00f3n Sostenible<\/a><\/li>\n<\/ul>\n\n\n\n<p><\/p>\n\n\n\n<ul>\n<li><a href=\"https:\/\/ballast.lunarbreeze.com:2083\/cpsess9469717939\/frontend\/paper_lantern\/filemanager\/showfile.html?file=Presentacion+INCONET+2017+Sebastian+Orrego.pdf&amp;fileop=&amp;dir=%2Fhome%2Ffiic00%2Fpublic_html%2FDocumentos%2F+LXXVII+Reuni%C3%B3n+de+Consejo+Directivo+FIIC+-+3+de+octubre+2017+-+Buenos+Aires%2C+Argentina+&amp;dirop=&amp;charset=&amp;file_charset=&amp;baseurl=&amp;basedir=\" target=\"_blank\" rel=\"noopener\">INCONET<\/a>&nbsp;<\/li>\n<\/ul>\n\n\n\n<p><\/p>\n\n\n\n<ul>\n<li><a href=\"https:\/\/ballast.lunarbreeze.com:2083\/cpsess9469717939\/frontend\/paper_lantern\/filemanager\/showfile.html?file=INFORME+FIC+A+INCONET_ok.pdf&amp;fileop=&amp;dir=%2Fhome%2Ffiic00%2Fpublic_html%2FDocumentos%2F+LXXVII+Reuni%C3%B3n+de+Consejo+Directivo+FIIC+-+3+de+octubre+2017+-+Buenos+Aires%2C+Argentina+&amp;dirop=&amp;charset=&amp;file_charset=&amp;baseurl=&amp;basedir=\" target=\"_blank\" rel=\"noopener\">INCONET<\/a><\/li>\n<\/ul>\n\n\n\n<p><\/p>\n\n\n\n<p class=\"has-text-align-center\"><strong>Reuni\u00f3n de Consejo Directivo<\/strong><\/p>\n\n\n\n<ul>\n<li><a href=\"https:\/\/ballast.lunarbreeze.com:2083\/cpsess9469717939\/frontend\/paper_lantern\/filemanager\/showfile.html?file=INFORME+PDTE++FIIC+OCT+2017.pdf&amp;fileop=&amp;dir=%2Fhome%2Ffiic00%2Fpublic_html%2FDocumentos%2F+LXXVII+Reuni%C3%B3n+de+Consejo+Directivo+FIIC+-+3+de+octubre+2017+-+Buenos+Aires%2C+Argentina+&amp;dirop=&amp;charset=&amp;file_charset=&amp;baseurl=&amp;basedir=\" target=\"_blank\" rel=\"noopener\">Informe presidente &#8211; Ing. Ricardo Platt<\/a>&nbsp;<\/li>\n<\/ul>\n\n\n\n<p><\/p>\n\n\n\n<ul>\n<li><a href=\"https:\/\/ballast.lunarbreeze.com:2083\/cpsess9469717939\/frontend\/paper_lantern\/filemanager\/showfile.html?file=Presentacion-INFORME+SEC+GRAL.+FIIC+OCT-2017+%281%29.pptx&amp;fileop=&amp;dir=%2Fhome%2Ffiic00%2Fpublic_html%2FDocumentos%2F+LXXVII+Reuni%C3%B3n+de+Consejo+Directivo+FIIC+-+3+de+octubre+2017+-+Buenos+Aires%2C+Argentina+&amp;dirop=&amp;charset=&amp;file_charset=&amp;baseurl=&amp;basedir=\" target=\"_blank\" rel=\"noopener\">Informe Secretario General \u2013 Ing. Jorge Videgaray<\/a>&nbsp;<\/li>\n<\/ul>\n\n\n\n<p><\/p>\n\n\n\n<ul>\n<li><a href=\"https:\/\/ballast.lunarbreeze.com:2083\/cpsess9469717939\/frontend\/paper_lantern\/filemanager\/showfile.html?file=10.+PRESENTACI%C3%93N+EJECUTIVA+FIIC+2016-2017_18_09_2017+%281%29.pdf&amp;fileop=&amp;dir=%2Fhome%2Ffiic00%2Fpublic_html%2FDocumentos%2F+LXXVII+Reuni%C3%B3n+de+Consejo+Directivo+FIIC+-+3+de+octubre+2017+-+Buenos+Aires%2C+Argentina+&amp;dirop=&amp;charset=&amp;file_charset=&amp;baseurl=&amp;basedir=\" target=\"_blank\" rel=\"noopener\">Evoluci\u00f3n de la Econom\u00eda de los pa\u00edses miembros FIIC versi\u00f3n ejecutiva<\/a>&nbsp;<\/li>\n<\/ul>\n\n\n\n<p><\/p>\n\n\n\n<ul>\n<li><a href=\"https:\/\/ballast.lunarbreeze.com:2083\/cpsess9469717939\/frontend\/paper_lantern\/filemanager\/showfile.html?file=Evolucion+de+la+economia+en+los+paises+miembros+de+la+FIIC+2017___.pdf&amp;fileop=&amp;dir=%2Fhome%2Ffiic00%2Fpublic_html%2FDocumentos%2F+LXXVII+Reuni%C3%B3n+de+Consejo+Directivo+FIIC+-+3+de+octubre+2017+-+Buenos+Aires%2C+Argentina+&amp;dirop=&amp;charset=&amp;file_charset=&amp;baseurl=&amp;basedir=\" target=\"_blank\" rel=\"noopener\">Evoluci\u00f3n de la Econom\u00eda de los pa\u00edses miembros FIIC versi\u00f3n completa<\/a>&nbsp;<\/li>\n<\/ul>\n\n\n\n<p><\/p>\n\n\n\n<ul>\n<li><a href=\"https:\/\/ballast.lunarbreeze.com:2083\/cpsess9469717939\/frontend\/paper_lantern\/filemanager\/showfile.html?file=indice+de+Competitividad+FIIC+Agosto+2017+-+FIIC+Octubre+2017+FINAL+Costa+Rica.pdf&amp;fileop=&amp;dir=%2Fhome%2Ffiic00%2Fpublic_html%2FDocumentos%2F+LXXVII+Reuni%C3%B3n+de+Consejo+Directivo+FIIC+-+3+de+octubre+2017+-+Buenos+Aires%2C+Argentina+&amp;dirop=&amp;charset=&amp;file_charset=&amp;baseurl=&amp;basedir=\" target=\"_blank\" rel=\"noopener\">Presentaci\u00f3n C\u00e1mara Costarricense de la Construcci\u00f3n<\/a>&nbsp;<\/li>\n<\/ul>\n\n\n\n<p><\/p>\n\n\n\n<ul>\n<li><a href=\"https:\/\/ballast.lunarbreeze.com:2083\/cpsess9469717939\/frontend\/paper_lantern\/filemanager\/showfile.html?file=PRESENTACION+FIIC+proyecto+Integracion+cac.pdf&amp;fileop=&amp;dir=%2Fhome%2Ffiic00%2Fpublic_html%2FDocumentos%2F+LXXVII+Reuni%C3%B3n+de+Consejo+Directivo+FIIC+-+3+de+octubre+2017+-+Buenos+Aires%2C+Argentina+&amp;dirop=&amp;charset=&amp;file_charset=&amp;baseurl=&amp;basedir=\" target=\"_blank\" rel=\"noopener\">Presentaci\u00f3n C\u00e1mara Argentina de la Construcci\u00f3n<\/a>&nbsp;<\/li>\n<\/ul>\n\n\n\n<p><\/p>\n\n\n\n<ul>\n<li><a href=\"https:\/\/ballast.lunarbreeze.com:2083\/cpsess9469717939\/frontend\/paper_lantern\/filemanager\/showfile.html?file=Informe+Reunion+de+Directores+-+Gerentes+Camaras+FIIC.pdf&amp;fileop=&amp;dir=%2Fhome%2Ffiic00%2Fpublic_html%2FDocumentos%2F+LXXVII+Reuni%C3%B3n+de+Consejo+Directivo+FIIC+-+3+de+octubre+2017+-+Buenos+Aires%2C+Argentina+&amp;dirop=&amp;charset=&amp;file_charset=&amp;baseurl=&amp;basedir=\" target=\"_blank\" rel=\"noopener\">Presentaci\u00f3n Directores y\/o Gerentes C\u00e1maras FIIC&nbsp;<\/a><\/li>\n<\/ul>\n\n\n\n<p><\/p>\n\n\n\n<ul>\n<li><a href=\"https:\/\/photos.app.goo.gl\/OZJSvjpldjp3UUer2\" target=\"_blank\" rel=\"noreferrer noopener\">Memoria Fotogr\u00e1fica<\/a><\/li>\n<\/ul>\n<\/div><\/div><\/div><\/div>\n\n\n\n<div class=\"wp-block-qubely-accordion-item qubely-block-a56b8a\"><div itemscope itemprop=\"mainEntity\" itemtype=\"https:\/\/schema.org\/Question\" class=\"qubely-accordion-item qubely-type-fill false\"><div class=\"qubely-accordion-panel qubely-icon-position-right\"><span class=\"qubely-accordion-panel-handler\" role=\"button\"><span itemprop=\"name\" class=\"qubely-accordion-panel-handler-label\">LXXVI Reuni\u00f3n De Consejo Directivo FIIC &#8211; 23 De Mayo 2017 \u2013 Brasilia, Brasil<\/span><span class=\"qubely-accordion-icon fa fa-plus\"><\/span><\/span><\/div><div itemscope itemprop=\"acceptedAnswer\" itemtype=\"https:\/\/schema.org\/Answer\" class=\"qubely-accordion-body\"><div itemprop=\"text\">\n<p class=\"has-text-align-center\"><strong>Reuni\u00f3n Plenaria de Comisiones Lunes 22 de mayo<\/strong><\/p>\n\n\n\n<ul>\n<li><a href=\"https:\/\/www.fiic.la\/Documentos\/Resumen%20Bases%20INCONET%20-%202014-consejo%20superior.pdf\" target=\"_blank\" rel=\"noopener\">En g.&nbsp;Juan Carlos Le\u00f3n &#8211; INCONET<\/a><\/li>\n<\/ul>\n\n\n\n<p><\/p>\n\n\n\n<ul>\n<li><a href=\"https:\/\/kapo.lunarmania.com:2083\/cpsess9826874587\/frontend\/lp3\/filemanager\/showfile.html?file=INCONET+informe+Encuesta+BIM+Forum+Latam+v2+-+JVG-JCL.pdf&amp;fileop=&amp;dir=%2Fhome%2Ffiic00%2Fpublic_html%2FDocumentos%2FLXXVI+CONSEJO+DIRECTIVO+BRASIL+MAYO+2017&amp;dirop=&amp;charset=&amp;file_charset=&amp;baseurl=&amp;basedir=\" target=\"_blank\" rel=\"noopener\">En g.&nbsp;Juan Carlos Le\u00f3n &#8211; Encuesta BIM Foro Latam<\/a><\/li>\n<\/ul>\n\n\n\n<p><\/p>\n\n\n\n<ul>\n<li><a href=\"https:\/\/kapo.lunarmania.com:2083\/cpsess9826874587\/frontend\/lp3\/filemanager\/showfile.html?file=Paulo+Sanches+-+Reuni%C3%A3o+INCONET-+FIIC-22.maio.2017-Rev03.pdf&amp;fileop=&amp;dir=%2Fhome%2Ffiic00%2Fpublic_html%2FDocumentos%2FLXXVI+CONSEJO+DIRECTIVO+BRASIL+MAYO+2017&amp;dirop=&amp;charset=&amp;file_charset=&amp;baseurl=&amp;basedir=\" target=\"_blank\" rel=\"noopener\">Paulo Sanches &#8211; INCONET<\/a><\/li>\n<\/ul>\n\n\n\n<p><\/p>\n\n\n\n<ul>\n<li><a href=\"https:\/\/kapo.lunarmania.com:2083\/cpsess9826874587\/frontend\/lp3\/filemanager\/showfile.html?file=Rodrigo+-+Apresenta%C3%A7%C3%A3o+Roadshow+CBIC_R01.pdf&amp;fileop=&amp;dir=%2Fhome%2Ffiic00%2Fpublic_html%2FDocumentos%2FLXXVI+CONSEJO+DIRECTIVO+BRASIL+MAYO+2017&amp;dirop=&amp;charset=&amp;file_charset=&amp;baseurl=&amp;basedir=\" target=\"_blank\" rel=\"noopener\">Rodrigo Girardi<\/a><\/li>\n<\/ul>\n\n\n\n<p><\/p>\n\n\n\n<ul>\n<li><a href=\"https:\/\/www.fiic.la\/Documentos\/Diagnostico%20financiaci%C3%B3n%20DU_VFF_Colombia.PDF\" target=\"_blank\" rel=\"noopener\">Abo.&nbsp;Natalia Robayo &#8211; Desarrollo Urbano y Vivienda<\/a><\/li>\n<\/ul>\n\n\n\n<p><\/p>\n\n\n\n<ul>\n<li><a href=\"https:\/\/www.fiic.la\/Documentos\/Arturo%20Gonzalez%20CCC-Estudio%20de%20Precios%20de%20CA%20marzo%202017-FIIC-FINAL%2017-05-17.pdf\" target=\"_blank\" rel=\"noopener\">En g.&nbsp;Jorge Arturo Gonz\u00e1lez C. &#8211; Desarrollo Urbano y Vivienda<\/a><\/li>\n<\/ul>\n\n\n\n<p><\/p>\n\n\n\n<ul>\n<li><a href=\"https:\/\/kapo.lunarmania.com:2083\/cpsess9826874587\/frontend\/lp3\/filemanager\/showfile.html?file=JoseCarlos+-+Apresentacion+-+CMA+%2818+de+maio_v1+ES%29+-+Revisada.pdf&amp;fileop=&amp;dir=%2Fhome%2Ffiic00%2Fpublic_html%2FDocumentos%2FLXXVI+CONSEJO+DIRECTIVO+BRASIL+MAYO+2017&amp;dirop=&amp;charset=&amp;file_charset=&amp;baseurl=&amp;basedir=\" target=\"_blank\" rel=\"noopener\">En g.&nbsp;Jos\u00e9 Carlos Martins &#8211; Construcci\u00f3n Sostenible<\/a><\/li>\n<\/ul>\n\n\n\n<p><\/p>\n\n\n\n<ul>\n<li><a href=\"https:\/\/www.fiic.la\/Documentos\/Comisi%C3%B3n%20Premio%20RSE.pdf\" target=\"_blank\" rel=\"noopener\">En g.&nbsp;Lorenzo Constans &#8211; RSE<\/a><\/li>\n<\/ul>\n\n\n\n<p><\/p>\n\n\n\n<ul>\n<li><a href=\"https:\/\/kapo.lunarmania.com:2083\/cpsess9826874587\/frontend\/lp3\/filemanager\/showfile.html?file=1.+Presentacion+Comision+Anti-corrupcion_22mayo2017.pdf&amp;fileop=&amp;dir=%2Fhome%2Ffiic00%2Fpublic_html%2FDocumentos%2FLXXVI+CONSEJO+DIRECTIVO+BRASIL+MAYO+2017&amp;dirop=&amp;charset=&amp;file_charset=&amp;baseurl=&amp;basedir=\" target=\"_blank\" rel=\"noopener\">Lic.&nbsp;Gustavo Arballo &#8211; Anti-corrupci\u00f3n<\/a><\/li>\n<\/ul>\n\n\n\n<p><\/p>\n\n\n\n<ul>\n<li><a href=\"https:\/\/kapo.lunarmania.com:2083\/cpsess9826874587\/frontend\/lp3\/filemanager\/showfile.html?file=2.+Presentacion+Anti-corrupcion_CICA22mayo2017+Jorge+Mas.pdf&amp;fileop=&amp;dir=%2Fhome%2Ffiic00%2Fpublic_html%2FDocumentos%2FLXXVI+CONSEJO+DIRECTIVO+BRASIL+MAYO+2017&amp;dirop=&amp;charset=&amp;file_charset=&amp;baseurl=&amp;basedir=\" target=\"_blank\" rel=\"noopener\">En g.&nbsp;Jorge Mas &#8211; CICA &#8211; Anti-Corrupci\u00f3n<\/a><\/li>\n<\/ul>\n\n\n\n<p><\/p>\n\n\n\n<ul>\n<li><a href=\"https:\/\/kapo.lunarmania.com:2083\/cpsess9826874587\/frontend\/lp3\/filemanager\/showfile.html?file=3.+Presentacion+Anti-corrupcion_OECD-22mayo2017.pdf&amp;fileop=&amp;dir=%2Fhome%2Ffiic00%2Fpublic_html%2FDocumentos%2FLXXVI+CONSEJO+DIRECTIVO+BRASIL+MAYO+2017&amp;dirop=&amp;charset=&amp;file_charset=&amp;baseurl=&amp;basedir=\" target=\"_blank\" rel=\"noopener\">OCDE &#8211; Anticorrupci\u00f3n<\/a><\/li>\n<\/ul>\n\n\n\n<p class=\"has-text-align-center\"><strong>Reuni\u00f3n Consejo Directivo Martes 23 de mayo<\/strong><\/p>\n\n\n\n<ul>\n<li><a href=\"https:\/\/www.fiic.la\/Documentos\/INFORME%20PDTE%20%20FIIC.pdf\" target=\"_blank\" rel=\"noopener\">En g.&nbsp;Ricardo Platt &#8211; Informe Presidente<\/a><\/li>\n<\/ul>\n\n\n\n<p><\/p>\n\n\n\n<ul>\n<li><a href=\"https:\/\/www.fiic.la\/Documentos\/INFORME%20SEC%20GRAL.%20FIIC%20OCT-2017.pdf\" target=\"_blank\" rel=\"noopener\">En g.&nbsp;Jorge Videgaray &#8211; Secretario General<\/a><\/li>\n<\/ul>\n\n\n\n<p><\/p>\n\n\n\n<ul>\n<li><a href=\"https:\/\/www.fiic.la\/Documentos\/FIIC%20-%20Presentaci%C3%B3n%20STorretti%20Fondo%20de%20Infraestructura%20DEF_final.pdf\" target=\"_blank\" rel=\"noopener\">Ing. Sergio Torretti &#8211; Presidente C\u00e1mara Chilena de la Construcci\u00f3n<\/a><\/li>\n<\/ul>\n\n\n\n<p><\/p>\n\n\n\n<ul>\n<li><a href=\"https:\/\/www.fiic.la\/Documentos\/Martin%20Raiser%20201705%20-%20Rethinking%20Infrastructure%20in%20Latin%20America%20and%20the%20Caribbean_brazil_ESPrev.pdf\" target=\"_blank\" rel=\"noopener\">Martin Raiser &#8211; Banco Mundial<\/a><\/li>\n<\/ul>\n\n\n\n<p><\/p>\n\n\n\n<ul>\n<li><a href=\"https:\/\/www.fiic.la\/home\/fiic00\/public_html\/Documentos\/LXXVI%20CONSEJO%20DIRECTIVO%20BRASIL%20MAYO%202017\/Francis%20Beni_1.pdf\" target=\"_blank\" rel=\"noopener\">Francesc Beni &#8211; KPESICLAC<\/a><\/li>\n<\/ul>\n\n\n\n<p><\/p>\n\n\n\n<ul>\n<li><a href=\"https:\/\/kapo.lunarmania.com:2083\/cpsess9826874587\/frontend\/lp3\/filemanager\/showfile.html?file=170520_Presentation+SOURCE+FIIC+Consejo+Directivo.pdf&amp;fileop=&amp;dir=%2Fhome%2Ffiic00%2Fpublic_html%2FDocumentos%2FLXXVI+CONSEJO+DIRECTIVO+BRASIL+MAYO+2017&amp;dirop=&amp;charset=&amp;file_charset=&amp;baseurl=&amp;basedir=\" target=\"_blank\" rel=\"noopener\">Roger Fiszelson &#8211; CICA<\/a><\/li>\n<\/ul>\n\n\n\n<p><\/p>\n\n\n\n<ul>\n<li><a href=\"https:\/\/kapo.lunarmania.com:2083\/cpsess9826874587\/frontend\/lp3\/filemanager\/showfile.html?file=2_Codigo_de_Conduta_Concorrencial_espanhol_1.pdf&amp;fileop=&amp;dir=%2Fhome%2Ffiic00%2Fpublic_html%2FDocumentos%2FLXXVI+CONSEJO+DIRECTIVO+BRASIL+MAYO+2017&amp;dirop=&amp;charset=&amp;file_charset=&amp;baseurl=&amp;basedir=\" target=\"_blank\" rel=\"noopener\">Ing. Jos\u00e9 Carlos Martins &#8211; C\u00f3digo de Conducta<\/a><\/li>\n<\/ul>\n\n\n\n<p><\/p>\n\n\n\n<ul>\n<li><a href=\"https:\/\/photos.app.goo.gl\/hHx5er3dAZmUSojz5\" target=\"_blank\" rel=\"noreferrer noopener\">Memoria Fotogr\u00e1fica<\/a><\/li>\n<\/ul>\n<\/div><\/div><\/div><\/div>\n\n\n\n<div class=\"wp-block-qubely-accordion-item qubely-block-ea178f\"><div itemscope itemprop=\"mainEntity\" itemtype=\"https:\/\/schema.org\/Question\" class=\"qubely-accordion-item qubely-type-fill false\"><div class=\"qubely-accordion-panel qubely-icon-position-right\"><span class=\"qubely-accordion-panel-handler\" role=\"button\"><span itemprop=\"name\" class=\"qubely-accordion-panel-handler-label\">LXXV Reuni\u00f3n De Consejo Directivo FIIC &#8211; 4 De Octubre 2016 \u2013 Asunci\u00f3n, Paraguay<\/span><span class=\"qubely-accordion-icon fa fa-plus\"><\/span><\/span><\/div><div itemscope itemprop=\"acceptedAnswer\" itemtype=\"https:\/\/schema.org\/Answer\" class=\"qubely-accordion-body\"><div itemprop=\"text\">\n<p class=\"has-text-align-center\"><strong>Reuni\u00f3n Plenaria de Comisiones Lunes 3 de octubre<\/strong><\/p>\n\n\n\n<ul>\n<li><a href=\"https:\/\/www.fiic.la\/Documentos\/LXXV%20CONSEJO%20DIRECTIVO%20PARAGUAY%20OCT.2016\/FIIC%20Informe%20Comision%20Infraestructura%20Asuncion%20Octubre%202016.pdf\" target=\"_blank\" rel=\"noreferrer noopener\">Eng.&nbsp;Fernando Lago &#8211; Informe Infraestructura<\/a><\/li>\n<\/ul>\n\n\n\n<p><\/p>\n\n\n\n<ul>\n<li><a href=\"https:\/\/www.fiic.la\/Documentos\/LXXV%20CONSEJO%20DIRECTIVO%20PARAGUAY%20OCT.2016\/PRESENTACION%20FINAL%20PPT%20KPESIC%20OCTUBRE%202016v1.pdf\" target=\"_blank\" rel=\"noreferrer noopener\">Francesc Beni &#8211; Plataforma de Conocimiento sobre Construcci\u00f3n Ambientalmente Sostenible de Infraestructura en Am\u00e9rica Latina y el Caribe<\/a>&nbsp;&#8211;&nbsp;<a href=\"https:\/\/www.fiic.la\/Documentos\/LXXV%20CONSEJO%20DIRECTIVO%20PARAGUAY%20OCT.2016\/Plataforma%20del%20Conocimiento%20sobre%20Construccion%20Ambientalmente%20Sostenible%20de%20Infraestructura%20(1).mp4\" target=\"_blank\" rel=\"noreferrer noopener\">Video<\/a><\/li>\n<\/ul>\n\n\n\n<p><\/p>\n\n\n\n<ul>\n<li><a href=\"https:\/\/www.fiic.la\/Documentos\/LXXV%20CONSEJO%20DIRECTIVO%20PARAGUAY%20OCT.2016\/Comision%20Premio%20RSE%20DEF..pdf\" target=\"_blank\" rel=\"noreferrer noopener\">Eng.&nbsp;Lorenzo Constans &#8211; Informe RSE<\/a><\/li>\n<\/ul>\n\n\n\n<p class=\"has-text-align-center\"><strong>Reuni\u00f3n INCONET<\/strong><\/p>\n\n\n\n<ul>\n<li><a href=\"https:\/\/www.fiic.la\/Documentos\/LXXV%20CONSEJO%20DIRECTIVO%20PARAGUAY%20OCT.2016\/INCONET%20Argentina%20Innovacion%20Disruptiva.pdf\" target=\"_blank\" rel=\"noreferrer noopener\">Eng.&nbsp;Fernando Lago &#8211; Innovaciones Disruptivas<\/a><\/li>\n<\/ul>\n\n\n\n<p><\/p>\n\n\n\n<ul>\n<li><a href=\"https:\/\/www.fiic.la\/Documentos\/LXXV%20CONSEJO%20DIRECTIVO%20PARAGUAY%20OCT.2016\/PRESENTACION%20SEC%20GRAL.%20FIIC%20OCT-2016.pdf\" target=\"_blank\" rel=\"noreferrer noopener\">Informe Secretrio General &#8211; Ing.&nbsp;Jorge Videgaray<\/a><\/li>\n<\/ul>\n\n\n\n<p><\/p>\n\n\n\n<ul>\n<li><a href=\"https:\/\/www.fiic.la\/Documentos\/LXXV%20CONSEJO%20DIRECTIVO%20PARAGUAY%20OCT.2016\/Presentacion%20convenios%20CChC%20-%20Capeco%20-%20Capaco.pdf\" target=\"_blank\" rel=\"noreferrer noopener\">Eng.&nbsp;Fernando Garc\u00eda Huidobro &#8211; Convenios de Colaboraci\u00f3n<\/a><\/li>\n<\/ul>\n\n\n\n<p><\/p>\n\n\n\n<ul>\n<li><a href=\"https:\/\/www.fiic.la\/Documentos\/LXXV%20CONSEJO%20DIRECTIVO%20PARAGUAY%20OCT.2016\/CAPAC%20DOCUMENTAL%202016%20.mov\" target=\"_blank\" rel=\"noreferrer noopener\">Eng.&nbsp;Alexis Fletcher -CAPAC Documental<\/a><\/li>\n<\/ul>\n\n\n\n<p><\/p>\n\n\n\n<ul>\n<li><a href=\"https:\/\/www.fiic.la\/Documentos\/LXXV%20CONSEJO%20DIRECTIVO%20PARAGUAY%20OCT.2016\/2016%2010%20Presentacion%20FIIC%20Uruguay.pdf\" target=\"_blank\" rel=\"noreferrer noopener\">Eng.&nbsp;Marcos Taranto &#8211; Presentaci\u00f3n del CEEIC ante la FIIC<\/a><\/li>\n<\/ul>\n\n\n\n<p class=\"has-text-align-center\"><strong>Reuni\u00f3n Consejo Directivo Martes 4 de octubre<\/strong><\/p>\n\n\n\n<ul>\n<li><a href=\"https:\/\/www.fiic.la\/Documentos\/LXXV%20CONSEJO%20DIRECTIVO%20PARAGUAY%20OCT.2016\/2016%2010%20Presentacion%20FIIC%20Uruguay.pdf\" target=\"_blank\" rel=\"noreferrer noopener\">Eng.&nbsp;Marcos Taranto &#8211; Presentaci\u00f3n del CEEIC ante la FIIC<\/a><\/li>\n<\/ul>\n\n\n\n<p><\/p>\n\n\n\n<ul>\n<li><a href=\"https:\/\/www.fiic.la\/Documentos\/LXXV%20CONSEJO%20DIRECTIVO%20PARAGUAY%20OCT.2016\/CAPAC%20DOCUMENTAL%202016%20.mov\" target=\"_blank\" rel=\"noreferrer noopener\">Eng.&nbsp;Alexis Fletcher -CAPAC Documental<\/a><\/li>\n<\/ul>\n\n\n\n<p><\/p>\n\n\n\n<ul>\n<li><a href=\"https:\/\/www.fiic.la\/Documentos\/LXXV%20CONSEJO%20DIRECTIVO%20PARAGUAY%20OCT.2016\/Presentacion%20convenios%20CChC%20-%20Capeco%20-%20Capaco.pdf\" target=\"_blank\" rel=\"noreferrer noopener\">Eng.&nbsp;Fernando Garc\u00eda Huidobro &#8211; Convenios de Colaboraci\u00f3n<\/a><\/li>\n<\/ul>\n\n\n\n<p><\/p>\n\n\n\n<ul>\n<li><a href=\"https:\/\/www.fiic.la\/Documentos\/LXXV%20CONSEJO%20DIRECTIVO%20PARAGUAY%20OCT.2016\/PRESENTACION%20SEC%20GRAL.%20FIIC%20OCT-2016.pdf\" target=\"_blank\" rel=\"noreferrer noopener\">Informe Secretrio General &#8211; Ing.&nbsp;Jorge Videgaray<\/a><\/li>\n<\/ul>\n\n\n\n<p><\/p>\n\n\n\n<ul>\n<li><a href=\"https:\/\/www.fiic.la\/Documentos\/LXXV%20CONSEJO%20DIRECTIVO%20PARAGUAY%20OCT.2016\/PRESENTACION%20PDTE%20%20FIIC%20ProvisRP.pdf\" target=\"_blank\" rel=\"noreferrer noopener\">Informe Presidente &#8211; Ing.&nbsp;Ricardo Platt<\/a><\/li>\n<\/ul>\n\n\n\n<p><\/p>\n\n\n\n<ul>\n<li><a href=\"https:\/\/www.fiic.la\/Documentos\/LXXV%20CONSEJO%20DIRECTIVO%20PARAGUAY%20OCT.2016\/PRESENTACION%20EJECUTIVA%20FIIC%20EVOLUCION%20DE%20LA%20ECONOMIA.pdf\" target=\"_blank\" rel=\"noreferrer noopener\">Informe Evoluci\u00f3n de la Econom\u00eda en los Pa\u00edses Miembros FIIC &#8211; Ver.&nbsp;Ejecutiva<\/a><\/li>\n<\/ul>\n\n\n\n<p><\/p>\n\n\n\n<ul>\n<li><a href=\"https:\/\/www.fiic.la\/Documentos\/LXXV%20CONSEJO%20DIRECTIVO%20PARAGUAY%20OCT.2016\/CAPECO%20Presentacion%20FIIC%20Paraguay%20V.F.pdf\" target=\"_blank\" rel=\"noreferrer noopener\">Eng.&nbsp;Jes\u00fas El\u00edas Plaza &#8211; Gesti\u00f3n Gremial Misiones Comerciales y Eventos Internacionales<\/a><\/li>\n<\/ul>\n\n\n\n<p><\/p>\n\n\n\n<ul>\n<li><a href=\"https:\/\/www.fiic.la\/Documentos\/LXXV%20CONSEJO%20DIRECTIVO%20PARAGUAY%20OCT.2016\/Brasilia%20Superacion_Espanhol_v3.mp4\" target=\"_blank\" rel=\"noreferrer noopener\">Ing. Jos\u00e9 Carlos Martins &#8211; Presentaci\u00f3n LXXVI Consejo Directivo FIIC<\/a><\/li>\n<\/ul>\n\n\n\n<ul>\n<li><a href=\"https:\/\/photos.app.goo.gl\/1eMEf1to5LXJey48A\" target=\"_blank\" rel=\"noreferrer noopener\">Memoria Fotogr\u00e1fica<\/a><\/li>\n<\/ul>\n<\/div><\/div><\/div><\/div>\n\n\n\n<div class=\"wp-block-qubely-accordion-item qubely-block-de82c3\"><div itemscope itemprop=\"mainEntity\" itemtype=\"https:\/\/schema.org\/Question\" class=\"qubely-accordion-item qubely-type-fill false\"><div class=\"qubely-accordion-panel qubely-icon-position-right\"><span class=\"qubely-accordion-panel-handler\" role=\"button\"><span itemprop=\"name\" class=\"qubely-accordion-panel-handler-label\">LXXIV Reuni\u00f3n De Consejo Directivo FIIC &#8211; 12 De Abril 2016 \u2013 Antigua Guatemala, Guatemala<\/span><span class=\"qubely-accordion-icon fa fa-plus\"><\/span><\/span><\/div><div itemscope itemprop=\"acceptedAnswer\" itemtype=\"https:\/\/schema.org\/Answer\" class=\"qubely-accordion-body\"><div itemprop=\"text\">\n<p class=\"has-text-align-center\"><strong>Reuni\u00f3n Plenaria de Comisiones 11 de abril 2016<\/strong><\/p>\n\n\n\n<ul>\n<li><a href=\"https:\/\/www.fiic.la\/Documentos\/LXXIV%20CONSEJO%20GUATEMALA%202016\/7%20-%20Programa%20Esrategico%20Productividad%20y%20Construccion%20Sustentable%20-%20Chile.pdf\" target=\"_blank\" rel=\"noreferrer noopener\">Programa Estrat\u00e9gico Productividady Construcci\u00f3n Sustentable<\/a><\/li>\n<\/ul>\n\n\n\n<p><\/p>\n\n\n\n<ul>\n<li><a href=\"https:\/\/www.fiic.la\/Documentos\/LXXIV%20CONSEJO%20GUATEMALA%202016\/3.%20Natalia%20Presentacion%20FIIC-%20Comision%20Vivienda%20-%20Natalia%20Robayo.pdf\" target=\"_blank\" rel=\"noreferrer noopener\">Comisi\u00f3n Vivienda &#8211; Colombia &#8211; Natalia Robayo<\/a><\/li>\n<\/ul>\n\n\n\n<p><\/p>\n\n\n\n<ul>\n<li><a href=\"https:\/\/www.fiic.la\/Documentos\/LXXIV%20CONSEJO%20GUATEMALA%202016\/Informe%20Comite%20Nacional%20de%20RSE%202015%20FIIC%202016.pdf\" target=\"_blank\" rel=\"noreferrer noopener\">RSE &#8211; Informe Comit\u00e9 Nacional CMIC<\/a><\/li>\n<\/ul>\n\n\n\n<p><\/p>\n\n\n\n<ul>\n<li><a href=\"https:\/\/www.fiic.la\/Documentos\/LXXIV%20CONSEJO%20GUATEMALA%202016\/20160411%20FIIC%20NMT%20PLGDD%20NMariscal.pdf\" target=\"_blank\" rel=\"noreferrer noopener\">RSE &#8211; Ing. Nicol\u00e1s Mariscal<\/a><\/li>\n<\/ul>\n\n\n\n<p><\/p>\n\n\n\n<ul>\n<li><a href=\"https:\/\/www.fiic.la\/Documentos\/LXXIV%20CONSEJO%20GUATEMALA%202016\/avancesCOSTFIIC%20110416.pdf\" target=\"_blank\" rel=\"noreferrer noopener\">Informe y Avances Cost<\/a><\/li>\n<\/ul>\n\n\n\n<p><\/p>\n\n\n\n<ul>\n<li><a href=\"https:\/\/www.fiic.la\/Documentos\/LXXIV%20CONSEJO%20GUATEMALA%202016\/4.%20Martins-%20Apresentacao%20-%20CMA%20Espanhol%20-%2011%20de%20abril.pdf\" target=\"_blank\" rel=\"noreferrer noopener\">Comisi\u00f3n Construcci\u00f3n Sostenible &#8211; Ing. Jos\u00e9 Carlos Mart\u00edns<\/a><\/li>\n<\/ul>\n\n\n\n<p><\/p>\n\n\n\n<ul>\n<li><a href=\"https:\/\/www.fiic.la\/Documentos\/LXXIV%20CONSEJO%20GUATEMALA%202016\/Consejo%20RSE%20FIIC%20martes.pdf\" target=\"_blank\" rel=\"noreferrer noopener\">Comisi\u00f3n RSE &#8211; Ing. Lorenzo Constans<\/a><\/li>\n<\/ul>\n\n\n\n<p class=\"has-text-align-center\"><br><br><strong>Reuni\u00f3n INCONET<\/strong><br><\/p>\n\n\n\n<ul>\n<li><a href=\"https:\/\/www.fiic.la\/Documentos\/LXXIV%20CONSEJO%20GUATEMALA%202016\/3%20-%20PERU%20-%20Presentacion%20BiM%20en%20INCONET%20-%20Guatemala%202016%20v2.pdf\" target=\"_blank\" rel=\"noreferrer noopener\">Per\u00fa &#8211; Presentaci\u00f3n BIM en INCONET<\/a><\/li>\n<\/ul>\n\n\n\n<p><\/p>\n\n\n\n<ul>\n<li><a href=\"https:\/\/www.fiic.la\/Documentos\/LXXIV%20CONSEJO%20GUATEMALA%202016\/1%20-%20MEXICO%20-%20Presentacion%20BiM%20en%20INCONET%20-%20Guatemala%202016.pdf\" target=\"_blank\" rel=\"noreferrer noopener\">M\u00e9xico &#8211; Presentaci\u00f3n BIM en INCONET<\/a><\/li>\n<\/ul>\n\n\n\n<p><\/p>\n\n\n\n<ul>\n<li><a href=\"https:\/\/www.fiic.la\/Documentos\/LXXIV%20CONSEJO%20GUATEMALA%202016\/4%20-%20BRASIL%20-%20Prsentacion%20BiM%20en%20INCONET%20-%20Guatemala%202016.pdf\" target=\"_blank\" rel=\"noreferrer noopener\">Brasil &#8211; BIM en INCONET<\/a><\/li>\n<\/ul>\n\n\n\n<p><\/p>\n\n\n\n<ul>\n<li><a href=\"https:\/\/www.fiic.la\/Documentos\/LXXIV%20CONSEJO%20GUATEMALA%202016\/6%20-%20ARGENTINA%20Presentacion%20Tecnologias%20Emergentes%20-%20INCONET%20Guatemala%202016.pdf\" target=\"_blank\" rel=\"noreferrer noopener\">Argentina &#8211; Tecnolog\u00edas Emergentes &#8211; INCONET<\/a><\/li>\n<\/ul>\n\n\n\n<p><\/p>\n\n\n\n<ul>\n<li><a href=\"https:\/\/www.fiic.la\/Documentos\/LXXIV%20CONSEJO%20GUATEMALA%202016\/2%20-%20CHILE%20-%20Presentacion%20BiM%20en%20INCONET%20-%20Guatemala%202016.pdf\" target=\"_blank\" rel=\"noreferrer noopener\">Chile &#8211; Presentaci\u00f3n BIM en INCONET<\/a><\/li>\n<\/ul>\n\n\n\n<p><\/p>\n\n\n\n<ul>\n<li><a href=\"https:\/\/www.fiic.la\/Documentos\/LXXIV%20CONSEJO%20GUATEMALA%202016\/Experiencia%20Mexicana%20IMP%20BIM%2009ABR16%20OKIng.JLuisSandoval.pdf\" target=\"_blank\" rel=\"noreferrer noopener\">Ing. Jos\u00e9 Luis Sandoval &#8211; Experiencias Mexicana<\/a><\/li>\n<\/ul>\n\n\n\n<p><\/p>\n\n\n\n<ul>\n<li><a href=\"https:\/\/www.fiic.la\/Documentos\/LXXIV%20CONSEJO%20GUATEMALA%202016\/5%20-%20Mision%20Tecnlogica%20BiM%20Chile%20-%20sept%202016.pdf\" target=\"_blank\" rel=\"noreferrer noopener\">Misi\u00f3n Tecnol\u00f3gica BIM Chile sept. 2016<\/a><\/li>\n<\/ul>\n\n\n\n<p class=\"has-text-align-center\"><br><br><strong>Reuni\u00f3n Consejo Directivo 12 de abril<\/strong><\/p>\n\n\n\n<ul>\n<li><a href=\"https:\/\/www.fiic.la\/Documentos\/LXXIV%20CONSEJO%20GUATEMALA%202016\/3.%20Forteza.CAF.FIIC.16.03.pdf\" target=\"_blank\" rel=\"noreferrer noopener\">Ing. Irwin Perret &#8211; Coordinador IFI&#8217;s<\/a><\/li>\n<\/ul>\n\n\n\n<p><\/p>\n\n\n\n<ul>\n<li><a href=\"https:\/\/www.fiic.la\/Documentos\/LXXIV%20CONSEJO%20GUATEMALA%202016\/3_PRESENTACIONFIIC%20EN%20ANTIGUA%20JORGE%20MAS.pdf\" target=\"_blank\" rel=\"noreferrer noopener\">Aporte Gremial al Desarrollo &#8211; Ing. Jorge Mas<\/a><\/li>\n<\/ul>\n\n\n\n<p><\/p>\n\n\n\n<ul>\n<li><a href=\"https:\/\/www.fiic.la\/Documentos\/LXXIV%20CONSEJO%20GUATEMALA%202016\/1_PRESENTACION%20PDTE%20%20FIICrp.pdf\" target=\"_blank\" rel=\"noreferrer noopener\">Informe Presdiente &#8211; Ing. Ricardo Platt<\/a><\/li>\n<\/ul>\n\n\n\n<p><\/p>\n\n\n\n<ul>\n<li><a href=\"https:\/\/www.fiic.la\/Documentos\/LXXIV%20CONSEJO%20GUATEMALA%202016\/2_PRESENTACION%20SEC.%20GRAL.%20JV_Definitiva.pdf\" target=\"_blank\" rel=\"noreferrer noopener\">Informe Secretario General &#8211; Ing. Jorge Videgaray<\/a><\/li>\n<\/ul>\n\n\n\n<p><\/p>\n\n\n\n<ul>\n<li><a href=\"https:\/\/www.fiic.la\/Documentos\/LXXIV%20CONSEJO%20GUATEMALA%202016\/7.%20FIIC%20Corrupcion.pdf\" target=\"_blank\" rel=\"noreferrer noopener\">La Transparencia y la Lucha Contra la Corrupci\u00f3n &#8211; Ing. Jos\u00e9 Rene Gonz\u00e1lez<\/a><\/li>\n<\/ul>\n\n\n\n<p><\/p>\n\n\n\n<ul>\n<li><a href=\"https:\/\/photos.google.com\/u\/1\/share\/AF1QipNdwJEEuRvan8b3irlmpETzlZykWZAiezO9pNPDxQLV8OBMb4xEm0RWxUG888Qwpw?key=d0NIWmZUMldzWE03cHVNU1JCaUVGWWxJcHdWVHdn\" target=\"_blank\" rel=\"noreferrer noopener\">Memoria Fotogr\u00e1fica<\/a><\/li>\n<\/ul>\n<\/div><\/div><\/div><\/div>\n\n\n\n<div class=\"wp-block-qubely-accordion-item qubely-block-e53418\"><div itemscope itemprop=\"mainEntity\" itemtype=\"https:\/\/schema.org\/Question\" class=\"qubely-accordion-item qubely-type-fill false\"><div class=\"qubely-accordion-panel qubely-icon-position-right\"><span class=\"qubely-accordion-panel-handler\" role=\"button\"><span itemprop=\"name\" class=\"qubely-accordion-panel-handler-label\">30\u00b0 Congreso Interamericano De La Industria De La Construcci\u00f3n &#8211; 21 De Octubre 2015 \u2013 Santiago, Chile<\/span><span class=\"qubely-accordion-icon fa fa-plus\"><\/span><\/span><\/div><div itemscope itemprop=\"acceptedAnswer\" itemtype=\"https:\/\/schema.org\/Answer\" class=\"qubely-accordion-body\"><div itemprop=\"text\">\n<ul>\n<li><a href=\"https:\/\/www.fiic.la\/Documentos\/LXXIII%20CONSEJO%20DIRECTIVO%20Y%2030%20CONGR.CHILE%202015\/Panorama%20y%20perspectivas%20-%20Javier%20Hurtado.pdf\" target=\"_blank\" rel=\"noreferrer noopener\">Javier Hurtado<\/a><\/li>\n<\/ul>\n\n\n\n<p><\/p>\n\n\n\n<ul>\n<li><a href=\"https:\/\/www.fiic.la\/Documentos\/LXXIII%20CONSEJO%20DIRECTIVO%20Y%2030%20CONGR.CHILE%202015\/PERSPECTIVAS%20CONSTRUCCION%20Escenario%20Economico%20-%20Jorge%20Mas.pdf\" target=\"_blank\" rel=\"noreferrer noopener\">Jorge Mas<\/a><\/li>\n<\/ul>\n\n\n\n<p><\/p>\n\n\n\n<ul>\n<li><a href=\"https:\/\/www.fiic.la\/Documentos\/LXXIII%20CONSEJO%20DIRECTIVO%20Y%2030%20CONGR.CHILE%202015\/Reflexion%20de%20seguridad%20-%20jose%20molina.pdf\" target=\"_blank\" rel=\"noreferrer noopener\">Jos\u00e9 Molina<\/a><\/li>\n<\/ul>\n\n\n\n<p><\/p>\n\n\n\n<ul>\n<li><a href=\"https:\/\/www.fiic.la\/Documentos\/LXXIII%20CONSEJO%20DIRECTIVO%20Y%2030%20CONGR.CHILE%202015\/RICARDO%20SANCHEZ%20-%20CEPAL.pdf\" target=\"_blank\" rel=\"noreferrer noopener\">Ricardo S\u00e1nchez<\/a><\/li>\n<\/ul>\n\n\n\n<p><\/p>\n\n\n\n<ul>\n<li><a href=\"https:\/\/www.fiic.la\/Documentos\/LXXIII%20CONSEJO%20DIRECTIVO%20Y%2030%20CONGR.CHILE%202015\/ppt%20nic%20marks_chile_final.pdf\" target=\"_blank\" rel=\"noreferrer noopener\">Nic Marks<\/a><\/li>\n<\/ul>\n\n\n\n<p><\/p>\n\n\n\n<ul>\n<li><a href=\"https:\/\/www.fiic.la\/Documentos\/LXXIII%20CONSEJO%20DIRECTIVO%20Y%2030%20CONGR.CHILE%202015\/Ministra%20Ximena%20Rincon%20-%20Felicidad%20en%20el%20Trabajo%20CNC%20091015.pdf\" target=\"_blank\" rel=\"noreferrer noopener\">Ministra Ximena Rincon<\/a><\/li>\n<\/ul>\n\n\n\n<p><\/p>\n\n\n\n<ul>\n<li><a href=\"https:\/\/www.fiic.la\/Documentos\/LXXIII%20CONSEJO%20DIRECTIVO%20Y%2030%20CONGR.CHILE%202015\/Presentacion%20MOP%20-%20Task%20Group%20Bim%20Chile.pdf\" target=\"_blank\" rel=\"noreferrer noopener\">Nayib Tala<\/a><\/li>\n<\/ul>\n\n\n\n<p><\/p>\n\n\n\n<ul>\n<li><a href=\"https:\/\/www.fiic.la\/Documentos\/LXXIII%20CONSEJO%20DIRECTIVO%20Y%2030%20CONGR.CHILE%202015\/3-%20jose%20cousino%20Japiworks_F%20I%20N%20A%20L_22hrs.pdf\" target=\"_blank\" rel=\"noreferrer noopener\">Jos\u00e9 Antonio Cousi\u00f1o &#8211; CNC<\/a><\/li>\n<\/ul>\n\n\n\n<p><\/p>\n\n\n\n<ul>\n<li><a href=\"https:\/\/www.fiic.la\/Documentos\/LXXIII%20CONSEJO%20DIRECTIVO%20Y%2030%20CONGR.CHILE%202015\/Presentacion%20Enasei%20-%20Cristina%20Arma.pdf\" target=\"_blank\" rel=\"noreferrer noopener\">Cristina Arma<\/a><\/li>\n<\/ul>\n\n\n\n<p><\/p>\n\n\n\n<ul>\n<li><a href=\"https:\/\/www.fiic.la\/Documentos\/LXXIII%20CONSEJO%20DIRECTIVO%20Y%2030%20CONGR.CHILE%202015\/ENASEI%202015%20metrogas.pdf\" target=\"_blank\" rel=\"noreferrer noopener\">Metrogas<\/a><\/li>\n<\/ul>\n\n\n\n<p><\/p>\n\n\n\n<ul>\n<li><a href=\"https:\/\/www.fiic.la\/Documentos\/LXXIII%20CONSEJO%20DIRECTIVO%20Y%2030%20CONGR.CHILE%202015\/La%20economia%20Chilena%20-%20Felipe%20Larrain.pdf\" target=\"_blank\" rel=\"noreferrer noopener\">Felipe Larrain<\/a><\/li>\n<\/ul>\n<\/div><\/div><\/div><\/div>\n\n\n\n<div class=\"wp-block-qubely-accordion-item qubely-block-372f2a\"><div itemscope itemprop=\"mainEntity\" itemtype=\"https:\/\/schema.org\/Question\" class=\"qubely-accordion-item qubely-type-fill false\"><div class=\"qubely-accordion-panel qubely-icon-position-right\"><span class=\"qubely-accordion-panel-handler\" role=\"button\"><span itemprop=\"name\" class=\"qubely-accordion-panel-handler-label\">LXXIII Reuni\u00f3n De Consejo Directivo FIIC- 20 De Octubre 2015 \u2013 Santiago, Chile<\/span><span class=\"qubely-accordion-icon fa fa-plus\"><\/span><\/span><\/div><div itemscope itemprop=\"acceptedAnswer\" itemtype=\"https:\/\/schema.org\/Answer\" class=\"qubely-accordion-body\"><div itemprop=\"text\">\n<p class=\"has-text-align-center\"><strong>Lunes 19 &#8211; Reuni\u00f3n Plenaria de Comisiones FIIC<\/strong><br><\/p>\n\n\n\n<ol>\n<li><a href=\"https:\/\/www.fiic.la\/Documentos\/LXXIII%20CONSEJO%20DIRECTIVO%20Y%2030%20CONGR.CHILE%202015\/Presentacion%20FIIC-%20Comision%20Vivienda.pdf\" target=\"_blank\" rel=\"noreferrer noopener\">Dra. Sandra Forero &#8211; Comisi\u00f3n Desarrollo Urbano y Vivienda<\/a><a href=\"https:\/\/www.fiic.la\/LXXIII%20CONSEJO%20DIRECTIVO%20Y%2030%20CONGR.CHILE%202015\/Presentacion%20FIIC-%20Comision%20Vivienda.pdf\" target=\"_blank\" rel=\"noreferrer noopener\"><br><\/a><\/li>\n\n\n\n<li><a href=\"https:\/\/www.fiic.la\/Documentos\/LXXIII%20CONSEJO%20DIRECTIVO%20Y%2030%20CONGR.CHILE%202015\/4_Blueprint_Etica%20e%20Compliance.pdf\" target=\"_blank\" rel=\"noreferrer noopener\">Ing. Jos\u00e9 Carlos Martins &#8211; Etica &amp; Compliance<\/a><\/li>\n<\/ol>\n\n\n\n<p><\/p>\n\n\n\n<p>      3. <a href=\"https:\/\/www.fiic.la\/Documentos\/LXXIII%20CONSEJO%20DIRECTIVO%20Y%2030%20CONGR.CHILE%202015\/INFORME%20PROGRAMA%20RSE%20PROPUESTA%20R.SITTEN.pdf\" target=\"_blank\" rel=\"noreferrer noopener\">Ing. Roberto Sitten &#8211; propuesta RSE<\/a><\/p>\n\n\n\n<p><\/p>\n\n\n\n<p>     4. <a href=\"https:\/\/www.fiic.la\/Documentos\/LXXIII%20CONSEJO%20DIRECTIVO%20Y%2030%20CONGR.CHILE%202015\/2_LUNES%2019_FIIC_PLENARIO%20DE%20COMISIONES.pdf\" target=\"_blank\" rel=\"noreferrer noopener\">Ing. Jorge Mas<\/a><\/p>\n\n\n\n<p><\/p>\n\n\n\n<p>     5.<a href=\"https:\/\/www.fiic.la\/Documentos\/LXXIII%20CONSEJO%20DIRECTIVO%20Y%2030%20CONGR.CHILE%202015\/INFORME%20C.RSE%20LORENZO%20CONSTANS.pdf\" target=\"_blank\" rel=\"noreferrer noopener\">Ing. Lorenzo Constans &#8211; RSE<\/a><\/p>\n\n\n\n<p>      6. <a href=\"https:\/\/www.fiic.la\/Documentos\/LXXIII%20CONSEJO%20DIRECTIVO%20Y%2030%20CONGR.CHILE%202015\/3_COSTFIIC%20CGC-PAOLA%20ANDRINO.pdf\" target=\"_blank\" rel=\"noreferrer noopener\">Lic. Paola de Andrino &#8211; COST<\/a><\/p>\n\n\n\n<p>      7.<a href=\"https:\/\/www.fiic.la\/Documentos\/LXXIII%20CONSEJO%20DIRECTIVO%20Y%2030%20CONGR.CHILE%202015\/Comision%20construccion%20sostenible%20Jose%20Carlos%20Martins.pdf\" target=\"_blank\" rel=\"noreferrer noopener\">Ing. Jos\u00e9 Carlos Martins &#8211; Construcci\u00f3n Sostenible<\/a><\/p>\n\n\n\n<p class=\"has-text-align-center\"><strong>Reuni\u00f3n INCONET<\/strong><\/p>\n\n\n\n<ul>\n<li><a href=\"https:\/\/www.fiic.la\/Documentos\/LXXIII%20CONSEJO%20DIRECTIVO%20Y%2030%20CONGR.CHILE%202015\/1610BIM%20INCONET%20FIIC%20SANTIAGO.pdf\" target=\"_blank\" rel=\"noreferrer noopener\">Dr. Francisco Osores<\/a>&nbsp;&#8211; Difusi\u00f3n y Promoci\u00f3n BIM en Per\u00fa<\/li>\n<\/ul>\n\n\n\n<p><\/p>\n\n\n\n<ul>\n<li><a href=\"https:\/\/www.fiic.la\/Documentos\/LXXIII%20CONSEJO%20DIRECTIVO%20Y%2030%20CONGR.CHILE%202015\/1530BIM%20TECNOEDIL%202015%20-%20IPS.ppsx\" target=\"_blank\" rel=\"noreferrer noopener\">Ing. Roque Ardissone<\/a>&nbsp;&#8211; BIM en Paraguay<\/li>\n<\/ul>\n\n\n\n<p><\/p>\n\n\n\n<ul>\n<li><a href=\"https:\/\/www.fiic.la\/Documentos\/LXXIII%20CONSEJO%20DIRECTIVO%20Y%2030%20CONGR.CHILE%202015\/2015-10-19_Iniciativas%20BIM%20en%20Chile.pdf\" target=\"_blank\" rel=\"noreferrer noopener\">Mauricio Heyermann<\/a>&nbsp;&#8211; Iniciativas BIM en Chile<\/li>\n<\/ul>\n\n\n\n<ul>\n<li><a href=\"https:\/\/www.fiic.la\/Documentos\/LXXIII%20CONSEJO%20DIRECTIVO%20Y%2030%20CONGR.CHILE%202015\/1500BIM%20FORUM%20MEXICO%202%20RSITTEN.pdf\" target=\"_blank\" rel=\"noreferrer noopener\">Ing. Roberto Sitten<\/a>&nbsp;&#8211; BIM Acciones para preparar a la Industria Mexicana<\/li>\n<\/ul>\n\n\n\n<ul>\n<li><a href=\"https:\/\/www.fiic.la\/Documentos\/LXXIII%20CONSEJO%20DIRECTIVO%20Y%2030%20CONGR.CHILE%202015\/Camacol%20Innova%20-%20Inconet%20V3.pdf\" target=\"_blank\" rel=\"noreferrer noopener\">Dra. Sandra Forero<\/a>&nbsp;&#8211; CAMACOL Innova<\/li>\n<\/ul>\n\n\n\n<p class=\"has-text-align-center\"><strong>Reuni\u00f3n de Directores \/ Gerentes C\u00e1mara FIIC<\/strong><\/p>\n\n\n\n<ul>\n<li><a href=\"https:\/\/www.fiic.la\/Documentos\/LXXIII%20CONSEJO%20DIRECTIVO%20Y%2030%20CONGR.CHILE%202015\/grupo1%20Mexico.pdf\" target=\"_blank\" rel=\"noreferrer noopener\">Lic. Rafael Licea<\/a>&nbsp;&#8211; Relaci\u00f3n C\u00e1mara con el Gobierno &#8211; C. Mexicana<\/li>\n<\/ul>\n\n\n\n<p><\/p>\n\n\n\n<ul>\n<li><a href=\"https:\/\/www.fiic.la\/Documentos\/LXXIII%20CONSEJO%20DIRECTIVO%20Y%2030%20CONGR.CHILE%202015\/Grupo3%20Peru.pdf\" target=\"_blank\" rel=\"noreferrer noopener\">Ing. Marco Antonio Paz<\/a>&nbsp;&#8211; Planificaci\u00f3n Estrat\u00e9gica &#8211; C\u00e1mara Peruana<\/li>\n<\/ul>\n\n\n\n<p><\/p>\n\n\n\n<ul>\n<li><a href=\"https:\/\/www.fiic.la\/Documentos\/LXXIII%20CONSEJO%20DIRECTIVO%20Y%2030%20CONGR.CHILE%202015\/GRUPO%203Presentacion%20%20a%20FIIC%20Planificacion%20Estrategica%20VERSION%20FINAL.pdf\" target=\"_blank\" rel=\"noreferrer noopener\">Ing. Sergio Cavagnaro<\/a>&nbsp;&#8211; Planificaci\u00f3n Estrat\u00e9gica &#8211; C\u00e1mara Chilena<\/li>\n<\/ul>\n\n\n\n<p><\/p>\n\n\n\n<ul>\n<li><a href=\"https:\/\/www.fiic.la\/Documentos\/LXXIII%20CONSEJO%20DIRECTIVO%20Y%2030%20CONGR.CHILE%202015\/ReuGerentes_Instancias%20de%20participacion%20CGC%20PAOLA%20ANDRINO.pdf\" target=\"_blank\" rel=\"noreferrer noopener\">Instancias de Participaci\u00f3n C\u00e1mara Guatemalteca &#8211; Lic. Paola de Andrino<\/a><\/li>\n<\/ul>\n\n\n\n<p><\/p>\n\n\n\n<ul>\n<li><a href=\"https:\/\/www.fiic.la\/Documentos\/LXXIII%20CONSEJO%20DIRECTIVO%20Y%2030%20CONGR.CHILE%202015\/GRUPO%203FIIC%20Argentina%202015%20-%20DG.pdf\" target=\"_blank\" rel=\"noreferrer noopener\">Ing. Daniel Galilea<\/a>&nbsp;&#8211; Planificaci\u00f3n Estrat\u00e9gica &#8211; C\u00e1mara Argentina<\/li>\n<\/ul>\n\n\n\n<p><\/p>\n\n\n\n<ul>\n<li><a href=\"https:\/\/www.fiic.la\/Documentos\/LXXIII%20CONSEJO%20DIRECTIVO%20Y%2030%20CONGR.CHILE%202015\/GRUPO1%20%20CNC%202015%20NICARAGUA.pdf\" target=\"_blank\" rel=\"noreferrer noopener\">Arq. Anaver\u00f3nica P\u00e9rez Rub\u00ed<\/a>&nbsp;&#8211; Relaci\u00f3n C\u00e1mara con el Gobierno &#8211; C. Nicarag\u00fcense<\/li>\n<\/ul>\n\n\n\n<p><\/p>\n\n\n\n<ul>\n<li><a href=\"https:\/\/www.fiic.la\/Documentos\/LXXIII%20CONSEJO%20DIRECTIVO%20Y%2030%20CONGR.CHILE%202015\/Politica%20comunicacional%20CASALCO_FIIC%202015.pdf\" target=\"_blank\" rel=\"noreferrer noopener\">Ing. Jos\u00e9 Antonio Vel\u00e1squez<\/a>&nbsp;&#8211; Pol\u00edtica comunicacional &#8211; C. Salvadore\u00f1a<\/li>\n<\/ul>\n\n\n\n<p class=\"has-text-align-center\"><strong>Martes 20 &#8211; LXXIII Reuni\u00f3n de Consejo Directivo<\/strong><br><\/p>\n\n\n\n<ul>\n<li><a href=\"https:\/\/www.fiic.la\/Documentos\/LXXIII%20CONSEJO%20DIRECTIVO%20Y%2030%20CONGR.CHILE%202015\/Presentacion%20EGC.pdf\" target=\"_blank\" rel=\"noreferrer noopener\">C\u00e1mara Argentina de la Construcci\u00f3n &#8211; EGC<\/a><\/li>\n<\/ul>\n\n\n\n<p><\/p>\n\n\n\n<ul>\n<li><a href=\"https:\/\/www.fiic.la\/Documentos\/LXXIII%20CONSEJO%20DIRECTIVO%20Y%2030%20CONGR.CHILE%202015\/5_FIIC%20Octubre2015%20VFS6Venezuela.pdf\" target=\"_blank\" rel=\"noreferrer noopener\">Ing. Jaime G\u00f3mez &#8211; Fundaci\u00f3n CVC<\/a><\/li>\n<\/ul>\n\n\n\n<p><\/p>\n\n\n\n<ul>\n<li><a href=\"https:\/\/www.fiic.la\/Documentos\/LXXIII%20CONSEJO%20DIRECTIVO%20Y%2030%20CONGR.CHILE%202015\/Informe%20C.%20Infraes%20FERNANDO%20LAGO.pdf\" target=\"_blank\" rel=\"noreferrer noopener\">Informe Infraestructura &#8211; Ing. Fernando Lago<\/a><\/li>\n<\/ul>\n\n\n\n<p><\/p>\n\n\n\n<ul>\n<li><a href=\"https:\/\/www.fiic.la\/Documentos\/LXXIII%20CONSEJO%20DIRECTIVO%20Y%2030%20CONGR.CHILE%202015\/INFORME%20DE%20LA%20CICA%20-%20M.CARRIQUIRY.pdf\" target=\"_blank\" rel=\"noreferrer noopener\">Informe Vicepresidente CICA &#8211; Ing. Mart\u00edn Carriquiry<\/a><\/li>\n<\/ul>\n\n\n\n<p><\/p>\n\n\n\n<ul>\n<li><a href=\"https:\/\/www.fiic.la\/Documentos\/LXXIII%20CONSEJO%20DIRECTIVO%20Y%2030%20CONGR.CHILE%202015\/Informe%20Vicepresidente%20-%20Gonzalo%20Delgado.pdf\" target=\"_blank\" rel=\"noreferrer noopener\">Informe Vicepresidente &#8211; Ing. Gonzalo Delgado<\/a><\/li>\n<\/ul>\n\n\n\n<p><\/p>\n\n\n\n<ul>\n<li><a href=\"https:\/\/www.fiic.la\/Documentos\/LXXIII%20CONSEJO%20DIRECTIVO%20Y%2030%20CONGR.CHILE%202015\/MARTES%2020_JM%20EN%20CONSEJO%20DIRECTIVOPalabras%20bienvenida%20Consejo%20Directivo%20FIIC%20JM.pdf\" target=\"_blank\" rel=\"noreferrer noopener\">Ing. Jorge Mas &#8211; Presidente C\u00e1mara Chilena<\/a><\/li>\n<\/ul>\n\n\n\n<p><\/p>\n\n\n\n<ul>\n<li><a href=\"https:\/\/www.fiic.la\/Documentos\/LXXIII%20CONSEJO%20DIRECTIVO%20Y%2030%20CONGR.CHILE%202015\/1_PRESENTACION%20PRESIDENTE%20FIIC.pdf\" target=\"_blank\" rel=\"noreferrer noopener\">Informe del Presidente- Ing. Juan Ignacio Silva<\/a><\/li>\n<\/ul>\n\n\n\n<p><\/p>\n\n\n\n<ul>\n<li><a href=\"https:\/\/www.fiic.la\/Documentos\/LXXIII%20CONSEJO%20DIRECTIVO%20Y%2030%20CONGR.CHILE%202015\/3_PRESENTACION%20SEC.GRAL%20FIICrp.pdf\" target=\"_blank\" rel=\"noreferrer noopener\">Informe del Secretario General &#8211; Ing. Ricardo Platt<\/a><\/li>\n<\/ul>\n\n\n\n<p><\/p>\n\n\n\n<ul>\n<li><a href=\"https:\/\/www.fiic.la\/Documentos\/LXXIII%20CONSEJO%20DIRECTIVO%20Y%2030%20CONGR.CHILE%202015\/Informe%20Coordinador%20FIIC%20-%20IFIs.pdf\" target=\"_blank\" rel=\"noreferrer noopener\">Informe Coordinador FIIC &#8211; IFI&#8217;s &#8211; Ing. Irwin Perret<\/a><\/li>\n<\/ul>\n\n\n\n<p><\/p>\n\n\n\n<ul>\n<li><a href=\"https:\/\/www.fiic.la\/Documentos\/LXXIII%20CONSEJO%20DIRECTIVO%20Y%2030%20CONGR.CHILE%202015\/DOCUMENTO%20EVOLUCION%20DE%20LAS%20ECONOMIAS%20DE%20LA%20FIIC%202014-2015_DEF%20_11_10_2015.pdf\" target=\"_blank\" rel=\"noreferrer noopener\">Informe Evoluci\u00f3n de la Econom\u00eda en los pa\u00edses miembros FIIC &#8211; Lic. Gustavo Arballo, presidente CMIC<\/a><\/li>\n<\/ul>\n\n\n\n<p><\/p>\n\n\n\n<ul>\n<li><a href=\"https:\/\/www.fiic.la\/Documentos\/LXXIII%20CONSEJO%20DIRECTIVO%20Y%2030%20CONGR.CHILE%202015\/6_Construfer%202016%20-LXXIV%20CD-PAOLA%20ANDRINO.pdf\" target=\"_blank\" rel=\"noreferrer noopener\">Lic. Paola Andrino &#8211; Construfer LXXIV RCD<\/a><\/li>\n<\/ul>\n\n\n\n<p><\/p>\n\n\n\n<ul>\n<li><a href=\"https:\/\/photos.app.goo.gl\/4Rr48vijV9QBkuki6\" target=\"_blank\" rel=\"noreferrer noopener\">Memoria Fotogr\u00e1fica<\/a><\/li>\n<\/ul>\n<\/div><\/div><\/div><\/div>\n\n\n\n<div class=\"wp-block-qubely-accordion-item qubely-block-a1b2b8\"><div itemscope itemprop=\"mainEntity\" itemtype=\"https:\/\/schema.org\/Question\" class=\"qubely-accordion-item qubely-type-fill false\"><div class=\"qubely-accordion-panel qubely-icon-position-right\"><span class=\"qubely-accordion-panel-handler\" role=\"button\"><span itemprop=\"name\" class=\"qubely-accordion-panel-handler-label\">Encuentro Inmobiliario &#8211; 26 De Agosto 2015 \u2013 Cartagena, Colombia<\/span><span class=\"qubely-accordion-icon fa fa-plus\"><\/span><\/span><\/div><div itemscope itemprop=\"acceptedAnswer\" itemtype=\"https:\/\/schema.org\/Answer\" class=\"qubely-accordion-body\"><div itemprop=\"text\">\n<ul>\n<li><a href=\"https:\/\/www.fiic.la\/Documentos\/Encuentro%20Inmobiliario%20Cartagena%202015\/Presentacion%20Circulo%20de%20Administradores%20(1).pdf\" target=\"_blank\" rel=\"noreferrer noopener\">C\u00edrculo de Administradores de Copropiedades<\/a><\/li>\n<\/ul>\n\n\n\n<p><\/p>\n\n\n\n<ul>\n<li><a href=\"https:\/\/www.fiic.la\/Documentos\/Encuentro%20Inmobiliario%20Cartagena%202015\/HUMBERTO%20MARTINEZ-PERU-%20CAPECO%20presentacion%20Cartagena%202015.pdf\" target=\"_blank\" rel=\"noreferrer noopener\">Presentaci\u00f3n &#8211; Humberto Mart\u00ednez &#8211; CAPECO<\/a><\/li>\n<\/ul>\n\n\n\n<p><\/p>\n\n\n\n<ul>\n<li><a href=\"https:\/\/www.fiic.la\/Documentos\/Encuentro%20Inmobiliario%20Cartagena%202015\/ANDRES%20ZUBIATE%20-%20PERU%20-%20Encuentro%20Inm.%2019.08.15.pdf\" target=\"_blank\" rel=\"noreferrer noopener\">Marketing Inmobiliario y la Experiencia del Cliente &#8211; Andr\u00e9s Zubiate &#8211; Per\u00fa<\/a><\/li>\n<\/ul>\n\n\n\n<p><\/p>\n\n\n\n<ul>\n<li><a href=\"https:\/\/www.fiic.la\/Documentos\/Encuentro%20Inmobiliario%20Cartagena%202015\/2PERU-GUIDO%20VALDIVIA%20Informe%20de%20Situacion%20Economica%20y%20Vivienda%202015%20v2.pdf\" target=\"_blank\" rel=\"noreferrer noopener\">Situaci\u00f3n y Perspectivas Econ\u00f3micas y del Mercado Inmobiliario en el Per\u00fa &#8211; Guido Valdivia- CAPECO<\/a><\/li>\n<\/ul>\n\n\n\n<p><\/p>\n\n\n\n<ul>\n<li><a href=\"https:\/\/www.fiic.la\/Documentos\/Encuentro%20Inmobiliario%20Cartagena%202015\/1JAVIER%20HURTADO%20PPT%20Colombia%20JH.pdf\" target=\"_blank\" rel=\"noreferrer noopener\">Coyuntura Econ\u00f3mica y Sector Vivienda en Chile- Javier Hurtado, CChC<\/a><\/li>\n<\/ul>\n\n\n\n<p><\/p>\n\n\n\n<ul>\n<li><a href=\"https:\/\/www.fiic.la\/Documentos\/Encuentro%20Inmobiliario%20Cartagena%202015\/3.Edwin%20Chirivi_%20Encuentro%20inmobiliario_%20CCC%202015%20VF.pdf\" target=\"_blank\" rel=\"noreferrer noopener\">Proyecciones econ\u00f3micas y visi\u00f3n del sector edificador en Colombia &#8211; Edwin Chirivi &#8211; CAMACOL<\/a><\/li>\n<\/ul>\n\n\n\n<p><\/p>\n\n\n\n<ul>\n<li><a href=\"https:\/\/www.fiic.la\/Documentos\/Encuentro%20Inmobiliario%20Cartagena%202015\/Estrategias%20%20%20sectoriales%20de%20atencion%20%20Post-%20Venta%20V2.pdf\" target=\"_blank\" rel=\"noreferrer noopener\">Comunidad somos todos &#8211; Victoria Cunningham &#8211; CAMACOL<\/a><\/li>\n<\/ul>\n\n\n\n<p><\/p>\n\n\n\n<ul>\n<li><a href=\"https:\/\/www.fiic.la\/Documentos\/Encuentro%20Inmobiliario%20Cartagena%202015\/IGNACIO%20TRONCOSO%20-%20CHILE%20-%20%20PERC%20SATISF%20CLIENTES%20INMOB%20ITU.pdf\" target=\"_blank\" rel=\"noreferrer noopener\">Percepci\u00f3n de Satisfacci\u00f3n clientes empresas inmobiliarias &#8211; Ignacio Troncoso &#8211; CChC<\/a><\/li>\n<\/ul>\n\n\n\n<p><\/p>\n\n\n\n<ul>\n<li><a href=\"https:\/\/www.fiic.la\/Documentos\/Encuentro%20Inmobiliario%20Cartagena%202015\/Presentacion%20Colombia%20Campana%20Cliente%20Inmobiliario%20Marcos%20Camsen.pdf\" target=\"_blank\" rel=\"noreferrer noopener\">Campa\u00f1a Cliente Inmobiliario &#8211; Marcos Camsen<\/a><\/li>\n<\/ul>\n<\/div><\/div><\/div><\/div>\n\n\n\n<div class=\"wp-block-qubely-accordion-item qubely-block-6fba79\"><div itemscope itemprop=\"mainEntity\" itemtype=\"https:\/\/schema.org\/Question\" class=\"qubely-accordion-item qubely-type-fill false\"><div class=\"qubely-accordion-panel qubely-icon-position-right\"><span class=\"qubely-accordion-panel-handler\" role=\"button\"><span itemprop=\"name\" class=\"qubely-accordion-panel-handler-label\">Congreso Colombiano De La Construcci\u00f3n &#8211; 26 De Agosto 2015 \u2013 Cartagena, Colombia<\/span><span class=\"qubely-accordion-icon fa fa-plus\"><\/span><\/span><\/div><div itemscope itemprop=\"acceptedAnswer\" itemtype=\"https:\/\/schema.org\/Answer\" class=\"qubely-accordion-body\"><div itemprop=\"text\">\n<ul>\n<li><a href=\"https:\/\/www.fiic.la\/Congreso%20CAMACOL%202015\/MGI%20AH%20Camacol_Jan%20Mischke.pdf\" target=\"_blank\" rel=\"noreferrer noopener\">MGI AH CAMACOL &#8211; Jan Mischke<\/a><\/li>\n<\/ul>\n\n\n\n<p><\/p>\n\n\n\n<ul>\n<li><a href=\"https:\/\/www.fiic.la\/Congreso%20CAMACOL%202015\/FutureSmartCity%20Canton_James%20Canton.pdf\" target=\"_blank\" rel=\"noreferrer noopener\">Future Smart Cities &#8211; James Canton CEO&amp;Chairman Institute Global Futures<\/a><\/li>\n<\/ul>\n\n\n\n<p><\/p>\n\n\n\n<ul>\n<li><a href=\"https:\/\/www.fiic.la\/Congreso%20CAMACOL%202015\/Congreso-%20Simon%20Gaviria.pdf\" target=\"_blank\" rel=\"noreferrer noopener\">Planear el Sistema de Ciudades desde el ordenamiento territorial &#8211; Sim\u00f3n Gaviria &#8211; Director General Departamento Nacional de Planeaci\u00f3n<\/a><\/li>\n<\/ul>\n\n\n\n<p><\/p>\n\n\n\n<ul>\n<li><a href=\"https:\/\/www.fiic.la\/Congreso%20CAMACOL%202015\/Cifras%20y%20Conceptos_Cesar%20Caballero.pdf\" target=\"_blank\" rel=\"noreferrer noopener\">Cifras &amp; Conceptos &#8211; Cesar Caballero<\/a><\/li>\n<\/ul>\n\n\n\n<p><\/p>\n\n\n\n<ul>\n<li><a href=\"https:\/\/www.fiic.la\/Congreso%20CAMACOL%202015\/Camacol%20V1%20Minvivienda_LuisFelipeHenao.pdf\" target=\"_blank\" rel=\"noreferrer noopener\">Pol\u00edtica de Vivienda y Desarrollo Territorial &#8211; Luis Felipe Henao Cardona &#8211; Ministro de Vivienda, Ciudad y Territorio<\/a><\/li>\n<\/ul>\n\n\n\n<p><\/p>\n\n\n\n<ul>\n<li><a href=\"https:\/\/www.fiic.la\/Congreso%20CAMACOL%202015\/Albert%20Saiz1Comentarios%20Camacol.pdf\" target=\"_blank\" rel=\"noreferrer noopener\">Comentarios CAMACOL &#8211; Albert Saiz<\/a><\/li>\n<\/ul>\n\n\n\n<p><\/p>\n\n\n\n<ul>\n<li><a href=\"https:\/\/www.fiic.la\/Congreso%20CAMACOL%202015\/ALBERT%20SAIZ%20Planeamiento%20Camacol.pdf\" target=\"_blank\" rel=\"noreferrer noopener\">Ciudades bien planeadas e inversi\u00f3n inmobiliaria &#8211; Albert Saiz &#8211; Massachusetts Institute of Technology<\/a><\/li>\n<\/ul>\n\n\n\n<p><\/p>\n\n\n\n<ul>\n<li><a href=\"https:\/\/www.fiic.la\/Congreso%20CAMACOL%202015\/Camacol%20Cartagena-%20Alfonso%20Vegara.pdf\" target=\"_blank\" rel=\"noreferrer noopener\">Building a Sustainable Future &#8211; Alfonso Vergara<\/a><\/li>\n<\/ul>\n\n\n\n<p><\/p>\n\n\n\n<ul>\n<li><a href=\"https:\/\/www.fiic.la\/Congreso%20CAMACOL%202015\/Camacol-Paul%20Romer%20II.pdf\" target=\"_blank\" rel=\"noreferrer noopener\">Rapid, High Quality Urban Expansion &#8211; Paul Romer &#8211; NYU STERN<\/a><\/li>\n<\/ul>\n\n\n\n<p><\/p>\n\n\n\n<ul>\n<li><a href=\"https:\/\/www.fiic.la\/Congreso%20CAMACOL%202015\/Congreso%20-%20Santiago%20Montenegro%20Asofondo.pdf\" target=\"_blank\" rel=\"noreferrer noopener\">Comentarios a la presentaci\u00f3n del Profesor Paul Romer &#8211; Santiago Montenegro &#8211; presidente Asofondos<\/a><\/li>\n<\/ul>\n\n\n\n<p><\/p>\n\n\n\n<ul>\n<li><a href=\"https:\/\/www.fiic.la\/Congreso%20CAMACOL%202015\/Congreso_BcoRep_Infrast_Carlos%20Gustavo%20Cano.pdf\" target=\"_blank\" rel=\"noreferrer noopener\">Urbanizaci\u00f3n y Compromiso comunitario: Cinco Estudios de caso sobre Infraestructura social en educaci\u00f3n y salud &#8211; Carlos Gustavo Cano<\/a><\/li>\n<\/ul>\n\n\n\n<p><\/p>\n\n\n\n<ul>\n<li><a href=\"https:\/\/www.fiic.la\/Congreso%20CAMACOL%202015\/Informe%20de%20Gestion%20Gremial%20Sandra%20Forero.pdf\" target=\"_blank\" rel=\"noreferrer noopener\">Informe Gesti\u00f3n Gremial &#8211; Sandra Forero &#8211; presidente CAMACOL<\/a><\/li>\n<\/ul>\n\n\n\n<p><\/p>\n\n\n\n<ul>\n<li><a href=\"https:\/\/www.fiic.la\/Congreso%20CAMACOL%202015\/Roberto%20Junguito%20-%20Comentarios%20CCC2015.pdf\" target=\"_blank\" rel=\"noreferrer noopener\">Desaf\u00edos globales en el acceso a la vivienda social &#8211; comentarios y reflexiones &#8211; Roberto Junguito<\/a><\/li>\n<\/ul>\n<\/div><\/div><\/div><\/div>\n\n\n\n<div class=\"wp-block-qubely-accordion-item qubely-block-9fe4f5\"><div itemscope itemprop=\"mainEntity\" itemtype=\"https:\/\/schema.org\/Question\" class=\"qubely-accordion-item qubely-type-fill false\"><div class=\"qubely-accordion-panel qubely-icon-position-right\"><span class=\"qubely-accordion-panel-handler\" role=\"button\"><span itemprop=\"name\" class=\"qubely-accordion-panel-handler-label\">LXXII Reuni\u00f3n De Consejo Directivo FIIC- 10 De Marzo 2015 \u2013 M\u00e9xico, D.F. \u2013 M\u00e9xico<\/span><span class=\"qubely-accordion-icon fa fa-plus\"><\/span><\/span><\/div><div itemscope itemprop=\"acceptedAnswer\" itemtype=\"https:\/\/schema.org\/Answer\" class=\"qubely-accordion-body\"><div itemprop=\"text\">\n<p class=\"has-text-align-center\"><strong>Lunes 9 de marzo 2015 &#8211; Reuni\u00f3n Plenaria de Comisiones FIIC<\/strong><\/p>\n\n\n\n<ul>\n<li><a href=\"https:\/\/www.fiic.la\/Documentos\/LXII%20CONSEJO%20DIRECTIVO%20MEXICO%20MARZO%202015\/PRESENTACIONES%20FIIC%202015%20LUNES%209\/Presentacion%20KP%20FIIC-final.pdf\" target=\"_blank\" rel=\"noopener\">Robert Montgomery &#8211; Banco Mundial<\/a><\/li>\n<\/ul>\n\n\n\n<p><\/p>\n\n\n\n<ul>\n<li><a href=\"https:\/\/www.fiic.la\/Documentos\/LXII%20CONSEJO%20DIRECTIVO%20MEXICO%20MARZO%202015\/PRESENTACIONES%20FIIC%202015%20LUNES%209\/FIIC%20PRESENTACION%20LORENZO%20CONSTANS%209%20MARZO%20final.pdf\" target=\"_blank\" rel=\"noreferrer noopener\">Ing. Lorenzo Constans &#8211; RSE<\/a><\/li>\n<\/ul>\n\n\n\n<p><\/p>\n\n\n\n<ul>\n<li><a href=\"https:\/\/www.fiic.la\/Documentos\/LXII%20CONSEJO%20DIRECTIVO%20MEXICO%20MARZO%202015\/PRESENTACIONES%20FIIC%202015%20LUNES%209\/Presentacion%20-%20Proyectos%20de%20Integracion%20UNASUR.pdf\" target=\"_blank\" rel=\"noreferrer noopener\">Ing. Fernando Lago &#8211; Infraestructura<\/a><\/li>\n<\/ul>\n\n\n\n<p><\/p>\n\n\n\n<ul>\n<li><a href=\"https:\/\/www.fiic.la\/Documentos\/LXII%20CONSEJO%20DIRECTIVO%20MEXICO%20MARZO%202015\/PRESENTACIONES%20FIIC%202015%20LUNES%209\/FIIC%202015%20Mexico%20Comision.pdf\" target=\"_blank\" rel=\"noreferrer noopener\">Construcci\u00f3n Sostenible<\/a><\/li>\n<\/ul>\n\n\n\n<p><\/p>\n\n\n\n<ul>\n<li><a href=\"https:\/\/www.fiic.la\/Documentos\/LXII%20CONSEJO%20DIRECTIVO%20MEXICO%20MARZO%202015\/PRESENTACIONES%20FIIC%202015%20LUNES%209\/FIIC%20-%20CV_DU%20-%20Encuesta%20arrendamiento.pdf\" target=\"_blank\" rel=\"noreferrer noopener\">Vivienda y Desarrollo Urbano<\/a><\/li>\n<\/ul>\n\n\n\n<p class=\"has-text-align-center\"><strong>BIM &#8211; INCONET<\/strong><\/p>\n\n\n\n<ul>\n<li><a href=\"https:\/\/www.fiic.la\/Documentos\/LXII%20CONSEJO%20DIRECTIVO%20MEXICO%20MARZO%202015\/PRESENTACIONES%20FIIC%202015%20LUNES%209\/bim\/6%20PPT%20BIM%20Forum%20LA%20-%20febrero%202015%20-%20AEM%20CLR%20v7.1.pdf\" target=\"_blank\" rel=\"noreferrer noopener\">BIM Forum Latinoam\u00e9rica<\/a><\/li>\n<\/ul>\n\n\n\n<p><\/p>\n\n\n\n<ul>\n<li><a href=\"https:\/\/www.fiic.la\/Documentos\/LXII%20CONSEJO%20DIRECTIVO%20MEXICO%20MARZO%202015\/PRESENTACIONES%20FIIC%202015%20LUNES%209\/bim\/4%20PPT%20BIM%20Forum%20CHILE%20-%20marzo%202015%20-%20AEM%20CLR%20v3.pdf\" target=\"_blank\" rel=\"noreferrer noopener\">BIM Forum Chile<\/a><\/li>\n<\/ul>\n\n\n\n<p><\/p>\n\n\n\n<ul>\n<li><a href=\"https:\/\/www.fiic.la\/Documentos\/LXII%20CONSEJO%20DIRECTIVO%20MEXICO%20MARZO%202015\/PRESENTACIONES%20FIIC%202015%20LUNES%209\/bim\/2%20Bim%20Forum%20Mexico%20-%20enero%202015.pdf\" target=\"_blank\" rel=\"noreferrer noopener\">BIM &#8211; Forum M\u00e9xico<\/a><\/li>\n<\/ul>\n\n\n\n<p><\/p>\n\n\n\n<ul>\n<li><a href=\"https:\/\/www.fiic.la\/Documentos\/LXII%20CONSEJO%20DIRECTIVO%20MEXICO%20MARZO%202015\/PRESENTACIONES%20FIIC%202015%20LUNES%209\/bim\/1%20Presentacion%20General%20INCONET%202015%20-%20Mexico.pdf\" target=\"_blank\" rel=\"noreferrer noopener\">Presentaci\u00f3n General INCONET<\/a><\/li>\n<\/ul>\n\n\n\n<p><\/p>\n\n\n\n<ul>\n<li><a href=\"https:\/\/www.fiic.la\/Documentos\/LXII%20CONSEJO%20DIRECTIVO%20MEXICO%20MARZO%202015\/PRESENTACIONES%20FIIC%202015%20LUNES%209\/bim\/3%20Apresentacao%20BIM_%20ACBIC-%20Comissao%20tecnica%20(fev2015)_Ajustado_esp_07032015.pdf\" target=\"_blank\" rel=\"noreferrer noopener\">Implantaci\u00f3n y Utilizaci\u00f3n del BIM en emprendimientos Inmobiliarios<\/a><\/li>\n<\/ul>\n\n\n\n<p><\/p>\n\n\n\n<ul>\n<li><a href=\"https:\/\/www.fiic.la\/Documentos\/LXII%20CONSEJO%20DIRECTIVO%20MEXICO%20MARZO%202015\/PRESENTACIONES%20FIIC%202015%20LUNES%209\/bim\/5%20Peru%20BIM%20INCONET%20FIIC%20MEXICO%202015%20v.2.pdf\" target=\"_blank\" rel=\"noreferrer noopener\">BIM &#8211; Per\u00fa<\/a><\/li>\n<\/ul>\n\n\n\n<p><\/p>\n\n\n\n<ul>\n<li><a href=\"https:\/\/www.fiic.la\/Documentos\/LXII%20CONSEJO%20DIRECTIVO%20MEXICO%20MARZO%202015\/PRESENTACIONES%20FIIC%202015%20LUNES%209\/bim\/Procurement%20Policy%20Review%20Overview.pdf\" target=\"_blank\" rel=\"noreferrer noopener\">Conferencia Banco Mundial &#8211; Sr. Joao N. Veiga Malta<\/a><\/li>\n<\/ul>\n\n\n\n<p class=\"has-text-align-center\"><strong>Construction Sector Transparency Initiative -COST<\/strong><\/p>\n\n\n\n<ul>\n<li><a href=\"https:\/\/www.fiic.la\/Documentos\/LXII%20CONSEJO%20DIRECTIVO%20MEXICO%20MARZO%202015\/PRESENTACIONES%20FIIC%202015%20LUNES%209\/El%20Salvador.pdf\" target=\"_blank\" rel=\"noreferrer noopener\">El Salvador<\/a><\/li>\n<\/ul>\n\n\n\n<p><\/p>\n\n\n\n<ul>\n<li><a href=\"https:\/\/www.fiic.la\/Documentos\/LXII%20CONSEJO%20DIRECTIVO%20MEXICO%20MARZO%202015\/PRESENTACIONES%20FIIC%202015%20LUNES%209\/FIIC%20Resumen%20CoST.pdf\" target=\"_blank\" rel=\"noreferrer noopener\">Honduras<\/a>&nbsp;<a href=\"https:\/\/www.fiic.la\/Documentos\/LXII%20CONSEJO%20DIRECTIVO%20MEXICO%20MARZO%202015\/PRESENTACIONES%20FIIC%202015%20MARTES%2010\/Copia%20de%20COS%20T%20%20HONDURAS\/FIIC%20Resumen%20CoST_1.pdf\" target=\"_blank\" rel=\"noreferrer noopener\">Resumen FIIC<\/a>&nbsp;<a href=\"https:\/\/www.fiic.la\/Documentos\/LXII%20CONSEJO%20DIRECTIVO%20MEXICO%20MARZO%202015\/PRESENTACIONES%20FIIC%202015%20MARTES%2010\/Copia%20de%20COS%20T%20%20HONDURAS\/CoST%20resumen.pdf\" target=\"_blank\" rel=\"noreferrer noopener\">Resumen del Programa<\/a><\/li>\n<\/ul>\n\n\n\n<p>Martes 10 de marzo<\/p>\n\n\n\n<ul>\n<li><a href=\"https:\/\/www.fiic.la\/Documentos\/LXII%20CONSEJO%20DIRECTIVO%20MEXICO%20MARZO%202015\/PRESENTACIONES%20FIIC%202015%20MARTES%2010\/REUNION%20CONSEJO%20EJECUTIVO%2010_03_13.pdf\" target=\"_blank\" rel=\"noreferrer noopener\">Presentaci\u00f3n CBIC &#8211; Operaci\u00f3n Lava &#8211; Jato<\/a><\/li>\n<\/ul>\n\n\n\n<p><\/p>\n\n\n\n<ul>\n<li><a href=\"https:\/\/www.fiic.la\/Documentos\/LXII%20CONSEJO%20DIRECTIVO%20MEXICO%20MARZO%202015\/PRESENTACIONES%20FIIC%202015%20MARTES%2010\/hoja%20agenciadeviajes%20(1).pdf\" target=\"_blank\" rel=\"noreferrer noopener\">CONEXPO<\/a><\/li>\n<\/ul>\n\n\n\n<p><\/p>\n\n\n\n<ul>\n<li><a href=\"https:\/\/www.fiic.la\/Documentos\/LXII%20CONSEJO%20DIRECTIVO%20MEXICO%20MARZO%202015\/PRESENTACIONES%20FIIC%202015%20MARTES%2010\/FIIC%20-Construfer%202016%20.pdf\" target=\"_blank\" rel=\"noreferrer noopener\">Construfer Feria Internacional de la Construcci\u00f3n<\/a><\/li>\n<\/ul>\n\n\n\n<p><\/p>\n\n\n\n<ul>\n<li><a href=\"https:\/\/www.fiic.la\/Documentos\/LXII%20CONSEJO%20DIRECTIVO%20MEXICO%20MARZO%202015\/presentacion%20Inf_Sec_Gral.pdf\" target=\"_blank\" rel=\"noreferrer noopener\">Informe del Secretario General<\/a><\/li>\n<\/ul>\n\n\n\n<p><\/p>\n\n\n\n<ul>\n<li><a href=\"https:\/\/www.fiic.la\/Documentos\/LXII%20CONSEJO%20DIRECTIVO%20MEXICO%20MARZO%202015\/presentacion_Informe_Presidente%20marzo%202015.pdf\" target=\"_blank\" rel=\"noreferrer noopener\">Informe del Presidente<\/a><\/li>\n<\/ul>\n\n\n\n<p><\/p>\n\n\n\n<ul>\n<li><a href=\"https:\/\/www.fiic.la\/Documentos\/LXII%20CONSEJO%20DIRECTIVO%20MEXICO%20MARZO%202015\/PRESENTACIONES%20FIIC%202015%20MARTES%2010\/FIIC%20%209%20MARZO%202015%20con%20cambio%20ETC%20incorporado_version%20final.pdf\" target=\"_blank\" rel=\"noreferrer noopener\">Perspectivas y Desaf\u00edos para el Sector de la Construcci\u00f3n en Chile<\/a><\/li>\n<\/ul>\n\n\n\n<p><\/p>\n\n\n\n<ul>\n<li><a href=\"https:\/\/www.fiic.la\/Documentos\/LXII%20CONSEJO%20DIRECTIVO%20MEXICO%20MARZO%202015\/PRESENTACIONES%20FIIC%202015%20MARTES%2010\/FIICppt_2.6.15.pdf\" target=\"_blank\" rel=\"noreferrer noopener\">C\u00f3mo sumarse a un proyecto de clase mundial<\/a><\/li>\n<\/ul>\n\n\n\n<p><\/p>\n\n\n\n<ul>\n<li><a href=\"https:\/\/www.fiic.la\/Documentos\/LXII%20CONSEJO%20DIRECTIVO%20MEXICO%20MARZO%202015\/PRESENTACIONES%20FIIC%202015%20MARTES%2010\/Presentacion_FIIC_vf%20chile.pdf\" target=\"_blank\" rel=\"noreferrer noopener\">Presentaci\u00f3n C\u00e1mara Chilena de la Construcci\u00f3n &#8211; Eventos octubre<\/a><\/li>\n<\/ul>\n\n\n\n<p><\/p>\n\n\n\n<ul>\n<li><a href=\"https:\/\/photos.app.goo.gl\/BGpBWhWgaRnmhFsy8\" target=\"_blank\" rel=\"noreferrer noopener\">Memoria Fotogr\u00e1fica<\/a><\/li>\n<\/ul>\n<\/div><\/div><\/div><\/div>\n\n\n\n<div class=\"wp-block-qubely-accordion-item qubely-block-092387\"><div itemscope itemprop=\"mainEntity\" itemtype=\"https:\/\/schema.org\/Question\" class=\"qubely-accordion-item qubely-type-fill false\"><div class=\"qubely-accordion-panel qubely-icon-position-right\"><span class=\"qubely-accordion-panel-handler\" role=\"button\"><span itemprop=\"name\" class=\"qubely-accordion-panel-handler-label\">29\u00b0 Congreso Interamericano De La Industria De La Construcci\u00f3n \u2013 Medell\u00edn, Colombia, 27 Y 28 De Agosto 2014<\/span><span class=\"qubely-accordion-icon fa fa-plus\"><\/span><\/span><\/div><div itemscope itemprop=\"acceptedAnswer\" itemtype=\"https:\/\/schema.org\/Answer\" class=\"qubely-accordion-body\"><div itemprop=\"text\">\n<ul>\n<li><a href=\"https:\/\/www.fiic.la\/Documentos\/LXXI%20CONSEJO%20Y%20CONGRESO%20COLOMBIA\/Discurso%20del%20cierre%20del%20presidente%20de%20la%20republica%20Juan%20Manuel%20Santos.pdf\" target=\"_blank\" rel=\"noreferrer noopener\">Discurso de cierre Presidente de la Rep\u00fablica Colombia &#8211; Juan Manuel Santos<\/a><\/li>\n<\/ul>\n\n\n\n<p><\/p>\n\n\n\n<ul>\n<li><a href=\"https:\/\/www.fiic.la\/Documentos\/LXXI%20CONSEJO%20Y%20CONGRESO%20COLOMBIA\/Sandra%20Forero%20comentarios%20deficit%20habitacional%20y%20politica%20de%20vivienda%20FIIC%202014.pdf\" target=\"_blank\" rel=\"noreferrer noopener\">Sandra Forero &#8211; Comentarios D\u00e9ficit Habitacional y Pol\u00edtica de Vivienda<\/a><\/li>\n<\/ul>\n\n\n\n<p><\/p>\n\n\n\n<ul>\n<li><a href=\"https:\/\/www.fiic.la\/Documentos\/LXXI%20CONSEJO%20Y%20CONGRESO%20COLOMBIA\/JUAN%20MARTIN%20CAICEDO%20oportunidades%20para%20la%20infraestructura%20de%20tte%20FIIC%202014.pdf\" target=\"_blank\" rel=\"noreferrer noopener\">Juan Mart\u00edn Caicedo &#8211; Oportunidades para la Infraestructura de Transporte<\/a><\/li>\n<\/ul>\n\n\n\n<p><\/p>\n\n\n\n<ul>\n<li><a href=\"https:\/\/www.fiic.la\/Documentos\/LXXI%20CONSEJO%20Y%20CONGRESO%20COLOMBIA\/Jose%20Carrera%20inversion%20social%20CAF%20FIIC%202014.pdf\" target=\"_blank\" rel=\"noreferrer noopener\">Jos\u00e9 Carrera &#8211; Invesi\u00f3n Social CAF<\/a><\/li>\n<\/ul>\n\n\n\n<p><\/p>\n\n\n\n<ul>\n<li><a href=\"https:\/\/www.fiic.la\/Documentos\/LXXI%20CONSEJO%20Y%20CONGRESO%20COLOMBIA\/presentacion%20VICE%20Guillermo%20Herrera.pdf\" target=\"_blank\" rel=\"noreferrer noopener\">Guillermo Herrera, Viceministro de Vivienda &#8211; Hacia la Construcci\u00f3n de Territorios Equitativos<\/a><\/li>\n<\/ul>\n\n\n\n<p><\/p>\n\n\n\n<ul>\n<li><a href=\"https:\/\/www.fiic.la\/Documentos\/LXXI%20CONSEJO%20Y%20CONGRESO%20COLOMBIA\/DIEGO%20SANCHEZ%20FONSECA%20tendencias%20y%20novedades%20infrae.%20LA%20FIIC%202014.pdf\" target=\"_blank\" rel=\"noreferrer noopener\">Diego S\u00e1nchez Fonseca &#8211; Tendencias y Novedades en el Desarrollo de la Infraestructura<\/a><\/li>\n<\/ul>\n\n\n\n<p><\/p>\n\n\n\n<ul>\n<li><a href=\"https:\/\/www.fiic.la\/Documentos\/LXXI%20CONSEJO%20Y%20CONGRESO%20COLOMBIA\/Discurso%20Instalacion%20Expocamacol%202014%20Sandra%20Forero%20Ramirez.pdf\" target=\"_blank\" rel=\"noreferrer noopener\">Discurso de Instalaci\u00f3n &#8211; Arq. Sandra Forero &#8211; Presidenta CAMACOL<\/a><\/li>\n<\/ul>\n\n\n\n<p><\/p>\n\n\n\n<ul>\n<li><a href=\"https:\/\/www.fiic.la\/Documentos\/LXXI%20CONSEJO%20Y%20CONGRESO%20COLOMBIA\/PRESENTACION%20Blanco%20Deficit%20Habitacional%20y%20Politica%20de%20Vivienda%20CAMACOL.pdf\" target=\"_blank\" rel=\"noreferrer noopener\">Andr\u00e9s Blanco &#8211; Especialista Senior Desarrollo Urbano en Vivienda BID<\/a><\/li>\n<\/ul>\n\n\n\n<p><\/p>\n\n\n\n<ul>\n<li><a href=\"https:\/\/www.fiic.la\/Documentos\/LXXI%20CONSEJO%20Y%20CONGRESO%20COLOMBIA\/Camilo%20Santamaria%20El%20Triunfo%20de%20las%20Ciudades%20FIIC%202014.pdf\" target=\"_blank\" rel=\"noreferrer noopener\">Camilo Santamaria &#8211; Reflexiones sobre El Triunfo de las Ciudades<\/a><\/li>\n<\/ul>\n\n\n\n<p><\/p>\n\n\n\n<ul>\n<li><a href=\"https:\/\/www.fiic.la\/Documentos\/LXXI%20CONSEJO%20Y%20CONGRESO%20COLOMBIA\/FIIC%202014%20Presentacion%20B.%20Echeverria.pdf\" target=\"_blank\" rel=\"noreferrer noopener\">Bernardo Echeverr\u00eda &#8211; Pol\u00edtica de Vivienda y Entorno habitacional<\/a><\/li>\n<\/ul>\n\n\n\n<p><\/p>\n\n\n\n<ul>\n<li><a href=\"https:\/\/www.fiic.la\/Documentos\/LXXI%20CONSEJO%20Y%20CONGRESO%20COLOMBIA\/Edward%20Glaeser%20El%20Triunfo%20de%20las%20Ciudades%20FIIC%202014.pdf\" target=\"_blank\" rel=\"noreferrer noopener\">Edward Glaeser &#8211; El Triunfo de las Ciudades<\/a><\/li>\n<\/ul>\n\n\n\n<p><\/p>\n\n\n\n<ul>\n<li><a href=\"https:\/\/www.fiic.la\/Documentos\/LXXI%20CONSEJO%20Y%20CONGRESO%20COLOMBIA\/Juan%20Ignacio%20Silva%20Evolucion%20de%20las%20Economias%20FIIC%202014.pdf\" target=\"_blank\" rel=\"noreferrer noopener\">Ing. Juan Ignacio Silva &#8211; Evoluci\u00f3n de las Econom\u00edas<\/a><\/li>\n<\/ul>\n\n\n\n<p><\/p>\n\n\n\n<ul>\n<li><a href=\"https:\/\/www.fiic.la\/Documentos\/LXXI%20CONSEJO%20Y%20CONGRESO%20COLOMBIA\/IMPULSO%20A%20LA%20INFRAESTRUCTUIRA%20LOCAL%20EN%20UN%20MUNDO%20GLOBALIZADO_04_08_2014_LZR.pdf\" target=\"_blank\" rel=\"noreferrer noopener\">Ing. Luis Z\u00e1rate Rocha &#8211; Presidente CMIC<\/a><\/li>\n<\/ul>\n\n\n\n<p><\/p>\n\n\n\n<ul>\n<li><a href=\"https:\/\/www.fiic.la\/Documentos\/LXXI%20CONSEJO%20Y%20CONGRESO%20COLOMBIA\/Discurso%20Final%20Sandra%20Forero%20Ramirez%20-%20CCC%202013%20V8%20-%20Sin%20JMS.pdf\" target=\"_blank\" rel=\"noreferrer noopener\">Discurso de cierre Sandra Forero &#8211; presidenta CAMACOL<\/a><\/li>\n<\/ul>\n\n\n\n<p><\/p>\n\n\n\n<ul>\n<li><a href=\"https:\/\/photos.app.goo.gl\/jvJd1aXY1wZwUhKo7\" target=\"_blank\" rel=\"noreferrer noopener\">Memoria Fotogr\u00e1fica<\/a><\/li>\n<\/ul>\n<\/div><\/div><\/div><\/div>\n\n\n\n<div class=\"wp-block-qubely-accordion-item qubely-block-e86a5c\"><div itemscope itemprop=\"mainEntity\" itemtype=\"https:\/\/schema.org\/Question\" class=\"qubely-accordion-item qubely-type-fill false\"><div class=\"qubely-accordion-panel qubely-icon-position-right\"><span class=\"qubely-accordion-panel-handler\" role=\"button\"><span itemprop=\"name\" class=\"qubely-accordion-panel-handler-label\">LXXI Reuni\u00f3n De Consejo Directivo FIIC \u2013 26 De Agosto 2014, Medell\u00edn, Colombia.<\/span><span class=\"qubely-accordion-icon fa fa-plus\"><\/span><\/span><\/div><div itemscope itemprop=\"acceptedAnswer\" itemtype=\"https:\/\/schema.org\/Answer\" class=\"qubely-accordion-body\"><div itemprop=\"text\">\n<ul>\n<li><a href=\"https:\/\/www.fiic.la\/Documentos\/LXXI%20CONSEJO%20Y%20CONGRESO%20COLOMBIA\/Presentacion%20entorno%20economico_para%20FIIC_El%20Salvador_agosto%202014.pdf\" target=\"_blank\" rel=\"noreferrer noopener\">Presentaci\u00f3n Entorno Econ\u00f3mico El Salvador &#8211; Ing. Carlos Jos\u00e9 Guerrero<\/a><\/li>\n<\/ul>\n\n\n\n<p><\/p>\n\n\n\n<ul>\n<li><a href=\"https:\/\/www.fiic.la\/LXXI%20CONSEJO%20Y%20CONGRESO%20COLOMBIA\/Informe%20Construccion%20Sostenible%20PPS%20FIIC%202014%20Colombia%20Consejo%20Directivo%202014-08-11.pdf\" target=\"_blank\" rel=\"noreferrer noopener\">Construcci\u00f3n Sostenible &#8211; Ing. Guillermo Carazo<\/a><\/li>\n<\/ul>\n\n\n\n<p><\/p>\n\n\n\n<ul>\n<li><a href=\"https:\/\/www.fiic.la\/LXXI%20CONSEJO%20Y%20CONGRESO%20COLOMBIA\/CHILE%20Balance%20de%20la%20Vivienda%202014_DHurtado%20en%20FIIC.pdf\" target=\"_blank\" rel=\"noreferrer noopener\">Presentaci\u00f3n Balance de la Vivienda 2014 -Ing. Daniel Hurtado Parot<\/a><\/li>\n<\/ul>\n\n\n\n<p><\/p>\n\n\n\n<ul>\n<li><a href=\"https:\/\/www.fiic.la\/LXXI%20CONSEJO%20Y%20CONGRESO%20COLOMBIA\/4%20presentacion_Informe_Secretario-General%20agosto%202014.pdf\" target=\"_blank\" rel=\"noreferrer noopener\">Presentaci\u00f3n Secretario General &#8211; Ing. Ricardo Platt<\/a><\/li>\n<\/ul>\n\n\n\n<p><\/p>\n\n\n\n<ul>\n<li><a href=\"https:\/\/www.fiic.la\/LXXI%20CONSEJO%20Y%20CONGRESO%20COLOMBIA\/Informe%20Consejo%20Directivo%20-%20Comision%20de%20Vivienda.pdf\" target=\"_blank\" rel=\"noreferrer noopener\">Comisi\u00f3n de Vivienda y Desarrollo Urbano &#8211; Arq. Sandra Forero<\/a><\/li>\n<\/ul>\n\n\n\n<p><\/p>\n\n\n\n<ul>\n<li><a href=\"https:\/\/www.fiic.la\/LXXI%20CONSEJO%20Y%20CONGRESO%20COLOMBIA\/EVOLUCION%20DE%20LAS%20ECONOMIAS%20DE%20LOS%20PAISES%20MIEMBROS%20DE%20LA%20FIIC%202013-2014_DEF%20VER.EJECUTIVA.pdf\" target=\"_blank\" rel=\"noopener\">Evoluci\u00f3n de la Econom\u00eda en los pa\u00edses miembros FIIC- Ing. Luis Z\u00e1rate (Ver. ejecutiva)<\/a><\/li>\n<\/ul>\n\n\n\n<p><\/p>\n\n\n\n<ul>\n<li><a href=\"https:\/\/www.fiic.la\/LXXI%20CONSEJO%20Y%20CONGRESO%20COLOMBIA\/VENEZUELA%20PUBLICABLE%20FIIC%20SECTOR%20CONSTRUCCION%20VENEZUELA.pdf\" target=\"_blank\" rel=\"noreferrer noopener\">Presentaci\u00f3n Problem\u00e1tica del Sector Construcci\u00f3n en Venezuela &#8211; Ing. Jaime G\u00f3mez Torres<br><\/a><\/li>\n<\/ul>\n\n\n\n<p class=\"has-text-align-center\"><strong>Reuni\u00f3n de Directores y\/o Gerentes<\/strong><\/p>\n\n\n\n<ul>\n<li><a href=\"https:\/\/www.fiic.la\/LXXI%20CONSEJO%20Y%20CONGRESO%20COLOMBIA\/RESP%20SOCIAL%20EMP%20Proceso%20Premio%20RSE-FIIC%202014_LConstans.pdf\" target=\"_blank\" rel=\"noreferrer noopener\">Presentaci\u00f3n Responsabilidad Social Empresarial &#8211; Ing. Lorenzo Constans<\/a><\/li>\n<\/ul>\n\n\n\n<p><\/p>\n\n\n\n<ul>\n<li><a href=\"https:\/\/www.fiic.la\/LXXI%20CONSEJO%20Y%20CONGRESO%20COLOMBIA\/Construccion%20Sustentable%20en%20Chile%20-%20Agosto%202014.pdf\" target=\"_blank\" rel=\"noreferrer noopener\">aci\u00f3n Construcci\u00f3n Sustentable &#8211; Ing. Juan Carlos Le\u00f3n<\/a><\/li>\n<\/ul>\n\n\n\n<p><\/p>\n\n\n\n<ul>\n<li><a href=\"https:\/\/www.fiic.la\/LXXI%20CONSEJO%20Y%20CONGRESO%20COLOMBIA\/RESP%20SOCIAL%20EMP%20Proceso%20Premio%20RSE-FIIC%202014_LConstans.pdf\" target=\"_blank\" rel=\"noreferrer noopener\">Presentaci\u00f3n Responsabilidad Social Empresarial &#8211; Ing. Lorenzo Constans<\/a><\/li>\n<\/ul>\n\n\n\n<p><\/p>\n\n\n\n<ul>\n<li><a href=\"https:\/\/www.fiic.la\/LXXI%20CONSEJO%20Y%20CONGRESO%20COLOMBIA\/Construccion%20Sustentable%20en%20Chile%20-%20Agosto%202014.pdf\" target=\"_blank\" rel=\"noreferrer noopener\">Presentaci\u00f3n Construcci\u00f3n Sustentable &#8211; Ing. Juan Carlos Le\u00f3n<\/a><\/li>\n<\/ul>\n\n\n\n<p><\/p>\n\n\n\n<ul>\n<li><a href=\"https:\/\/www.fiic.la\/LXXI%20CONSEJO%20Y%20CONGRESO%20COLOMBIA\/FIIC%20resumen%20reunion%20Directores_1.pdf\" target=\"_blank\" rel=\"noopener\">Informe Final Reuni\u00f3n de Directores\/Gerentes<\/a><\/li>\n<\/ul>\n\n\n\n<p><\/p>\n\n\n\n<ul>\n<li><a href=\"https:\/\/www.fiic.la\/LXXI%20CONSEJO%20Y%20CONGRESO%20COLOMBIA\/MEXICO%20Ver%20Definitiva%20Colombia%20240814%20(2)Humberto%20Ibarrola%20CMIC.pdf\" target=\"_blank\" rel=\"noreferrer noopener\">Presentaci\u00f3n M\u00e9xico &#8211; Ing. Humberto Ibarrola<\/a><\/li>\n<\/ul>\n\n\n\n<p><\/p>\n\n\n\n<ul>\n<li><a href=\"https:\/\/www.fiic.la\/LXXI%20CONSEJO%20Y%20CONGRESO%20COLOMBIA\/CASALCO%20PRESENTACION.pdf\" target=\"_blank\" rel=\"noreferrer noopener\">Presentaci\u00f3n El Salvador<\/a><\/li>\n<\/ul>\n\n\n\n<p><\/p>\n\n\n\n<ul>\n<li><a href=\"https:\/\/www.fiic.la\/LXXI%20CONSEJO%20Y%20CONGRESO%20COLOMBIA\/Medellin%20FIIC%20-%20La%20CCI%2020140825.pdf\" target=\"_blank\" rel=\"noreferrer noopener\">Presentaci\u00f3n CCI &#8211; Dr. Rub\u00e9n Dar\u00edo Ort\u00edz Hern\u00e1ndez<\/a><\/li>\n<\/ul>\n\n\n\n<p><\/p>\n\n\n\n<ul>\n<li><a href=\"https:\/\/www.fiic.la\/LXXI%20CONSEJO%20Y%20CONGRESO%20COLOMBIA\/CHILE%20Medellin%202014%20CChC.pdf\" target=\"_blank\" rel=\"noreferrer noopener\">Presentaci\u00f3n Chile &#8211; Ing. Juan Pablo Glasinovic<\/a><\/li>\n<\/ul>\n\n\n\n<p><\/p>\n\n\n\n<ul>\n<li><a href=\"https:\/\/www.fiic.la\/LXXI%20CONSEJO%20Y%20CONGRESO%20COLOMBIA\/COSTA%20RICA%20CCC%20-%20Reu%20Directores%20de%20FIIC%202014AG25.pdf\" target=\"_blank\" rel=\"noreferrer noopener\">Presentaci\u00f3n Costa Rica<\/a><\/li>\n<\/ul>\n\n\n\n<p><\/p>\n\n\n\n<ul>\n<li><a href=\"https:\/\/www.fiic.la\/LXXI%20CONSEJO%20Y%20CONGRESO%20COLOMBIA\/GUATEMALA%20Medellin%20CGC%202014.pdf\" target=\"_blank\" rel=\"noreferrer noopener\">Presentaci\u00f3n Guatemala &#8211; Paola de Andrino<\/a><\/li>\n<\/ul>\n\n\n\n<p><\/p>\n\n\n\n<ul>\n<li><a href=\"https:\/\/www.fiic.la\/LXXI%20CONSEJO%20Y%20CONGRESO%20COLOMBIA\/VENEZUELA%20Reunion%20D%20%20Ejecutivos%20FIIC%2025-8-14%20CVC.pdf\" target=\"_blank\" rel=\"noreferrer noopener\">Presentaci\u00f3n Venezuela &#8211; Lic. Estela Hidalgo<\/a><\/li>\n<\/ul>\n\n\n\n<p class=\"has-text-align-center\"><strong>Reuni\u00f3n Comisiones<\/strong><\/p>\n\n\n\n<ul>\n<li><a href=\"https:\/\/www.fiic.la\/LXXI%20CONSEJO%20Y%20CONGRESO%20COLOMBIA\/CONSTRUCCION%20SOSTENIBLE%20PPS%20FIIC%202014%20Colombia%20Comision%202014-08-11.pdf\" target=\"_blank\" rel=\"noreferrer noopener\">Presentaci\u00f3n Construcci\u00f3n Sostenible &#8211; Ing. Guillermo Carazo<\/a><\/li>\n<\/ul>\n\n\n\n<p><\/p>\n\n\n\n<ul>\n<li><a href=\"https:\/\/www.fiic.la\/LXXI%20CONSEJO%20Y%20CONGRESO%20COLOMBIA\/Presentacion%20-%20Comision%20de%20Vivienda%20FIIC.pdf\" target=\"_blank\" rel=\"noreferrer noopener\">Presentaci\u00f3n Comisi\u00f3n Vivienda &#8211; Arq. Sandra Forero<\/a><\/li>\n<\/ul>\n\n\n\n<p><\/p>\n\n\n\n<ul>\n<li><a href=\"https:\/\/picasaweb.google.com\/108948300410895047172\/LXXIReunionDeConsejoDirectivoY29CongresoFIICMedellinColombia?authkey=Gv1sRgCPnHicKBkqKvSA\" target=\"_blank\" rel=\"noreferrer noopener\">Memoria Fotogr\u00e1fica<\/a><\/li>\n<\/ul>\n\n\n\n<p><\/p>\n\n\n\n<ul>\n<li><a href=\"https:\/\/www.fiic.la\/LXXI%20CONSEJO%20Y%20CONGRESO%20COLOMBIA\/Presentacion%20-%20Comision%20de%20Vivienda%20FIIC.pdf\" target=\"_blank\" rel=\"noreferrer noopener\">Presentaci\u00f3n Comisi\u00f3n Vivienda &#8211; Arq. Sandra Forero<\/a><\/li>\n<\/ul>\n\n\n\n<p><\/p>\n\n\n\n<ul>\n<li><a href=\"https:\/\/photos.app.goo.gl\/jvJd1aXY1wZwUhKo7\" target=\"_blank\" rel=\"noreferrer noopener\">Memoria Fotogr\u00e1fica<\/a><\/li>\n<\/ul>\n<\/div><\/div><\/div><\/div>\n\n\n\n<div class=\"wp-block-qubely-accordion-item qubely-block-d39cbe\"><div itemscope itemprop=\"mainEntity\" itemtype=\"https:\/\/schema.org\/Question\" class=\"qubely-accordion-item qubely-type-fill false\"><div class=\"qubely-accordion-panel qubely-icon-position-right\"><span class=\"qubely-accordion-panel-handler\" role=\"button\"><span itemprop=\"name\" class=\"qubely-accordion-panel-handler-label\">LXX Reuni\u00f3n De Consejo Directivo FIIC \u2013 8 De Abril 2014, Buenos Aires, Argentina<\/span><span class=\"qubely-accordion-icon fa fa-plus\"><\/span><\/span><\/div><div itemscope itemprop=\"acceptedAnswer\" itemtype=\"https:\/\/schema.org\/Answer\" class=\"qubely-accordion-body\"><div itemprop=\"text\">\n<ul>\n<li><a href=\"https:\/\/photos.app.goo.gl\/ZEs3kj5mxppGfRpCA\" target=\"_blank\" rel=\"noreferrer noopener\">Memoria Fotogr\u00e1fica<\/a><\/li>\n<\/ul>\n\n\n\n<p><\/p>\n\n\n\n<ul>\n<li><a href=\"https:\/\/www.fiic.la\/LXX%20CONSEJO%20DIRECTIVO%20ARGENTINA\/Politicas_de_Demanda_Brasil_-_FIIC_Comision_de_Vivienda%20-%20Buenos%20Aires.pdf\" target=\"_blank\" rel=\"noreferrer noopener\">Pol\u00edticas de Demanda Brasil &#8211; Arq. Sandra Forero<\/a><\/li>\n<\/ul>\n\n\n\n<p><\/p>\n\n\n\n<ul>\n<li><a href=\"https:\/\/www.fiic.la\/LXX%20CONSEJO%20DIRECTIVO%20ARGENTINA\/CONGRESO%20FIIC%2030-03-14.pdf\" target=\"_blank\" rel=\"noreferrer noopener\">Presentaci\u00f3n del 29\u00b0 Congreso FIIC &#8211; Arq. Sandra Forero<\/a><\/li>\n<\/ul>\n\n\n\n<p><\/p>\n\n\n\n<ul>\n<li><a href=\"https:\/\/www.fiic.la\/LXX%20CONSEJO%20DIRECTIVO%20ARGENTINA\/Situacion_con_el_contratista_an_7_de_abril_de_2014.pdf\" target=\"_blank\" rel=\"noreferrer noopener\">Ampliaci\u00f3n Canal de Panam\u00e1 &#8211; Ing. Manuel Vallarino<\/a><\/li>\n<\/ul>\n\n\n\n<p><\/p>\n\n\n\n<ul>\n<li><a href=\"https:\/\/www.fiic.la\/LXX%20CONSEJO%20DIRECTIVO%20ARGENTINA\/FIIC%20Informe%20Comision%20Infraestructura%20Buenos%20Aires%20FLAGO.pdf\" target=\"_blank\" rel=\"noreferrer noopener\">Informe Comisi\u00f3n Infraestructura &#8211; Ing. Fernando Lago<\/a><\/li>\n<\/ul>\n\n\n\n<p><\/p>\n\n\n\n<ul>\n<li><a href=\"https:\/\/www.fiic.la\/LXX%20CONSEJO%20DIRECTIVO%20ARGENTINA\/Presentacion%20y%20Avances%20Programa%20Innovacion%20Construccion%20Sustentable%20-%20Chile%20-%20marzo%202014.pdf\" target=\"_blank\" rel=\"noreferrer noopener\">Programa de Innovaci\u00f3n en Construcci\u00f3n Sustentable &#8211; Presentaci\u00f3n y Avances<\/a><\/li>\n<\/ul>\n\n\n\n<p><\/p>\n\n\n\n<ul>\n<li><a href=\"https:\/\/www.fiic.la\/LXX%20CONSEJO%20DIRECTIVO%20ARGENTINA\/Presentacion%20Final%20Primera%20Etapa%20Programa%20Innovacion%20Construccion%20Sustentable%20-%20Chile%20-%202014.pdf\" target=\"_blank\" rel=\"noreferrer noopener\">Programa de Innovaci\u00f3n &#8220;Desarrollo de la Industria de la Construcci\u00f3n Sustentable<\/a><\/li>\n<\/ul>\n\n\n\n<p><\/p>\n\n\n\n<ul>\n<li><a href=\"https:\/\/www.fiic.la\/LXX%20CONSEJO%20DIRECTIVO%20ARGENTINA\/Informe_Secretario-General_abril2014%20rp.pdf\" target=\"_blank\" rel=\"noreferrer noopener\">Informe Secretario General &#8211; Ing. Ricardo Platt<\/a><\/li>\n<\/ul>\n\n\n\n<p><\/p>\n\n\n\n<ul>\n<li><a href=\"https:\/\/www.fiic.la\/LXX%20CONSEJO%20DIRECTIVO%20ARGENTINA\/InnovacionConstruccion_FernandoLago.pdf\" target=\"_blank\" rel=\"noreferrer noopener\">Innovaci\u00f3n en la Construcci\u00f3n &#8211; Ing. Fernando Lago<\/a><\/li>\n<\/ul>\n\n\n\n<p><\/p>\n\n\n\n<ul>\n<li><a href=\"https:\/\/www.fiic.la\/LXX%20CONSEJO%20DIRECTIVO%20ARGENTINA\/Presentacion%20INCONET%20Argentina%20ABR2014-1-3fRobertoSitten.pdf\" target=\"_blank\" rel=\"noreferrer noopener\">BIM &#8211; Lean Construction &#8211; Ing. Roberto Sitten<\/a><\/li>\n<\/ul>\n\n\n\n<p><\/p>\n\n\n\n<ul>\n<li><a href=\"https:\/\/www.fiic.la\/LXX%20CONSEJO%20DIRECTIVO%20ARGENTINA\/ExperienciaPeruanaCAPECOLeanConstructionCarlosDelgado.pdf\" target=\"_blank\" rel=\"noreferrer noopener\">Experiencia Peruana Lean Construction &#8211; Ing. Carlos Delgado<\/a><\/li>\n<\/ul>\n\n\n\n<p><\/p>\n\n\n\n<ul>\n<li><a href=\"https:\/\/www.fiic.la\/LXX%20CONSEJO%20DIRECTIVO%20ARGENTINA\/2014_VPP%20IntegradasBID.pdf\" target=\"_blank\" rel=\"noreferrer noopener\">Presentaci\u00f3n BID &#8211; Sr. Hugo Fl\u00f3rez<\/a><\/li>\n<\/ul>\n\n\n\n<p><\/p>\n\n\n\n<ul>\n<li><a href=\"https:\/\/www.fiic.la\/LXX%20CONSEJO%20DIRECTIVO%20ARGENTINA\/Argentina%20FIIC%20HowToDoBusinessWithTheWB-2014.pdf\" target=\"_blank\" rel=\"noreferrer noopener\">Presentaci\u00f3n Grupo Banco Mundial &#8211; Ing. \u00c1lvaro Larrea y la Ing. Ana Mar\u00eda Grofsmacht<\/a><\/li>\n<\/ul>\n\n\n\n<p><\/p>\n\n\n\n<ul>\n<li><a href=\"https:\/\/www.fiic.la\/LXX%20CONSEJO%20DIRECTIVO%20ARGENTINA\/INCONET%20Cadena%20Critica_Defiori.pdf\" target=\"_blank\" rel=\"noreferrer noopener\">Inconet &#8211; Ing. Marcelo Defiori<\/a><\/li>\n<\/ul>\n\n\n\n<p><\/p>\n\n\n\n<ul>\n<li><a href=\"https:\/\/www.fiic.la\/LXX%20CONSEJO%20DIRECTIVO%20ARGENTINA\/Presentacion%20GBC%20CAMACOL.pdf\" target=\"_blank\" rel=\"noreferrer noopener\">Presentaci\u00f3n GBC CAMACOL<\/a><\/li>\n<\/ul>\n\n\n\n<p><\/p>\n\n\n\n<ul>\n<li><a href=\"https:\/\/www.fiic.la\/LXX%20CONSEJO%20DIRECTIVO%20ARGENTINA\/Product_Planificacion%20JuanCarlosLeon.pdf\" target=\"_blank\" rel=\"noreferrer noopener\">Productividad y Planificaci\u00f3n &#8211; Ing. Juan Carlos Le\u00f3n<\/a><\/li>\n<\/ul>\n\n\n\n<p><\/p>\n\n\n\n<ul>\n<li><a href=\"https:\/\/www.fiic.la\/LXX%20CONSEJO%20DIRECTIVO%20ARGENTINA\/presentacion_Informe_Presidente_7abril2014.pdf\" target=\"_blank\" rel=\"noreferrer noopener\">Informe Presidente &#8211; Ing. Juan Ignacio Silva<\/a><\/li>\n<\/ul>\n\n\n\n<p><\/p>\n\n\n\n<ul>\n<li><a href=\"https:\/\/www.fiic.la\/LXX%20CONSEJO%20DIRECTIVO%20ARGENTINA\/Presentacion%20Daniel%20Hurtado%20Bs.%20Aires%20v1%20(1)%20(2)abril%202014.pdf\" target=\"_blank\" rel=\"noreferrer noopener\">Presentaci\u00f3n Ing. Daniel Hurtado<\/a><\/li>\n<\/ul>\n\n\n\n<p><\/p>\n\n\n\n<ul>\n<li><a href=\"https:\/\/www.fiic.la\/LXX%20CONSEJO%20DIRECTIVO%20ARGENTINA\/Resumen%20Ejecutivo%20Programa%20Innovacion%20Construccion%20Sustentable%20-%20Chile%20-%20marzo%202014.pdf\" target=\"_blank\" rel=\"noreferrer noopener\">Programa de Innovaci\u00f3n en Construcci\u00f3n Sustentable -Resumen Ejecutivo<\/a><\/li>\n<\/ul>\n\n\n\n<p><\/p>\n\n\n\n<ul>\n<li><a href=\"https:\/\/www.fiic.la\/LXX%20CONSEJO%20DIRECTIVO%20ARGENTINA\/PPS%20FIIC%202014%20Buenos%20Aires%20Argentina%202014-03-18.pdf\" target=\"_blank\" rel=\"noreferrer noopener\">Presentaci\u00f3n Comisi\u00f3n Construcci\u00f3n Sostenible<\/a><\/li>\n<\/ul>\n\n\n\n<p><\/p>\n\n\n\n<ul>\n<li><a href=\"https:\/\/www.fiic.la\/LXX%20CONSEJO%20DIRECTIVO%20ARGENTINA\/PPT%20Institucional%20FINAL%20al%2010_04.pdf\" target=\"_blank\" rel=\"noreferrer noopener\">Presentaci\u00f3n Conexpo Latin America<\/a><\/li>\n<\/ul>\n\n\n\n<p><\/p>\n\n\n\n<ul>\n<li><a href=\"https:\/\/www.fiic.la\/LXX%20CONSEJO%20DIRECTIVO%20ARGENTINA\/Clima%20de%20negocios%20%20-%20Mision%20Honduras%2025marzo14.pdf\" target=\"_blank\" rel=\"noreferrer noopener\">Clima de Negocios &#8211; Misi\u00f3n Honduras &#8211; Ing. Fernando Ib\u00e1rcena<\/a><\/li>\n<\/ul>\n\n\n\n<p><\/p>\n\n\n\n<ul>\n<li><a href=\"https:\/\/www.fiic.la\/LXX%20CONSEJO%20DIRECTIVO%20ARGENTINA\/L.%20Constans%201%20Reu.%2005.04.14%20BBAA.pdf\" target=\"_blank\" rel=\"noreferrer noopener\">Presentaci\u00f3n Premio RSE &#8211; 2014-2016 -Ing. Lorenzo Constans<\/a><\/li>\n<\/ul>\n\n\n\n<p><\/p>\n\n\n\n<ul>\n<li><a href=\"https:\/\/www.fiic.la\/LXX%20CONSEJO%20DIRECTIVO%20ARGENTINA\/Presentacion%20Politica%20Venezuela%20FIIC.pdf\" target=\"_blank\" rel=\"noreferrer noopener\">Pol\u00edtica y Econom\u00eda de Venezuela &#8211; Ing. Irwin Perret<\/a><\/li>\n<\/ul>\n<\/div><\/div><\/div><\/div>\n\n\n\n<div class=\"wp-block-qubely-accordion-item qubely-block-94e3d2\"><div itemscope itemprop=\"mainEntity\" itemtype=\"https:\/\/schema.org\/Question\" class=\"qubely-accordion-item qubely-type-fill false\"><div class=\"qubely-accordion-panel qubely-icon-position-right\"><span class=\"qubely-accordion-panel-handler\" role=\"button\"><span itemprop=\"name\" class=\"qubely-accordion-panel-handler-label\">LXVIX Reuni\u00f3n De Consejo Directivo FIIC, 1\u00b0 De Octubre 2013, Fortaleza, Brasil.<\/span><span class=\"qubely-accordion-icon fa fa-plus\"><\/span><\/span><\/div><div itemscope itemprop=\"acceptedAnswer\" itemtype=\"https:\/\/schema.org\/Answer\" class=\"qubely-accordion-body\"><div itemprop=\"text\">\n<ul>\n<li><a href=\"https:\/\/www.fiic.la\/Documentos\/LXIX%20CONSEJO%20DIRECTIVO%20FORTALEZA\/CHILE_Expo%20CPI_DHP_25092013.pdf\" target=\"_blank\" rel=\"noopener\">Presentaci\u00f3n Infraestructura: Un Motor de Integraci\u00f3n para Chile<\/a><\/li>\n<\/ul>\n\n\n\n<p><\/p>\n\n\n\n<ul>\n<li><a href=\"https:\/\/www.fiic.la\/Documentos\/LXIX%20CONSEJO%20DIRECTIVO%20FORTALEZA\/CRM%20SUBSIDIO%20HABITACIONAL%20EN%20CHILE_CAMACOL.pdf\" target=\"_blank\" rel=\"noreferrer noopener\">Presentaci\u00f3n &#8220;Pol\u00edtica de Vivienda en Chile: Principales programas habitacional antiguos y vigentes&#8221; &#8211; Ing. Daniel Hurtado<\/a><\/li>\n<\/ul>\n\n\n\n<p><\/p>\n\n\n\n<ul>\n<li><a href=\"https:\/\/www.fiic.la\/Documentos\/LXIX%20CONSEJO%20DIRECTIVO%20FORTALEZA\/Informe%20FIIC%20%20-%20Comision%20de%20Vivivenda.pdf\" target=\"_blank\" rel=\"noreferrer noopener\">Informe Comisi\u00f3n de Vivienda &#8211; Arq. Sandra Forero<\/a><\/li>\n<\/ul>\n\n\n\n<p><\/p>\n\n\n\n<ul>\n<li><a href=\"https:\/\/www.fiic.la\/Documentos\/LXIX%20CONSEJO%20DIRECTIVO%20FORTALEZA\/3_EVOLUCION%20DE%20LAS%20ECONOMIAS%20DE%20LOS%20PAISES%20FIIC%202012-2013_19_09_2013.pdf\" target=\"_blank\" rel=\"noreferrer noopener\">Evoluci\u00f3n de la Econom\u00eda en los pa\u00edses miembros FIIC &#8211; Ing. Roberto Sitten (Versi\u00f3n. Ejecutiva)<\/a><\/li>\n<\/ul>\n\n\n\n<p><\/p>\n\n\n\n<ul>\n<li><a href=\"https:\/\/www.fiic.la\/Documentos\/LXIX%20CONSEJO%20DIRECTIVO%20FORTALEZA\/1_presentacion_Informe_Secretario-Generral_2013_oct%20B.pdf\" target=\"_blank\" rel=\"noreferrer noopener\">Presentaci\u00f3n Informe Secretario General &#8211; Ing. Ricardo Platt<\/a><\/li>\n<\/ul>\n\n\n\n<p><\/p>\n\n\n\n<ul>\n<li><a href=\"https:\/\/www.fiic.la\/Documentos\/LXIX%20CONSEJO%20DIRECTIVO%20FORTALEZA\/EVOLUCION_ECONOMIA_PAISES_FIIC-2013%20A.pdf\" target=\"_blank\" rel=\"noreferrer noopener\">Evoluci\u00f3n de la Econom\u00eda en los pa\u00edses miembros FIIC (Versi\u00f3n Detallada)<\/a><\/li>\n<\/ul>\n\n\n\n<p><\/p>\n\n\n\n<ul>\n<li><a href=\"https:\/\/www.fiic.la\/Documentos\/LXIX%20CONSEJO%20DIRECTIVO%20FORTALEZA\/VIVIENDAS-%20Espanhol-FIICV2.ppt%20-%20espanhol_JoseCarlos%20Martins.pdf\" target=\"_blank\" rel=\"noreferrer noopener\">Presentaci\u00f3n Vivienda &#8211; Ing. Jos\u00e9 Carlos Mart\u00edns<\/a><\/li>\n<\/ul>\n\n\n\n<p><\/p>\n\n\n\n<ul>\n<li><a href=\"https:\/\/www.fiic.la\/Documentos\/LXIX%20CONSEJO%20DIRECTIVO%20FORTALEZA\/LUIS_DELCARPIO_CASTRO_LXIX%20Reunion%20de%20Consejo%20Directivo%20FIIC_mexico_LDC_oct%202013_esp.pdf\" target=\"_blank\" rel=\"noreferrer noopener\">Presentaci\u00f3n &#8220;Per\u00fa: Atractivas Oportunidades de Inversi\u00f3n&#8221; -Sr. Luis Del Carpio Castro<\/a><\/li>\n<\/ul>\n\n\n\n<p><\/p>\n\n\n\n<ul>\n<li><a href=\"https:\/\/www.fiic.la\/Documentos\/LXIX%20CONSEJO%20DIRECTIVO%20FORTALEZA\/LUIS_DELCARPIO_CASTRO_LXIX%20Reunion%20de%20Consejo%20Directivo%20FIIC_mexico_LDC_oct%202013_esp.pdf\" target=\"_blank\" rel=\"noreferrer noopener\">Proinversi\u00f3n<\/a><\/li>\n<\/ul>\n\n\n\n<p><\/p>\n\n\n\n<ul>\n<li><a href=\"https:\/\/www.fiic.la\/Documentos\/LXIX%20CONSEJO%20DIRECTIVO%20FORTALEZA\/INCONET%20informe%20Encuesta%20Innovacion%202012-2013%20v2.pdf\" target=\"_blank\" rel=\"noopener\">Ing. M\u00e1ximo Honorato &#8211; Informe Inconet<\/a><\/li>\n<\/ul>\n\n\n\n<p><\/p>\n\n\n\n<ul>\n<li><a href=\"https:\/\/picasaweb.google.com\/108948300410895047172\/LXIXReunionDeConsejoDirectivoFortalezaBrasil?authkey=Gv1sRgCOfs6JDIlP6K9wE\" target=\"_blank\" rel=\"noreferrer noopener\">Memoria Fotogr\u00e1fica<\/a><\/li>\n<\/ul>\n<\/div><\/div><\/div><\/div>\n\n\n\n<div class=\"wp-block-qubely-accordion-item qubely-block-850fed\"><div itemscope itemprop=\"mainEntity\" itemtype=\"https:\/\/schema.org\/Question\" class=\"qubely-accordion-item qubely-type-fill false\"><div class=\"qubely-accordion-panel qubely-icon-position-right\"><span class=\"qubely-accordion-panel-handler\" role=\"button\"><span itemprop=\"name\" class=\"qubely-accordion-panel-handler-label\">LXVIII Reuni\u00f3n De Consejo Directivo FIIC, 21, 22 Y 23 De Abirl 2013, Montevideo, Uruguay<\/span><span class=\"qubely-accordion-icon fa fa-plus\"><\/span><\/span><\/div><div itemscope itemprop=\"acceptedAnswer\" itemtype=\"https:\/\/schema.org\/Answer\" class=\"qubely-accordion-body\"><div itemprop=\"text\">\n<ul>\n<li><a href=\"https:\/\/www.fiic.la\/Documentos\/LXVIII%20CONSEJO%20DIRECTIVO%20URUGUAY\/INFORME_SECRETARIO_GENERAL_FIIC.pdf\" target=\"_blank\" rel=\"noreferrer noopener\">Ing. Ricardo Platt &#8211; Informe Secretario Genera<\/a><\/li>\n<\/ul>\n\n\n\n<p><\/p>\n\n\n\n<ul>\n<li><a href=\"https:\/\/www.fiic.la\/Documentos\/LXVIII%20CONSEJO%20DIRECTIVO%20URUGUAY\/Presentacion%20GPI_%20Daniel%20Hurtado_FIIC.pdf\" target=\"_blank\" rel=\"noreferrer noopener\">Ing. Daniel Hurtado &#8211; Hacia una Pol\u00edtica Nacional de Infraestructura<\/a><\/li>\n<\/ul>\n\n\n\n<p><\/p>\n\n\n\n<ul>\n<li><a href=\"https:\/\/www.fiic.la\/Documentos\/LXVIII%20CONSEJO%20DIRECTIVO%20URUGUAY\/Empleo%20informal%20en%20Chile_PRESENTACION%20J.I.SILVA%20COMISION%20VIVIENDA.pdf\" target=\"_blank\" rel=\"noreferrer noopener\">Ing. Juan Ignacio Silva &#8211; Emplero Informal en Chile<\/a><\/li>\n<\/ul>\n\n\n\n<p><\/p>\n\n\n\n<ul>\n<li><a href=\"https:\/\/www.fiic.la\/Documentos\/LXVIII%20CONSEJO%20DIRECTIVO%20URUGUAY\/FIIC%20Encuesta%20Imagen%20Construccion%20en%20Argentina_FLAGO.pdf\" target=\"_blank\" rel=\"noreferrer noopener\">Ing. Fernando Lago &#8211; Encuesta Imagen Construcci\u00f3n en Argentina<\/a><\/li>\n<\/ul>\n\n\n\n<p><\/p>\n\n\n\n<ul>\n<li><a href=\"https:\/\/www.fiic.la\/Documentos\/LXVIII%20CONSEJO%20DIRECTIVO%20URUGUAY\/PRESENTACION_CONSTRUCCION_SOSTENIBLE_ABRIL2013.pdf\" target=\"_blank\" rel=\"noreferrer noopener\">Comisi\u00f3n Construcci\u00f3n Sostenible &#8211; Ing. Jorge Arturo Gonz\u00e1lez Carvajal<\/a><\/li>\n<\/ul>\n\n\n\n<p><\/p>\n\n\n\n<ul>\n<li><a href=\"https:\/\/www.fiic.la\/Documentos\/LXVIII%20CONSEJO%20DIRECTIVO%20URUGUAY\/Informe%20Tecnico%20Mision%20-%20Consolidado%20v4%20-%20abril%202013.pdf\" target=\"_blank\" rel=\"noreferrer noopener\">Inconet &#8211; Informe T\u00e9cnico Misi\u00f3n M\u00e9xico<\/a><\/li>\n<\/ul>\n\n\n\n<p><\/p>\n\n\n\n<ul>\n<li><a href=\"https:\/\/www.fiic.la\/Documentos\/LXVIII%20CONSEJO%20DIRECTIVO%20URUGUAY\/Presentacion%20Camacol%20-%20FIIC%20Montevideo.pdf\" target=\"_blank\" rel=\"noreferrer noopener\">Abo. Natalia Robayo &#8211; Informalidad Laboral y Mercado de Vivienda<\/a><\/li>\n<\/ul>\n\n\n\n<p><\/p>\n\n\n\n<ul>\n<li><a href=\"https:\/\/www.fiic.la\/Documentos\/LXVIII%20CONSEJO%20DIRECTIVO%20URUGUAY\/MEXICO,%20INFORMALIDAD%20Y%20VIVIENDA1_RP.pdf\" target=\"_blank\" rel=\"noreferrer noopener\">Ing. Ricardo Platt &#8211; Informalidad y Vivienda M\u00e9xico<\/a><\/li>\n<\/ul>\n\n\n\n<p><\/p>\n\n\n\n<ul>\n<li><a href=\"https:\/\/www.fiic.la\/Documentos\/LXVIII%20CONSEJO%20DIRECTIVO%20URUGUAY\/presentacion%20FIIC%20em%2022%20de%20abril%20de%202013%20-%20em%20espanhol.pdf\" target=\"_blank\" rel=\"noopener\">Ing. Paulo Simao &#8211; Escenario Econ\u00f3mico<\/a><\/li>\n<\/ul>\n\n\n\n<p><\/p>\n\n\n\n<ul>\n<li><a href=\"https:\/\/photos.app.goo.gl\/vNkS4wjtugei87Pk8\" target=\"_blank\" rel=\"noreferrer noopener\">Memoria Fotogr\u00e1fica<\/a><\/li>\n<\/ul>\n<\/div><\/div><\/div><\/div>\n\n\n\n<div class=\"wp-block-qubely-accordion-item qubely-block-f1d66f\"><div itemscope itemprop=\"mainEntity\" itemtype=\"https:\/\/schema.org\/Question\" class=\"qubely-accordion-item qubely-type-fill false\"><div class=\"qubely-accordion-panel qubely-icon-position-right\"><span class=\"qubely-accordion-panel-handler\" role=\"button\"><span itemprop=\"name\" class=\"qubely-accordion-panel-handler-label\">28\u00b0 Congreso Interamericano De La Industria De La Construcci\u00f3n \u2013 Lima, Per\u00fa, Octubre 2012.<\/span><span class=\"qubely-accordion-icon fa fa-plus\"><\/span><\/span><\/div><div itemscope itemprop=\"acceptedAnswer\" itemtype=\"https:\/\/schema.org\/Answer\" class=\"qubely-accordion-body\"><div itemprop=\"text\">\n<p class=\"has-text-align-center\"><strong>Ponencias Primera Sesi\u00f3n &#8221; El Futuro de la Ciudad en Am\u00e9rica Latina&#8221;<\/strong><\/p>\n\n\n\n<ul>\n<li><a href=\"https:\/\/www.fiic.la\/Documentos\/28_Congreso_FIIC_Peru\/04%20Enrique%20Penalosa%20-%20Ex%20Alcalde%20Bogota%20-%20Colombia%204.pdf\" target=\"_blank\" rel=\"noreferrer noopener\">Enrique Pe\u00f1alosa -Ex Alcalde de Bogot\u00e1 &#8211; 4<\/a><\/li>\n<\/ul>\n\n\n\n<p><\/p>\n\n\n\n<ul>\n<li><a href=\"https:\/\/www.fiic.la\/Documentos\/28_Congreso_FIIC_Peru\/04%20Enrique%20Penalosa%20-%20Ex%20Alcalde%20Bogota%20-%20Colombia%202.pdf\" target=\"_blank\" rel=\"noreferrer noopener\">Enrique Pe\u00f1alosa -Ex Alcalde de Bogot\u00e1 &#8211; 2<\/a><\/li>\n<\/ul>\n\n\n\n<p><\/p>\n\n\n\n<ul>\n<li><a href=\"https:\/\/www.fiic.la\/Documentos\/28_Congreso_FIIC_Peru\/02%20-%20Jaime%20Lerner%205.pdf\" target=\"_blank\" rel=\"noreferrer noopener\">Jaime Lerner &#8211; 5<\/a><\/li>\n<\/ul>\n\n\n\n<p><\/p>\n\n\n\n<ul>\n<li><a href=\"https:\/\/www.fiic.la\/Documentos\/28_Congreso_FIIC_Peru\/02%20-%20Jaime%20Lerner%203.pdf\" target=\"_blank\" rel=\"noreferrer noopener\">Jaime Lerner &#8211; 3<\/a><\/li>\n<\/ul>\n\n\n\n<p><\/p>\n\n\n\n<ul>\n<li><a href=\"https:\/\/www.fiic.la\/Documentos\/28_Congreso_FIIC_Peru\/02%20-%20Jaime%20Lerner%201.pdf\" target=\"_blank\" rel=\"noreferrer noopener\">Jaime Lerner &#8211; 1<\/a><\/li>\n<\/ul>\n\n\n\n<p><\/p>\n\n\n\n<ul>\n<li><a href=\"https:\/\/www.fiic.la\/Documentos\/28_Congreso_FIIC_Peru\/01%20Moderador%20augusto%20ortiz.pdf\" target=\"_blank\" rel=\"noreferrer noopener\">Augusto Ortiz<\/a><\/li>\n<\/ul>\n\n\n\n<p><\/p>\n\n\n\n<ul>\n<li><a href=\"https:\/\/www.fiic.la\/Documentos\/28_Congreso_FIIC_Peru\/02%20-%20Jaime%20Lerner%202.pdf\" target=\"_blank\" rel=\"noreferrer noopener\">Jaime Lerner &#8211; 2<\/a><\/li>\n<\/ul>\n\n\n\n<p><\/p>\n\n\n\n<ul>\n<li><a href=\"https:\/\/www.fiic.la\/Documentos\/28_Congreso_FIIC_Peru\/02%20-%20Jaime%20Lerner%204.pdf\" target=\"_blank\" rel=\"noreferrer noopener\">Jaime Lerner &#8211; 4<\/a><\/li>\n<\/ul>\n\n\n\n<p><\/p>\n\n\n\n<ul>\n<li><a href=\"https:\/\/www.fiic.la\/Documentos\/28_Congreso_FIIC_Peru\/04%20Enrique%20Penalosa%20-%20Ex%20Alcalde%20Bogota%20-%20Colombia%201.pdf\" target=\"_blank\" rel=\"noreferrer noopener\">Enrique Pe\u00f1alosa &#8211; Ex Alcalde de Bogot\u00e1 &#8211; 1<\/a><\/li>\n<\/ul>\n\n\n\n<p><\/p>\n\n\n\n<ul>\n<li><a href=\"https:\/\/www.fiic.la\/Documentos\/28_Congreso_FIIC_Peru\/04%20Enrique%20Penalosa%20-%20Ex%20Alcalde%20Bogota%20-%20Colombia%203.pdf\" target=\"_blank\" rel=\"noreferrer noopener\">Enrique Pe\u00f1alosa -Ex Alcalde de Bogot\u00e1 &#8211; 3<\/a><\/li>\n<\/ul>\n\n\n\n<p><\/p>\n\n\n\n<ul>\n<li><a href=\"https:\/\/www.fiic.la\/Documentos\/28_Congreso_FIIC_Peru\/05%20Susanar%20Villaran%20-%20Alcaldesa%20de%20Lima%20-%20Peru.pdf\" target=\"_blank\" rel=\"noreferrer noopener\">Susana Villar\u00e1n &#8211; Alcaldesa de Lima, Per\u00fa<\/a><\/li>\n<\/ul>\n\n\n\n<p class=\"has-text-align-center\"><strong>Ponencias Segunda Sesi\u00f3n &#8221; Innovaci\u00f3n para construir mejores ciudades&#8221;<\/strong><\/p>\n\n\n\n<ul>\n<li><a href=\"https:\/\/www.fiic.la\/Documentos\/28_Congreso_FIIC_Peru\/12%20Jorge%20Quiroz%20-%20DCV%20Consultores%20%20-%20BIM%20-%20Peru.pdf\" target=\"_blank\" rel=\"noreferrer noopener\">Jorge Quiroz &#8211; DCV Consultores<\/a><\/li>\n<\/ul>\n\n\n\n<p><\/p>\n\n\n\n<ul>\n<li><a href=\"https:\/\/www.fiic.la\/Documentos\/28_Congreso_FIIC_Peru\/10%20Carlos%20Grinberg%20-%20Presidente%20Argentina%20Green%20Building%20Council%20-%20Argentina.pdf\" target=\"_blank\" rel=\"noreferrer noopener\">Carlos Grinberg &#8211; President Argentina Green Building Council<\/a><\/li>\n<\/ul>\n\n\n\n<p><\/p>\n\n\n\n<ul>\n<li><a href=\"https:\/\/www.fiic.la\/Documentos\/28_Congreso_FIIC_Peru\/08%20Premio%20RSE%20FIIC%20-%20Grana%20y%20Montero%20S.A.%20-%20GyM%20SA%20-%20Peru.pdf\" target=\"_blank\" rel=\"noreferrer noopener\">Premio RSE FIIC &#8211; Gra\u00f1a y Montero S.A. -GyM S.A. &#8211; Per\u00fa<\/a><\/li>\n<\/ul>\n\n\n\n<p><\/p>\n\n\n\n<ul>\n<li><a href=\"https:\/\/www.fiic.la\/Documentos\/28_Congreso_FIIC_Peru\/Sustentabilidad%20en%20ICA%20Ruben%20Lopez_1.pdf\" target=\"_blank\" rel=\"noreferrer noopener\">Premio RSE FIIC &#8211; Ingenieros Civiles Asociados, S.A.(ICA) &#8211; M\u00e9xico<\/a><\/li>\n<\/ul>\n\n\n\n<p><\/p>\n\n\n\n<ul>\n<li><a href=\"https:\/\/www.fiic.la\/Documentos\/28_Congreso_FIIC_Peru\/06%20Mariela%20Garcia%20Ferreyros%20-%20Gte.%20Gral.%20Ferreyros%20SA%20-%20Peru.pdf\" target=\"_blank\" rel=\"noreferrer noopener\">Mariela Garc\u00eda &#8211; Gerente General Ferreyros &#8211; Per\u00fa<\/a><\/li>\n<\/ul>\n\n\n\n<p><\/p>\n\n\n\n<ul>\n<li><a href=\"https:\/\/www.fiic.la\/Documentos\/28_Congreso_FIIC_Peru\/07%20Premio%20RSE%20FIIC%20-%20Claro%20Vicuna%20Valenzuela%20-%20Chile.pdf\" target=\"_blank\" rel=\"noreferrer noopener\">Premio RSE FIIC &#8211; Claro Vicu\u00f1a Valenzuela &#8211; Chile<\/a><\/li>\n<\/ul>\n\n\n\n<p><\/p>\n\n\n\n<ul>\n<li><a href=\"https:\/\/www.fiic.la\/Documentos\/28_Congreso_FIIC_Peru\/09%20Jose%20Carrera%20-%20%20CAF.pdf\" target=\"_blank\" rel=\"noreferrer noopener\">Dr. Jos\u00e9 Carrera &#8211; Vicepresidente de Desarrollo Social y Ambiental CAF<\/a><\/li>\n<\/ul>\n\n\n\n<p><\/p>\n\n\n\n<ul>\n<li><a href=\"https:\/\/www.fiic.la\/Documentos\/28_Congreso_FIIC_Peru\/11%20Leonardo%20Rischmoller%20-%20Catedratico%20Standford%20University%20-%20USA%20-%20Peru.pdf\" target=\"_blank\" rel=\"noreferrer noopener\">Leonardo Rsichmoller &#8211; Catedr\u00e1tico Standford University -USA<\/a><\/li>\n<\/ul>\n\n\n\n<p><\/p>\n\n\n\n<ul>\n<li><a href=\"https:\/\/www.fiic.la\/Documentos\/28_Congreso_FIIC_Peru\/13%20Roberto%20Arbulu%20-%20Director%20de%20SPS%20-%20USA%20-%20Gestion%20de%20Produccion%20en%20Proyectos.pdf\" target=\"_blank\" rel=\"noreferrer noopener\">Roberto Urbulu &#8211; Director de SPS &#8211; USA Gesti\u00f3n de Producci\u00f3n en Proyectos<\/a><\/li>\n<\/ul>\n\n\n\n<p class=\"has-text-align-center\"><br><strong>Ponencias Tercera Sesi\u00f3n &#8221; Empresa y Ciudad&#8221;<\/strong><\/p>\n\n\n\n<ul>\n<li><a href=\"https:\/\/www.fiic.la\/Documentos\/28_Congreso_FIIC_Peru\/16%20%20Jose%20Grana%20-%20Presidente%20del%20Grupo%20Grana%20y%20Montero%20-%20Peru.pdf\" target=\"_blank\" rel=\"noreferrer noopener\">Ing. Jos\u00e9 Gra\u00f1a &#8211; Presidente del Grupo Gra\u00f1a y Montero &#8211; Per\u00fa<\/a><\/li>\n<\/ul>\n\n\n\n<p><\/p>\n\n\n\n<ul>\n<li><a href=\"https:\/\/www.fiic.la\/Documentos\/28_Congreso_FIIC_Peru\/14%20Jose%20Said%20-%20Presidente%20de%20Parque%20Arauco-%20Chile.pdf\" target=\"_blank\" rel=\"noreferrer noopener\">Jos\u00e9 Said &#8211; Presidente del Parque Arauco &#8211; Chile<\/a><\/li>\n<\/ul>\n\n\n\n<p><\/p>\n\n\n\n<ul>\n<li><a href=\"https:\/\/www.fiic.la\/Documentos\/28_Congreso_FIIC_Peru\/15%20Ruben%20Lopez%20-%20Vicepresidente%20de%20Empresas%20ICA%20-%20Mexico.pdf\" target=\"_blank\" rel=\"noreferrer noopener\">Rub\u00e9n L\u00f3pez &#8211; Vicepresidente de Empresas ICA &#8211; M\u00e9xico<\/a><\/li>\n<\/ul>\n\n\n\n<p><\/p>\n\n\n\n<ul>\n<li><a href=\"https:\/\/www.fiic.la\/Documentos\/28_Congreso_FIIC_Peru\/17%20Rodolfo%20Baquerizo%20%20-%20Director%20de%20AB%20Global%20-%20Ecuador.pdf\" target=\"_blank\" rel=\"noreferrer noopener\">Rodolfo Baquerizo &#8211; Director de A&amp;B Global &#8211; Ecuador<\/a><\/li>\n<\/ul>\n\n\n\n<p class=\"has-text-align-center\"><br><strong>Memorias Fotogr\u00e1ficas<\/strong><\/p>\n\n\n\n<ul>\n<li><a href=\"https:\/\/picasaweb.google.com\/108948300410895047172\/EntregaDePremioLatinoamericanoDeResponsabilidadSocialEmpresarialFIIC20122014?authkey=Gv1sRgCKOa-v3F-Nff0AE\" target=\"_blank\" rel=\"noreferrer noopener\">Memoria Fotogr\u00e1fica &#8211; Entrega Premio Latinoamericano RSE FIIC 2012-2014<\/a><\/li>\n<\/ul>\n\n\n\n<p><\/p>\n\n\n\n<ul>\n<li><a href=\"https:\/\/photos.app.goo.gl\/cWZxJmen51yJ6E4U8\" target=\"_blank\" rel=\"noreferrer noopener\">Memoria Fotogr\u00e1fica-28\u00b0 Congreso<\/a><\/li>\n<\/ul>\n\n\n\n<p><\/p>\n\n\n\n<ul>\n<li><a href=\"https:\/\/picasaweb.google.com\/108948300410895047172\/ProgramaDeAcompanantes28CongresoFIICLimaPeru4Y5Oct2012?authkey=Gv1sRgCIuqtcrwnPm5rQE\" target=\"_blank\" rel=\"noreferrer noopener\">Memoria Fotogr\u00e1fica &#8211; Acompa\u00f1antes<\/a><\/li>\n<\/ul>\n\n\n\n<p><\/p>\n\n\n\n<ul>\n<li><a href=\"https:\/\/photos.app.goo.gl\/R8sF9CZiSzonB38S8\" target=\"_blank\" rel=\"noreferrer noopener\">Memoria Fotogr\u00e1fica &#8211; Entrega Presea FIIC al Ing. Irwin Perret, Csjro Consul. FIIC<\/a><\/li>\n<\/ul>\n<\/div><\/div><\/div><\/div>\n\n\n\n<div class=\"wp-block-qubely-accordion-item qubely-block-3f229e\"><div itemscope itemprop=\"mainEntity\" itemtype=\"https:\/\/schema.org\/Question\" class=\"qubely-accordion-item qubely-type-fill false\"><div class=\"qubely-accordion-panel qubely-icon-position-right\"><span class=\"qubely-accordion-panel-handler\" role=\"button\"><span itemprop=\"name\" class=\"qubely-accordion-panel-handler-label\">LXVII Reuni\u00f3n Del Consejo Directivo FIIC, Lima, Per\u00fa 3 De Octubre 2012.<\/span><span class=\"qubely-accordion-icon fa fa-plus\"><\/span><\/span><\/div><div itemscope itemprop=\"acceptedAnswer\" itemtype=\"https:\/\/schema.org\/Answer\" class=\"qubely-accordion-body\"><div itemprop=\"text\">\n<ul>\n<li><a href=\"https:\/\/www.fiic.la\/Documentos\/LXVII%20CONSEJO%20DIRECTIVO%20PERU\/Presentacion%20Problematicas%20comunes2_CCI_JM_Caicedo.pdf\" target=\"_blank\" rel=\"noreferrer noopener\">Presentaci\u00f3n Dr. Juan Mart\u00edn Caicedo, presidente CCI &#8220;Problem\u00e1ticas comunes del Sector de la Construcci\u00f3n&#8221;<\/a><\/li>\n<\/ul>\n\n\n\n<p><\/p>\n\n\n\n<ul>\n<li><a href=\"https:\/\/www.fiic.la\/Documentos\/LXVII%20CONSEJO%20DIRECTIVO%20PERU\/INFORME%20A%20INCONET%20OCT%202012%20V3_GLUYAS_BIM.pdf\" target=\"_blank\" rel=\"noreferrer noopener\">Informe Red Interamericana de Centros de Innovaci\u00f3n en la Construcci\u00f3n &#8211; BIM &#8211; Ing. Marcos Gluyas<\/a><\/li>\n<\/ul>\n\n\n\n<p><\/p>\n\n\n\n<ul>\n<li><a href=\"https:\/\/www.fiic.la\/Documentos\/LXVII%20CONSEJO%20DIRECTIVO%20PERU\/Presentacion%20FIIC%20Vivienda%20Social.pdf\" target=\"_blank\" rel=\"noreferrer noopener\">Presentaci\u00f3n FIIC Vivienda Social &#8211; Arq. Sandra Forero, presidente CAMACOL<\/a><\/li>\n<\/ul>\n\n\n\n<p><\/p>\n\n\n\n<ul>\n<li><a href=\"https:\/\/www.fiic.la\/Documentos\/LXVII%20CONSEJO%20DIRECTIVO%20PERU\/Informe%20Comision%20de%20Vivienda%20-%20Consejo%20Directivo%20FIIC.pdf\" target=\"_blank\" rel=\"noreferrer noopener\">Presentaci\u00f3n Comisi\u00f3n de Vivienda &#8211; Arq. Sandra Forero, presidente CAMACOL<\/a><\/li>\n<\/ul>\n\n\n\n<p><\/p>\n\n\n\n<ul>\n<li><a href=\"https:\/\/www.fiic.la\/Documentos\/LXVII%20CONSEJO%20DIRECTIVO%20PERU\/PRESENTACION_INFORME_SG.pdf\" target=\"_blank\" rel=\"noreferrer noopener\">Presentaci\u00f3n Informe Secretario General &#8211; Ing. Ricardo Platt<\/a><\/li>\n<\/ul>\n\n\n\n<p><\/p>\n\n\n\n<ul>\n<li><a href=\"https:\/\/www.fiic.la\/Documentos\/LXVII%20CONSEJO%20DIRECTIVO%20PERU\/PRESENTACION_INFORME%20PRESIDENTE.pdf\" target=\"_blank\" rel=\"noreferrer noopener\">Presentaci\u00f3n Informe Presidente FIIC &#8211; Ing. Manuel Vallarino<\/a><\/li>\n<\/ul>\n\n\n\n<p><\/p>\n\n\n\n<ul>\n<li><a href=\"https:\/\/www.fiic.la\/Documentos\/LXVII%20CONSEJO%20DIRECTIVO%20PERU\/20121002%20RSE%20FIIC%20CMIC%20Lima%20plgd_INGMARISCAL.pdf\" target=\"_blank\" rel=\"noreferrer noopener\">Prsentaci\u00f3n RSE &#8211; FIIC &#8211; CMIC &#8211; Ing. Nicol\u00e1s Mariscal<\/a><\/li>\n<\/ul>\n\n\n\n<p><\/p>\n\n\n\n<ul>\n<li><a href=\"https:\/\/www.fiic.la\/Documentos\/LXVII%20CONSEJO%20DIRECTIVO%20PERU\/Presentacion%20-%20Coordenada%20Urbana.pdf\" target=\"_blank\" rel=\"noreferrer noopener\">Presentaci\u00f3n Cordenada Urbana &#8211; Arq. Sandra Forero, presidente CAMACOL<\/a><\/li>\n<\/ul>\n\n\n\n<p><\/p>\n\n\n\n<ul>\n<li><a href=\"https:\/\/www.fiic.la\/Documentos\/LXVII%20CONSEJO%20DIRECTIVO%20PERU\/PRESENTACION%20EJECUTIVA%20FIIC%202011-2012.pdf\" target=\"_blank\" rel=\"noreferrer noopener\">Informe de la Evoluci\u00f3n de la Econom\u00eda en los pa\u00edses miembros (versi\u00f3n ejecutiva)<\/a><\/li>\n<\/ul>\n\n\n\n<p><\/p>\n\n\n\n<ul>\n<li><a href=\"https:\/\/www.fiic.la\/Documentos\/LXVII%20CONSEJO%20DIRECTIVO%20PERU\/Edificio%20CCI_FIIC-Lima_rev1.pdf\" target=\"_blank\" rel=\"noreferrer noopener\">Presentaci\u00f3n Dr. Juan Mart\u00edn Caicedo, presidente CCI<\/a><\/li>\n<\/ul>\n\n\n\n<p><\/p>\n\n\n\n<ul>\n<li><a href=\"https:\/\/www.fiic.la\/Documentos\/LXVII%20CONSEJO%20DIRECTIVO%20PERU\/Construye%20Tranquilo%20FIIC_CHILE_DANIEL_HURTADO.pdf\" target=\"_blank\" rel=\"noreferrer noopener\">Presentaci\u00f3n Ing. Daniel Hurtado, presidente CChC &#8211; &#8220;Construye Tranquilo&#8221;<\/a><\/li>\n<\/ul>\n\n\n\n<p><\/p>\n\n\n\n<ul>\n<li><a href=\"https:\/\/photos.app.goo.gl\/P2EqxozeYm1jzjhw8\" target=\"_blank\" rel=\"noreferrer noopener\">Memoria Fotogr\u00e1fica<\/a><\/li>\n<\/ul>\n<\/div><\/div><\/div><\/div>\n\n\n\n<div class=\"wp-block-qubely-accordion-item qubely-block-ec6b15\"><div itemscope itemprop=\"mainEntity\" itemtype=\"https:\/\/schema.org\/Question\" class=\"qubely-accordion-item qubely-type-fill false\"><div class=\"qubely-accordion-panel qubely-icon-position-right\"><span class=\"qubely-accordion-panel-handler\" role=\"button\"><span itemprop=\"name\" class=\"qubely-accordion-panel-handler-label\">LXVI Reuni\u00f3n De Consejo Directivo FIIC, El 20 De Abril 2012, Asunci\u00f3n, Paraguay.<\/span><span class=\"qubely-accordion-icon fa fa-plus\"><\/span><\/span><\/div><div itemscope itemprop=\"acceptedAnswer\" itemtype=\"https:\/\/schema.org\/Answer\" class=\"qubely-accordion-body\"><div itemprop=\"text\">\n<ul>\n<li><a href=\"https:\/\/www.fiic.la\/Documentos\/LXVI%20CONSEJO%20DIRECTIVO%20PARAGUAY\/PPS%20FIIC%202012%20pptx%20CSost%2019abril.pdf\" target=\"_blank\" rel=\"noreferrer noopener\">Presentaci\u00f3n Pdte. CCC &#8211; Ing. Gonzalo Delgado &#8211; Comisi\u00f3n Construcci\u00f3n Sostenible<\/a><\/li>\n<\/ul>\n\n\n\n<p><\/p>\n\n\n\n<ul>\n<li><a href=\"https:\/\/www.fiic.la\/Documentos\/LXVI%20CONSEJO%20DIRECTIVO%20PARAGUAY\/9-2%20PresentacionCongresoFIICLima.pdf\" target=\"_blank\" rel=\"noreferrer noopener\">Presentaci\u00f3n Pdte. CAPECO -Ing. Walter Piazza &#8211; 28\u00b0 Congreso FIIC<\/a><\/li>\n<\/ul>\n\n\n\n<p><\/p>\n\n\n\n<ul>\n<li><a href=\"https:\/\/www.fiic.la\/Documentos\/LXVI%20CONSEJO%20DIRECTIVO%20PARAGUAY\/7-Ctro%20Arbitraje%20Ind%20Constr%20-Ejecutiva.pdf\" target=\"_blank\" rel=\"noreferrer noopener\">Centro de Arbitraje de la Industria de la Construcci\u00f3n (Versi\u00f3n Ejecutiva)<\/a><\/li>\n<\/ul>\n\n\n\n<p><\/p>\n\n\n\n<ul>\n<li><a href=\"https:\/\/www.fiic.la\/Documentos\/LXVI%20CONSEJO%20DIRECTIVO%20PARAGUAY\/5-INFORME%20BIM%20MARZO%202011_MarcosGluyas.pdf\" target=\"_blank\" rel=\"noreferrer noopener\">Informe BIM &#8211; Ing. Marcos Gluyas<\/a><\/li>\n<\/ul>\n\n\n\n<p><\/p>\n\n\n\n<ul>\n<li><a href=\"https:\/\/www.fiic.la\/Documentos\/LXVI%20CONSEJO%20DIRECTIVO%20PARAGUAY\/4%201-%20Plan%20de%20Actividades%20INCONET%202012%20-%20abril%202012%20-%20v3.pdf\" target=\"_blank\" rel=\"noreferrer noopener\">Plan de actividades INCONET<\/a><\/li>\n<\/ul>\n\n\n\n<p><\/p>\n\n\n\n<ul>\n<li><a href=\"https:\/\/www.fiic.la\/Documentos\/LXVI%20CONSEJO%20DIRECTIVO%20PARAGUAY\/3-%20Informe%20Camacol%20Consejo%20Directivo%20FIIC%2019abr12.pdf\" target=\"_blank\" rel=\"noreferrer noopener\">Informe Comisi\u00f3n de Vivienda y Desarrollo Urbano &#8211; Pdte. CAMACOL &#8211; Arq. Sandra Forero<\/a><\/li>\n<\/ul>\n\n\n\n<p><\/p>\n\n\n\n<ul>\n<li><a href=\"https:\/\/www.fiic.la\/Documentos\/LXVI%20CONSEJO%20DIRECTIVO%20PARAGUAY\/1-INFORME_pte_MV.pdf\" target=\"_blank\" rel=\"noreferrer noopener\">Presentaci\u00f3n Informe Presidente FIIC &#8211; Ing. Manuel Vallarino<\/a><\/li>\n<\/ul>\n\n\n\n<p><\/p>\n\n\n\n<ul>\n<li><a href=\"https:\/\/www.fiic.la\/Documentos\/LXVI%20CONSEJO%20DIRECTIVO%20PARAGUAY\/2-INFORME_SG_RP.pdf\" target=\"_blank\" rel=\"noreferrer noopener\">Presentaci\u00f3n Informe Secretario General &#8211; Ing. Ricardo Platt<\/a><\/li>\n<\/ul>\n\n\n\n<p><\/p>\n\n\n\n<ul>\n<li><a href=\"https:\/\/www.fiic.la\/Documentos\/LXVI%20CONSEJO%20DIRECTIVO%20PARAGUAY\/3-1Documento%20de%20trabajo%20ComisionVivienda.pdf\" target=\"_blank\" rel=\"noreferrer noopener\">Documento de Trabajo Comisi\u00f3n de Vivienda y Desarrollo Urbano<\/a><\/li>\n<\/ul>\n\n\n\n<p><\/p>\n\n\n\n<ul>\n<li><a href=\"https:\/\/www.fiic.la\/Documentos\/LXVI%20CONSEJO%20DIRECTIVO%20PARAGUAY\/4%202-%20Informe%20Pte%20JIS%20en%20Congreso%20FIIC%20Paraguay.pdf\" target=\"_blank\" rel=\"noreferrer noopener\">Informe INCONET &#8211; Ing. Juan Ignacio Silva<\/a><\/li>\n<\/ul>\n\n\n\n<p><\/p>\n\n\n\n<ul>\n<li><a href=\"https:\/\/www.fiic.la\/Documentos\/LXVI%20CONSEJO%20DIRECTIVO%20PARAGUAY\/6-%20FIIC_Paraguai_Abr_2012_esp_19042012%20vs%20atual.pdf\" target=\"_blank\" rel=\"noreferrer noopener\">Presentaci\u00f3n Presidente CBIC &#8211; Ing. Paulo Simao<\/a><\/li>\n<\/ul>\n\n\n\n<p><\/p>\n\n\n\n<ul>\n<li><a href=\"https:\/\/www.fiic.la\/Documentos\/LXVI%20CONSEJO%20DIRECTIVO%20PARAGUAY\/Ctro%20Arbitraje%20Ind%20Constr%20-Completa%20.pdf\" target=\"_blank\" rel=\"noopener\">Centro de Arbitraje de la Industria de la Construcci\u00f3n (Versi\u00f3n Completa)<\/a><\/li>\n<\/ul>\n\n\n\n<p><\/p>\n\n\n\n<ul>\n<li><a href=\"https:\/\/www.fiic.la\/Documentos\/LXVI%20CONSEJO%20DIRECTIVO%20PARAGUAY\/10-%20PRESENTACION%20CONGRESO%20CAMACOL.pdf\" target=\"_blank\" rel=\"noreferrer noopener\">Presentaci\u00f3n Pdte. CAMACOL &#8211; Arq. Sandra Foreo &#8211; Congreso Colombiano de la Construcci\u00f3n<\/a><\/li>\n<\/ul>\n\n\n\n<p><\/p>\n\n\n\n<ul>\n<li><a href=\"https:\/\/photos.app.goo.gl\/Lg3GXKj5utTcWsNY8\" target=\"_blank\" rel=\"noreferrer noopener\">Memoria Fotogr\u00e1fica del Evento<\/a><\/li>\n<\/ul>\n<\/div><\/div><\/div><\/div>\n\n\n\n<div class=\"wp-block-qubely-accordion-item qubely-block-6551f5\"><div itemscope itemprop=\"mainEntity\" itemtype=\"https:\/\/schema.org\/Question\" class=\"qubely-accordion-item qubely-type-fill false\"><div class=\"qubely-accordion-panel qubely-icon-position-right\"><span class=\"qubely-accordion-panel-handler\" role=\"button\"><span itemprop=\"name\" class=\"qubely-accordion-panel-handler-label\">LXV Reuni\u00f3n Del Consejo Directivo FIIC, El 15 De Septiembre Del 2011, Panam\u00e1, Panam\u00e1.<\/span><span class=\"qubely-accordion-icon fa fa-plus\"><\/span><\/span><\/div><div itemscope itemprop=\"acceptedAnswer\" itemtype=\"https:\/\/schema.org\/Answer\" class=\"qubely-accordion-body\"><div itemprop=\"text\">\n<ul>\n<li><a href=\"https:\/\/www.fiic.la\/Documentos\/LXV%20CONSEJO%20DIRECTIVO%20PANAMA\/CCI_oportunidades%20inversion09_11.pdf\" target=\"_blank\" rel=\"noreferrer noopener\">Oportunidades de Inversi\u00f3n CCI<\/a><\/li>\n<\/ul>\n\n\n\n<p><\/p>\n\n\n\n<ul>\n<li><a href=\"https:\/\/www.fiic.la\/Documentos\/LXV%20CONSEJO%20DIRECTIVO%20PANAMA\/Presentacion_Venezuela_IngPerret.pdf\" target=\"_blank\" rel=\"noreferrer noopener\">Presentaci\u00f3n Ing. Irwin Perret<\/a><\/li>\n<\/ul>\n\n\n\n<p><\/p>\n\n\n\n<ul>\n<li><a href=\"https:\/\/www.fiic.la\/Documentos\/LXV%20CONSEJO%20DIRECTIVO%20PANAMA\/INFORME_SG_RP.pdf\" target=\"_blank\" rel=\"noreferrer noopener\">Informe Secretario General<\/a><\/li>\n<\/ul>\n\n\n\n<p><\/p>\n\n\n\n<ul>\n<li><a href=\"https:\/\/www.fiic.la\/Documentos\/LXV%20CONSEJO%20DIRECTIVO%20PANAMA\/INFORME%20gluyasGET%20BIM%20MGS%2014SEP2011%20Final.pdf\" target=\"_blank\" rel=\"noreferrer noopener\">INCONET GET BIM<\/a><\/li>\n<\/ul>\n\n\n\n<p><\/p>\n\n\n\n<ul>\n<li><a href=\"https:\/\/www.fiic.la\/Documentos\/LXV%20CONSEJO%20DIRECTIVO%20PANAMA\/EvolucionEconomiaFIIC%202011%20PresEjecutiva.pdf\" target=\"_blank\" rel=\"noreferrer noopener\">Evoluci\u00f3n Econ\u00f3mica FIIC 2011<\/a><\/li>\n<\/ul>\n\n\n\n<p><\/p>\n\n\n\n<ul>\n<li><a href=\"https:\/\/www.fiic.la\/Documentos\/LXV%20CONSEJO%20DIRECTIVO%20PANAMA\/DELALLERA%203.pdf\" target=\"_blank\" rel=\"noreferrer noopener\">Delallera 3<\/a><\/li>\n<\/ul>\n\n\n\n<p><\/p>\n\n\n\n<ul>\n<li><a href=\"https:\/\/www.fiic.la\/Documentos\/LXV%20CONSEJO%20DIRECTIVO%20PANAMA\/DELALLERA1.pdf\" target=\"_blank\" rel=\"noreferrer noopener\">Delallera 1<\/a><\/li>\n<\/ul>\n\n\n\n<p><\/p>\n\n\n\n<ul>\n<li><a href=\"https:\/\/www.fiic.la\/Documentos\/LXV%20CONSEJO%20DIRECTIVO%20PANAMA\/CAMACOL_Estudio%20comparativo%20politicas%20de%20vivenda%20en%20AL.pdf\" target=\"_blank\" rel=\"noreferrer noopener\">CAMACOL Estudio comparativo pol\u00edticas de vivienda<\/a><\/li>\n<\/ul>\n\n\n\n<p><\/p>\n\n\n\n<ul>\n<li><a href=\"https:\/\/www.fiic.la\/Documentos\/LXV%20CONSEJO%20DIRECTIVO%20PANAMA\/DELALLERA%202.pdf\" target=\"_blank\" rel=\"noreferrer noopener\">Delallera 2<\/a><\/li>\n<\/ul>\n\n\n\n<p><\/p>\n\n\n\n<ul>\n<li><a href=\"https:\/\/www.fiic.la\/Documentos\/LXV%20CONSEJO%20DIRECTIVO%20PANAMA\/DELALLERA4.pdf\" target=\"_blank\" rel=\"noreferrer noopener\">Delallera 4<\/a><\/li>\n<\/ul>\n\n\n\n<p><\/p>\n\n\n\n<ul>\n<li><a href=\"https:\/\/www.fiic.la\/Documentos\/LXV%20CONSEJO%20DIRECTIVO%20PANAMA\/FIIC%20Panama%20Infraestructura%20y%20Ciudades_FLAGO.pdf\" target=\"_blank\" rel=\"noreferrer noopener\">FIIC Panam\u00e1 Infraestructura y Ciudades<\/a><\/li>\n<\/ul>\n\n\n\n<p><\/p>\n\n\n\n<ul>\n<li><a href=\"https:\/\/www.fiic.la\/Documentos\/LXV%20CONSEJO%20DIRECTIVO%20PANAMA\/PLATAFORMA_BIM_ING_SITTEN.pdf\" target=\"_blank\" rel=\"noreferrer noopener\">Plataforma BIM &#8211; Ing. Roberto Sitten<\/a><\/li>\n<\/ul>\n\n\n\n<p><\/p>\n\n\n\n<ul>\n<li><a href=\"https:\/\/www.fiic.la\/Documentos\/LXV%20CONSEJO%20DIRECTIVO%20PANAMA\/ETAPAS%20PARA%20ELECCION%20DE%20GANADOR%20PREMIO%20RSE%20FIIC_31_AGO.pdf\" target=\"_blank\" rel=\"noreferrer noopener\">Etapas Elecci\u00f3n Premio RSE FIIC<\/a><\/li>\n<\/ul>\n\n\n\n<p><\/p>\n\n\n\n<ul>\n<li><a href=\"https:\/\/www.fiic.la\/Documentos\/LXV%20CONSEJO%20DIRECTIVO%20PANAMA\/ReunionFIICParaguay.pdf\" target=\"_blank\" rel=\"noreferrer noopener\">Presentaci\u00f3n Reuni\u00f3n FIIC Paraguay &#8211; Arq. Gustavo Masi<\/a><\/li>\n<\/ul>\n\n\n\n<p><\/p>\n\n\n\n<ul>\n<li><a href=\"https:\/\/photos.app.goo.gl\/WgxBENUnnTJuREJa9\" target=\"_blank\" rel=\"noreferrer noopener\">Memoria Fotogr\u00e1fica del Evento<\/a><\/li>\n<\/ul>\n<\/div><\/div><\/div><\/div>\n\n\n\n<div class=\"wp-block-qubely-accordion-item qubely-block-5977e7\"><div itemscope itemprop=\"mainEntity\" itemtype=\"https:\/\/schema.org\/Question\" class=\"qubely-accordion-item qubely-type-fill false\"><div class=\"qubely-accordion-panel qubely-icon-position-right\"><span class=\"qubely-accordion-panel-handler\" role=\"button\"><span itemprop=\"name\" class=\"qubely-accordion-panel-handler-label\">LXIV Reuni\u00f3n Del Consejo Directivo FIIC, El 31 De Marzo Y 1\u00b0 De Abril Del 2011, Riviera Maya, M\u00e9xico.<\/span><span class=\"qubely-accordion-icon fa fa-plus\"><\/span><\/span><\/div><div itemscope itemprop=\"acceptedAnswer\" itemtype=\"https:\/\/schema.org\/Answer\" class=\"qubely-accordion-body\"><div itemprop=\"text\">\n<ul>\n<li><a href=\"https:\/\/www.fiic.la\/FIIC%20Riviera%20Maya\/Pablo%20Alvarez%20Trev%20Eco_CIHAC.pdf\" target=\"_blank\" rel=\"noreferrer noopener\">Pablo Alvarez Trev Eco_CIHAC<\/a><\/li>\n<\/ul>\n\n\n\n<p><\/p>\n\n\n\n<ul>\n<li><a href=\"https:\/\/www.fiic.la\/FIIC%20Riviera%20Maya\/Propuesta%20Comision%20Vivienda%20FIIC%20Colombia.ppt\" target=\"_blank\" rel=\"noreferrer noopener\">Propuesta Comisi\u00f3n Vivienda FIIC Colombia<\/a><\/li>\n<\/ul>\n\n\n\n<p><\/p>\n\n\n\n<ul>\n<li><a href=\"https:\/\/www.fiic.la\/FIIC%20Riviera%20Maya\/Presentacion%20FIIC%20Nicaragua%20.pdf\" target=\"_blank\" rel=\"noreferrer noopener\">Presentacion FIIC Nicaragua<\/a><\/li>\n<\/ul>\n\n\n\n<p><\/p>\n\n\n\n<ul>\n<li><a href=\"https:\/\/www.fiic.la\/FIIC%20Riviera%20Maya\/Presentacion%20FIIC%20Guatemal.pdf\" target=\"_blank\" rel=\"noreferrer noopener\">Presentacion FIIC Guatemala<\/a><\/li>\n<\/ul>\n\n\n\n<p><\/p>\n\n\n\n<ul>\n<li><a href=\"https:\/\/www.fiic.la\/FIIC%20Riviera%20Maya\/PPP%20Presentacion%20CICA%20WB%20Feb2011Espnl%20FLago.ppt\" target=\"_blank\" rel=\"noreferrer noopener\">PPP Presentacion CICA WB Feb2011Espnl FLago<\/a>&#8220;<\/li>\n<\/ul>\n\n\n\n<p><\/p>\n\n\n\n<ul>\n<li><a href=\"https:\/\/www.fiic.la\/FIIC%20Riviera%20Maya\/Informe%20Comision%20Infraestructura%20Riv%20Maya%202011.doc\" target=\"_blank\" rel=\"noreferrer noopener\">Informe Comisi\u00f3n Infraestructura Riv Maya 2011<\/a><\/li>\n<\/ul>\n\n\n\n<p><\/p>\n\n\n\n<ul>\n<li><a href=\"https:\/\/www.fiic.la\/FIIC%20Riviera%20Maya\/INCONET%20Productividad%20en%20la%20Construccion%20Mzo2011.pdf\" target=\"_blank\" rel=\"noreferrer noopener\">INCONET Productividad en la Construccion Mzo2011<\/a><\/li>\n<\/ul>\n\n\n\n<p><\/p>\n\n\n\n<ul>\n<li><a href=\"https:\/\/www.fiic.la\/FIIC%20Riviera%20Maya\/INCONET%20GET%20Gestion%20del%20Conocimiento.pdf\" target=\"_blank\" rel=\"noreferrer noopener\">INCONET GET Gestion del Conocimiento<\/a><\/li>\n<\/ul>\n\n\n\n<p><\/p>\n\n\n\n<ul>\n<li>INCONET -Acceso al video:&nbsp;<a href=\"http:\/\/www.youtube.com\/watch?v=UGB5HuODo9Q\" target=\"_blank\" rel=\"noreferrer noopener\">MAPA DE LA CONSTRUCCI\u00d3N &#8211;<\/a><\/li>\n<\/ul>\n\n\n\n<p><\/p>\n\n\n\n<ul>\n<li><a href=\"https:\/\/www.fiic.la\/FIIC%20Riviera%20Maya\/Conclusiones%20Comision%20Constrn%20Sostenible%20-RM_MexMzo2011.doc\" target=\"_blank\" rel=\"noreferrer noopener\">Conclusiones Comision Construccion Sostenible<\/a><\/li>\n<\/ul>\n\n\n\n<p><\/p>\n\n\n\n<ul>\n<li><a href=\"https:\/\/www.fiic.la\/FIIC%20Riviera%20Maya\/INCONET%20Analisis%20consolidado%20Areas%20Estrategicas.pdf\" target=\"_blank\" rel=\"noreferrer noopener\">INCONET Analisis consolidado Areas Estrategicas<\/a><\/li>\n<\/ul>\n\n\n\n<p><\/p>\n\n\n\n<ul>\n<li><a href=\"https:\/\/www.fiic.la\/FIIC%20Riviera%20Maya\/INCONET%20Informe%20Ejecutivo%20a%20marzo%202011%20v5.pdf\" target=\"_blank\" rel=\"noreferrer noopener\">INCONET Informe Ejecutivo a marzo 2011 v5<\/a><\/li>\n<\/ul>\n\n\n\n<p><\/p>\n\n\n\n<ul>\n<li><a href=\"https:\/\/www.fiic.la\/FIIC%20Riviera%20Maya\/Informe%20Actividades%20CICA%20PPPWG%20Riv%20Maya%20Abril%202011.doc\" target=\"_blank\" rel=\"noreferrer noopener\">Informe Actividades CICA PPPWG Riv Maya Abril 2011<\/a><\/li>\n<\/ul>\n\n\n\n<p><\/p>\n\n\n\n<ul>\n<li><a href=\"https:\/\/www.fiic.la\/FIIC%20Riviera%20Maya\/Informe%20Secretario%20General.pdf\" target=\"_blank\" rel=\"noreferrer noopener\">Informe Secretario General<\/a><\/li>\n<\/ul>\n\n\n\n<p><\/p>\n\n\n\n<ul>\n<li><a href=\"https:\/\/www.fiic.la\/FIIC%20Riviera%20Maya\/Presentacion%20FICC%20Chile.pdf\" target=\"_blank\" rel=\"noreferrer noopener\">Presentacion FICC Chile<\/a><\/li>\n<\/ul>\n\n\n\n<p><\/p>\n\n\n\n<ul>\n<li><a href=\"https:\/\/www.fiic.la\/FIIC%20Riviera%20Maya\/P_honduras.pdf\" target=\"_blank\" rel=\"noreferrer noopener\">Presentacion FIIC Honduras<\/a><\/li>\n<\/ul>\n\n\n\n<p><\/p>\n\n\n\n<ul>\n<li><a href=\"https:\/\/www.fiic.la\/FIIC%20Riviera%20Maya\/Consejo%20FIIC%20abril%202011_Venezuela.pdf\" target=\"_blank\" rel=\"noreferrer noopener\">Presentacion FIIC Venezuela<\/a><\/li>\n<\/ul>\n\n\n\n<p><\/p>\n\n\n\n<ul>\n<li><a href=\"https:\/\/www.fiic.la\/FIIC%20Riviera%20Maya\/Protocolo%20de%20RSE%202010%20Mexico.pdf\" target=\"_blank\" rel=\"noreferrer noopener\">Protocolo de RSE 2010 Mexico<\/a><\/li>\n<\/ul>\n\n\n\n<p><\/p>\n\n\n\n<ul>\n<li><a href=\"https:\/\/photos.google.com\/share\/AF1QipOTq5pZOVc-glqZ3_DX8WKrQlwYdOJlWrKXrAbu4jBho2_dSE71WN_Yw_zMZ448uw?key=SHdMTTVndThValM1UE1NMDR1YTdOLVlKOTM4REh3\" target=\"_blank\" rel=\"noopener\">LXIV Reuni\u00f3n del Consejo Directivo de la FIIC, Riviera Maya, M\u00e9xico. &#8211; Google Fotos<\/a> <\/li>\n<\/ul>\n<\/div><\/div><\/div><\/div>\n\n\n\n<div class=\"wp-block-qubely-accordion-item qubely-block-a9ac2e\"><div itemscope itemprop=\"mainEntity\" itemtype=\"https:\/\/schema.org\/Question\" class=\"qubely-accordion-item qubely-type-fill false\"><div class=\"qubely-accordion-panel qubely-icon-position-right\"><span class=\"qubely-accordion-panel-handler\" role=\"button\"><span itemprop=\"name\" class=\"qubely-accordion-panel-handler-label\">LXIII Reuni\u00f3n Del Consejo Directivo FIIC, 3, 4 Y 5 De Noviembre De 2010, San Jos\u00e9, Costa Rica.<\/span><span class=\"qubely-accordion-icon fa fa-plus\"><\/span><\/span><\/div><div itemscope itemprop=\"acceptedAnswer\" itemtype=\"https:\/\/schema.org\/Answer\" class=\"qubely-accordion-body\"><div itemprop=\"text\">\n<ul>\n<li><a href=\"https:\/\/www.fiic.la\/fiic_cr\/Venezuela%20-Juan%20Francisco%20Jimenez.pdf\" target=\"_blank\" rel=\"noreferrer noopener\">Ing. Juan Francisco Jim\u00e9nez &#8220;Entorno de la Construcci\u00f3n en Venezuela&#8221;<\/a><\/li>\n<\/ul>\n\n\n\n<p><\/p>\n\n\n\n<ul>\n<li><a href=\"https:\/\/www.fiic.la\/fiic_cr\/Argentina%20-%20Fdo%20Lago.pdf\" target=\"_blank\" rel=\"noreferrer noopener\">Ing. Fernado Lago &#8220;Construyendo nuestros pa\u00edses: 200 a\u00f1os en im\u00e1genes&#8221;<\/a><\/li>\n<\/ul>\n\n\n\n<p><\/p>\n\n\n\n<ul>\n<li><a href=\"https:\/\/www.fiic.la\/fiic_cr\/Brasil_vivienda_05_nov-2010_FIIC.pdf\" target=\"_blank\" rel=\"noreferrer noopener\">Ing. Paulo Simao &#8220;Programa Mi Casa, Mi Vida<\/a><\/li>\n<\/ul>\n\n\n\n<p><\/p>\n\n\n\n<ul>\n<li><a href=\"https:\/\/www.fiic.la\/fiic_cr\/Homenaje%20Sres%20Alcalde%20y%20Frias.pdf\" target=\"_blank\" rel=\"noreferrer noopener\">Homenaje Sres Alcalde y Frias<\/a><\/li>\n<\/ul>\n\n\n\n<p><\/p>\n\n\n\n<ul>\n<li><a href=\"https:\/\/www.fiic.la\/fiic_cr\/Evolucion%20Economia%20Paises%20FIIC%202009-2010%20V%20Ejecutiva.pdf\" target=\"_blank\" rel=\"noreferrer noopener\">Evoluci\u00f3n Economia Paises FIIC 2009-2010 Versi\u00f3n Ejecutiva<\/a><\/li>\n<\/ul>\n\n\n\n<p><\/p>\n\n\n\n<ul>\n<li><a href=\"https:\/\/www.fiic.la\/fiic_cr\/Comision%20de%20RSE%20WebConsejo.pdf\" target=\"_blank\" rel=\"noreferrer noopener\">Comisi\u00f3n de Responsabilidad Social Empresarial<\/a><\/li>\n<\/ul>\n\n\n\n<p><\/p>\n\n\n\n<ul>\n<li><a href=\"https:\/\/www.fiic.la\/fiic_cr\/construccion%20sostenible%201er_informe_3_nov_2010.pdf\" target=\"_blank\" rel=\"noreferrer noopener\">Comisi\u00f3n de Construcci\u00f3n Sostenible<\/a><\/li>\n<\/ul>\n\n\n\n<p><\/p>\n\n\n\n<ul>\n<li><a href=\"https:\/\/www.fiic.la\/fiic_cr\/FIIC%20Evolucion%20Economia%20DOCUMENTO%20COMPLETO_2009-2010%20(NXPowerLite).pdf\" target=\"_blank\" rel=\"noreferrer noopener\">Evoluci\u00f3n Economia Paises FIIC 2009-2010 Versi\u00f3n Completa<\/a><\/li>\n<\/ul>\n\n\n\n<p><\/p>\n\n\n\n<ul>\n<li><a href=\"https:\/\/www.fiic.la\/fiic_cr\/Informe%20Secretario%20General.pdf\" target=\"_blank\" rel=\"noreferrer noopener\">Informe Secretaria General<\/a><\/li>\n<\/ul>\n\n\n\n<p><\/p>\n\n\n\n<ul>\n<li><a href=\"https:\/\/www.fiic.la\/fiic_cr\/CAMACOL_Panora_constucc_FIIC%20MPDH%20nov_2010.pdf\" target=\"_blank\" rel=\"noreferrer noopener\">Dra. Martha Elena Pinto &#8220;Panorama de la Construcci\u00f3n en Colombia<\/a>&#8220;<\/li>\n<\/ul>\n\n\n\n<p><\/p>\n\n\n\n<ul>\n<li><a href=\"https:\/\/www.fiic.la\/fiic_cr\/Panama%20%20-Jaime%20A%20%20Jovane.pdf\" target=\"_blank\" rel=\"noreferrer noopener\">Ing. Jaime Jovan\u00e9 &#8220;Perspectivas y Visi\u00f3n de la Industria de la Construcci\u00f3n en Panam\u00e1&#8221;<\/a><\/li>\n<\/ul>\n\n\n\n<p><\/p>\n\n\n\n<ul>\n<li><a href=\"https:\/\/www.fiic.la\/fiic_cr\/Costa%20Rica%20-%20Empresas%20Constr%20Chinas.pdf\" target=\"_blank\" rel=\"noreferrer noopener\">Ing. Ricardo Castro &#8220;Empresas Constructoras Chinas en Costa Rica&#8221;<\/a><\/li>\n<\/ul>\n<\/div><\/div><\/div><\/div>\n\n\n\n<div class=\"wp-block-qubely-accordion-item qubely-block-0d67b8\"><div itemscope itemprop=\"mainEntity\" itemtype=\"https:\/\/schema.org\/Question\" class=\"qubely-accordion-item qubely-type-fill false\"><div class=\"qubely-accordion-panel qubely-icon-position-right\"><span class=\"qubely-accordion-panel-handler\" role=\"button\"><span itemprop=\"name\" class=\"qubely-accordion-panel-handler-label\">Memoria Fotogr\u00e1fica 1960-2010<\/span><span class=\"qubely-accordion-icon fa fa-plus\"><\/span><\/span><\/div><div itemscope itemprop=\"acceptedAnswer\" itemtype=\"https:\/\/schema.org\/Answer\" class=\"qubely-accordion-body\"><div itemprop=\"text\">\n<p><a href=\"https:\/\/www.fiic.la\/Documentos\/fiic_chile\/Memoriafoto.pdf\" target=\"_blank\" rel=\"noreferrer noopener\">Memoria Fotografica FIIC 50 Aniversario<\/a><\/p>\n<\/div><\/div><\/div><\/div>\n\n\n\n<div class=\"wp-block-qubely-accordion-item qubely-block-2e7989\"><div itemscope itemprop=\"mainEntity\" itemtype=\"https:\/\/schema.org\/Question\" class=\"qubely-accordion-item qubely-type-fill false\"><div class=\"qubely-accordion-panel qubely-icon-position-right\"><span class=\"qubely-accordion-panel-handler\" role=\"button\"><span itemprop=\"name\" class=\"qubely-accordion-panel-handler-label\">LXII Reuni\u00f3n Del Consejo Directivo FIIC, 11 Y 12 De Mayo De 2010, Santiago, Chile.<\/span><span class=\"qubely-accordion-icon fa fa-plus\"><\/span><\/span><\/div><div itemscope itemprop=\"acceptedAnswer\" itemtype=\"https:\/\/schema.org\/Answer\" class=\"qubely-accordion-body\"><div itemprop=\"text\">\n<ul>\n<li><a href=\"https:\/\/www.fiic.la\/Documentos\/fiic_chile\/Chile_PANAMA.pdf\" target=\"_blank\" rel=\"noreferrer noopener\">Proyectos de la C\u00e1mara Paname\u00f1a de la Construcci\u00f3n<\/a><\/li>\n<\/ul>\n\n\n\n<p><\/p>\n\n\n\n<ul>\n<li><a href=\"https:\/\/www.fiic.la\/Documentos\/fiic_chile\/FIIC_INFORME_RP%20Mod_6MAYO2010_DEF.pdf\" target=\"_blank\" rel=\"noreferrer noopener\">Secretario General &#8211; Ing. Ricardo Platt<\/a><\/li>\n<\/ul>\n\n\n\n<p><\/p>\n\n\n\n<ul>\n<li><a href=\"https:\/\/www.fiic.la\/Documentos\/fiic_chile\/FIIC%20Informe_Comision_Infraestructura_Chile2010_Fernando_Lago.pdf\" target=\"_blank\" rel=\"noreferrer noopener\">Comisi\u00f3n de Infraestructura<\/a><\/li>\n<\/ul>\n\n\n\n<p><\/p>\n\n\n\n<ul>\n<li><a href=\"https:\/\/www.fiic.la\/Documentos\/fiic_chile\/FIIC_Necesidad_Mantenimiento_Chile2010_fernando_lago.pdf\" target=\"_blank\" rel=\"noreferrer noopener\">Ing. Fernando Lago<\/a><\/li>\n<\/ul>\n\n\n\n<p><\/p>\n\n\n\n<ul>\n<li><a href=\"https:\/\/www.fiic.la\/Documentos\/fiic_chile\/cmic.pdf\" target=\"_blank\" rel=\"noreferrer noopener\">C\u00e1mara Mexicana Pdte. Eduardo Correa<\/a><\/li>\n<\/ul>\n<\/div><\/div><\/div><\/div>\n\n\n\n<div class=\"wp-block-qubely-accordion-item qubely-block-7880b7\"><div itemscope itemprop=\"mainEntity\" itemtype=\"https:\/\/schema.org\/Question\" class=\"qubely-accordion-item qubely-type-fill false\"><div class=\"qubely-accordion-panel qubely-icon-position-right\"><span class=\"qubely-accordion-panel-handler\" role=\"button\"><span itemprop=\"name\" class=\"qubely-accordion-panel-handler-label\">INCONET. 11 De Mayo 2010, Santiago De Chile<\/span><span class=\"qubely-accordion-icon fa fa-plus\"><\/span><\/span><\/div><div itemscope itemprop=\"acceptedAnswer\" itemtype=\"https:\/\/schema.org\/Answer\" class=\"qubely-accordion-body\"><div itemprop=\"text\">\n<p class=\"has-text-align-center\"><strong>Reuni\u00f3n INCONET, Red Interamericana de Centros de Innovaci\u00f3n en la Construcci\u00f3n<\/strong><\/p>\n\n\n\n<ul>\n<li><a href=\"https:\/\/www.fiic.la\/Documentos\/fiic_chile\/CASTRO.pdf\" target=\"_blank\" rel=\"noreferrer noopener\">Experiencia de Costa Rica en I+D+i en la Construcci\u00f3n.<\/a>&nbsp;Ricardo Castro \/ Costa Rica<\/li>\n<\/ul>\n\n\n\n<p><\/p>\n\n\n\n<ul>\n<li><a href=\"https:\/\/www.fiic.la\/Documentos\/fiic_chile\/MARTINS.pdf\" target=\"_blank\" rel=\"noreferrer noopener\">Innovaci\u00f3n en la Construcci\u00f3n: CBIC.<\/a>&nbsp;Jose Carlos Martins \/ Brazil<\/li>\n<\/ul>\n\n\n\n<p><\/p>\n\n\n\n<ul>\n<li><a href=\"https:\/\/www.fiic.la\/Documentos\/fiic_chile\/MARIN.pdf\" target=\"_blank\" rel=\"noreferrer noopener\">Ciencia y Tecnolog\u00eda en Colombia: Avances y Desaf\u00edos.<\/a>&nbsp;Jorge Marin \/ Colombia<\/li>\n<\/ul>\n\n\n\n<p><\/p>\n\n\n\n<ul>\n<li><a href=\"https:\/\/www.fiic.la\/Documentos\/fiic_chile\/GLUYAS.pdf\" target=\"_blank\" rel=\"noreferrer noopener\">Programa Nacional de Certificaci\u00f3n en Soldadura.&nbsp;<\/a>Marcos Gluyas \/ M\u00e9xico<\/li>\n<\/ul>\n\n\n\n<p><\/p>\n\n\n\n<ul>\n<li><a href=\"https:\/\/www.fiic.la\/Documentos\/fiic_chile\/Pena.pdf\" target=\"_blank\" rel=\"noreferrer noopener\">Sistema de Informaci\u00f3n Sectorial.&nbsp;<\/a>Andres Pe\u00f1a \/ Argentina<\/li>\n<\/ul>\n\n\n\n<p><\/p>\n\n\n\n<ul>\n<li><a href=\"https:\/\/www.fiic.la\/Documentos\/fiic_chile\/Bases.pdf\" target=\"_blank\" rel=\"noreferrer noopener\">Bases Red Interamericana de Centros de Innovaci\u00f3n<\/a><\/li>\n<\/ul>\n\n\n\n<p><\/p>\n\n\n\n<ul>\n<li><a href=\"https:\/\/www.fiic.la\/Documentos\/fiic_chile\/BELTRAN.pdf\" target=\"_blank\" rel=\"noreferrer noopener\">Creaci\u00f3n de un Centro de Innovaci\u00f3n.&nbsp;<\/a>Antonio Beltran \/ Ecuador<\/li>\n<\/ul>\n\n\n\n<p><\/p>\n\n\n\n<ul>\n<li><a href=\"https:\/\/www.fiic.la\/Documentos\/fiic_chile\/LEON.pdf\" target=\"_blank\" rel=\"noreferrer noopener\">Reuni\u00f3n Constituci\u00f3n INCONET.&nbsp;<\/a>Juan Carlos Le\u00f3n \/ Chile<\/li>\n<\/ul>\n\n\n\n<p><\/p>\n\n\n\n<ul>\n<li><a href=\"https:\/\/www.fiic.la\/Documentos\/fiic_chile\/LEONCDT.pdf\" target=\"_blank\" rel=\"noreferrer noopener\">An\u00e1lisis Modelo de Negocio Y Mapa Estrat\u00e9gico CDT.&nbsp;<\/a>Juan Carlos Le\u00f3n (CDT) \/ Chile<\/li>\n<\/ul>\n\n\n\n<p><\/p>\n\n\n\n<ul>\n<li><a href=\"https:\/\/www.fiic.la\/Documentos\/fiic_chile\/AMERIGO.pdf\" target=\"_blank\" rel=\"noreferrer noopener\">Redes y Plataformas Internacionales: La experiencia Europea.<\/a>&nbsp;Miguel Amerigo \/ Espa\u00f1ol<\/li>\n<\/ul>\n\n\n\n<p><\/p>\n\n\n\n<ul>\n<li><a href=\"https:\/\/www.fiic.la\/Documentos\/fiic_chile\/AYLLON.pdf\" target=\"_blank\" rel=\"noreferrer noopener\">I+D+i en Beneficio de los Asociados de CAPECO.<\/a>Jose Luis Ayllon \/ Per\u00fa<\/li>\n<\/ul>\n<\/div><\/div><\/div><\/div>\n\n\n\n<div class=\"wp-block-qubely-accordion-item qubely-block-7f30d7\"><div itemscope itemprop=\"mainEntity\" itemtype=\"https:\/\/schema.org\/Question\" class=\"qubely-accordion-item qubely-type-fill false\"><div class=\"qubely-accordion-panel qubely-icon-position-right\"><span class=\"qubely-accordion-panel-handler\" role=\"button\"><span itemprop=\"name\" class=\"qubely-accordion-panel-handler-label\">XXVII Congreso Interamericano De La Industria De La Construcci\u00f3n, 11-15 De Mayo 2010, Santiago De Chile<\/span><span class=\"qubely-accordion-icon fa fa-plus\"><\/span><\/span><\/div><div itemscope itemprop=\"acceptedAnswer\" itemtype=\"https:\/\/schema.org\/Answer\" class=\"qubely-accordion-body\"><div itemprop=\"text\">\n<p>Con gran satisfacci\u00f3n les notificamos que la Federaci\u00f3n Interamericana de la Industria de la Construcci\u00f3n, cumple en noviembre de este a\u00f1o su 50 Aniversario de representar al sector de la Construcci\u00f3n de la regi\u00f3n y a nivel mundial a trav\u00e9s de la Confederaci\u00f3n Internacional de Asociaciones de Contratistas (CICA), Por ello en paralelo con la realizaci\u00f3n del XXVII Congreso Interamericano de la Industria de la Construcci\u00f3n, se festej\u00f3 con la gran colaboraci\u00f3n de la C\u00e1mara Chilena de la Construcci\u00f3n.<br><br>El magno evento se llev\u00f3 a cabo exitosamente en Santiago de Chile del 11 al 15 de mayo 2010.<\/p>\n\n\n\n<p><a href=\"https:\/\/www.fiic.la\/FIIC%2027%20Congreso%20Resumen%20Conclusiones1.pdf\" target=\"_blank\" rel=\"noreferrer noopener\"><br>Resumen<\/a>&nbsp;de Conclusiones.<br><br>Mayor informaci\u00f3n y fotos:&nbsp;<a href=\"http:\/\/www.semanadelaconstruccion.cl\/\" target=\"_blank\" rel=\"noreferrer noopener\">www.semanadelaconstruccion.cl<\/a><\/p>\n\n\n\n<p class=\"has-text-align-center\"><br><strong>Seminario Innovaci\u00f3n y Desastres Naturales<\/strong><\/p>\n\n\n\n<ul>\n<li><a href=\"https:\/\/www.fiic.la\/Documentos\/fiic_chile\/TOMAS%20GUENDELMAN.pdf\" target=\"_blank\" rel=\"noreferrer noopener\">El Terremoto de 27 de Febrero de 2010.&nbsp;<\/a>Tom\u00e1s Guendelman B. \/ Ingeniero Civil Estructural<\/li>\n<\/ul>\n\n\n\n<p><\/p>\n\n\n\n<ul>\n<li><a href=\"https:\/\/www.fiic.la\/Documentos\/fiic_chile\/Jaime%20Molina.pdf\" target=\"_blank\" rel=\"noreferrer noopener\">Nuestro Gremio ante Desastres Naturales.&nbsp;<\/a>Jaime Molina \/ Consejero Consultivo FIIC<\/li>\n<\/ul>\n\n\n\n<p><\/p>\n\n\n\n<ul>\n<li><a href=\"http:\/\/www.youtube.com\/watch?v=WrrHjYSwN24&amp;feature=player_embedded\" target=\"_blank\" rel=\"noreferrer noopener\">Video: Desastres Naturales; Lecciones de Sobrevivencia<\/a><\/li>\n<\/ul>\n\n\n\n<p><\/p>\n\n\n\n<ul>\n<li><a href=\"https:\/\/www.fiic.la\/Documentos\/fiic_chile\/LORENZO%20CONSTANS%20Desafios%20gremiales.pdf\" target=\"_blank\" rel=\"noreferrer noopener\">Desaf\u00edos Gremiales ante desastres Naturales.&nbsp;<\/a>Lorenzo Constans G. \/ Presidente CChC<\/li>\n<\/ul>\n\n\n\n<p><\/p>\n\n\n\n<ul>\n<li><a href=\"https:\/\/www.fiic.la\/Documentos\/fiic_chile\/MANUEL%20CARVALLO.pdf\" target=\"_blank\" rel=\"noreferrer noopener\">Seguros y Sismos&nbsp;<\/a>Manuel Carvallo P. \/ Abogado PUC Valpara\u00edso<\/li>\n<\/ul>\n\n\n\n<p class=\"has-text-align-center\"><strong>Seminario Innovaci\u00f3n Competitiva<\/strong><\/p>\n\n\n\n<ul>\n<li><a href=\"https:\/\/www.fiic.la\/Documentos\/fiic_chile\/MIERES.pdf\" target=\"_blank\" rel=\"noreferrer noopener\">Solintel: Innovaci\u00f3n en la Construcci\u00f3n.&nbsp;<\/a>Juan Manuel Mieres \/ Espa\u00f1a<\/li>\n<\/ul>\n\n\n\n<p><\/p>\n\n\n\n<ul>\n<li><a href=\"http:\/\/www.youtube.com\/watch?v=js5JK4D4X6w&amp;feature=player_embedded\" target=\"_blank\" rel=\"noreferrer noopener\">Video: Las Nuevas Reglas del Juego<\/a><\/li>\n<\/ul>\n\n\n\n<p><\/p>\n\n\n\n<ul>\n<li><a href=\"https:\/\/www.fiic.la\/Documentos\/fiic_chile\/Calvo.pdf\" target=\"_blank\" rel=\"noreferrer noopener\">Acciona Centro Tecnol\u00f3gico I+D+i Madrid.&nbsp;<\/a>Ignacio Calvo \/ Espa\u00f1a<\/li>\n<\/ul>\n\n\n\n<p><\/p>\n\n\n\n<ul>\n<li><a href=\"https:\/\/www.fiic.la\/Documentos\/fiic_chile\/Caicedo.pdf\" target=\"_blank\" rel=\"noreferrer noopener\">Innovaci\u00f3n en la Construcci\u00f3n: El Papel de los Gremios.<\/a>&nbsp;Juan Mart\u00edn Caicedo \/ Colombia<\/li>\n<\/ul>\n\n\n\n<p class=\"has-text-align-center\"><strong>Seminario Innovaci\u00f3n Financiera<\/strong><\/p>\n\n\n\n<ul>\n<li><a href=\"http:\/\/www.youtube.com\/watch?v=U6dLrWWJSYM&amp;feature=player_embedded\" target=\"_blank\" rel=\"noreferrer noopener\">Video: El Sector Construcci\u00f3n desp\u00faes de la Crisis Financiera<\/a><\/li>\n<\/ul>\n\n\n\n<p class=\"has-text-align-center\"><strong>ECU 2010 &#8211; 5to Encuentro Construcci\u00f3n Universidad<\/strong><\/p>\n\n\n\n<ul>\n<li><a href=\"https:\/\/www.fiic.la\/Documentos\/fiic_chile\/2%20-%203%20Juan%20Manuel%20Mieres%20-%20ENCUENTRO%20UNIVERSIDAD%20EMPRESA.pdf\" target=\"_blank\" rel=\"noreferrer noopener\">Solintel: Encuentro Universidad Empresa.&nbsp;<\/a>Sr. Juan Manuel Mieres, Consultor internacional I+D+i, Director de SOLINTEL<\/li>\n<\/ul>\n\n\n\n<p><\/p>\n\n\n\n<ul>\n<li><a href=\"https:\/\/www.fiic.la\/Documentos\/fiic_chile\/2%20-%201%20Ricardo%20Rojas%20-%20BIM.pdf\" target=\"_blank\" rel=\"noreferrer noopener\">BIM (Building Information Modeling.&nbsp;<\/a>Sr. Ricardo Rojas. Ingeniero Civil. Ren\u00e9 Lagos y Asociados.<\/li>\n<\/ul>\n\n\n\n<p><\/p>\n\n\n\n<ul>\n<li><a href=\"https:\/\/www.fiic.la\/Documentos\/fiic_chile\/1%20-%202%20Yves%20B.%20-%20La%20Revolucion%20de%20las%20Profesiones.pdf\" target=\"_blank\" rel=\"noreferrer noopener\">La Revoluci\u00f3n de las Profesiones.&nbsp;<\/a>Sr. Yves Besan\u00e7on, Socio Alemparte Barreda y Asociados Arquitectos<\/li>\n<\/ul>\n\n\n\n<p><\/p>\n\n\n\n<ul>\n<li><a href=\"https:\/\/www.fiic.la\/Documentos\/fiic_chile\/1%20-%201%20MARIO%20WAISBLUTH%20-%20Educacion%202020.pdf\" target=\"_blank\" rel=\"noreferrer noopener\">Educaci\u00f3n 2020.&nbsp;<\/a>Sr. Mario Waissbluth, Coordinador Nacional Educaci\u00f3n 2020<\/li>\n<\/ul>\n\n\n\n<p><\/p>\n\n\n\n<ul>\n<li><a href=\"https:\/\/www.fiic.la\/Documentos\/fiic_chile\/1%20-%203%20Sergio%20Icaza%20-%20Nuevas%20Competencias%20Profesionales.pdf\" target=\"_blank\" rel=\"noreferrer noopener\">Nuevas Competencias Profesionales.&nbsp;<\/a>Sr. Sergio Icaza, Director Icafal S.A.<\/li>\n<\/ul>\n\n\n\n<p><\/p>\n\n\n\n<ul>\n<li><a href=\"https:\/\/www.fiic.la\/Documentos\/fiic_chile\/2%20-%202%20Renato%20Miranda%20-%20Disegno%20y%20Construccion%20Sustentable.pdf\" target=\"_blank\" rel=\"noreferrer noopener\">Dise\u00f1o y Construcci\u00f3n Sustentable.&nbsp;<\/a>Sr. Renato Miranda, Gerente de Ingenier\u00eda Miranda y Nasi Ltda.<\/li>\n<\/ul>\n\n\n\n<p><\/p>\n\n\n\n<ul>\n<li><a href=\"https:\/\/www.fiic.la\/Documentos\/fiic_chile\/CierreECU2010.pdf\" target=\"_blank\" rel=\"noreferrer noopener\">Herramientas de Apoyo para estudiantes del sector Construcci\u00f3n.&nbsp;<\/a>Sr. Juan Carlos Le\u00f3n F, Gerente General Corporaci\u00f3n de Desarrollo Tecnol\u00f3gico<\/li>\n<\/ul>\n<\/div><\/div><\/div><\/div>\n\n\n\n<div class=\"wp-block-qubely-accordion-item qubely-block-3ff12d\"><div itemscope itemprop=\"mainEntity\" itemtype=\"https:\/\/schema.org\/Question\" class=\"qubely-accordion-item qubely-type-fill false\"><div class=\"qubely-accordion-panel qubely-icon-position-right\"><span class=\"qubely-accordion-panel-handler\" role=\"button\"><span itemprop=\"name\" class=\"qubely-accordion-panel-handler-label\">LXI Reuni\u00f3n Del Consejo Directivo FIIC, 29 De Agosto Al 1 De Septiembre De 2009, R\u00edo De Janeiro, Brasil.<\/span><span class=\"qubely-accordion-icon fa fa-plus\"><\/span><\/span><\/div><div itemscope itemprop=\"acceptedAnswer\" itemtype=\"https:\/\/schema.org\/Answer\" class=\"qubely-accordion-body\"><div itemprop=\"text\">\n<ul>\n<li><a href=\"https:\/\/www.fiic.la\/Documentos\/fiic_brasil\/CPPPD%202_INGLAGO.pdf\" target=\"_blank\" rel=\"noreferrer noopener\">Ing. Fernando Lago, Argentina<\/a>&nbsp;<\/li>\n<\/ul>\n\n\n\n<p><\/p>\n\n\n\n<ul>\n<li><a href=\"https:\/\/www.fiic.la\/Documentos\/FIIC%202010%20CORREGIDA%20POR%20DON%20LORENZO%20EN%20RIO_17dic09.pdf\" target=\"_blank\" rel=\"noreferrer noopener\">Ing. Lorenzo Constans &#8211; Programa Preliminar XXVII Congreso, Santiago de Chile &#8211; mayo 2010<\/a>&nbsp;<\/li>\n<\/ul>\n\n\n\n<p><\/p>\n\n\n\n<ul>\n<li><a href=\"https:\/\/www.fiic.la\/Documentos\/fiic_brasil\/Informe%20Presidente%202007-09%201%202.pdf\" target=\"_blank\" rel=\"noreferrer noopener\">Informe Presidente &#8211; Ing. Irwin Perret&nbsp;<\/a><\/li>\n<\/ul>\n\n\n\n<p><\/p>\n\n\n\n<ul>\n<li><a href=\"https:\/\/www.fiic.la\/Documentos\/fiic_brasil\/FIIC_Informe_RP_Mod_4AGO09.pdf\" target=\"_blank\" rel=\"noreferrer noopener\">Secretario General &#8211; Ing. Ricardo Platt&nbsp;<\/a><\/li>\n<\/ul>\n\n\n\n<p><\/p>\n\n\n\n<ul>\n<li><a href=\"https:\/\/www.fiic.la\/Documentos\/fiic_brasil\/FIIC%20Reuniones%20CICA%20Gpo_trabajo_PPP_INGLAGO.pdf\" target=\"_blank\" rel=\"noreferrer noopener\">Ing. Fernando Lago, Argentina &#8220;CICA Grupo de Trabajo&#8221;<\/a>&nbsp;<\/li>\n<\/ul>\n\n\n\n<p><\/p>\n\n\n\n<ul>\n<li><a href=\"https:\/\/www.fiic.la\/Documentos\/fiic_brasil\/PPPWG_Key_Ideas%20bilingue_INGLAGO.pdf\" target=\"_blank\" rel=\"noreferrer noopener\">Ing. Fernando Lago, Argentina&nbsp;<\/a><\/li>\n<\/ul>\n\n\n\n<p class=\"has-text-align-center\"><strong>Evoluci\u00f3n de la Econom\u00eda en los pa\u00edses miembros de la FIIC<\/strong><\/p>\n\n\n\n<ul>\n<li><a href=\"https:\/\/www.fiic.la\/Documentos\/14-RED%20INTERAMERICANA%20DE%20CENTROS%20DE%20INNOVACION%20EN%20LA%20CONSTRUCCION%20(CChC).ppt\" target=\"_blank\" rel=\"noreferrer noopener\">Ing. Lorenzo Constans y Juan Carlos Le\u00f3n, C\u00e1mara Chilena de la Construcci\u00f3n &#8220;Red Interamericana de Centros de Innovaci\u00f3n en la Construcci\u00f3n&#8221;<\/a>&nbsp;<\/li>\n<\/ul>\n\n\n\n<p><\/p>\n\n\n\n<ul>\n<li><a href=\"https:\/\/www.fiic.la\/presentaci%F3n%20fiic%20sept%20final.ppt\" target=\"_blank\" rel=\"noreferrer noopener\">Ing. Iv\u00e1n Bustillos, C\u00e1mara Boliviana de la Construcci\u00f3n<\/a>&nbsp;<\/li>\n<\/ul>\n\n\n\n<p><\/p>\n\n\n\n<ul>\n<li><a href=\"https:\/\/www.fiic.la\/9%20-Cci-Presentaci%F3n_FIIC_final.ppt\" target=\"_blank\" rel=\"noreferrer noopener\">Dr. Juan Mart\u00edn Caicedo Ferrer, C\u00e1mara Colombiana de la Infraestructura<\/a>&nbsp;<\/li>\n<\/ul>\n\n\n\n<p><\/p>\n\n\n\n<ul>\n<li><a href=\"https:\/\/www.fiic.la\/Documentos\/PRESENTACION%20FIIC%202009_11_08_09_CMIC.pdf\" target=\"_blank\" rel=\"noopener\">PRESENTACION FIIC 2009_11_08_09_CMIC<\/a><\/li>\n<\/ul>\n\n\n\n<p><\/p>\n\n\n\n<ul>\n<li><a href=\"https:\/\/www.fiic.la\/Documentos\/fiic_brasil\/VERSION_FINAL_FIIC_CMIC_2008_2009_DEF.pdf\" target=\"_blank\" rel=\"noreferrer noopener\">VERSION FINAL FIIC CMIC 2008-2009 DEF<\/a><\/li>\n<\/ul>\n\n\n\n<p><\/p>\n\n\n\n<ul>\n<li><a href=\"https:\/\/www.fiic.la\/Documentos\/fiic_brasil\/los%20planes%20de%20estimulo%20en%20el%20mundo.ppt\" target=\"_blank\" rel=\"noreferrer noopener\">Los planes de Est\u00edmulo en el mundo &#8211; Ing. Fernando Lago&nbsp;<\/a><\/li>\n<\/ul>\n\n\n\n<p><\/p>\n\n\n\n<ul>\n<li><a href=\"https:\/\/www.fiic.la\/Documentos\/17-%20CAPECO%20Perspectivas_economicas_Peru_2009-2010%5B1%5D.ppt\" target=\"_blank\" rel=\"noreferrer noopener\">Ing. Walter Piazza, C\u00e1mara Peruana de la Construcci\u00f3n<\/a>&nbsp;<\/li>\n<\/ul>\n\n\n\n<p><\/p>\n\n\n\n<ul>\n<li><a href=\"https:\/\/www.fiic.la\/Documentos\/10%20-Prest.%20CCC%20-%20%20FIIC%20Brasil.ppt\" target=\"_blank\" rel=\"noreferrer noopener\">Arq. Rafael Esquivel Yglesias, C\u00e1mara Costarricense de la Construcci\u00f3n<\/a>&nbsp;<\/li>\n<\/ul>\n\n\n\n<p><\/p>\n\n\n\n<ul>\n<li><a href=\"https:\/\/www.fiic.la\/Documentos\/16%20-%20Apres%20Rel%20Final1%20-%20Budapeste%20ppt%20revisado%20paulo%20simao_Esp.ppt\" target=\"_blank\" rel=\"noreferrer noopener\">Ing.Paulo Safady Simao, C\u00e1mara Brasile\u00f1a de la Industria de la Construcci\u00f3n &#8221; Desarrollo con equidad y responsabilidad ambiental&#8221;<\/a>&nbsp;<\/li>\n<\/ul>\n<\/div><\/div><\/div><\/div>\n\n\n\n<div class=\"wp-block-qubely-accordion-item qubely-block-14ce9a\"><div itemscope itemprop=\"mainEntity\" itemtype=\"https:\/\/schema.org\/Question\" class=\"qubely-accordion-item qubely-type-fill false\"><div class=\"qubely-accordion-panel qubely-icon-position-right\"><span class=\"qubely-accordion-panel-handler\" role=\"button\"><span itemprop=\"name\" class=\"qubely-accordion-panel-handler-label\">Semana De La Construcci\u00f3n &#8211; XXII Convenci\u00f3n Nacional De La Industria De La Construcci\u00f3n &#8211; Caracas, Venezuela &#8211; 17 Y 18 De Marzo 2009<\/span><span class=\"qubely-accordion-icon fa fa-plus\"><\/span><\/span><\/div><div itemscope itemprop=\"acceptedAnswer\" itemtype=\"https:\/\/schema.org\/Answer\" class=\"qubely-accordion-body\"><div itemprop=\"text\">\n<ul>\n<li><a href=\"https:\/\/www.fiic.la\/Documentos\/presentacion_jorgekogan_xxiiconicon(1).pdf\" target=\"_blank\" rel=\"noreferrer noopener\">&#8220;La Importancia de la Planificaci\u00f3n Estrat\u00e9gica de la Infraestructura para el Sector Construcci\u00f3n&#8221; &#8211; Dr. Jorge H. Kogan<\/a><\/li>\n<\/ul>\n\n\n\n<ul>\n<li><a href=\"https:\/\/www.fiic.la\/Documentos\/presentacion_italopizzolante(1).pdf\" target=\"_blank\" rel=\"noreferrer noopener\">&#8220;De la Resposabilidad Social Empresarial a la Empresa Socialmente Responsable&#8221; &#8211; Italo Pizzolante Negr\u00f3n<\/a><\/li>\n<\/ul>\n\n\n\n<ul>\n<li><a href=\"https:\/\/www.fiic.la\/Documentos\/presentacion_luisnario(1).pdf\" target=\"_blank\" rel=\"noreferrer noopener\">&#8220;Plan Nacional de Infraestructura: Experiencia en Chile&#8221; &#8211; Ing. Luis Nario Matus<\/a><\/li>\n<\/ul>\n\n\n\n<ul>\n<li><a href=\"https:\/\/www.fiic.la\/Documentos\/presentacion_ricardoplatt(1).pdf\" target=\"_blank\" rel=\"noreferrer noopener\">&#8220;Desarrollo de un Plan Nacional de Infraestructura: M\u00e9xico&#8221; &#8211; Ing. Ricardo Platt<\/a><\/li>\n<\/ul>\n<\/div><\/div><\/div><\/div>\n\n\n\n<div class=\"wp-block-qubely-accordion-item qubely-block-88dd8d\"><div itemscope itemprop=\"mainEntity\" itemtype=\"https:\/\/schema.org\/Question\" class=\"qubely-accordion-item qubely-type-fill false\"><div class=\"qubely-accordion-panel qubely-icon-position-right\"><span class=\"qubely-accordion-panel-handler\" role=\"button\"><span itemprop=\"name\" class=\"qubely-accordion-panel-handler-label\">Reuni\u00f3n CICA\/Bancos Multilaterales De Desarrollo , Par\u00eds, Francia, 16 De Abril 2009 <\/span><span class=\"qubely-accordion-icon fa fa-plus\"><\/span><\/span><\/div><div itemscope itemprop=\"acceptedAnswer\" itemtype=\"https:\/\/schema.org\/Answer\" class=\"qubely-accordion-body\"><div itemprop=\"text\">\n<ul>\n<li><a href=\"https:\/\/www.fiic.la\/Documentos\/cicaconstruccionancrisis_lago.pdf\" target=\"_blank\" rel=\"noreferrer noopener\">&nbsp;&#8220;La construcci\u00f3n ante la crisis&#8221; &#8211; Ing. Fernando Lago (Argentina)<\/a><\/li>\n<\/ul>\n<\/div><\/div><\/div><\/div>\n\n\n\n<div class=\"wp-block-qubely-accordion-item qubely-block-9ecbb5\"><div itemscope itemprop=\"mainEntity\" itemtype=\"https:\/\/schema.org\/Question\" class=\"qubely-accordion-item qubely-type-fill false\"><div class=\"qubely-accordion-panel qubely-icon-position-right\"><span class=\"qubely-accordion-panel-handler\" role=\"button\"><span itemprop=\"name\" class=\"qubely-accordion-panel-handler-label\">Reuniones Regionales FIIC &#8211; Febrero \/ Marzo 2009<\/span><span class=\"qubely-accordion-icon fa fa-plus\"><\/span><\/span><\/div><div itemscope itemprop=\"acceptedAnswer\" itemtype=\"https:\/\/schema.org\/Answer\" class=\"qubely-accordion-body\"><div itemprop=\"text\">\n<ul>\n<li><a href=\"https:\/\/www.fiic.la\/Documentos\/Reunion_Regional_Actividades_CE_FIIC_final.ppt\" target=\"_blank\" rel=\"noreferrer noopener\">Reuni\u00f3n Regional Actividades CE &#8211; Ing. Ricardo Platt, Secretario General<\/a><\/li>\n<\/ul>\n\n\n\n<p><\/p>\n\n\n\n<ul>\n<li><a href=\"https:\/\/www.fiic.la\/Documentos\/FIICBsAs2009LaConstruccioncomoherramientacontracicclica.ppt\" target=\"_blank\" rel=\"noreferrer noopener\">La Construcci\u00f3n como herramienta contra ciclica, Ing. Fernando Lago, (Argentina)<\/a><\/li>\n<\/ul>\n\n\n\n<p><\/p>\n\n\n\n<ul>\n<li><a href=\"https:\/\/www.fiic.la\/Documentos\/FIICUnisolPresentacidelaCamarasusAgremiados.ppt\" target=\"_blank\" rel=\"noreferrer noopener\">Tecnolog\u00eda para la Construcci\u00f3n &#8211; Servicios de la FIIC a las asociaciones de construcci\u00f3n de Am\u00e9rica Latina, Ing. Mauricio Jessurun (M\u00e9xico)<\/a><\/li>\n<\/ul>\n<\/div><\/div><\/div><\/div>\n\n\n\n<div class=\"wp-block-qubely-accordion-item qubely-block-f6e83c\"><div itemscope itemprop=\"mainEntity\" itemtype=\"https:\/\/schema.org\/Question\" class=\"qubely-accordion-item qubely-type-fill false\"><div class=\"qubely-accordion-panel qubely-icon-position-right\"><span class=\"qubely-accordion-panel-handler\" role=\"button\"><span itemprop=\"name\" class=\"qubely-accordion-panel-handler-label\">Reuni\u00f3n CICA Con Marc Huhel, World Bank Sector Manager Transport &#8211; Par\u00eds, Francia &#8211; 2 Febrero 2009<\/span><span class=\"qubely-accordion-icon fa fa-plus\"><\/span><\/span><\/div><div itemscope itemprop=\"acceptedAnswer\" itemtype=\"https:\/\/schema.org\/Answer\" class=\"qubely-accordion-body\"><div itemprop=\"text\">\n<ul>\n<li><a href=\"https:\/\/www.fiic.la\/Documentos\/FRENCH-TransportBusinessStrategy-long.pdf\" target=\"_blank\" rel=\"noreferrer noopener\">Transport Pour le D\u00e9veloppement<\/a><\/li>\n<\/ul>\n\n\n\n<p><\/p>\n\n\n\n<ul>\n<li><a href=\"https:\/\/www.fiic.la\/Documentos\/SIAPDec102008CICAPresentation.pdf\" target=\"_blank\" rel=\"noreferrer noopener\">World Bank Group, Sustainable Infraestrucuture Action Plan<\/a><\/li>\n<\/ul>\n<\/div><\/div><\/div><\/div>\n\n\n\n<div class=\"wp-block-qubely-accordion-item qubely-block-b76918\"><div itemscope itemprop=\"mainEntity\" itemtype=\"https:\/\/schema.org\/Question\" class=\"qubely-accordion-item qubely-type-fill false\"><div class=\"qubely-accordion-panel qubely-icon-position-right\"><span class=\"qubely-accordion-panel-handler\" role=\"button\"><span itemprop=\"name\" class=\"qubely-accordion-panel-handler-label\">CICA \/ World Bank &#8211; Washington, D.C., Diciembre 2008<\/span><span class=\"qubely-accordion-icon fa fa-plus\"><\/span><\/span><\/div><div itemscope itemprop=\"acceptedAnswer\" itemtype=\"https:\/\/schema.org\/Answer\" class=\"qubely-accordion-body\"><div itemprop=\"text\">\n<ul>\n<li><a href=\"https:\/\/www.fiic.la\/Documentos\/Banks%20role-India%20Construction%20Industry-Pres%20to%20CICA-THARAKAN.ppt\" target=\"_blank\" rel=\"noreferrer noopener\">Role of Development Banks: India&#8217;s Road Construction Industry &#8211; George Tharakan<\/a><\/li>\n<\/ul>\n\n\n\n<p><\/p>\n\n\n\n<ul>\n<li><a href=\"https:\/\/www.fiic.la\/Documentos\/CICA%20-%20Integrity%20in%20Procurement%20Dec%20-%202008.ppt\" target=\"_blank\" rel=\"noreferrer noopener\">Ethics &amp; Integrity in Procurement &#8211; Asha Ayoung<\/a><\/li>\n<\/ul>\n\n\n\n<p><\/p>\n\n\n\n<ul>\n<li><a href=\"https:\/\/www.fiic.la\/Documentos\/CICA%20PR%20Opening%20Address%20BB%20final.ppt\" target=\"_blank\" rel=\"noreferrer noopener\">CICA and WB: Scaling up our relationship &#8211; Bernard Becq<\/a><\/li>\n<\/ul>\n\n\n\n<p><\/p>\n\n\n\n<ul>\n<li><a href=\"https:\/\/www.fiic.la\/Documentos\/IFI%20CICA%20Jyoti%202%2045.ppt\" target=\"_blank\" rel=\"noreferrer noopener\">WBG Post -Crisis Response For Public -Private Infrastructure Projects &#8211; Jyoti Shukla&nbsp;<\/a><\/li>\n<\/ul>\n\n\n\n<p><\/p>\n\n\n\n<ul>\n<li><a href=\"https:\/\/www.fiic.la\/Documentos\/PPP%20WGs-rev1-BAQUERO.ppt\" target=\"_blank\" rel=\"noreferrer noopener\">Public &#8211; Private Partnerships : WB&#8217;s and HoPs&#8217; coordination groups &#8211; Patricia Baquero<\/a><\/li>\n<\/ul>\n\n\n\n<p><\/p>\n\n\n\n<ul>\n<li><a href=\"https:\/\/www.fiic.la\/Documentos\/SIAP%20Dec%2010%202008%20CICA%20Presentation-JAE%20SO.ppt\" target=\"_blank\" rel=\"noreferrer noopener\">World Bank Group Sustanaible Infrastructure Action Plan &#8211; Jae So<\/a><\/li>\n<\/ul>\n<\/div><\/div><\/div><\/div>\n\n\n\n<div class=\"wp-block-qubely-accordion-item qubely-block-fad017\"><div itemscope itemprop=\"mainEntity\" itemtype=\"https:\/\/schema.org\/Question\" class=\"qubely-accordion-item qubely-type-fill false\"><div class=\"qubely-accordion-panel qubely-icon-position-right\"><span class=\"qubely-accordion-panel-handler\" role=\"button\"><span itemprop=\"name\" class=\"qubely-accordion-panel-handler-label\">LX Reuni\u00f3n De Consejo Directivo FIIC &#8211; 26 De Septiembre 2008, Caracas, Venezuela<\/span><span class=\"qubely-accordion-icon fa fa-plus\"><\/span><\/span><\/div><div itemscope itemprop=\"acceptedAnswer\" itemtype=\"https:\/\/schema.org\/Answer\" class=\"qubely-accordion-body\"><div itemprop=\"text\">\n<ul>\n<li><a href=\"https:\/\/www.fiic.la\/Documentos\/INFORME_ING_PAULO_SIMAO_REDSOCIALBRASIL.ppt\" target=\"_blank\" rel=\"noreferrer noopener\">LX Reuni\u00f3n Consejo Directivo FIIC &#8211; Caracas, Venezuela &#8211; &#8220;Dialogo Social de la C\u00e1mara Brasile\u00f1a de la Industria de la Construcci\u00f3n&#8221; &#8211; Ing. Paulo Safady Simao<\/a><\/li>\n<\/ul>\n\n\n\n<p><\/p>\n\n\n\n<ul>\n<li><a href=\"https:\/\/www.fiic.la\/Documentos\/P_CORTA_FIIC.pptx\" target=\"_blank\" rel=\"noopener\">Versi\u00f3n Documento Ejecutiva Completo<\/a><\/li>\n<\/ul>\n\n\n\n<p><\/p>\n\n\n\n<ul>\n<li><a href=\"https:\/\/www.fiic.la\/Competitividad%20Sector%20construcci%F3n.ppt\" target=\"_blank\" rel=\"noreferrer noopener\">LX Reuni\u00f3n Consejo Directivo FIIC &#8211; Caracas, Venezuela &#8211; &#8220;Competitividad Sector Construcci\u00f3n&#8221; &#8211; Gabriel Duque &#8211; CAF<\/a><\/li>\n<\/ul>\n\n\n\n<p><\/p>\n\n\n\n<ul>\n<li><a href=\"https:\/\/www.fiic.la\/Presentaci%F3n_GRios%20FIIC.ppt\" target=\"_blank\" rel=\"noreferrer noopener\">LX Reuni\u00f3n Consejo Directivo FIIC &#8211; Caracas, Venezuela &#8211; &#8220;Hacia una agendade desarrollo integral&#8221; &#8211; Germ\u00e1n R\u00edos &#8211; CAF<\/a><\/li>\n<\/ul>\n\n\n\n<p><\/p>\n\n\n\n<ul>\n<li><a href=\"https:\/\/www.fiic.la\/Documentos\/08-09-24%20FIIC%20Caracas.ppt\" target=\"_blank\" rel=\"noreferrer noopener\">LX Reuni\u00f3n Consejo Directivo FIIC &#8211; Caracas, Venezuela &#8211; &#8220;Esquemas Financieros al sector privado para obras de infraestructura&#8221; &#8211; CAF<\/a><\/li>\n<\/ul>\n\n\n\n<p><\/p>\n\n\n\n<ul>\n<li><a href=\"https:\/\/www.fiic.la\/Documentos\/FIIC%20Informe%20RP%20FIIC%202008_caracas_24sept.ppt\" target=\"_blank\" rel=\"noreferrer noopener\">LX Reuni\u00f3n Consejo Directivo FIIC &#8211; Caracas, Venezuela &#8211; Informe Secretario General &#8211; Ing. Ricardo Platt 2008&#8243;<\/a><\/li>\n<\/ul>\n\n\n\n<p><\/p>\n\n\n\n<ul>\n<li><a href=\"https:\/\/www.fiic.la\/Documentos\/Hacia%20la%20eficiencia%20energetica.ppt\" target=\"_blank\" rel=\"noreferrer noopener\">LX Reuni\u00f3n Consejo Directivo FIIC &#8211; Caracas, Venezuela &#8211; &#8220;Infraestructura&#8221; &#8211; Ing. Fernando Lago<\/a><\/li>\n<\/ul>\n\n\n\n<p><\/p>\n\n\n\n<ul>\n<li>LX Reuni\u00f3n Consejo Directivo FIIC &#8211; Caracas, Venezuela &#8211; &#8220;La Evoluci\u00f3n de la Econom\u00eda en los Pa\u00edses miembros de la FIIC 2007 &#8211; 2008&#8221; &#8211; Ing. Humberto Armenta\n<ul>\n<li> Versi\u00f3n Ejecutiva<a href=\"https:\/\/www.fiic.la\/documentos\/P_CORTA_FIIC.zip\" target=\"_blank\" rel=\"noopener\"><br><\/a><a href=\"https:\/\/www.fiic.la\/documentos\/P_LARGA_FIIC.zip\" target=\"_blank\" rel=\"noopener\"><\/a><\/li>\n\n\n\n<li>Versi\u00f3n Extensa<br><a href=\"https:\/\/www.fiic.la\/documentos\/FIIC2007-2008documentofinal_5.pdf\" target=\"_blank\" rel=\"noopener\"><\/a><\/li>\n\n\n\n<li>Documento Completo<br><br><a href=\"https:\/\/www.fiic.la\/FIIC2007-2008documentofinal_5.pdf\" target=\"_blank\" rel=\"noreferrer noopener\">Memoria<\/a><\/li>\n<\/ul>\n<\/li>\n\n\n\n<li><a href=\"https:\/\/www.fiic.la\/LORENZO_CONSTANS_Presentaci%F3nFIIC_2.ppt\" target=\"_blank\" rel=\"noreferrer noopener\">LX Reuni\u00f3n Consejo Directivo FIIC &#8211; Caracas, Venezuela &#8211; &#8220;Labor Social de la C\u00e1mara Chilena de la Construcci\u00f3n&#8221; &#8211; Ing. Lorenzo Constans Gorri<\/a><\/li>\n<\/ul>\n<\/div><\/div><\/div><\/div>\n\n\n\n<div class=\"wp-block-qubely-accordion-item qubely-block-f48b8a\"><div itemscope itemprop=\"mainEntity\" itemtype=\"https:\/\/schema.org\/Question\" class=\"qubely-accordion-item qubely-type-fill false\"><div class=\"qubely-accordion-panel qubely-icon-position-right\"><span class=\"qubely-accordion-panel-handler\" role=\"button\"><span itemprop=\"name\" class=\"qubely-accordion-panel-handler-label\">LIX Reuni\u00f3n De Consejo Directivo FIIC &#8211; 11 De Abril 2008, Cochabamba, Bolivia<\/span><span class=\"qubely-accordion-icon fa fa-plus\"><\/span><\/span><\/div><div itemscope itemprop=\"acceptedAnswer\" itemtype=\"https:\/\/schema.org\/Answer\" class=\"qubely-accordion-body\"><div itemprop=\"text\">\n<ul>\n<li><a href=\"https:\/\/www.fiic.la\/documentos\/declaracion%20fiic%20de%20cochabamba%20especifica%20Bolivia.pdf\" target=\"_blank\" rel=\"noopener\">LIX Reuni\u00f3n Consejo Directivo FIIC &#8211; Cochabamba, Bolivia &#8211; &#8220;FIIC &#8211; Declaraci\u00f3n espec\u00edfica Bolivia&#8221;<\/a><\/li>\n<\/ul>\n\n\n\n<p><\/p>\n\n\n\n<ul>\n<li><a href=\"https:\/\/www.fiic.la\/documentos\/FIIC%20Informe%20RP%20FIIC%202008.ppt\" target=\"_blank\" rel=\"noreferrer noopener\">LIX Reuni\u00f3n Consejo Directivo FIIC &#8211; Cochabamba, Bolivia &#8211; &#8220;FIIC &#8211; Informe Secretario General &#8211; Ing. Ricardo Platt 2008&#8221;<\/a><\/li>\n<\/ul>\n\n\n\n<p><\/p>\n\n\n\n<ul>\n<li><a href=\"https:\/\/www.fiic.la\/documentos\/Propuesta_servicios_tecnologicos_RPG.pdf\" target=\"_blank\" rel=\"noreferrer noopener\">LIX Reuni\u00f3n Consejo Directivo FIIC &#8211; Cochabamba, Bolivia- &#8220;Servicios Tecnol\u00f3gicos&#8221; Ing. Ricardo Platt<\/a><\/li>\n<\/ul>\n\n\n\n<p><\/p>\n\n\n\n<ul>\n<li><a href=\"https:\/\/www.fiic.la\/documentos\/1%20CAF%20-%20German%20Rios.ppt\" target=\"_blank\" rel=\"noreferrer noopener\">LIX Reuni\u00f3n Consejo Directivo FIIC &#8211; Cochabamba, Bolivia- &#8220;Situaci\u00f3n de los&nbsp;<\/a><a href=\"https:\/\/www.fiic.la\/1%20CAF%20-%20German%20Rios.ppt\" target=\"_blank\" rel=\"noreferrer noopener\">Mercados Financieros y su Impacto en Am\u00e9rica Latina&#8221; &#8211; Germ\u00e1n R\u00edos<\/a><\/li>\n<\/ul>\n\n\n\n<p><\/p>\n\n\n\n<ul>\n<li><a href=\"http:\/\/www.caboco.org.bo\/congresofiic.html\" target=\"_blank\" rel=\"noreferrer noopener\">LIX Reuni\u00f3n Consejo Directivo FIIC &#8211; Cochabamba, Bolivia- Galer\u00eda Fotogr\u00e1fica<\/a><\/li>\n<\/ul>\n\n\n\n<p><\/p>\n\n\n\n<ul>\n<li><a href=\"https:\/\/www.fiic.la\/documentos\/2%20BID%20Mariano%20Perales.ppt\" target=\"_blank\" rel=\"noreferrer noopener\">LIX Reuni\u00f3n Consejo Directivo FIIC &#8211; Cochabamba, Bolivia- &#8220;financiamiento al Sector Privado BID&#8221;- Mariano Perales<\/a><\/li>\n<\/ul>\n\n\n\n<p><\/p>\n\n\n\n<ul>\n<li>LIX Reuni\u00f3n Consejo Directivo FIIC &#8211; Cochabamba, Bolivia &#8211; &#8220;Densidad Infraestructura y Crecimiento&#8221; &#8211; Ing. Fernando Lago.<\/li>\n<\/ul>\n\n\n\n<p><\/p>\n\n\n\n<ul>\n<li><a href=\"https:\/\/www.fiic.la\/documentos\/declaracion%20fiic%20de%20cochabamba%20general.pdf\" target=\"_blank\" rel=\"noopener\">LIX Reuni\u00f3n Consejo Directivo FIIC &#8211; Cochabamba, Bolivia &#8211; &#8220;FIIC &#8211; Declaraci\u00f3n&#8221;<\/a><\/li>\n<\/ul>\n\n\n\n<p><\/p>\n\n\n\n<ul>\n<li><a href=\"https:\/\/www.fiic.la\/documentos\/declaracion%20fiic%20de%20cochabamba%20especifica%20para%20ecuador1.pdf\" target=\"_blank\" rel=\"noopener\">LIX Reuni\u00f3n Consejo Directivo FIIC &#8211; Cochabamba, Bolivia &#8211; &#8220;FIIC &#8211; Declaraci\u00f3n espec\u00edfica Ecuador&#8221;<\/a><\/li>\n<\/ul>\n<\/div><\/div><\/div><\/div>\n\n\n\n<div class=\"wp-block-qubely-accordion-item qubely-block-a8f387\"><div itemscope itemprop=\"mainEntity\" itemtype=\"https:\/\/schema.org\/Question\" class=\"qubely-accordion-item qubely-type-fill false\"><div class=\"qubely-accordion-panel qubely-icon-position-right\"><span class=\"qubely-accordion-panel-handler\" role=\"button\"><span itemprop=\"name\" class=\"qubely-accordion-panel-handler-label\">Ponencias &#8211; XXVI Congreso Interamericano De La Industria De La Construcci\u00f3n, 16 Y 17 De Octubre 2007, Ciudad De M\u00e9xico<\/span><span class=\"qubely-accordion-icon fa fa-plus\"><\/span><\/span><\/div><div itemscope itemprop=\"acceptedAnswer\" itemtype=\"https:\/\/schema.org\/Answer\" class=\"qubely-accordion-body\"><div itemprop=\"text\">\n<p><a href=\"http:\/\/www.cmic.org\/fiic\/26congreso\/galeria\/index.html\" target=\"_blank\" rel=\"noreferrer noopener\">Galer\u00eda Fotogr\u00e1fica<\/a><\/p>\n\n\n\n<p class=\"has-text-align-center\"><strong>Martes 16 de Octubre<\/strong><br><br><strong>Ceremonia Inaugural<\/strong><\/p>\n\n\n\n<ul>\n<li><a href=\"https:\/\/www.fiic.la\/Documentos\/ponencias\/ing_pablo_tre.pdf\" target=\"_blank\" rel=\"noreferrer noopener\">Ing. Netzahualc\u00f3yotl Salvatierra L\u00f3pez, Presidente Nacional, CMIC<\/a><\/li>\n<\/ul>\n\n\n\n<p><\/p>\n\n\n\n<ul>\n<li><a href=\"https:\/\/www.fiic.la\/Documentos\/ponencias\/ing_pablo_tre.pdf\" target=\"_blank\" rel=\"noreferrer noopener\">Ing. Carlos C\u00e1rdenas Villalobos, Presidente, FIIC<\/a><\/li>\n<\/ul>\n\n\n\n<p><\/p>\n\n\n\n<ul>\n<li><a href=\"https:\/\/www.fiic.la\/Documentos\/ponencias\/ing_pablo_tre.pdf\" target=\"_blank\" rel=\"noreferrer noopener\">Ing. Pablo \u00c1lvarez Trevi\u00f1o, Presidente, CIHAC<\/a><\/li>\n<\/ul>\n\n\n\n<p class=\"has-text-align-center\"><strong>Declaratoria Inaugural<\/strong><\/p>\n\n\n\n<p><a href=\"https:\/\/www.fiic.la\/Documentos\/ponencias\/Lic.%20Felipe%20Calderon%20Hinojosa.pdf\" target=\"_blank\" rel=\"noreferrer noopener\">Lic. Felipe Calder\u00f3n Hinojosa, Presidente de los Estados Unidos Mexicanos<\/a><\/p>\n\n\n\n<p class=\"has-text-align-center\"><strong>PANEL I<\/strong><\/p>\n\n\n\n<p class=\"has-text-align-center\"><strong>Latinoamericana: hacia un desarrollo urbano sustentable<\/strong><\/p>\n\n\n\n<p class=\"has-text-align-center\"><strong>Panelistas<\/strong><\/p>\n\n\n\n<ul>\n<li>Ing. Livio Amato, Ex-presidente de la Confederaci\u00f3n Internacional de&nbsp;Asociaciones de Constructores, CICA. (Brasil)<\/li>\n<\/ul>\n\n\n\n<p><\/p>\n\n\n\n<ul>\n<li><a href=\"http:\/\/www.fiic.org.mx\/26congreso\/ponencias\/Ing.%20Luis%20Nario%20Matus.pdf\" target=\"_blank\" rel=\"noreferrer noopener\">Ing. Luis Nario Matus, Presidente de la C\u00e1mara Chilena de la Construcci\u00f3n<\/a><\/li>\n<\/ul>\n\n\n\n<p><\/p>\n\n\n\n<ul>\n<li><a href=\"https:\/\/www.fiic.la\/Documentos\/ponencias\/Sr.%20Carlos%20Gutierrez%20Ruiz.pdf\" target=\"_blank\" rel=\"noreferrer noopener\">Sr. Carlos Guti\u00e9rrez Ruiz, Director General, Comisi\u00f3n Nacional de Vivienda<\/a>,<a href=\"http:\/\/www.conafovi.gob.mx\/comision\/mision\/index.htm\" target=\"_blank\" rel=\"noreferrer noopener\">CONAVI<\/a>&nbsp;(M\u00e9xico)<\/li>\n<\/ul>\n\n\n\n<p><\/p>\n\n\n\n<ul>\n<li><a href=\"https:\/\/www.fiic.la\/Documentos\/ponencias\/Infonavit.pdf\" target=\"_blank\" rel=\"noreferrer noopener\">C.P. V\u00edctor Manuel Borr\u00e1s Seti\u00e9n, Director General, INFONAVIT<\/a><br><br>                                                                                                                            <strong>PANEL II<\/strong><\/li>\n<\/ul>\n\n\n\n<div class=\"wp-block-group is-layout-constrained\">\n<p class=\"has-text-align-center\"><strong>Planeaci\u00f3n: una visi\u00f3n integral y de largo plazo en infraestructura urbana<\/strong><\/p>\n\n\n\n<p class=\"has-text-align-center\"><strong>Panelistas<\/strong><\/p>\n<\/div>\n\n\n\n<ul>\n<li><a href=\"https:\/\/www.fiic.la\/Documentos\/ponencias\/Arq.%20Sara%20Topelson%20de%20Grinberg.pdf\" target=\"_blank\" rel=\"noreferrer noopener\">Arq. Sara Topelson de Grinberg, Subsecretaria de Desarrollo Urbano y&nbsp;Ordenaci\u00f3n del Territorio, Secretar\u00eda de Desarrollo Social<\/a>,&nbsp;<a href=\"http:\/\/www.sedesol.gob.mx\/index\/index.php?sec=1005&amp;len=1\" target=\"_blank\" rel=\"noreferrer noopener\">SEDESOL<\/a>&nbsp;(M\u00e9xico)  <\/li>\n<\/ul>\n\n\n\n<p><\/p>\n\n\n\n<ul>\n<li><a href=\"https:\/\/www.fiic.la\/Documentos\/ponencias\/%20Arq.%20Francisco%20de%20la%20Vega%20Arag%C3%B3n,%20Director%20Adjunto%20de%20Planeaci%C3%B3n%20y%20Asistencia%20%20%20T%C3%A9cnica,%20FONATUR\" target=\"_blank\" rel=\"noreferrer noopener\">Arq. Francisco de la Vega Arag\u00f3n, Director Adjunto de Planeaci\u00f3n y Asistencia<\/a><a href=\"http:\/\/www.fiic.org.mx\/26congreso\/ponencias\/Dr.%20Fernando%20Orozco%20Ruiz.pdf\" target=\"_blank\" rel=\"noreferrer noopener\">&nbsp;T\u00e9cnica, FONATUR<\/a><\/li>\n<\/ul>\n\n\n\n<p><\/p>\n\n\n\n<ul>\n<li><a href=\"http:\/\/www.fiic.org.mx\/26congreso\/ponencias\/Dr.%20Fernando%20Orozco%20Ruiz.pdf\" target=\"_blank\" rel=\"noreferrer noopener\">Dr. Fernando Orozco Ruiz, Director de Administraci\u00f3n y Finanzas del Proyecto 2030: Valle de las Palmas, URBI Desarrollos Urbanos.<\/a><br>CONFERENCIA MAESTRA<\/li>\n<\/ul>\n\n\n\n<p class=\"has-text-align-center\"><strong>Sustentabilidad de las ciudades: la construcci\u00f3n con responsabilidad<\/strong><\/p>\n\n\n\n<p class=\"has-text-align-center\">Panelistas<\/p>\n\n\n\n<ul>\n<li><a href=\"https:\/\/www.fiic.la\/Documentos\/ponencias\/Ing.%20Gabriel%20Quadri%20de%20la%20Torre.pdf\" target=\"_blank\" rel=\"noreferrer noopener\">Lic. Julio A. Mill\u00e1n Bojalil, Presidente del Consejo de Administraci\u00f3n, Consultores Internacionales, S.C. sustentable (China)<\/a><\/li>\n<\/ul>\n\n\n\n<p><\/p>\n\n\n\n<ul>\n<li><a href=\"https:\/\/www.fiic.la\/Documentos\/ponencias\/Ing.%20Gabriel%20Quadri%20de%20la%20Torre.pdf\" target=\"_blank\" rel=\"noreferrer noopener\">Ing. Gabriel Quadri de la Torre, Director Asociado de Sistemas Integrales de Gesti\u00f3n Ambiental, S.C. (M\u00e9xico<\/a>)<\/li>\n<\/ul>\n\n\n\n<p><\/p>\n\n\n\n<ul>\n<li><a href=\"http:\/\/fiic.org.mx\/26congreso\/ponencias\/Arq.%20Alejandro%20Gutierrez.pdf\" target=\"_blank\" rel=\"noreferrer noopener\">Arq. Alejandro Guti\u00e9rrez, L\u00edder de Proyecto<\/a>&nbsp;de&nbsp;<a href=\"http:\/\/www.arup.com\/eastasia\/project.cfm?pageid=7047\" target=\"_blank\" rel=\"noreferrer noopener\">Dongtan<\/a>, Ciudad 100%&nbsp;sustentable (China).<\/li>\n<\/ul>\n\n\n\n<p class=\"has-text-align-center\"><strong>Miercoles 17 de Octubre<br><\/strong><br><strong>PANEL III&nbsp;<\/strong><\/p>\n\n\n\n<p class=\"has-text-align-center\"><strong>Financiamiento competitivo y la viabilidad de los proyectos<\/strong><\/p>\n\n\n\n<p class=\"has-text-align-center\"><strong>Panelistas<\/strong><\/p>\n\n\n\n<ul>\n<li><a href=\"http:\/\/www.fiic.org.mx\/26congreso\/ponencias\/Lic.%20Mario%20Laborin.pdf\" target=\"_blank\" rel=\"noreferrer noopener\">Lic. Mario Labor\u00edn G\u00f3mez, Director General, Nacional Financiera<\/a>,&nbsp;<a href=\"http:\/\/www.nafin.com\/portalnf\/\" target=\"_blank\" rel=\"noreferrer noopener\">NAFIN<\/a>,&nbsp;y Banco Nacional de Comercio Exterior,&nbsp;<a href=\"http:\/\/www.bancomext.com\/Bancomext\/index.jsp\" target=\"_blank\" rel=\"noreferrer noopener\">BANCOMEXT<\/a>&nbsp;(M\u00e9xico).<\/li>\n<\/ul>\n\n\n\n<p><\/p>\n\n\n\n<ul>\n<li><a href=\"https:\/\/www.fiic.la\/Documentos\/ponencias\/Lic.%20Enrique%20Castillo%20Sanchez.pdf\" target=\"_blank\" rel=\"noreferrer noopener\">Lic. Enrique Castillo S\u00e1nchez Mejorada, Presidente, Asociaci\u00f3n de Bancos&nbsp;<\/a><a href=\"https:\/\/www.fiic.la\/ponencias\/Lic.%20Enrique%20Castillo%20Sanchez.pdf\" target=\"_blank\" rel=\"noreferrer noopener\">de M\u00e9xico<\/a>,&nbsp;&nbsp;<a href=\"http:\/\/www.abm.org.mx\/\" target=\"_blank\" rel=\"noreferrer noopener\">ABM<\/a>.<\/li>\n<\/ul>\n\n\n\n<p><\/p>\n\n\n\n<ul>\n<li><a href=\"https:\/\/www.fiic.la\/Documentos\/ponencias\/Dr.%20Lawrence%20Harrington.pdf\" target=\"_blank\" rel=\"noreferrer noopener\">Dr. Lawrence Harrington, Representante, Banco Interamericano de Desarrollo<\/a>,&nbsp;<a href=\"http:\/\/www.iadb.org\/index.cfm?language=spanish\" target=\"_blank\" rel=\"noreferrer noopener\">BID<\/a>.<\/li>\n<\/ul>\n\n\n\n<p class=\"has-text-align-center\"><br><strong>PANEL IV<\/strong><\/p>\n\n\n\n<p class=\"has-text-align-center\"><strong>Experiencia internacional ciudades competitivas<\/strong><\/p>\n\n\n\n<p class=\"has-text-align-center\"><strong>Panelistas<\/strong><\/p>\n\n\n\n<ul>\n<li><a href=\"http:\/\/www.cmic.org\/cmic\/economiaestadistica\/evolucionFIIC\/Evol2006\/\" target=\"_blank\" rel=\"noreferrer noopener\">Dr. Crist\u00f3bal Montoro Romero ex Ministro de Hacienda y Secretario de Estado&nbsp;del Gobierno de Espa\u00f1a<\/a><\/li>\n<\/ul>\n\n\n\n<p><\/p>\n\n\n\n<ul>\n<li><a href=\"https:\/\/www.fiic.la\/Documentos\/ponencias\/Arq.%20Ibon%20Areso.pdf\" target=\"_blank\" rel=\"noreferrer noopener\">Experiencia de Bilbao, Espa\u00f1a.&nbsp;Arq. Ibon Areso, Vice-alcalde de Bilbao. (Espa\u00f1a)<\/a><\/li>\n<\/ul>\n\n\n\n<p class=\"has-text-align-center\"><a href=\"https:\/\/www.fiic.la\/ponencias\/Arq.%20Ibon%20Areso.pdf\" target=\"_blank\" rel=\"noreferrer noopener\"><br><\/a><br>CONCLUSIONES Y CLAUSURA<\/p>\n\n\n\n<p>Mensaje<\/p>\n\n\n\n<ul>\n<li><a href=\"https:\/\/www.fiic.la\/Documentos\/ponencias\/conclusionesCongresoFIIC.pdf\" target=\"_blank\" rel=\"noreferrer noopener\">Ing. Ricardo Platt Garc\u00eda, Director General del XXVI Congreso Interamericano&nbsp; de la Industria de la Construcci\u00f3n<\/a><\/li>\n<\/ul>\n\n\n\n<p><\/p>\n\n\n\n<ul>\n<li>Ing. Irwin Perret Gentil, presidente electo, FIIC<\/li>\n<\/ul>\n<\/div><\/div><\/div><\/div>\n\n\n\n<div class=\"wp-block-qubely-accordion-item qubely-block-1ae76f\"><div itemscope itemprop=\"mainEntity\" itemtype=\"https:\/\/schema.org\/Question\" class=\"qubely-accordion-item qubely-type-fill false\"><div class=\"qubely-accordion-panel qubely-icon-position-right\"><span class=\"qubely-accordion-panel-handler\" role=\"button\"><span itemprop=\"name\" class=\"qubely-accordion-panel-handler-label\">LVIII Reuni\u00f3n De Consejo Directivo FIIC &#8211; 17 De Octubre 2007, Ciudad De M\u00e9xico<\/span><span class=\"qubely-accordion-icon fa fa-plus\"><\/span><\/span><\/div><div itemscope itemprop=\"acceptedAnswer\" itemtype=\"https:\/\/schema.org\/Answer\" class=\"qubely-accordion-body\"><div itemprop=\"text\">\n<ul>\n<li><a href=\"https:\/\/www.fiic.la\/Documentos\/memorias_documentos\/LVIIICDFIIC\/CHILE_EXPOSICION%20RSE-ING.NATUS.ppt\" target=\"_blank\" rel=\"noreferrer noopener\">LVIII Reuni\u00f3n de Consejo Directivo FIIC &#8211; Ciudad de M\u00e9xicoLa Importancia del Crecimiento Econ\u00f3mico<\/a><\/li>\n<\/ul>\n\n\n\n<p><\/p>\n\n\n\n<ul>\n<li><a href=\"https:\/\/www.fiic.la\/Documentos\/memorias_documentos\/LVIIICDFIIC\/Tecnologia%20FIIC-CMIC%20Congreso_ING.JESSURUN.pdf\" target=\"_blank\" rel=\"noreferrer noopener\">LVIII Reuni\u00f3n de Consejo Directivo FIIC &#8211; Ciudad de M\u00e9xicoTecnolog\u00eda FIIC &#8211; CMIC Ing. Mauricio Jessurun<\/a><\/li>\n<\/ul>\n\n\n\n<p><\/p>\n\n\n\n<ul>\n<li><a href=\"https:\/\/www.fiic.la\/Documentos\/memorias_documentos\/LVIIICDFIIC\/PRESENTACION%20CODIGO%20DE%20ETICA%202007%20FIIC.ppt\" target=\"_blank\" rel=\"noreferrer noopener\">LVIII Reuni\u00f3n de Consejo Directivo FIIC &#8211; Ciudad de M\u00e9xicoC\u00f3digo de \u00c9tica Guatemala &#8211; Arq. Mario Rodolfo G\u00e1ndara<\/a><\/li>\n<\/ul>\n\n\n\n<p><\/p>\n\n\n\n<ul>\n<li><a href=\"https:\/\/www.fiic.la\/Documentos\/memorias_documentos\/LVIIICDFIIC\/PresentacionFIIC_ICONSTRUYE.pdf\" target=\"_blank\" rel=\"noreferrer noopener\">LVIII Reuni\u00f3n de Consejo Directivo FIIC &#8211; Ciudad de M\u00e9xicoProyecto Iconstruye &#8211; Dr. John Jairo Reyes<\/a><\/li>\n<\/ul>\n<\/div><\/div><\/div><\/div>\n\n\n\n<div class=\"wp-block-qubely-accordion-item qubely-block-4809e5\"><div itemscope itemprop=\"mainEntity\" itemtype=\"https:\/\/schema.org\/Question\" class=\"qubely-accordion-item qubely-type-fill false\"><div class=\"qubely-accordion-panel qubely-icon-position-right\"><span class=\"qubely-accordion-panel-handler\" role=\"button\"><span itemprop=\"name\" class=\"qubely-accordion-panel-handler-label\">LVII Reuni\u00f3n De Consejo Directivo FIIC &#8211; 26 De Julio 2007, Guayaquil, Ecuador<\/span><span class=\"qubely-accordion-icon fa fa-plus\"><\/span><\/span><\/div><div itemscope itemprop=\"acceptedAnswer\" itemtype=\"https:\/\/schema.org\/Answer\" class=\"qubely-accordion-body\"><div itemprop=\"text\">\n<p class=\"has-text-align-center\"><strong>Memorias LVII Reuni\u00f3n de Consejo Directivo FIIC<\/strong><\/p>\n\n\n\n<ul>\n<li><a href=\"https:\/\/www.fiic.la\/documentos\/6PRESENTACION%20JMCF%20COLOMBIA.ppt\" target=\"_blank\" rel=\"noopener\">LVII Reuni\u00f3n de Consejo Directivo FIIC &#8211; Guayaquil, Ecuador<\/a><\/li>\n<\/ul>\n\n\n\n<p><\/p>\n\n\n\n<ul>\n<li><a href=\"https:\/\/www.fiic.la\/documentos\/2_CAC_Guayaquil_Los%20Ciclos%20EconomicosConstruccion6-7-07_ARGENTINA.ppt\" target=\"_blank\" rel=\"noopener\">LVII Reuni\u00f3n de Consejo Directivo FIIC &#8211; Guyaquil, Ecuador<\/a><\/li>\n<\/ul>\n\n\n\n<p><\/p>\n\n\n\n<ul>\n<li><a href=\"https:\/\/www.fiic.la\/documentos\/4FIIC%20versao%20APRESENTADA%20EM%2026-07-07%20BRASIL.ppt\" target=\"_blank\" rel=\"noopener\">LVII Reuni\u00f3n de Consejo Directivo FIIC &#8211; Guayaquil, Ecuador<\/a><\/li>\n<\/ul>\n\n\n\n<p><\/p>\n\n\n\n<ul>\n<li>  <a href=\"https:\/\/www.fiic.la\/documentos\/4FIIC%20versao%20APRESENTADA%20EM%2026-07-07%20BRASIL.ppt\" target=\"_blank\" rel=\"noopener\"><small>Coyuntura Nacional &#8211; CBIC<\/small><\/a><\/li>\n<\/ul>\n\n\n\n<ul>\n<li><a href=\"https:\/\/www.fiic.la\/documentos\/2_CAC_Guayaquil_Los%20Ciclos%20EconomicosConstruccion6-7-07_ARGENTINA.ppt\" target=\"_blank\" rel=\"noopener\"><small>Los Ciclos Econ\u00f3micos y la Construcci\u00f3n<\/small><\/a><\/li>\n<\/ul>\n\n\n\n<ul>\n<li><a href=\"https:\/\/www.fiic.la\/documentos\/6PRESENTACION%20JMCF%20COLOMBIA.ppt\" target=\"_blank\" rel=\"noopener\"><small>Problem\u00e1tica Sectorial Com\u00fan &#8211; CCI<\/small><\/a><\/li>\n<\/ul>\n\n\n\n<ul>\n<li><a href=\"https:\/\/www.fiic.la\/documentos\/presentacionfiic_APPs.ppt\" target=\"_blank\" rel=\"noopener\">\u201cLa participaci\u00f3n del sector privado en la construcci\u00f3n de obras p\u00fablicas: la experiencia internacional\u201d<\/a><\/li>\n<\/ul>\n\n\n\n<ul>\n<li><a href=\"https:\/\/www.fiic.la\/documentos\/Conclusiones%20Semana%20Construccion%202007%20II.doc\" target=\"_blank\" rel=\"noopener\"><small>&#8220;Conclusiones &#8220;Semana de la Construcci\u00f3n 2007&#8243; Santiago, Chile&#8221;<\/small><\/a><\/li>\n<\/ul>\n<\/div><\/div><\/div><\/div>\n\n\n\n<div class=\"wp-block-qubely-accordion-item qubely-block-1b9bf9\"><div itemscope itemprop=\"mainEntity\" itemtype=\"https:\/\/schema.org\/Question\" class=\"qubely-accordion-item qubely-type-fill false\"><div class=\"qubely-accordion-panel qubely-icon-position-right\"><span class=\"qubely-accordion-panel-handler\" role=\"button\"><span itemprop=\"name\" class=\"qubely-accordion-panel-handler-label\">XXV Consejo Interamericano de la Industria de la Construcci\u00f3n 1 al 14 de noviembre 2006, Cartagena de Indias, Colombia.  <\/span><span class=\"qubely-accordion-icon fa fa-plus\"><\/span><\/span><\/div><div itemscope itemprop=\"acceptedAnswer\" itemtype=\"https:\/\/schema.org\/Answer\" class=\"qubely-accordion-body\"><div itemprop=\"text\">\n<p><strong>Declaraci\u00f3n Conjunta en Materia de Infraestructura.<\/strong><\/p>\n\n\n\n<div class=\"wp-block-file\"><a id=\"wp-block-file--media-4124b695-fc7b-4f8a-bb3a-ea3e0b4b9580\" href=\"https:\/\/fiic.lat\/wp-content\/uploads\/2024\/07\/DECLARACION-FIIC-infraestructura-5-1.ppt\">DECLARACION-FIIC-infraestructura-5-1<\/a><\/div>\n\n\n\n<p><strong>Informe CICA al Consejo Directivo de FIIC.<\/strong><\/p>\n\n\n\n<div class=\"wp-block-file\"><a id=\"wp-block-file--media-90161217-21d1-472a-ad24-146f9da5faee\" href=\"https:\/\/fiic.lat\/wp-content\/uploads\/2024\/07\/Informe_CICA_IPerret.ppt\">Informe_CICA_IPerret<\/a><\/div>\n\n\n\n<p><strong>Lineamientos Generales para la Atenci\u00f3n y Prevenci\u00f3n de Desastres Naturales.<\/strong><\/p>\n\n\n\n<div class=\"wp-block-file\"><a id=\"wp-block-file--media-d72f8704-0a7a-4eb1-974a-bc8c1247e8e5\" href=\"https:\/\/fiic.lat\/wp-content\/uploads\/2024\/07\/Lineamientos_grales_desastres_naturales.ppt\">Lineamientos_grales_desastres_naturales<\/a><\/div>\n\n\n\n<p><strong>Sesi\u00f3n de Instalaci\u00f3n, Carlos<\/strong> C\u00e1rdenas, presidente de Federaci\u00f3n Interamericana de la Industria de la Construcci\u00f3n.<\/p>\n\n\n\n<div class=\"wp-block-file\"><a id=\"wp-block-file--media-c20946c4-1675-4489-89cf-d7f359ad02c2\" href=\"https:\/\/fiic.lat\/wp-content\/uploads\/2024\/07\/presentacion_ccv_cartagena_definitiva.ppt\">presentacion_ccv_cartagena_definitiva<\/a><\/div>\n\n\n\n<p><strong>Informe del presidente<\/strong>, <strong>noviembre 2005\/ noviembre 2006<\/strong>. <\/p>\n\n\n\n<div class=\"wp-block-file\"><a id=\"wp-block-file--media-5c98300f-e4c6-4fbf-994d-29f2cde84180\" href=\"https:\/\/fiic.lat\/wp-content\/uploads\/2024\/07\/presentacion_ccv_presidente.ppt\">presentacion_ccv_presidente<\/a><\/div>\n\n\n\n<p><strong>\u201cEl Comportamiento de la Econom\u00eda en los Pa\u00edses Miembros de la Federaci\u00f3n Interamericana<\/strong> <strong>de la Industria de la Construcci\u00f3n,<\/strong> <strong>durante el 2005 y el 2006\u201d<\/strong>.<\/p>\n\n\n\n<div class=\"wp-block-file\"><a id=\"wp-block-file--media-c8a4bd74-c755-4bb7-a1c6-64bc4dc376ae\" href=\"https:\/\/fiic.lat\/wp-content\/uploads\/2024\/07\/Presentacion_ING.-SALVATIERRA-Modo-de-compatibilidad-Reparado.ppt\">Presentacion_ING.-SALVATIERRA-Modo-de-compatibilidad-Reparado<\/a><\/div>\n<\/div><\/div><\/div><\/div>\n\n\n\n<div class=\"wp-block-qubely-accordion-item qubely-block-297f74\"><div itemscope itemprop=\"mainEntity\" itemtype=\"https:\/\/schema.org\/Question\" class=\"qubely-accordion-item qubely-type-fill false\"><div class=\"qubely-accordion-panel qubely-icon-position-right\"><span class=\"qubely-accordion-panel-handler\" role=\"button\"><span itemprop=\"name\" class=\"qubely-accordion-panel-handler-label\">LV Reuni\u00f3n De Consejo Directivo FIIC &#8211; 3 Y 4 De Noviembre 2005 &#8211; Salvador De Bah\u00eda, Brasil \u00b0<\/span><span class=\"qubely-accordion-icon fa fa-plus\"><\/span><\/span><\/div><div itemscope itemprop=\"acceptedAnswer\" itemtype=\"https:\/\/schema.org\/Answer\" class=\"qubely-accordion-body\"><div itemprop=\"text\">\n<p class=\"has-text-align-center\"><strong>Memorias LV Reuni\u00f3n de Consejo Directivo FIIC<\/strong><\/p>\n\n\n\n<ul>\n<li><small><a href=\"https:\/\/www.fiic.la\/documentos\/FIIC_2005_RPG.pdf\" target=\"_blank\" rel=\"noopener\">LV Reuni\u00f3n de Consejo Directivo FIIC &#8220;Ing. Ricardo Platt&#8221; &#8211; 3 y 4 de noviembre 2005 &#8211; Salvador de Bah\u00eda, Brasil<\/a><\/small><\/li>\n<\/ul>\n\n\n\n<p><\/p>\n\n\n\n<ul>\n<li><a href=\"https:\/\/www.fiic.la\/documentos\/Informe_SG_CCV_NOV05_2.ppt\" target=\"_blank\" rel=\"noopener\">LV Reuni\u00f3n de Consejo Directivo FIIC &#8220;Ing. Carlos C\u00e1rdenas&#8221; &#8211; 3 y 4 de noviembre 2005 &#8211; Salvador de Bah\u00eda, Brasil<\/a><\/li>\n<\/ul>\n\n\n\n<p><\/p>\n\n\n\n<ul>\n<li><a href=\"https:\/\/www.fiic.la\/documentos\/Informe_de_Presidencia_2004_2006.ppt\" target=\"_blank\" rel=\"noopener\">LV Reuni\u00f3n de Consejo Directivo FIIC &#8220;Ing. Jaime Molina&#8221; &#8211; 3 y 4 de noviembre 2005 &#8211; Salvador de Bah\u00eda, Brasil<\/a><\/li>\n<\/ul>\n\n\n\n<p><\/p>\n\n\n\n<ul>\n<li><a href=\"https:\/\/www.fiic.la\/documentos\/OKS%20-%20FIIC%20-%20noviembre%202005.ppt\" target=\"_blank\" rel=\"noopener\">LV Reuni\u00f3n de Consejo Directivo FIIC &#8220;Ing. Otto Kuz &#8211; Miner\u00eda y Construcci\u00f3n: Socios Estrat\u00e9gicos&#8221; &#8211; 3 y 4 de noviembre 2005 &#8211; Salvador de Bah\u00eda, Brasil<\/a><\/li>\n<\/ul>\n\n\n\n<p><\/p>\n\n\n\n<ul>\n<li><small><a href=\"https:\/\/www.fiic.la\/documentos\/FIIC_2005_RPG.pdf\" target=\"_blank\" rel=\"noopener\">LV Reuni\u00f3n de Consejo Directivo FIIC &#8221; 3 y 4 de noviembre 2005 &#8211; Salvador de Bah\u00eda, Brasil<\/a><\/small><\/li>\n<\/ul>\n<\/div><\/div><\/div><\/div>\n\n\n\n<div class=\"wp-block-qubely-accordion-item qubely-block-853627\"><div itemscope itemprop=\"mainEntity\" itemtype=\"https:\/\/schema.org\/Question\" class=\"qubely-accordion-item qubely-type-fill false\"><div class=\"qubely-accordion-panel qubely-icon-position-right\"><span class=\"qubely-accordion-panel-handler\" role=\"button\"><span itemprop=\"name\" class=\"qubely-accordion-panel-handler-label\">XXI Reuni\u00f3n De Presidentes Y XVI Encuentro De Gerentes De La ORDECCCAC &#8211; Ciudad De La Antigua Guatemala &#8211; 4 De Mayo Del 2005<\/span><span class=\"qubely-accordion-icon fa fa-plus\"><\/span><\/span><\/div><div itemscope itemprop=\"acceptedAnswer\" itemtype=\"https:\/\/schema.org\/Answer\" class=\"qubely-accordion-body\"><div itemprop=\"text\">\n<p class=\"has-text-align-center\"><strong>XXI Reuni\u00f3n de Presidentes y XVI Encuentro de Gerentes de la ORDECCCAC<\/strong><\/p>\n\n\n\n<div class=\"wp-block-file\"><a id=\"wp-block-file--media-2f4507e7-94d9-4cf5-981f-bb189fcccbf6\" href=\"https:\/\/fiic.lat\/wp-content\/uploads\/2023\/04\/calidadcompetitividadbinomioindisoluble_-para_-elexitode_-laspymes1.ppt\">calidadcompetitividadbinomioindisoluble_-para_-elexitode_-laspymes1<\/a><a href=\"https:\/\/fiic.lat\/wp-content\/uploads\/2023\/04\/calidadcompetitividadbinomioindisoluble_-para_-elexitode_-laspymes1.ppt\" class=\"wp-block-file__button wp-element-button\" aria-describedby=\"wp-block-file--media-2f4507e7-94d9-4cf5-981f-bb189fcccbf6\" download>Descarga<\/a><\/div>\n\n\n\n<div class=\"wp-block-file\"><a id=\"wp-block-file--media-7fcea051-e4bf-48cf-90bc-554bec3e8257\" href=\"https:\/\/fiic.lat\/wp-content\/uploads\/2023\/04\/generales2conferenciainternacional_depequenasymedianasempresas.doc\">generales2conferenciainternacional_depequenasymedianasempresas<\/a><a href=\"https:\/\/fiic.lat\/wp-content\/uploads\/2023\/04\/generales2conferenciainternacional_depequenasymedianasempresas.doc\" class=\"wp-block-file__button wp-element-button\" aria-describedby=\"wp-block-file--media-7fcea051-e4bf-48cf-90bc-554bec3e8257\" download>Descarga<\/a><\/div>\n\n\n\n<div class=\"wp-block-file\"><a id=\"wp-block-file--media-8d2f5ff5-14fe-4a17-a51b-41a56d2f0b6a\" href=\"https:\/\/fiic.lat\/wp-content\/uploads\/2023\/04\/nueva-vision-modificada.ppt\">nueva-vision-modificada<\/a><a href=\"https:\/\/fiic.lat\/wp-content\/uploads\/2023\/04\/nueva-vision-modificada.ppt\" class=\"wp-block-file__button wp-element-button\" aria-describedby=\"wp-block-file--media-8d2f5ff5-14fe-4a17-a51b-41a56d2f0b6a\" download>Descarga<\/a><\/div>\n\n\n\n<div class=\"wp-block-file\"><a id=\"wp-block-file--media-820d9c4a-c55c-4edb-8afc-dbe18e04f0e0\" href=\"https:\/\/fiic.lat\/wp-content\/uploads\/2023\/04\/pronacom.ppt\">pronacom<\/a><a href=\"https:\/\/fiic.lat\/wp-content\/uploads\/2023\/04\/pronacom.ppt\" class=\"wp-block-file__button wp-element-button\" aria-describedby=\"wp-block-file--media-820d9c4a-c55c-4edb-8afc-dbe18e04f0e0\" download>Descarga<\/a><\/div>\n\n\n\n<div class=\"wp-block-file\"><a id=\"wp-block-file--media-9e689287-61e1-46aa-bfb1-24cf309f0d39\" href=\"https:\/\/fiic.lat\/wp-content\/uploads\/2023\/04\/presentacion-COMPITE-Guatemala-mayo-2005.ppt\">presentacion-COMPITE-Guatemala-mayo-2005<\/a><a href=\"https:\/\/fiic.lat\/wp-content\/uploads\/2023\/04\/presentacion-COMPITE-Guatemala-mayo-2005.ppt\" class=\"wp-block-file__button wp-element-button\" aria-describedby=\"wp-block-file--media-9e689287-61e1-46aa-bfb1-24cf309f0d39\" download>Descarga<\/a><\/div>\n\n\n\n<div class=\"wp-block-file\"><a id=\"wp-block-file--media-d30aa798-4c6d-4e07-af14-229aef384508\" href=\"https:\/\/fiic.lat\/wp-content\/uploads\/2023\/04\/ENFOQUE-PROCESOS-ICONTEC.ppt\">ENFOQUE-PROCESOS-ICONTEC<\/a><a href=\"https:\/\/fiic.lat\/wp-content\/uploads\/2023\/04\/ENFOQUE-PROCESOS-ICONTEC.ppt\" class=\"wp-block-file__button wp-element-button\" aria-describedby=\"wp-block-file--media-d30aa798-4c6d-4e07-af14-229aef384508\" download>Descarga<\/a><\/div>\n\n\n\n<div class=\"wp-block-file\"><a id=\"wp-block-file--media-dfbc1bc4-3f46-4083-9b11-2f057d68442c\" href=\"https:\/\/fiic.lat\/wp-content\/uploads\/2023\/04\/POLITICA-MIPYME-ESQUEMA-carlos-herrera.ppt\">POLITICA-MIPYME-ESQUEMA-carlos-herrera<\/a><a href=\"https:\/\/fiic.lat\/wp-content\/uploads\/2023\/04\/POLITICA-MIPYME-ESQUEMA-carlos-herrera.ppt\" class=\"wp-block-file__button wp-element-button\" aria-describedby=\"wp-block-file--media-dfbc1bc4-3f46-4083-9b11-2f057d68442c\" download>Descarga<\/a><\/div>\n\n\n\n<div class=\"wp-block-file\"><a id=\"wp-block-file--media-ef3987ce-755d-4706-a967-57f280dda454\" href=\"https:\/\/fiic.lat\/wp-content\/uploads\/2023\/04\/globalizacion_demercadose1so9000-3.ppt\">globalizacion_demercadose1so9000-3<\/a><a href=\"https:\/\/fiic.lat\/wp-content\/uploads\/2023\/04\/globalizacion_demercadose1so9000-3.ppt\" class=\"wp-block-file__button wp-element-button\" aria-describedby=\"wp-block-file--media-ef3987ce-755d-4706-a967-57f280dda454\" download>Descarga<\/a><\/div>\n<\/div><\/div><\/div><\/div>\n\n\n\n<div class=\"wp-block-qubely-accordion-item qubely-block-65899e\"><div itemscope itemprop=\"mainEntity\" itemtype=\"https:\/\/schema.org\/Question\" class=\"qubely-accordion-item qubely-type-fill false\"><div class=\"qubely-accordion-panel qubely-icon-position-right\"><span class=\"qubely-accordion-panel-handler\" role=\"button\"><span itemprop=\"name\" class=\"qubely-accordion-panel-handler-label\">CICA Council Meeting &#8211; Washington, D.C. , 30 De Noviembre 2004<\/span><span class=\"qubely-accordion-icon fa fa-plus\"><\/span><\/span><\/div><div itemscope itemprop=\"acceptedAnswer\" itemtype=\"https:\/\/schema.org\/Answer\" class=\"qubely-accordion-body\"><div itemprop=\"text\">\n<div class=\"wp-block-file\"><a id=\"wp-block-file--media-24c3de49-8aa1-4ea9-b64b-f1640fbda59d\" href=\"https:\/\/fiic.lat\/wp-content\/uploads\/2023\/04\/mn_0010e_final_wb_cicameetingwb04decisions.doc\">mn_0010e_final_wb_cicameetingwb04decisions<\/a><a href=\"https:\/\/fiic.lat\/wp-content\/uploads\/2023\/04\/mn_0010e_final_wb_cicameetingwb04decisions.doc\" class=\"wp-block-file__button wp-element-button\" aria-describedby=\"wp-block-file--media-24c3de49-8aa1-4ea9-b64b-f1640fbda59d\" download>Descarga<\/a><\/div>\n\n\n\n<div class=\"wp-block-file\"><a id=\"wp-block-file--media-85aa7a72-932e-45df-9d03-cddace6b7ab5\" href=\"https:\/\/fiic.lat\/wp-content\/uploads\/2023\/04\/np_0009_z_councilresolution2_on_cica-1.doc\">np_0009_z_councilresolution2_on_cica-1<\/a><a href=\"https:\/\/fiic.lat\/wp-content\/uploads\/2023\/04\/np_0009_z_councilresolution2_on_cica-1.doc\" class=\"wp-block-file__button wp-element-button\" aria-describedby=\"wp-block-file--media-85aa7a72-932e-45df-9d03-cddace6b7ab5\" download>Descarga<\/a><\/div>\n\n\n\n<div class=\"wp-block-file\"><a id=\"wp-block-file--media-634698b4-a4a9-4093-88b1-623f0713eb56\" href=\"https:\/\/fiic.lat\/wp-content\/uploads\/2023\/04\/GALERIA-DE-IMAGENES.pdf\">GALERIA-DE-IMAGENES<\/a><a href=\"https:\/\/fiic.lat\/wp-content\/uploads\/2023\/04\/GALERIA-DE-IMAGENES.pdf\" class=\"wp-block-file__button wp-element-button\" aria-describedby=\"wp-block-file--media-634698b4-a4a9-4093-88b1-623f0713eb56\" download>Descarga<\/a><\/div>\n<\/div><\/div><\/div><\/div>\n\n\n\n<div class=\"wp-block-qubely-accordion-item qubely-block-d9ff7d\"><div itemscope itemprop=\"mainEntity\" itemtype=\"https:\/\/schema.org\/Question\" class=\"qubely-accordion-item qubely-type-fill false\"><div class=\"qubely-accordion-panel qubely-icon-position-right\"><span class=\"qubely-accordion-panel-handler\" role=\"button\"><span itemprop=\"name\" class=\"qubely-accordion-panel-handler-label\">Estrategia De La C\u00e1mara Chilena En El Acero, Presentado En El XXIV Congreso FIIC &#8211; San Jos\u00e9, Costa Rica &#8211; Septiembre 2004<\/span><span class=\"qubely-accordion-icon fa fa-plus\"><\/span><\/span><\/div><div itemscope itemprop=\"acceptedAnswer\" itemtype=\"https:\/\/schema.org\/Answer\" class=\"qubely-accordion-body\"><div itemprop=\"text\">\n<ul>\n<li><a href=\"https:\/\/www.fiic.la\/documentos\/ESTRATEGIA%20ACERO%20C%20Chilena%2004.ppt\" target=\"_blank\" rel=\"noopener\">Estrategia de la C\u00e1mara Chilena en el Acero, presentado en el XXIV Congreso FIIC &#8211; San Jos\u00e9, Costa Rica &#8211; septiembre 2004<\/a> <\/li>\n<\/ul>\n<\/div><\/div><\/div><\/div>\n\n\n\n<div class=\"wp-block-qubely-accordion-item qubely-block-d9ef05\"><div itemscope itemprop=\"mainEntity\" itemtype=\"https:\/\/schema.org\/Question\" class=\"qubely-accordion-item qubely-type-fill false\"><div class=\"qubely-accordion-panel qubely-icon-position-right\"><span class=\"qubely-accordion-panel-handler\" role=\"button\"><span itemprop=\"name\" class=\"qubely-accordion-panel-handler-label\">Reuni\u00f3n Latinoamericana Sobre El Financiamiento De La Infraestructura, Buenos Aires, Argentina 15 Y 16 De Abril De 2004<\/span><span class=\"qubely-accordion-icon fa fa-plus\"><\/span><\/span><\/div><div itemscope itemprop=\"acceptedAnswer\" itemtype=\"https:\/\/schema.org\/Answer\" class=\"qubely-accordion-body\"><div itemprop=\"text\">\n<ul>\n<li><a href=\"https:\/\/www.fiic.la\/documentos\/Informe%20Final%20Reunion%20Infraestructura_ALIDE.doc\" target=\"_blank\" rel=\"noopener\">Reuni\u00f3n Latinoamericana sobre el Financiamiento de la Infraestructura, Buenos Aires, Argentina 15 y 16 de abril de 2004<\/a><\/li>\n<\/ul>\n<\/div><\/div><\/div><\/div>\n\n\n\n<div class=\"wp-block-qubely-accordion-item qubely-block-cb806f\"><div itemscope itemprop=\"mainEntity\" itemtype=\"https:\/\/schema.org\/Question\" class=\"qubely-accordion-item qubely-type-fill false\"><div class=\"qubely-accordion-panel qubely-icon-position-right\"><span class=\"qubely-accordion-panel-handler\" role=\"button\"><span itemprop=\"name\" class=\"qubely-accordion-panel-handler-label\">Conferencia Internacional De CICA, 14 Y 15 De Octubre 2003, El Cairo, Egipto<\/span><span class=\"qubely-accordion-icon fa fa-plus\"><\/span><\/span><\/div><div itemscope itemprop=\"acceptedAnswer\" itemtype=\"https:\/\/schema.org\/Answer\" class=\"qubely-accordion-body\"><div itemprop=\"text\">\n<p class=\"has-text-align-center\"><strong>Memorias Conferencia Internacional de CICA<br><\/strong><\/p>\n\n\n\n<ul>\n<li>Conferencia Internacional de CICA, El Cairo, Egipto 14 y 15 de octubre &#8211; 2003<\/li>\n<\/ul>\n\n\n\n<ul>\n<li>Transparencia en Licitaciones y Combate a la Corrupci\u00f3n &#8211; FIIC<br><\/li>\n<\/ul>\n\n\n\n<ul>\n<li> <a href=\"https:\/\/www.fiic.la\/documentos\/00el_cairo_prueba.pdf\" target=\"_blank\" rel=\"noopener\">Version en Espa\u00f1ol <\/a>&nbsp;<\/li>\n<\/ul>\n\n\n\n<ul>\n<li><a href=\"https:\/\/www.fiic.la\/documentos\/00el_cairo_ingles.pdf\" target=\"_blank\" rel=\"noopener\">\u00a0<a href=\"https:\/\/www.fiic.la\/documentos\/00el_cairo_ingles.pdf\" target=\"_blank\" rel=\"noreferrer noopener\"><\/a>Version en Ingles<\/a><br><br><\/li>\n<\/ul>\n\n\n\n<p class=\"has-text-align-center\"><strong>&#8220;Conferencia Internacional de CICA, El Cairo, Egipto 14 y 15 de octubre &#8211; 2003&#8221;<\/strong><\/p>\n\n\n\n<ul>\n<li>Presentaci\u00f3n Dr. Armando Araujo del Banco Mundial&nbsp;<\/li>\n<\/ul>\n<\/div><\/div><\/div><\/div>\n\n\n\n<div class=\"wp-block-qubely-accordion-item qubely-block-f41158\"><div itemscope itemprop=\"mainEntity\" itemtype=\"https:\/\/schema.org\/Question\" class=\"qubely-accordion-item qubely-type-fill false\"><div class=\"qubely-accordion-panel qubely-icon-position-right\"><span class=\"qubely-accordion-panel-handler\" role=\"button\"><span itemprop=\"name\" class=\"qubely-accordion-panel-handler-label\">XXIX Congreso ORDECCCAC &#8211; 1 Y 2 De Diciembre 2000, Managua, Nicaragua<\/span><span class=\"qubely-accordion-icon fa fa-plus\"><\/span><\/span><\/div><div itemscope itemprop=\"acceptedAnswer\" itemtype=\"https:\/\/schema.org\/Answer\" class=\"qubely-accordion-body\"><div itemprop=\"text\">\n<p class=\"has-text-align-center\"><strong>Memorias XXIX Congreso ORDECCCAC<\/strong><\/p>\n\n\n\n<ul>\n<li><a href=\"https:\/\/www.fiic.la\/documentos\/00XXIX_%20Congreso%20ORDECCCAC_Globalizacion.docx\" target=\"_blank\" rel=\"noreferrer noopener\">XXIX Congreso ORDECCCAC &#8211; Globalizaci\u00f3n, Financiamiento Externo y Desarrollo&nbsp; Empresarial<\/a><\/li>\n<\/ul>\n\n\n\n<p><\/p>\n\n\n\n<ul>\n<li><a href=\"https:\/\/www.fiic.la\/documentos\/00XXIX_congreso_ORDECCCAC.docx\" target=\"_blank\" rel=\"noreferrer noopener\">XXIX Congreso ORDECCCAC&nbsp; &#8211; Alianzas, Legislaci\u00f3n y Etica en la Construcci\u00f3n<\/a><\/li>\n<\/ul>\n\n\n\n<p><\/p>\n\n\n\n<ul>\n<li><a href=\"https:\/\/www.fiic.la\/documentos\/00XXIXCONGRESOORDECCCAC.doc\" target=\"_blank\" rel=\"noreferrer noopener\">XXIX Congreso ORDECCCAC &#8211; Construcci\u00f3n y &nbsp; Medio&nbsp; Ambiente Ms Word<\/a><\/li>\n<\/ul>\n\n\n\n<p><\/p>\n\n\n\n<ul>\n<li><a href=\"https:\/\/www.fiic.la\/documentos\/00EL_%20FONDO_%20SOCIAL_%20PARA%20LA%20VIVIENDA%20A%20SUS27DEgestion.doc\" target=\"_blank\" rel=\"noreferrer noopener\">XXIX Congreso ORDECCCAC &#8211; El Fondo Social para la Vivienda a sus 27 A\u00f1os de Gesti\u00f3n<\/a><\/li>\n<\/ul>\n\n\n\n<p><\/p>\n\n\n\n<ul>\n<li><a href=\"https:\/\/www.fiic.la\/documentos\/00ACTA_ASAMBLEA_%20DEL_%20PLAN_TRABAJO.docx\" target=\"_blank\" rel=\"noreferrer noopener\">XXIX Congreso ORDECCCAC &#8211; Empresa&nbsp; Privada, Vivienda y Desarrollo Humano<\/a><\/li>\n<\/ul>\n<\/div><\/div><\/div><\/div>\n\n\n\n<div class=\"wp-block-qubely-accordion-item qubely-block-35dc83\"><div itemscope itemprop=\"mainEntity\" itemtype=\"https:\/\/schema.org\/Question\" class=\"qubely-accordion-item qubely-type-fill false\"><div class=\"qubely-accordion-panel qubely-icon-position-right\"><span class=\"qubely-accordion-panel-handler\" role=\"button\"><span itemprop=\"name\" class=\"qubely-accordion-panel-handler-label\">Congreso FIEC &#8211; Luxemburgo, 25-28 De Mayo Del 2000<\/span><span class=\"qubely-accordion-icon fa fa-plus\"><\/span><\/span><\/div><div itemscope itemprop=\"acceptedAnswer\" itemtype=\"https:\/\/schema.org\/Answer\" class=\"qubely-accordion-body\"><div itemprop=\"text\">\n<p class=\"has-text-align-center\"><strong>CONGRESO FIEC<\/strong><\/p>\n\n\n\n<div class=\"wp-block-file\"><a id=\"wp-block-file--media-7852eb7f-014e-4f47-9641-4c2bb93b963d\" href=\"https:\/\/fiic.lat\/wp-content\/uploads\/2023\/04\/CONGRESO-FIEC.pdf\">CONGRESO-FIEC<\/a><a href=\"https:\/\/fiic.lat\/wp-content\/uploads\/2023\/04\/CONGRESO-FIEC.pdf\" class=\"wp-block-file__button wp-element-button\" aria-describedby=\"wp-block-file--media-7852eb7f-014e-4f47-9641-4c2bb93b963d\" download>Descarga<\/a><\/div>\n<\/div><\/div><\/div><\/div>\n<\/div>\n\n\n\n<p><\/p>","protected":false},"excerpt":{"rendered":"<p>Memorias<\/p>","protected":false},"author":6,"featured_media":0,"parent":0,"menu_order":0,"comment_status":"closed","ping_status":"closed","template":"","meta":{"qubely_global_settings":"","qubely_interactions":""},"blocksy_meta":"","_links":{"self":[{"href":"https:\/\/fiic.lat\/en\/wp-json\/wp\/v2\/pages\/3261"}],"collection":[{"href":"https:\/\/fiic.lat\/en\/wp-json\/wp\/v2\/pages"}],"about":[{"href":"https:\/\/fiic.lat\/en\/wp-json\/wp\/v2\/types\/page"}],"author":[{"embeddable":true,"href":"https:\/\/fiic.lat\/en\/wp-json\/wp\/v2\/users\/6"}],"replies":[{"embeddable":true,"href":"https:\/\/fiic.lat\/en\/wp-json\/wp\/v2\/comments?post=3261"}],"version-history":[{"count":80,"href":"https:\/\/fiic.lat\/en\/wp-json\/wp\/v2\/pages\/3261\/revisions"}],"predecessor-version":[{"id":4688,"href":"https:\/\/fiic.lat\/en\/wp-json\/wp\/v2\/pages\/3261\/revisions\/4688"}],"wp:attachment":[{"href":"https:\/\/fiic.lat\/en\/wp-json\/wp\/v2\/media?parent=3261"}],"curies":[{"name":"wp","href":"https:\/\/api.w.org\/{rel}","templated":true}]}}